{"id":14460,"date":"2021-04-09T14:48:00","date_gmt":"2021-04-09T11:48:00","guid":{"rendered":"https:\/\/integration.luckan.fi\/?post_type=integrating_in_swedi&#038;p=14460"},"modified":"2023-10-25T09:28:05","modified_gmt":"2023-10-25T06:28:05","slug":"disabilities","status":"publish","type":"integratinginswedish","link":"https:\/\/integration.luckan.fi\/fi\/integratinginswedish\/disabilities\/","title":{"rendered":"Vammaiset henkil\u00f6t"},"content":{"rendered":"<h2 class=\"wp-block-heading\" id=\"children-with-disabilities\"><br \/><strong>Vammaiset lapset<\/strong><\/h2>\n\n\n\n<p>Vammaisilla lapsilla on oikeus saada opetusta tarpeidensa ja kykyjens\u00e4 mukaisesti. Lapsesta riippuen lapselle voidaan tarjota erityist\u00e4 tukea, erityisavustajaa tai erityisopetusta. <br \/>Jos lapsesi on vammainen tai ep\u00e4ilet, ett\u00e4 h\u00e4nell\u00e4 on vamma, etk\u00e4 viel\u00e4 saa tukea, ota yhteytt\u00e4 p\u00e4iv\u00e4kotiin, koulun henkil\u00f6kuntaan tai \u00e4itiys- ja lastenneuvolaan.&nbsp;<\/p>\n\n\n\n<p>Helsingiss\u00e4<a href=\"https:\/\/www.hel.fi\/sv\/social-och-halsovardstjanster\/tjanster-for-barn-och-familjer\/familjecenter\/berghalls-familjecenter\" target=\"_blank\" rel=\"noopener\" title=\"\"> Kallion perhekeskus<\/a> palvelee ruotsinkielisi\u00e4. L\u00f6yd\u00e4t tietoa vammaispalveluista Helsingiss\u00e4<a href=\"https:\/\/www.hel.fi\/vammaiset\/sv\/uutiset\" target=\"_blank\" rel=\"noreferrer noopener\"> t\u00e4\u00e4lt\u00e4<\/a>. Jos sinulla on kysytt\u00e4v\u00e4\u00e4, \u00e4l\u00e4 ep\u00e4r\u00f6i soittaa <a href=\"https:\/\/www.hel.fi\/sote\/enheterna-sv\/enheterna-i-alfabetisk-ordning\/berghalls-familjecenter\/tjanster-och-oppettider\/socialt-arbete-for-handikappade\" target=\"_blank\" rel=\"noreferrer noopener\">neuvontapalvelunumeroon<\/a>.<br \/>Lis\u00e4tietoja Espoon palveluista l\u00f6yd\u00e4t<a href=\"https:\/\/www.luvn.fi\/en\/services\/social-services\/disability-services\" target=\"_blank\" rel=\"noopener\" title=\"\"> t\u00e4\u00e4lt\u00e4.<\/a> <br \/>Vantaan osalta voit <a href=\"https:\/\/vakehyva.fi\/sv\/tjanster?field_service_groups_target_id%5B1592%5D=1592&amp;title=All\" target=\"_blank\" rel=\"noopener\" title=\"\">aloittaa t\u00e4\u00e4lt\u00e4.<\/a><br \/>Kauniaisista l\u00f6yd\u00e4t <a href=\"https:\/\/www.luvn.fi\/sv\/tjanster\/socialservice\/tjanster-personer-med-funktionsnedsattning\" target=\"_blank\" rel=\"noopener\" title=\"\">tietoa t\u00e4\u00e4lt\u00e4.<\/a><\/p>\n\n\n\n<p>Ota yhteytt\u00e4 oman kuntasi \u00e4itiys- tai lastenneuvolaan, jos olet ep\u00e4varma tai mietit lapsesi kehityst\u00e4.<\/p>\n\n\n\n<h2 class=\"wp-block-heading\" id=\"organisations-and-interest-groups\">J\u00e4rjest\u00f6t ja edunvalvonta<\/h2>\n\n\n\n<p>Jos tarvitset ilmaista oikeudellista neuvontaa tai yst\u00e4v\u00e4\u00e4, jonka kanssa viett\u00e4\u00e4 vapaa-aikaa, voit ottaa yhteytt\u00e4 <a href=\"https:\/\/samsnet.fi\/kontakt\/\" target=\"_blank\" rel=\"noreferrer noopener\"><strong>SAMS:iin<\/strong><\/a>, joka on suomenruotsalaisten vammaisten edunvalvontaj\u00e4rjest\u00f6.  <a href=\"https:\/\/www.fduv.fi\/en\/\" target=\"_blank\" rel=\"noreferrer noopener\"><strong>FDUV,<\/strong><\/a> ruotsinkielisten kehitysvammaisten edunvalvontaj\u00e4rjest\u00f6 Suomessa, tarjoaa my\u00f6s vertaistukea.<br \/><br \/><a href=\"https:\/\/www.facebook.com\/Karkullasamkommun\/?locale=sv_SE\" target=\"_blank\" rel=\"noopener\" title=\"\"><strong>K\u00e5rkulla<\/strong><\/a> on kuntayhtym\u00e4, joka tarjoaa tukea ja palveluja kehitysvammaisille tai muuten vammaisille henkil\u00f6ille ja heid\u00e4n perheilleen. Se tarjoaa lapsiperheille, nuorille, aikuisille ja senioreille seuraavia palveluja:<br \/>- Tilap\u00e4inen ja jatkuva asumispalvelu<br \/>- Asiantuntijatiimi<br \/>- Osallistumista ja ty\u00f6llisyytt\u00e4 edist\u00e4v\u00e4t toimet<br \/>- Asiantuntija- ja kehitt\u00e4miskeskuksen erityispalvelut<\/p>\n\n\n\n<p>Lue lis\u00e4\u00e4 vammaisista henkil\u00f6ist\u00e4 osoitteessa <a href=\"https:\/\/www.infofinland.fi\/en\/health\/disabled-persons\">InfoFinland.<\/a><\/p>\n\n\n\n<p>Eri edunvalvontaj\u00e4rjest\u00f6t:<\/p>\n\n\n\n<p><strong><a href=\"http:\/\/www.vingen.fi\" target=\"_blank\" rel=\"noreferrer noopener\">De Utvecklingsst\u00f6rdas V\u00e4l i Mellersta Nyland r.f.<\/a><\/strong> -Association With and For People With and For People With Intellectual Disabilities.<br \/><strong><a href=\"http:\/\/www.dhbs.fi\" target=\"_blank\" rel=\"noreferrer noopener\">D\u00f6va och H\u00f6rselskadade Barns St\u00f6df\u00f6rening rf<\/a><\/strong> - Kuurojen ja huonokuuloisten lasten tukiyhdistys rf<br \/><strong><a href=\"http:\/\/www.invalidiliitto.fi\/\" target=\"_blank\" rel=\"noreferrer noopener\">Invalidf\u00f6rbundet<\/a><\/strong> - Suomen Kehitysvammaisten Tukiliitto ry<br \/><strong><a href=\"http:\/\/www.espoonsydanyhdistys.fi\" target=\"_blank\" rel=\"noreferrer noopener\">Espoon Syd\u00e4nyhdistys - Hj\u00e4rtf\u00f6reningen i Esbo ry:ss\u00e4<\/a><\/strong> - Espoon Syd\u00e4nyhdistys ry<br \/><a href=\"http:\/\/www.horsel.fi\" target=\"_blank\" rel=\"noopener\" title=\"\"><strong>Svenska H\u00f6rself\u00f6rbundet<\/strong><\/a> -Suomen ruotsinkielisten huonokuuloisten liitto ry<br \/><strong><a href=\"http:\/\/www.helsingfors.horsel.fi\" target=\"_blank\" rel=\"noreferrer noopener\">Helsingforsregionens h\u00f6rself\u00f6rening rf<\/a><\/strong> - Helsingin seudun huonokuuloiset ry<br \/><strong><a href=\"http:\/\/www.helsingforssvenskareumaforening.fi\" target=\"_blank\" rel=\"noreferrer noopener\">Helsingfors Svenska Reumaf\u00f6rening rf<\/a><\/strong> - Helsinki Ruotsin reumayhdistys<br \/><strong><a href=\"http:\/\/www.lyhytkasvuiset.fi\" target=\"_blank\" rel=\"noreferrer noopener\">Lyhytkasvuiset - Kortv\u00e4xta r<\/a>f <\/strong>- Lyhytkasvuinen yhdistys<br \/><strong><a href=\"https:\/\/www.fss.fi\/distriktsforeningar\/mellerstanyland\">Svenska synskadade i mellersta Nyland rf<\/a><\/strong> - Ruotsalainen N\u00e4k\u00f6vammaiset Keski-Nylandissa<br \/><strong><a href=\"http:\/\/www.uly.fi\/\" target=\"_blank\" rel=\"noreferrer noopener\">Uudenmaan Lihastautiyhdistys ry - Nylands Muskelhandikappf\u00f6rening rf<\/a><\/strong> - Nylandin lihasvammaisten yhdistys<\/p>","protected":false},"featured_media":14513,"template":"","format":"standard","meta":{"om_disable_all_campaigns":false,"inline_featured_image":false,"ghostkit_customizer_options":"","ghostkit_custom_css":"","ghostkit_custom_js_head":"","ghostkit_custom_js_foot":"","ghostkit_typography":"","_monsterinsights_skip_tracking":false,"_monsterinsights_sitenote_active":false,"_monsterinsights_sitenote_note":"","_monsterinsights_sitenote_category":0,"cybocfi_hide_featured_image":""},"informationcategories":[70,73],"class_list":["post-14460","integratinginswedish","type-integratinginswedish","status-publish","format-standard","has-post-thumbnail","hentry","informationcategories-6children","informationcategories-5health","entry"],"aioseo_notices":[],"_links":{"self":[{"href":"https:\/\/integration.luckan.fi\/fi\/wp-json\/wp\/v2\/integratinginswedish\/14460","targetHints":{"allow":["GET"]}}],"collection":[{"href":"https:\/\/integration.luckan.fi\/fi\/wp-json\/wp\/v2\/integratinginswedish"}],"about":[{"href":"https:\/\/integration.luckan.fi\/fi\/wp-json\/wp\/v2\/types\/integratinginswedish"}],"wp:featuredmedia":[{"embeddable":true,"href":"https:\/\/integration.luckan.fi\/fi\/wp-json\/wp\/v2\/media\/14513"}],"wp:attachment":[{"href":"https:\/\/integration.luckan.fi\/fi\/wp-json\/wp\/v2\/media?parent=14460"}],"wp:term":[{"taxonomy":"informationcategories","embeddable":true,"href":"https:\/\/integration.luckan.fi\/fi\/wp-json\/wp\/v2\/informationcategories?post=14460"}],"curies":[{"name":"wp","href":"https:\/\/api.w.org\/{rel}","templated":true}]}}