{"id":10471,"date":"2020-01-27T11:21:33","date_gmt":"2020-01-27T11:21:33","guid":{"rendered":"http:\/\/luckan-block-kit.local\/?page_id=2263"},"modified":"2021-04-26T13:24:56","modified_gmt":"2021-04-26T10:24:56","slug":"adults","status":"publish","type":"page","link":"https:\/\/integration.luckan.fi\/fi\/integrating\/adults\/","title":{"rendered":"Aikuiset"},"content":{"rendered":"<div class=\"wp-block-group alignfull has-background\" style=\"background-color:#76e99b\"><div class=\"wp-block-group__inner-container is-layout-flow wp-block-group-is-layout-flow\">\n<div class=\"wp-block-media-text alignwide has-media-on-the-right is-stacked-on-mobile is-vertically-aligned-center tw-mb-0 tw-mt-0 is-style-default tw-stack-md tw-media-bottom\" style=\"grid-template-columns:auto 60%\"><figure class=\"wp-block-media-text__media\"><img loading=\"lazy\" decoding=\"async\" width=\"768\" height=\"497\" src=\"https:\/\/integration.luckan.fi\/wp-content\/uploads\/2021\/01\/DSC03822-crop-768x497.jpg\" alt=\"\" class=\"wp-image-13841 size-rta_thumb_cropped_768x497\" srcset=\"https:\/\/integration.luckan.fi\/wp-content\/uploads\/2021\/01\/DSC03822-crop-768x497.jpg 768w, https:\/\/integration.luckan.fi\/wp-content\/uploads\/2021\/01\/DSC03822-crop-1250x808.jpg 1250w\" sizes=\"auto, (max-width: 768px) 100vw, 768px\" \/><\/figure><div class=\"wp-block-media-text__content\">\n<h1 class=\"tw-mt-0 has-h-2-font-size wp-block-heading\" id=\"adults\">Aikuiset<\/h1>\n\n\n\n<p class=\"has-medium-font-size\">Mit\u00e4 integraatio sis\u00e4lt\u00e4\u00e4? Kotoutuminen voi tarkoittaa sit\u00e4, ett\u00e4 asetut Suomeen ja hankit tiedot ja taidot, joita tarvitset suomalaisessa yhteiskunnassa el\u00e4miseen. Kotoutumisessa voi olla monia tekij\u00f6it\u00e4: suomen tai ruotsin kielen oppiminen, ty\u00f6n tai opiskelupaikan l\u00f6yt\u00e4minen ja kontaktien luominen suomalaisessa yhteiskunnassa. Olemme ker\u00e4nneet tietoa kielikursseista, koulutusvaihtoehdoista, ty\u00f6nhausta ja muista hy\u00f6dyllisist\u00e4 vinkeist\u00e4, jotka auttavat sinua l\u00f6yt\u00e4m\u00e4\u00e4n tiesi ruotsinkieliseen Suomeen.<\/p>\n\n\n\n<div class=\"wp-block-buttons tw-mb-0 is-layout-flex wp-block-buttons-is-layout-flex\">\n<div class=\"wp-block-button is-style-fill\"><a class=\"wp-block-button__link no-border-radius\" href=\"\/guidance\/#book\">Varaa tapaaminen<\/a><\/div>\n\n\n\n<div class=\"wp-block-button\"><a class=\"wp-block-button__link\" href=\"#first-things-first\">Lue lis\u00e4\u00e4<\/a><\/div>\n<\/div>\n<\/div><\/div>\n<\/div><\/div>\n\n\n\n<p><\/p>\n\n\n\n\n\n\n\n\n\n<h2 class=\"wp-block-heading\" id=\"first-things-first\">T\u00e4rkeimm\u00e4t asiat ensin<\/h2>\n\n\n\n<p><a aria-label=\" (avautuu uudessa v\u00e4lilehdess\u00e4)\" rel=\"noreferrer noopener\" href=\"https:\/\/www.infofinland.fi\/sv\/startsida\" target=\"_blank\" class=\"ek-link\">InfoFinland.fi<\/a> on kahdellatoista kielell\u00e4 saatavilla oleva verkkosivu, joka auttaa sinua Suomeen muutossa sek\u00e4 ennen Suomeen tuloa ett\u00e4 sen j\u00e4lkeen.<br \/><a aria-label=\" (avautuu uudessa v\u00e4lilehdess\u00e4)\" rel=\"noreferrer noopener\" href=\"http:\/\/welcomeguide.fi\/\" target=\"_blank\" class=\"ek-link\">Welcomeguide.fi <\/a>on vaiheittainen opas, joka auttaa sinua muuttamaan Suomeen l\u00e4ht\u00f6maastasi riippuen.<\/p>\n\n\n\n<h2 class=\"wp-block-heading\" id=\"integration-training-and-language-courses-in-swedish\">Kotoutumiskoulutus ja ruotsinkieliset kielikurssit<\/h2>\n\n\n\n<div class=\"ghostkit-accordion ghostkit-accordion-0\"><\/div>\n\n\n\n<h3 class=\"wp-block-heading\" id=\"integration-training\">Kotoutumiskoulutus<\/h3>\n\n\n\n<p>Kotoutumiskoulutus on pohjimmiltaan kielikurssi, joka sis\u00e4lt\u00e4\u00e4 tietoa suomalaisesta yhteiskunnasta ja antaa yksil\u00f6llist\u00e4 ohjausta saapumisesta kotoutumiseen. Uudenmaan alueella on kaksi ruotsinkielisen kotoutumiskoulutuksen j\u00e4rjest\u00e4j\u00e4\u00e4; <a aria-label=\" (avautuu uudessa v\u00e4lilehdess\u00e4)\" class=\"ek-link ek-link ek-link\" rel=\"noreferrer noopener\" href=\"https:\/\/www.hel.fi\/arbis\/sv\/vara-amnen\/invandrare-immigrants-maahanmuuttajat\" target=\"_blank\">Arbis<\/a> Helsingiss\u00e4 ja <a aria-label=\" (avautuu uudessa v\u00e4lilehdess\u00e4)\" class=\"ek-link ek-link ek-link ek-link ek-link\" rel=\"noreferrer noopener\" href=\"https:\/\/akan.fi\/en\/international-swedish\/\" target=\"_blank\">Akan<\/a> Porvoossa. Kurssit alkavat syksyll\u00e4.<br \/>Jos j\u00e4\u00e4t ty\u00f6tt\u00f6m\u00e4ksi, kotoutumiskoulutus voidaan laskea osaksi ty\u00f6tt\u00f6myysturvaasi.<a aria-label=\" (avautuu uudessa v\u00e4lilehdess\u00e4)\" class=\"ek-link ek-link\" rel=\"noreferrer noopener\" href=\"https:\/\/www.te-palvelut.fi\/te\/en\/jobseekers\/career_education_training\/integration_training_immigrants\/index.html\" target=\"_blank\">&nbsp;kotoutumissuunnitelmaasi<\/a>&nbsp;tai tulla n\u00e4hdyksi&nbsp;<a aria-label=\" (avautuu uudessa v\u00e4lilehdess\u00e4)\" class=\"ek-link ek-link ek-link\" rel=\"noreferrer noopener\" href=\"https:\/\/www.te-palvelut.fi\/te\/en\/jobseekers\/career_education_training\/part_time_study\/index.html\" target=\"_blank\">osa-aikaisina opintoina.<\/a> Lue lis\u00e4\u00e4&nbsp;<a aria-label=\" (avautuu uudessa v\u00e4lilehdess\u00e4)\" class=\"ek-link ek-link\" rel=\"noreferrer noopener\" href=\"https:\/\/www.te-palvelut.fi\/te\/en\/information\/use_te_services\/contact_information\/index.html\" target=\"_blank\">l\u00e4himm\u00e4st\u00e4 TE-toimistotasi<\/a>.<\/p>\n\n\n\n<div class=\"ghostkit-accordion ghostkit-accordion-1\">\n<div class=\"ghostkit-accordion-item\"><a href=\"#accordion-more-information-about-arbis-sfi-programmes-202021\" class=\"ghostkit-accordion-item-heading\"><span class=\"ghostkit-accordion-item-label\"><strong>Lis\u00e4tietoja Arbis SFI-ohjelmista<\/strong> <strong>2020-21<\/strong><\/span><span class=\"ghostkit-accordion-item-collapse\"><svg class=\"ghostkit-svg-icon\" width=\"24\" height=\"24\" viewbox=\"0 0 24 24\" fill=\"none\" xmlns=\"http:\/\/www.w3.org\/2000\/svg\"><path d=\"M9.21967 6.2197C9.51256 5.9268 9.98744 5.9268 10.2803 6.2197L15.5303 11.4697C15.8232 11.7626 15.8232 12.2374 15.5303 12.5303L10.2803 17.7803C9.98744 18.0732 9.51256 18.0732 9.21967 17.7803C8.92678 17.4874 8.92678 17.0126 9.21967 16.7197L13.9393 12L9.21967 7.2803C8.92678 6.9874 8.92678 6.5126 9.21967 6.2197Z\" fill=\"currentColor\"><\/path><\/svg><\/span><\/a><div class=\"ghostkit-accordion-item-content is-layout-flow wp-block-ghostkit-accordion-item-is-layout-flow\">\n<p>Arbisilla on kaksi erilaista SFI-ohjelmaa, <strong>SFI-integraatio 1-4 <\/strong>ja <strong>SFI-tutkimuslohkot<\/strong>. <br \/>\u2013 <strong>SFI-integraatio 1-4<\/strong> on tarkoitettu opiskelijoille, joilla on TE-toimiston laatima integrointisuunnitelma. Kurssi (20h\/vko) sis\u00e4lt\u00e4\u00e4: ruotsin kielen opiskelua (nelj\u00e4ll\u00e4 tasolla A1, A2, B1 ja B2), suomalaista yhteiskuntaa ja suomenruotsalaisia verkostoja, uravalmennusta, kieliharjoittelua ja ty\u00f6harjoittelua. <br \/>- At <strong>SFI-tutkimuslohkot<\/strong> suunnittelet oman 16 tunnin viikoittaisen opintojaksosi. Se voi koostua kielikursseista tai muista hy\u00f6dyllisist\u00e4 kursseista. Jos olet ty\u00f6t\u00f6n, voit suorittaa ohjelman itsen\u00e4isen\u00e4 opiskeluna osana kotoutumissuunnitelmaasi.&nbsp;<br \/>Jos olet kiinnostunut osallistumaan johonkin SFI-ohjelmaan, ilmoittaudu ensimm\u00e4iseen kielitaidon arviointiin osoitteessa <a aria-label=\"ilmonet (avautuu uuteen v\u00e4lilehteen)\" rel=\"noreferrer noopener\" href=\"https:\/\/ilmonet.fi\/search?cgt=116&amp;tla=3,-1000&amp;com=4&amp;status=-10000&amp;page=1&amp;limits=16&amp;list_type=30&amp;sort=2500\" target=\"_blank\" class=\"ek-link\">ilmonet<\/a>. <strong>SFI P\u00e4\u00e4sykoe <\/strong> tapahtuu<strong> 17.8.2020 klo 10:00 <\/strong>Dagmarsgatan 3, huone 13. <br \/>Jos sinulla on kysytt\u00e4v\u00e4\u00e4, ota yhteytt\u00e4 Arbisiin osoitteessa <a rel=\"noreferrer noopener\" href=\"mailto:integration@arbis.hel.fi\" target=\"_blank\" class=\"ek-link\">integration@arbis.hel.fi<\/a> tai soita numeroon 09 310 49494.<\/p>\n<\/div><\/div>\n<\/div>\n\n\n\n<div class=\"ghostkit-accordion ghostkit-accordion-0\"><\/div>\n\n\n\n<h3 class=\"wp-block-heading\" id=\"language-courses\">Kielikurssit<\/h3>\n\n\n\n<h4 class=\"wp-block-heading\" id=\"do-you-know-what-language-level-is-suitable-for-you\">Tied\u00e4tk\u00f6, mik\u00e4 kielitaso sopii sinulle?<\/h4>\n\n\n\n<p>Jos ei, voit ottaa t\u00e4m\u00e4n <a aria-label=\" (avautuu uudessa v\u00e4lilehdess\u00e4)\" rel=\"noreferrer noopener\" class=\"ek-link ek-link\" href=\"https:\/\/www.folkuniversitetet.se\/In-English\/Language_Tests\/\" target=\"_blank\">online itsetesti<\/a>. Testi on suuntaa-antava, ja monet koulutuksen tarjoajat testaavat uusien opiskelijoidensa kielitaidon.<\/p>\n\n\n\n<h4 class=\"wp-block-heading\" id=\"courses\">Kurssit<\/h4>\n\n\n\n<p>Suurin osa p\u00e4\u00e4kaupunkiseudun ruotsinkielisist\u00e4 kursseista on osoitteessa <a aria-label=\" (avautuu uudessa v\u00e4lilehdess\u00e4)\" class=\"ek-link ek-link\" rel=\"noreferrer noopener\" href=\"https:\/\/ilmonet.fi\/#en\" target=\"_blank\">ilmonet.fi<\/a>, jossa voit kirjoittaa <em>ruotsia<\/em> hakukentt\u00e4\u00e4n.<br \/>Kauniaisten Grankulla on oma sivunsa t\u00e4\u00e4ll\u00e4; <a aria-label=\" (avautuu uudessa v\u00e4lilehdess\u00e4)\" class=\"ek-link ek-link\" rel=\"noreferrer noopener\" href=\"https:\/\/www.opistopalvelut.fi\/kauniainen\/index.php?l=en\" target=\"_blank\">Opistopalvelut<\/a>, jossa taas kirjoitetaan <em>ruotsia<\/em> hakukent\u00e4ss\u00e4 pit\u00e4isi tuoda esiin halutut tulokset.<br \/>Kev\u00e4\u00e4ll\u00e4 ja kes\u00e4ll\u00e4, <a aria-label=\" (avautuu uudessa v\u00e4lilehdess\u00e4)\" class=\"ek-link ek-link\" rel=\"noreferrer noopener\" href=\"https:\/\/www.kesayliopistohki.fi\/en\/\" target=\"_blank\">Helsingin seudun kes\u00e4yliopisto<\/a> j\u00e4rjest\u00e4\u00e4 my\u00f6s ruotsin kursseja. <br \/><a aria-label=\"L\u00e4rkkulla (avautuu uuteen v\u00e4lilehteen)\" rel=\"noreferrer noopener\" href=\"https:\/\/www.larkkullalanguages.net\/kurser\" target=\"_blank\" class=\"ek-link\">L\u00e4rkkulla<\/a> Karisissa\/Karjaalla j\u00e4rjestet\u00e4\u00e4n vuoden aikana sis\u00e4oppilaitostyyppisi\u00e4 kielikursseja.<\/p>\n\n\n\n<div class=\"ghostkit-accordion ghostkit-accordion-0\"><\/div>\n\n\n\n<div class=\"ghostkit-accordion ghostkit-accordion-0\"><\/div>\n\n\n\n<h2 class=\"wp-block-heading\" id=\"adult-education\">Aikuiskoulutusta<\/h2>\n\n\n\n<h3 class=\"wp-block-heading\" id=\"vocational-schools\">Ammatilliset oppilaitokset<\/h3>\n\n\n\n<p>Ammatilliset opinnot valmistavat opiskelijoita tietyn ammatin harjoittamiseen k\u00e4yt\u00e4nn\u00f6n kokemuksen avulla. Ammatillisessa koulutuksessa voi opiskella esimerkiksi teknikkoa, kauppiasta, kampaajaa tai k\u00e4sity\u00f6l\u00e4ist\u00e4. Siit\u00e4 voidaan k\u00e4ytt\u00e4\u00e4 my\u00f6s nimityst\u00e4 tekninen koulutus. <br \/>Jos et ole viel\u00e4 varma, mit\u00e4 haluat tulla, voit hakea vuoden mittaista opiskelupaikkaa. <a aria-label=\" (avautuu uudessa v\u00e4lilehdess\u00e4)\" rel=\"noreferrer noopener\" href=\"https:\/\/prakticum.fi\/utbildning\/yrkesutbildning\/valma.html\" target=\"_blank\" class=\"ek-link\">Valma koulutus<\/a> jonka aikana voit vahvistaa opiskelutaitojasi, parantaa ruotsin kielen taitojasi ja kokeilla erilaisia koulutuspolkuja.<br \/>Uudellamaalla on kolme ruotsinkielist\u00e4 ammattikoulua. <a aria-label=\" (avautuu uudessa v\u00e4lilehdess\u00e4)\" rel=\"noreferrer noopener\" href=\"https:\/\/www.prakticum.fi\/\" target=\"_blank\" class=\"ek-link\">Prakticum<\/a>Helsingiss\u00e4 (Helsingfors) ja Porvoossa, Borg\u00e5ssa, <a aria-label=\" (avautuu uudessa v\u00e4lilehdess\u00e4)\" rel=\"noreferrer noopener\" href=\"https:\/\/www.axxell.fi\/en\" target=\"_blank\" class=\"ek-link\">Axxell<\/a> Espoossa, Esbossa, Karjaalla, Karisissa ja Raaseporissa, Raseborgissa sek\u00e4 <a aria-label=\"Folkh\u00e4lsan (avautuu uudessa v\u00e4lilehdess\u00e4)\" rel=\"noreferrer noopener\" href=\"https:\/\/www.folkhalsan.fi\/vara-hus\/solvalla\/\" target=\"_blank\" class=\"ek-link\">Folkh\u00e4lsan<\/a>, joka sijaitsee my\u00f6s Espoossa, Esbossa. Prakticum ja Axxell tarjoavat my\u00f6s ohjelmia erityisesti opiskelijoille, jotka tarvitsevat hieman enemm\u00e4n tukea kielen oppimisessa.<br \/><a href=\"https:\/\/www.facebook.com\/pages\/Axxell-Karis\/108104812557206?__tn__=K-R&amp;eid=ARDe4zvYU6Klpnm51el7wQ4NBd8n_bUqBuFjEkvuPswtbDpsnBkmRPo92XDWRtpf8j-crXsIla7a8555&amp;fref=mentions&amp;__xts__%5B0%5D=68.ARBjOfdoZvWfLbADzAeceNHVZjVsiEeVwUSqrxTanIEk5DFgObnM0A_NeMWn9kkYtobmJCPDEwcFsCyMfu0UnrPJrtJylJ6fWnE1aWcFVpCmwVtBPft5MIUx_WTN0y1ineWwCU0YTxJtOZG2OF7lKvfVRCV92c8--_ZUcOZHsySOO8kJBhrVcQlY9lprtLc9P3LDR4i_RP6aoZzz1n3DC26UhnMCI4RoS80ZrNUwVSDqVNAsH8lKXAAkoLvymia_bzkiZ9hXMtzj9RTYLK-4A2LBfD-VQZA-ZSRamasSMrT-oHONVVz9xnbVkfMfB3VT53p1\" class=\"ek-link\">Axxell Karis<\/a> k\u00e4ynnist\u00e4\u00e4 <a aria-label=\"uusi koulutus (avautuu uuteen v\u00e4lilehteen)\" href=\"https:\/\/www.axxell.fi\/en\/4-delar?\" target=\"_blank\" rel=\"noreferrer noopener\" class=\"ek-link\">koulutus <\/a>suunnattu aikuisille, joiden \u00e4idinkieli ei ole ruotsi (tai suomi). Koulutus toteutetaan monimuoto-opiskeluna, mik\u00e4 tarkoittaa, ett\u00e4 opiskelet osittain kotona, osittain ty\u00f6paikalla ja osittain koulussa. Koulutus alkaa huhtikuussa 2021 ja kest\u00e4\u00e4 6 kuukautta, hae 28.3. menness\u00e4. Koulutus kattaa ammattikoulun yleiset oppiaineet (kieli, viestint\u00e4, yhteiskunta jne.), sopii osallistujille, joilla on jo ruotsin kielen perusteet, B1, ja jotka haluavat siirty\u00e4 ty\u00f6el\u00e4m\u00e4\u00e4n, ryhty\u00e4 yritt\u00e4j\u00e4ksi tai jatkaa opintojaan. <\/p>\n\n\n\n<div class=\"ghostkit-accordion ghostkit-accordion-0\"><\/div>\n\n\n\n<h3 class=\"wp-block-heading\" id=\"higher-level-education\">Korkeampi koulutus<\/h3>\n\n\n\n<p>Ruotsinkielist\u00e4 korkea-asteen koulutusta tarjotaan suurimmaksi osaksi Helsingiss\u00e4, Helsingforsissa. Yliopistot, joissa ruotsin kielt\u00e4 voi opiskella, ovat <a aria-label=\" (avautuu uudessa v\u00e4lilehdess\u00e4)\" rel=\"noreferrer noopener\" href=\"https:\/\/www.hanken.fi\/en\" target=\"_blank\" class=\"ek-link\">Kauppakorkeakoulu Hanken<\/a>, <a aria-label=\" (avautuu uudessa v\u00e4lilehdess\u00e4)\" rel=\"noreferrer noopener\" href=\"https:\/\/www.helsinki.fi\/en\/admissions\/degree-programmes\" target=\"_blank\" class=\"ek-link\">Helsingin yliopisto<\/a>, <a class=\"ek-link ek-link ek-link\" rel=\"noreferrer noopener\" href=\"https:\/\/www.helsinki.fi\/en\/svenska-social-och-kommunalhogskolan\" target=\"_blank\">Helsingin yliopisto - Ruotsin yhteiskuntatieteellinen korkeakoulu<\/a> ja <a class=\"ek-link ek-link\" rel=\"noreferrer noopener\" href=\"https:\/\/www.uniarts.fi\/en\" target=\"_blank\">Taideyliopisto<\/a>. Yliopistoihin voi hakea <a aria-label=\" (avautuu uudessa v\u00e4lilehdess\u00e4)\" rel=\"noreferrer noopener\" href=\"https:\/\/studyinfo.fi\/wp2\/en\/\" target=\"_blank\" class=\"ek-link\">Opintopolussa<\/a>.<br \/>Ammatilliset yliopistot, kuten <a class=\"ek-link ek-link\" rel=\"noreferrer noopener\" href=\"https:\/\/www.arcada.fi\/en\" target=\"_blank\">Ammattikorkeakoulu<\/a> ja <a class=\"ek-link ek-link\" rel=\"noreferrer noopener\" href=\"https:\/\/www.novia.fi\/novia-uas\/\" target=\"_blank\">Ammattikorkeakoulu Novia<\/a>, joka sijaitsee Raseborgissa, 100 kilometri\u00e4 Helsingist\u00e4 l\u00e4nteen, ja sit\u00e4 voidaan soveltaa my\u00f6s l\u00e4pi <a aria-label=\" (avautuu uudessa v\u00e4lilehdess\u00e4)\" rel=\"noreferrer noopener\" href=\"https:\/\/studyinfo.fi\/wp2\/en\/\" target=\"_blank\" class=\"ek-link\">Opintopolussa<\/a>.<\/p>\n\n\n\n<h2 class=\"wp-block-heading\" id=\"national-certificate-of-language-proficiency\">Kansallinen kielitaitotodistus<\/h2>\n\n\n\n<p>Jotta <a aria-label=\" (avautuu uudessa v\u00e4lilehdess\u00e4)\" class=\"ek-link ek-link ek-link ek-link ek-link\" rel=\"noreferrer noopener\" href=\"https:\/\/migri.fi\/en\/language-skills\" target=\"_blank\">saada Suomen kansalaisuus<\/a>, sinun on l\u00e4p\u00e4ist\u00e4v\u00e4 kielikoe. T\u00e4m\u00e4 koe on nimelt\u00e4\u00e4n kansallinen kielitaitotodistus eli National Certificate of Language Proficiency. <em>YKI-testi<\/em> suomeksi. L\u00e4p\u00e4isyyn vaadittava taso on B1.2, mellanniv\u00e5, keskitaso. Voit tutustua <a aria-label=\" (avautuu uudessa v\u00e4lilehdess\u00e4)\" class=\"ek-link ek-link\" rel=\"noreferrer noopener\" href=\"http:\/\/ykitesti.solki.jyu.fi\/sv\/tutustu-testiin\/svenska\/\" target=\"_blank\">t\u00e4\u00e4ll\u00e4<\/a>, ruotsiksi. L\u00f6yd\u00e4t koep\u00e4iv\u00e4m\u00e4\u00e4r\u00e4t, koekeskukset ja tiedot ilmoittautumisesta. <a aria-label=\"t\u00e4\u00e4lt\u00e4. (avautuu uuteen v\u00e4lilehteen)\" href=\"https:\/\/www.oph.fi\/en\/education-and-qualifications\/examination-days-and-test-centres\" target=\"_blank\" rel=\"noreferrer noopener\" class=\"ek-link\">t\u00e4\u00e4lt\u00e4.<\/a> <br \/>P\u00e4\u00e4kaupunkiseudulla YKI-koetta, mellanniv\u00e5-intermediate, tarjotaan seuraavien tahojen kautta&nbsp;<a aria-label=\" (avautuu uudessa v\u00e4lilehdess\u00e4)\" rel=\"noreferrer noopener\" href=\"https:\/\/www.hel.fi\/arbis\/sv\/suomeksi-in-english\/in-english\" target=\"_blank\" class=\"ek-link\">Arbis<\/a> ja <a aria-label=\"Careeria (avautuu uuteen v\u00e4lilehteen)\" rel=\"noreferrer noopener\" href=\"https:\/\/www.careeria.fi\/sv\/kontaktuppgifter\/helsingfors\/\" target=\"_blank\" class=\"ek-link\">Careeria<\/a> Helsingforsissa ja Esbossa <a aria-label=\"Axxell (avautuu uuteen v\u00e4lilehteen)\" rel=\"noreferrer noopener\" href=\"https:\/\/www.axxell.fi\/en\/esbo-mkk\" target=\"_blank\" class=\"ek-link\">Axxell<\/a> ja <a aria-label=\"Omnia (avautuu uuteen v\u00e4lilehteen)\" rel=\"noreferrer noopener\" href=\"https:\/\/www.omnia.fi\/tietoa-omniasta\/yhteystiedot\/toimipisteet\/tapiola-itatuulenpiha-1\" target=\"_blank\" class=\"ek-link\">Omnia<\/a>.<br \/>Jos haluat suorittaa h\u00f6gsta niv\u00e5 -kokeen, eli edistyneen tason kokeen, voit tehd\u00e4 sen osoitteessa <a aria-label=\"O&amp;O (avautuu uudessa v\u00e4lilehdess\u00e4)\" rel=\"noreferrer noopener\" href=\"https:\/\/www.opetusohjaus.fi\/\" target=\"_blank\" class=\"ek-link\">O&amp;O:ssa<\/a> Helsingiss\u00e4.<\/p>\n\n\n\n\n\n<div class=\"ghostkit-accordion ghostkit-accordion-0\"><\/div>\n\n\n\n<h2 class=\"wp-block-heading\" id=\"employment-and-entrepreneurship\">Ty\u00f6llisyys ja yritt\u00e4jyys<\/h2>\n\n\n\n<p>Suomen ty\u00f6markkinoilla vaaditaan usein paljon suomen ja my\u00f6s ruotsin kielen taitoa. Jos julkishallinnon viran kelpoisuusvaatimuksena on korkeakoulututkinto, vaaditaan yleens\u00e4 my\u00f6s erinomaista suomen kielen taitoa ja tyydytt\u00e4v\u00e4\u00e4 ruotsin kielen taitoa. Yksityisell\u00e4 sektorilla kielitaitovaatimukset m\u00e4\u00e4r\u00e4ytyv\u00e4t yrityksen politiikan perusteella.<br \/><br \/>Ruotsin suurin ty\u00f6llist\u00e4v\u00e4 ala on sosiaali- ja terveydenhuolto sek\u00e4 koulutusala.  Ruotsinkielist\u00e4 henkil\u00f6st\u00f6\u00e4 tarvitaan kipe\u00e4sti. Suurimmat ty\u00f6nantajat ovat seuraavat<\/p>\n\n\n\n<div class=\"ghostkit-accordion ghostkit-accordion-4\">\n<div class=\"ghostkit-accordion-item\"><a href=\"#accordionthe-municipalities\" class=\"ghostkit-accordion-item-heading\"><span class=\"ghostkit-accordion-item-label\"><strong>KUNNAT<\/strong><\/span><span class=\"ghostkit-accordion-item-collapse\"><svg class=\"ghostkit-svg-icon\" width=\"24\" height=\"24\" viewbox=\"0 0 24 24\" fill=\"none\" xmlns=\"http:\/\/www.w3.org\/2000\/svg\"><path d=\"M9.21967 6.2197C9.51256 5.9268 9.98744 5.9268 10.2803 6.2197L15.5303 11.4697C15.8232 11.7626 15.8232 12.2374 15.5303 12.5303L10.2803 17.7803C9.98744 18.0732 9.51256 18.0732 9.21967 17.7803C8.92678 17.4874 8.92678 17.0126 9.21967 16.7197L13.9393 12L9.21967 7.2803C8.92678 6.9874 8.92678 6.5126 9.21967 6.2197Z\" fill=\"currentColor\"><\/path><\/svg><\/span><\/a><div class=\"ghostkit-accordion-item-content is-layout-flow wp-block-ghostkit-accordion-item-is-layout-flow\">\n<p>Rekrytointisivulla sinun on valittava ruotsin kieli,&nbsp;<strong>ruotsi\/svenska<\/strong>, tai lis\u00e4tt\u00e4v\u00e4 se kohtaan&nbsp;<strong>Ilmoituksen kieli,&nbsp;<\/strong>l\u00f6yt\u00e4\u00e4 ruotsalaisia ty\u00f6paikkoja.<\/p>\n\n\n\n<p><a aria-label=\" (avautuu uudessa v\u00e4lilehdess\u00e4)\" rel=\"noreferrer noopener\" class=\"ek-link ek-link ek-link ek-link\" href=\"https:\/\/www.hel.fi\/rekry\/fi\/avoimet-tyopaikat\/rekry-haku-V31?sivu=1&amp;tyoSanaHakuKentta=&amp;haeTyopaikkojaBTN=&amp;kielisyys=sv\" target=\"_blank\">Helsinki<\/a><\/p>\n\n\n\n<p><a href=\"https:\/\/www.kuntarekry.fi\/fi\/tyopaikat\/?&amp;organisation=3&amp;desc=svenska&amp;sort=%22-changetime%22&amp;limit=24\" target=\"_blank\" aria-label=\"Esbo (avautuu uuteen v\u00e4lilehteen)\" rel=\"noreferrer noopener\" class=\"ek-link\">Espoo<\/a><\/p>\n\n\n\n<p><a aria-label=\" (avautuu uudessa v\u00e4lilehdess\u00e4)\" rel=\"noreferrer noopener\" class=\"ek-link ek-link\" href=\"https:\/\/vantaa.rekrytointi.com\/paikat\/?fid=16&amp;o=A_SJ&amp;list=1&amp;q%5B79%5D=&amp;freetext_and=&amp;q%5B235%5D=562&amp;submit=Haku\" target=\"_blank\">Vantaa<\/a><\/p>\n\n\n\n<p><a aria-label=\" (avautuu uudessa v\u00e4lilehdess\u00e4)\" rel=\"noreferrer noopener\" class=\"ek-link ek-link ek-link ek-link\" href=\"https:\/\/www.kauniainen.fi\/kaupunki_ja_paatoksenteko\/ajankohtaista\/avoimet_tyopaikat\" target=\"_blank\">Kauniainen<\/a><\/p>\n\n\n\n<p><a aria-label=\" (avautuu uudessa v\u00e4lilehdess\u00e4)\" rel=\"noreferrer noopener\" class=\"ek-link ek-link ek-link\" href=\"https:\/\/www.seure.fi\/sv\/alla-lediga-jobb\/\" target=\"_blank\">Seure<\/a>&nbsp;(vuokraty\u00f6) on kuntien henkil\u00f6st\u00f6palvelu. Sivu on ruotsinkielinen, koska englanninkielinen versio ei toimi.<\/p>\n<\/div><\/div>\n\n\n\n<div class=\"ghostkit-accordion-item ghostkit-accordion-item-active\"><a href=\"#accordionwork-in-swedish-speaking-health-care-and-welfare\" class=\"ghostkit-accordion-item-heading\"><span class=\"ghostkit-accordion-item-label\"><strong>RUOTSINKIELINEN TY\u00d6 TERVEYDENHUOLLOSSA JA SOSIAALIHUOLLOSSA<\/strong><\/span><span class=\"ghostkit-accordion-item-collapse\"><svg class=\"ghostkit-svg-icon\" width=\"24\" height=\"24\" viewbox=\"0 0 24 24\" fill=\"none\" xmlns=\"http:\/\/www.w3.org\/2000\/svg\"><path d=\"M9.21967 6.2197C9.51256 5.9268 9.98744 5.9268 10.2803 6.2197L15.5303 11.4697C15.8232 11.7626 15.8232 12.2374 15.5303 12.5303L10.2803 17.7803C9.98744 18.0732 9.51256 18.0732 9.21967 17.7803C8.92678 17.4874 8.92678 17.0126 9.21967 16.7197L13.9393 12L9.21967 7.2803C8.92678 6.9874 8.92678 6.5126 9.21967 6.2197Z\" fill=\"currentColor\"><\/path><\/svg><\/span><\/a><div class=\"ghostkit-accordion-item-content is-layout-flow wp-block-ghostkit-accordion-item-is-layout-flow\">\n<p><a aria-label=\" (avautuu uudessa v\u00e4lilehdess\u00e4)\" class=\"ek-link ek-link\" rel=\"noreferrer noopener\" href=\"https:\/\/karkulla.rekrytointi.com\/paikat\/?o=A_LOJ&amp;list=1\" target=\"_blank\">K\u00e5rkulla Samkommun.<\/a>&nbsp;Sen tarkoituksena on tarjota palveluja ja hoitoa ruotsinkielisille kehitysvammaisille henkil\u00f6ille.<\/p>\n\n\n\n<p><a aria-label=\" (avautuu uudessa v\u00e4lilehdess\u00e4)\" class=\"ek-link ek-link ek-link\" rel=\"noreferrer noopener\" href=\"https:\/\/www.folkhalsan.fi\/en\/working-at-folkhalsan\/\" target=\"_blank\">Folkh\u00e4lsan<\/a>. Folkh\u00e4lsan on Suomen suurin ruotsinkielinen sosiaali- ja terveydenhuollon j\u00e4rjest\u00f6. Folkh\u00e4lsan tarjoaa sosiaali- ja terveydenhuollon palveluita, esimerkiksi vanhustenhoitoa ja lastensuojelupalveluita. Sill\u00e4 on my\u00f6s tutkimuskeskus.<\/p>\n\n\n\n<p>Osoitteessa <a aria-label=\"Barnav\u00e5rdsf\u00f6reningen (avautuu uudessa v\u00e4lilehdess\u00e4)\" href=\"https:\/\/bvif.fi\/sv\/kontakt\/jobb\/\" target=\"_blank\" rel=\"noreferrer noopener\" class=\"ek-link\">Barnav\u00e5rdsf\u00f6reningen<\/a> l\u00f6yd\u00e4t ty\u00f6paikkoja, joissa ty\u00f6skentelet lasten ja perheiden kanssa.<\/p>\n\n\n\n<p>Osoitteessa <a aria-label=\"Kommuntorget (avautuu uudessa v\u00e4lilehdess\u00e4)\" href=\"https:\/\/kommuntorget.fi\/platsannons\/\" target=\"_blank\" rel=\"noreferrer noopener\" class=\"ek-link\">Kommuntorgetilta<\/a> l\u00f6yd\u00e4t ruotsinkielisi\u00e4 sosiaali- ja terveydenhuollon ty\u00f6paikkoja kaikkialta Suomesta.<\/p>\n<\/div><\/div>\n\n\n\n<div class=\"ghostkit-accordion-item\"><a href=\"#accordionjob-boards-a-selection\" class=\"ghostkit-accordion-item-heading\"><span class=\"ghostkit-accordion-item-label\"><strong>TY\u00d6PAIKKATAULUT, VALIKOIMA<\/strong><\/span><span class=\"ghostkit-accordion-item-collapse\"><svg class=\"ghostkit-svg-icon\" width=\"24\" height=\"24\" viewbox=\"0 0 24 24\" fill=\"none\" xmlns=\"http:\/\/www.w3.org\/2000\/svg\"><path d=\"M9.21967 6.2197C9.51256 5.9268 9.98744 5.9268 10.2803 6.2197L15.5303 11.4697C15.8232 11.7626 15.8232 12.2374 15.5303 12.5303L10.2803 17.7803C9.98744 18.0732 9.51256 18.0732 9.21967 17.7803C8.92678 17.4874 8.92678 17.0126 9.21967 16.7197L13.9393 12L9.21967 7.2803C8.92678 6.9874 8.92678 6.5126 9.21967 6.2197Z\" fill=\"currentColor\"><\/path><\/svg><\/span><\/a><div class=\"ghostkit-accordion-item-content is-layout-flow wp-block-ghostkit-accordion-item-is-layout-flow\">\n<p><a href=\"https:\/\/paikat.te-palvelut.fi\/tpt\/?searchPhrase=svenska&amp;locations=Helsinki%2CEspoo%2CVantaa%2CKauniainen&amp;announced=0&amp;leasing=0&amp;english=false&amp;sort=1\" target=\"_blank\" aria-label=\"TE-palvelut (hakusana: svenska) (avautuu uudessa v\u00e4lilehdess\u00e4)\" rel=\"noreferrer noopener\" class=\"ek-link\">TE-palvelut (hakusana: svenska)<\/a><\/p>\n\n\n\n<p><a aria-label=\" (avautuu uudessa v\u00e4lilehdess\u00e4)\" class=\"ek-link ek-link ek-link\" rel=\"noreferrer noopener\" href=\"https:\/\/tyopaikat.oikotie.fi\/haku?jq=svenska&amp;sort_by=score&amp;page=0&amp;ref=ot_header&amp;_ga=2.267068486.936707963.1561928226-1302467094.1561928226\" target=\"_blank\">Oikotie ty\u00f6paikat (hakusana: svenska)<\/a><\/p>\n\n\n\n<p><a href=\"https:\/\/www.manpower.fi\/tyonhakijat\/hakijakampanjat\/jobb-for-svensksprakiga\" target=\"_blank\" aria-label=\"Manpower (avautuu uuteen v\u00e4lilehteen)\" rel=\"noreferrer noopener\" class=\"ek-link\">Ty\u00f6voima<\/a> on my\u00f6s ruotsinkielisi\u00e4 ty\u00f6paikkoja.<\/p>\n<\/div><\/div>\n\n\n\n<div class=\"ghostkit-accordion-item\"><a href=\"#accordionentrepeneurship\" class=\"ghostkit-accordion-item-heading\"><span class=\"ghostkit-accordion-item-label\"><strong>YRITT\u00c4JYYS<\/strong><\/span><span class=\"ghostkit-accordion-item-collapse\"><svg class=\"ghostkit-svg-icon\" width=\"24\" height=\"24\" viewbox=\"0 0 24 24\" fill=\"none\" xmlns=\"http:\/\/www.w3.org\/2000\/svg\"><path d=\"M9.21967 6.2197C9.51256 5.9268 9.98744 5.9268 10.2803 6.2197L15.5303 11.4697C15.8232 11.7626 15.8232 12.2374 15.5303 12.5303L10.2803 17.7803C9.98744 18.0732 9.51256 18.0732 9.21967 17.7803C8.92678 17.4874 8.92678 17.0126 9.21967 16.7197L13.9393 12L9.21967 7.2803C8.92678 6.9874 8.92678 6.5126 9.21967 6.2197Z\" fill=\"currentColor\"><\/path><\/svg><\/span><\/a><div class=\"ghostkit-accordion-item-content is-layout-flow wp-block-ghostkit-accordion-item-is-layout-flow\">\n<p>Yritys on mahdollista rekister\u00f6id\u00e4 joko suomen- tai ruotsinkielisen\u00e4 ja hoitaa kaikki byrokratia ruotsiksi. Osoitteessa&nbsp;<a aria-label=\" (avautuu uudessa v\u00e4lilehdess\u00e4)\" rel=\"noreferrer noopener\" class=\"ek-link ek-link\" href=\"https:\/\/www.infofinland.fi\/en\/living-in-finland\/work-and-enterprise\/starting-a-business\" target=\"_blank\">InfoFinland<\/a>&nbsp;l\u00f6yd\u00e4t tietoa siit\u00e4, miten perustaa yritys Suomessa.<\/p>\n\n\n\n<p>Suomalaisille pienille ja keskisuurille yrityksille (pk-yrityksille) ja niiden omistajille on perustettu edunvalvonta- ja palveluj\u00e4rjest\u00f6 nimelt\u00e4&nbsp;<a aria-label=\" (avautuu uudessa v\u00e4lilehdess\u00e4)\" rel=\"noreferrer noopener\" class=\"ek-link ek-link\" href=\"https:\/\/www.yrittajat.fi\/en\" target=\"_blank\">Suomen Yritt\u00e4j\u00e4t<\/a>. Ne j\u00e4rjest\u00e4v\u00e4t tapahtumia ja tarjoavat erilaisia palveluja j\u00e4senilleen.<\/p>\n<\/div><\/div>\n<\/div>\n\n\n\n<h2 class=\"wp-block-heading\" id=\"mentoring-and-network\">Mentorointi ja verkosto<\/h2>\n\n\n\n<p>Haluatko tutustua paremmin suomalaiseen yhteiskuntaan, harjoitella suomen tai ruotsin kielt\u00e4si tai tavata yst\u00e4v\u00e4n? Tutustu <a aria-label=\"Fika (avautuu uudessa v\u00e4lilehdess\u00e4)\" rel=\"noreferrer noopener\" class=\"ek-link ek-link\" href=\"\/mentoring-networking\/fika\/\" target=\"_blank\">Fika<\/a>, Luckans kuuden kuukauden mentoriohjelma.<br \/>Haluatko laajentaa ammatillista verkostoasi? Tapaat henkil\u00f6n, jolla on kokemusta ammattialaltasi Suomessa? Tutustu <a aria-label=\" (avautuu uudessa v\u00e4lilehdess\u00e4)\" rel=\"noreferrer noopener\" class=\"ek-link ek-link\" href=\"https:\/\/dorren.fi\/\" target=\"_blank\">D\u00f6rren<\/a>, Luckansin ammatillinen verkostoitumisv\u00e4line.<\/p>\n\n\n\n\n\n<h2 class=\"wp-block-heading\" id=\"health-care-and-social-services\">Terveydenhuolto ja sosiaalipalvelut<\/h2>\n\n\n\n<p>T\u00e4\u00e4lt\u00e4 l\u00f6yd\u00e4t kaikki <a href=\"https:\/\/www.hel.fi\/helsinki\/sv\/social-och-halso\/a-o\/tjanster\/service-pa-svenska\" target=\"_blank\" aria-label=\"terveys- ja sosiaalipalvelut ruotsiksi (avautuu uudessa v\u00e4lilehdess\u00e4)\" rel=\"noreferrer noopener\" class=\"ek-link\">terveys- ja sosiaalipalvelut ruotsiksi<\/a> jonka Helsingfors tarjoaa kansalaisilleen. Sivu on vain ruotsiksi.<\/p>\n\n\n\n<h2 class=\"wp-block-heading\" id=\"free-time-and-cultural-activities\">Vapaa-aika ja kulttuuritoiminta <\/h2>\n\n\n\n<p>Kokonaisvaltaisen, kaksisuuntaisen kotoutumisen kannalta on t\u00e4rke\u00e4\u00e4 pysy\u00e4 ajan tasalla ajankohtaisista asioista, osallistua joihinkin moninaisiin kulttuuritoimintoihin ja ehk\u00e4 liitty\u00e4 johonkin yhdistykseen. P\u00e4\u00e4kaupunkiseudun ruotsin kielell\u00e4 on paljon valinnanvaraa.<\/p>\n\n\n\n<h3 class=\"wp-block-heading\" id=\"news-in-swedish\">Uutisia ruotsiksi<\/h3>\n\n\n\n<div class=\"ghostkit-accordion ghostkit-accordion-1\">\n<div class=\"ghostkit-accordion-item\"><a href=\"#accordionradio-television-online-and-printed-press\" class=\"ghostkit-accordion-item-heading\"><span class=\"ghostkit-accordion-item-label\"><strong>RADIO, TELEVISIO, VERKKO- JA PAINETTU LEHDIST\u00d6<\/strong><\/span><span class=\"ghostkit-accordion-item-collapse\"><svg class=\"ghostkit-svg-icon\" width=\"24\" height=\"24\" viewbox=\"0 0 24 24\" fill=\"none\" xmlns=\"http:\/\/www.w3.org\/2000\/svg\"><path d=\"M9.21967 6.2197C9.51256 5.9268 9.98744 5.9268 10.2803 6.2197L15.5303 11.4697C15.8232 11.7626 15.8232 12.2374 15.5303 12.5303L10.2803 17.7803C9.98744 18.0732 9.51256 18.0732 9.21967 17.7803C8.92678 17.4874 8.92678 17.0126 9.21967 16.7197L13.9393 12L9.21967 7.2803C8.92678 6.9874 8.92678 6.5126 9.21967 6.2197Z\" fill=\"currentColor\"><\/path><\/svg><\/span><\/a><div class=\"ghostkit-accordion-item-content is-layout-flow wp-block-ghostkit-accordion-item-is-layout-flow\">\n<p><\/p>\n\n\n\n<h3 class=\"wp-block-heading\" id=\"radio-and-tv\">Radio ja televisio<\/h3>\n\n\n\n<p>Yleisradioyhti\u00f6 YLE:ll\u00e4 on laaja uutis- ja viihdetarjonta useilla kielill\u00e4.<br \/><a aria-label=\" (avautuu uudessa v\u00e4lilehdess\u00e4)\" rel=\"noreferrer noopener\" href=\"https:\/\/svenska.yle.fi\/\" target=\"_blank\" class=\"ek-link\">Svenska YLE<\/a> on s\u00e4\u00e4nn\u00f6llinen uutissivusto. Erilaisia radio- ja tv-ohjelmia l\u00f6yd\u00e4t osoitteesta <a class=\"ek-link ek-link\" rel=\"noreferrer noopener\" href=\"https:\/\/arenan.yle.fi\/tv\" target=\"_blank\">Arenan<\/a>.<br \/>Nuorten radiokanava on <a aria-label=\"YLE X3M (avautuu uuteen v\u00e4lilehteen)\" rel=\"noreferrer noopener\" href=\"https:\/\/arenan.yle.fi\/radio\/program\/x3m\" target=\"_blank\" class=\"ek-link\">YLE X3M<\/a>, aikuisten kanava on <a href=\"https:\/\/arenan.yle.fi\/radio\/program\/yle-vega?_c=radio-vega-huvudstadsregionen\" class=\"ek-link\">YLE Vega<\/a>. On olemassa erilaisia <a rel=\"noreferrer noopener\" href=\"https:\/\/arenan.yle.fi\/radio\/program\/kultur\" target=\"_blank\">kulttuurin<\/a>, <a rel=\"noreferrer noopener\" href=\"https:\/\/arenan.yle.fi\/radio\/program\/fakta\" target=\"_blank\">Fakta<\/a>, <a rel=\"noreferrer noopener\" href=\"https:\/\/arenan.yle.fi\/radio\/program\/underhallning\" target=\"_blank\">viihde<\/a>, <a rel=\"noreferrer noopener\" href=\"https:\/\/arenan.yle.fi\/radio\/program\/drama\" target=\"_blank\">draama<\/a> ja <a rel=\"noreferrer noopener\" href=\"https:\/\/arenan.yle.fi\/radio\/program\/andligt\" target=\"_blank\">henkinen<\/a> ohjelmia, joihin sukeltaa. On my\u00f6s monia erilaisia kapseleita, jotka on tarkoitettu sek\u00e4 <a aria-label=\"aikuiset (avautuu uuteen v\u00e4lilehteen)\" rel=\"noreferrer noopener\" href=\"https:\/\/arenan.yle.fi\/radio\/program\/poddar\" target=\"_blank\" class=\"ek-link\">aikuiset<\/a> ja <a aria-label=\"lapset (avautuu uuteen v\u00e4lilehteen)\" rel=\"noreferrer noopener\" href=\"https:\/\/arenan.yle.fi\/radio\/program\/poddar-for-barn\" target=\"_blank\" class=\"ek-link\">lapset<\/a>. <\/p>\n\n\n\n<h3 class=\"wp-block-heading\" id=\"printed-press\">Painettu lehdist\u00f6<\/h3>\n\n\n\n<p>Ruotsinkielinen valtakunnallinen sanomalehti on nimelt\u00e4\u00e4n <a aria-label=\" (avautuu uudessa v\u00e4lilehdess\u00e4)\" class=\"ek-link ek-link\" rel=\"noreferrer noopener\" href=\"https:\/\/www.hbl.fi\/\" target=\"_blank\">Hufvudstadsbladet, HBL.<\/a><br \/><a aria-label=\" (avautuu uudessa v\u00e4lilehdess\u00e4)\" class=\"ek-link ek-link\" rel=\"noreferrer noopener\" href=\"https:\/\/www.vastranyland.fi\/\" target=\"_blank\">V\u00e4stra Nyland<\/a>&nbsp;julkaisee L\u00e4nsi-Uudenmaan uutisia.<br \/><a aria-label=\" (avautuu uudessa v\u00e4lilehdess\u00e4)\" class=\"ek-link ek-link\" rel=\"noreferrer noopener\" href=\"https:\/\/www.ostnyland.fi\/\" target=\"_blank\">\u00d6stnyland<\/a>&nbsp;julkaisee uutisia It\u00e4-Uudeltamaalta.<br \/><a aria-label=\" (avautuu uudessa v\u00e4lilehdess\u00e4)\" class=\"ek-link ek-link\" rel=\"noreferrer noopener\" href=\"https:\/\/www.forummag.fi\/\" target=\"_blank\">Aff\u00e4rsmagasinet Forum<\/a>&nbsp;kattaa kuukausittain liike-el\u00e4m\u00e4n, johtamisen, teknologian ja tieteen aiheita Suomessa ja kansainv\u00e4lisesti.<br \/><a href=\"https:\/\/issuu.com\/studentbladet\" class=\"ek-link\">Studentbladet<\/a> on Pohjoismaiden vanhin opiskelijalehti. <br \/>Mik\u00e4li asut <a aria-label=\"Luckan Helsingfors (avautuu uuteen v\u00e4lilehteen)\" href=\"https:\/\/helsingfors.luckan.fi\/\" target=\"_blank\" rel=\"noreferrer noopener\" class=\"ek-link\">Luckan Helsingfors<\/a> voit lukea noin 50 erilaista ruotsinkielist\u00e4 sanoma- ja aikakauslehte\u00e4 eri puolilta Suomea.<\/p>\n\n\n\n<h3 class=\"wp-block-heading\" id=\"easy-to-read-and-easy-to-listen-to\">Helppo lukea ja helppo kuunnella<\/h3>\n\n\n\n<p><a rel=\"noreferrer noopener\" href=\"https:\/\/ll-bladet.fi\/\" target=\"_blank\" class=\"ek-link\">LL-Bladet<\/a>&nbsp;on helppolukuinen lehti ajankohtaisista asioista. Se on sek\u00e4 verkko- ett\u00e4 painettu lehti. Voit tilata painetun version <a aria-label=\"t\u00e4\u00e4ll\u00e4 (avautuu uuteen v\u00e4lilehteen)\" href=\"https:\/\/ll-bladet.fi\/prenumerera-pa-ll-bladet\/\" target=\"_blank\" rel=\"noreferrer noopener\" class=\"ek-link\">t\u00e4\u00e4lt\u00e4<\/a>.<br \/><a rel=\"noreferrer noopener\" href=\"https:\/\/8sidor.se\/\" target=\"_blank\">8 Sidor<\/a> on helppolukuinen uutissivusto Ruotsista.<br \/>YLE:ll\u00e4 on lyhyt uutisohjelma nimelt\u00e4 <a rel=\"noreferrer noopener\" href=\"https:\/\/arenan.yle.fi\/1-50362086\" target=\"_blank\">Yle Nyheter p\u00e5 l\u00e4tt svenska<\/a>, jossa on \u00e4\u00e4nt\u00e4 ja teksti\u00e4 joka arkip\u00e4iv\u00e4,<\/p>\n<\/div><\/div>\n<\/div>\n\n\n\n<h3 class=\"wp-block-heading\" id=\"event-calenders\">Tapahtumakalenterit<\/h3>\n\n\n\n<p><a aria-label=\" (avautuu uudessa v\u00e4lilehdess\u00e4)\" class=\"ek-link ek-link ek-link ek-link ek-link\" rel=\"noreferrer noopener\" href=\"https:\/\/kulturforum.fi\/evenemang\" target=\"_blank\">Kulturforum&nbsp;<\/a>on tapahtumakalenteri, josta l\u00f6yd\u00e4t ruotsalaista toimintaa eri puolilla Suomea. Sivu on vain ruotsinkielinen.<br \/><a aria-label=\" (avautuu uudessa v\u00e4lilehdess\u00e4)\" class=\"ek-link ek-link ek-link\" rel=\"noreferrer noopener\" href=\"https:\/\/www.nordiskkulturkontakt.org\/en\/events\/\" target=\"_blank\">Nordisk Kulturkontakt<\/a> on pohjoismainen kulttuurikeskus Helsingiss\u00e4, jolla on omia pohjoismaisia tapahtumia.<br \/><a aria-label=\" (avautuu uudessa v\u00e4lilehdess\u00e4)\" class=\"ek-link ek-link ek-link ek-link\" rel=\"noreferrer noopener\" href=\"https:\/\/www.hel.fi\/helsinki\/en\/events\/\" target=\"_blank\">Helsingin kaupunki <\/a>j\u00e4rjest\u00e4\u00e4 ruotsinkielisi\u00e4 tilaisuuksia <a aria-label=\"kulttuuritalot (avautuu uuteen v\u00e4lilehteen)\" rel=\"noreferrer noopener\" class=\"ek-link ek-link\" href=\"https:\/\/www.hel.fi\/helsinki\/en\/culture\/culture\/venues\" target=\"_blank\">kulttuuritalot<\/a> ja <a aria-label=\"kirjastot (avautuu uuteen v\u00e4lilehteen)\" rel=\"noreferrer noopener\" class=\"ek-link ek-link\" href=\"https:\/\/www.hel.fi\/kulttuurin-ja-vapaa-ajan-toimiala\/en\/services\/Libraries\/\" target=\"_blank\">kirjastoissa<\/a>. Kirjoita <em>Svenska<\/em> hakukentt\u00e4\u00e4n.<br \/><a aria-label=\" (avautuu uudessa v\u00e4lilehdess\u00e4)\" rel=\"noreferrer noopener\" class=\"ek-link ek-link ek-link\" href=\"https:\/\/www.helmet.fi\/sv-FI\/Evenemang_och_tips\/Evenemang\" target=\"_blank\">Kirjastoissa<\/a> on kulttuuritapahtumia kaikenik\u00e4isille. Klikkaa <em>Begr\u00e4nsa S\u00f6kningen<\/em> ja kirjoittaa <em>Svenskspr\u00e5kiga<\/em> tai <em>Svenska<\/em> hakukentt\u00e4\u00e4n, <em>s\u00f6kord<\/em>.<br \/>Luckan Integrationsin tapahtumat l\u00f6ytyv\u00e4t Kulturforumista ja osoitteesta <a aria-label=\"Facebook (avautuu uuteen v\u00e4lilehteen)\" rel=\"noreferrer noopener\" class=\"ek-link ek-link\" href=\"https:\/\/www.facebook.com\/pg\/LuckanIntegration\/events\/?\" target=\"_blank\">Facebookissa<\/a>. Tapahtumat ovat p\u00e4\u00e4asiassa englanninkielisi\u00e4, maksuttomia ja kaikille avoimia.<br \/>Luckan Helsingforsin tapahtumat l\u00f6ytyv\u00e4t Kulturforumista ja osoitteesta <a aria-label=\"Faceboook (avautuu uudessa v\u00e4lilehdess\u00e4)\" rel=\"noreferrer noopener\" class=\"ek-link\" href=\"https:\/\/www.facebook.com\/pg\/luckanhelsingfors\/events\/\" target=\"_blank\">Faceboook<\/a>. Tapahtumat ovat p\u00e4\u00e4asiassa ruotsinkielisi\u00e4, maksuttomia ja kaikille avoimia.<\/p>\n\n\n\n<h3 class=\"wp-block-heading\" id=\"associations\">Yhdistykset<\/h3>\n\n\n\n<p>Yhdistyksill\u00e4 on t\u00e4rke\u00e4 rooli ruotsalaisten palvelujen tuottamisessa, ja monet niist\u00e4 tarjoavat toimintaa lapsille ja aikuisille.<\/p>\n\n\n\n<div class=\"ghostkit-accordion ghostkit-accordion-1\">\n<div class=\"ghostkit-accordion-item\"><a href=\"#accordiona-selection-of-associations-and-collected-information\" class=\"ghostkit-accordion-item-heading\"><span class=\"ghostkit-accordion-item-label\"><strong>VALIKOIMA YHDISTYKSI\u00c4 JA KER\u00c4TTYJ\u00c4 TIETOJA <\/strong><\/span><span class=\"ghostkit-accordion-item-collapse\"><svg class=\"ghostkit-svg-icon\" width=\"24\" height=\"24\" viewbox=\"0 0 24 24\" fill=\"none\" xmlns=\"http:\/\/www.w3.org\/2000\/svg\"><path d=\"M9.21967 6.2197C9.51256 5.9268 9.98744 5.9268 10.2803 6.2197L15.5303 11.4697C15.8232 11.7626 15.8232 12.2374 15.5303 12.5303L10.2803 17.7803C9.98744 18.0732 9.51256 18.0732 9.21967 17.7803C8.92678 17.4874 8.92678 17.0126 9.21967 16.7197L13.9393 12L9.21967 7.2803C8.92678 6.9874 8.92678 6.5126 9.21967 6.2197Z\" fill=\"currentColor\"><\/path><\/svg><\/span><\/a><div class=\"ghostkit-accordion-item-content is-layout-flow wp-block-ghostkit-accordion-item-is-layout-flow\">\n<p>Kaikki tiedot ovat ruotsiksi. Ota yhteytt\u00e4 yhdistykseen saadaksesi apua!<\/p>\n\n\n\n<p><a href=\"https:\/\/arbetetsvanner.fi\/avf\/av_sornas\/\" target=\"_blank\" aria-label=\"AV i S\u00f6rn\u00e4s, Munksn\u00e4s, Helsingfors, (avautuu uudessa v\u00e4lilehdess\u00e4)\" rel=\"noreferrer noopener\" class=\"ek-link\">AV S\u00f6rn\u00e4isiss\u00e4 ja Munkkiniemessa Helsingiss\u00e4<\/a>&nbsp;on yhdistys, joka j\u00e4rjest\u00e4\u00e4 bridgekerhoa, tanssikerhoa, taidepiiri\u00e4, vauvakahvilaa, joogaa, meditaatiota, capoeiraa ja saamelaiskerhoa.<\/p>\n\n\n\n<p><a aria-label=\" (avautuu uudessa v\u00e4lilehdess\u00e4)\" class=\"ek-link ek-link\" rel=\"noreferrer noopener\" href=\"https:\/\/nos.fi\/startsida\/kalender\/\" target=\"_blank\">Norr om Stan rf<\/a>. j\u00e4rjest\u00e4\u00e4 kulttuuritapahtumia ja vapaa-ajan toimintaa Helsingforsin pohjoisosassa ja Vandan alueella.<\/p>\n\n\n\n<p><a aria-label=\" (avautuu uudessa v\u00e4lilehdess\u00e4)\" rel=\"noreferrer noopener\" class=\"ek-link ek-link\" href=\"https:\/\/www.svenska.fi\/\" target=\"_blank\">Svenska.fi&nbsp;<\/a>on yhdistys maahanmuuttajille, jotka ovat kotoutuneet ruotsiksi. Heid\u00e4n tapahtumansa julkaistaan&nbsp;<a aria-label=\" (avautuu uudessa v\u00e4lilehdess\u00e4)\" rel=\"noreferrer noopener\" class=\"ek-link ek-link\" href=\"https:\/\/www.facebook.com\/svenska.fi\/\" target=\"_blank\">Facebookissa.<\/a><\/p>\n\n\n\n<p><a aria-label=\" (avautuu uudessa v\u00e4lilehdess\u00e4)\" class=\"ek-link ek-link ek-link\" rel=\"noreferrer noopener\" href=\"https:\/\/www.folkhalsan.fi\/en\/\" target=\"_blank\">Folkh\u00e4lsan<\/a>&nbsp;on monipuolinen, nykyaikainen, voittoa tavoittelematon yhdistus, joka toimii sosiaali- ja terveyspalvelujen alalla. <a aria-label=\"T\u00e4\u00e4lt\u00e4 l\u00f6yd\u00e4t (avautuu uuteen v\u00e4lilehteen)\" rel=\"noreferrer noopener\" class=\"ek-link ek-link\" href=\"https:\/\/www.folkhalsan.fi\/vuxna\/\" target=\"_blank\">T\u00e4\u00e4lt\u00e4 l\u00f6yd\u00e4t<\/a> niiden toiminta aikuisille.<\/p>\n\n\n\n<p>Ruotsinkielinen <a aria-label=\" (avautuu uudessa v\u00e4lilehdess\u00e4)\" class=\"ek-link ek-link ek-link ek-link\" rel=\"noreferrer noopener\" href=\"https:\/\/www.esbo.fi\/download\/noname\/%7B1CA8AFBB-EE97-4B80-8A04-2A2F3C3ECC81%7D\/78846\" target=\"_blank\">yhdistykset Esbo<\/a>&nbsp;on koottu t\u00e4h\u00e4n pdf-tiedostoon.<\/p>\n\n\n\n<p><a aria-label=\" (avautuu uudessa v\u00e4lilehdess\u00e4)\" class=\"ek-link ek-link ek-link ek-link\" rel=\"noreferrer noopener\" href=\"https:\/\/www.kauniainen.fi\/sv\/kultur_och_fritid\/foreningar_och_samfund\" target=\"_blank\">Yhdistykset Kauniaisissa<\/a>.  <a aria-label=\" (avautuu uudessa v\u00e4lilehdess\u00e4)\" rel=\"noreferrer noopener\" href=\"https:\/\/www.kauniainen.fi\/sv\/kultur_och_fritid\/foreningar_och_samfund\/kulturforeningar\" target=\"_blank\" class=\"ek-link\">Kulttuuri\/Kulttuuri&nbsp;<\/a>|&nbsp;<a aria-label=\" (avautuu uudessa v\u00e4lilehdess\u00e4)\" rel=\"noreferrer noopener\" href=\"https:\/\/www.kauniainen.fi\/sv\/kultur_och_fritid\/foreningar_och_samfund\/kvinnoforeningar\" target=\"_blank\" class=\"ek-link\">Kvinno\/Naiset<\/a>|&nbsp;&nbsp;<a aria-label=\" (avautuu uudessa v\u00e4lilehdess\u00e4)\" rel=\"noreferrer noopener\" href=\"https:\/\/www.kauniainen.fi\/sv\/kultur_och_fritid\/foreningar_och_samfund\/kyrkoforeningar\" target=\"_blank\" class=\"ek-link\">Kyrko\/Kirkko&nbsp;<\/a>|&nbsp;<a aria-label=\" (avautuu uudessa v\u00e4lilehdess\u00e4)\" rel=\"noreferrer noopener\" href=\"https:\/\/www.kauniainen.fi\/sv\/kultur_och_fritid\/foreningar_och_samfund\/motorklubbar\" target=\"_blank\" class=\"ek-link\">Moottori\/Moottori&nbsp;<\/a>|&nbsp;<a aria-label=\" (avautuu uudessa v\u00e4lilehdess\u00e4)\" rel=\"noreferrer noopener\" href=\"https:\/\/www.kauniainen.fi\/sv\/kultur_och_fritid\/foreningar_och_samfund\/pensionarsforeningar\" target=\"_blank\" class=\"ek-link\">Pension\u00e4rs\/Pensionist&nbsp;<\/a>|&nbsp;&nbsp;<a aria-label=\" (avautuu uudessa v\u00e4lilehdess\u00e4)\" rel=\"noreferrer noopener\" href=\"https:\/\/www.kauniainen.fi\/sv\/kultur_och_fritid\/foreningar_och_samfund\/politiska_foreningar\" target=\"_blank\" class=\"ek-link\">Politiska\/Poliittinen<\/a> |&nbsp;<a aria-label=\" (avautuu uudessa v\u00e4lilehdess\u00e4)\" rel=\"noreferrer noopener\" href=\"https:\/\/www.kauniainen.fi\/sv\/kultur_och_fritid\/foreningar_och_samfund\/stodorganisationer\" target=\"_blank\" class=\"ek-link\">St\u00f6d\/Tuki&nbsp;<\/a>|&nbsp;<a aria-label=\" (avautuu uudessa v\u00e4lilehdess\u00e4)\" rel=\"noreferrer noopener\" href=\"https:\/\/www.kauniainen.fi\/sv\/kultur_och_fritid\/foreningar_och_samfund\/ovriga\" target=\"_blank\" class=\"ek-link\">\u00d6vriga\/muu<\/a><\/p>\n\n\n\n<p><a aria-label=\"Yhdistykset Vantaalla (avautuu uudessa v\u00e4lilehdess\u00e4)\" class=\"ek-link ek-link ek-link\" rel=\"noreferrer noopener\" href=\"https:\/\/www.vanda.fi\/instancedata\/prime_product_julkaisu\/vantaa\/embeds\/vantaawwwstructure\/147161_Vandaguiden_uppdaterad_18.9.2019.pdf\" target=\"_blank\">Yhdistykset Vantaalla<\/a>&nbsp;l\u00f6ytyv\u00e4t t\u00e4st\u00e4 esitteest\u00e4 sivulta 38, otsikon<em> F\u00f6reningar<\/em>. Esitteest\u00e4 l\u00f6yd\u00e4t my\u00f6s tietoa muista ruotsalaisista palveluista.<\/p>\n<\/div><\/div>\n<\/div>\n\n\n\n\n\n<h4 class=\"wp-block-heading\" id=\"help-us-develop-information-useful-to-you-please-send-comments-and-ideas-to-welcomeluckanfi\">Auta meit\u00e4 kehitt\u00e4m\u00e4\u00e4n sinulle hy\u00f6dyllist\u00e4 tietoa. L\u00e4het\u00e4 kommentteja ja ideoita osoitteeseen welcome@luckan.fi<\/h4>\n\n\n\n\n\n<div class=\"wp-block-group alignfull ghostkit-custom-2oncI4 has-palette-color-1-background-color has-background\"><div class=\"wp-block-group__inner-container is-layout-flow wp-block-group-is-layout-flow\">\n\n\n<h2 class=\"has-text-align-center wp-block-heading\" id=\"read-more-about\">Lue lis\u00e4\u00e4..<\/h2>\n\n\n\n<div class=\"wp-block-columns alignwide is-layout-flex wp-container-core-columns-is-layout-d0b3c9c8 wp-block-columns-is-layout-flex\">\n<div class=\"wp-block-column is-layout-flow wp-block-column-is-layout-flow\">\n<div class=\"wp-block-media-text is-stacked-on-mobile has-media-on-the-bottom has-palette-color-5-background-color has-background\"><figure class=\"wp-block-media-text__media\"><a href=\"https:\/\/integration.luckan.fi\/integrating-in-swedish\/swedish-courses\/\"><img loading=\"lazy\" decoding=\"async\" width=\"600\" height=\"400\" src=\"https:\/\/integration.luckan.fi\/wp-content\/uploads\/2020\/05\/DSC03822-600x400.jpg\" alt=\"\" class=\"wp-image-12574 size-medium\" srcset=\"https:\/\/integration.luckan.fi\/wp-content\/uploads\/2020\/05\/DSC03822-600x400.jpg 600w, https:\/\/integration.luckan.fi\/wp-content\/uploads\/2020\/05\/DSC03822-200x133.jpg 200w, https:\/\/integration.luckan.fi\/wp-content\/uploads\/2020\/05\/DSC03822-768x512.jpg 768w, https:\/\/integration.luckan.fi\/wp-content\/uploads\/2020\/05\/DSC03822-1500x1000.jpg 1500w, https:\/\/integration.luckan.fi\/wp-content\/uploads\/2020\/05\/DSC03822-1536x1024.jpg 1536w, https:\/\/integration.luckan.fi\/wp-content\/uploads\/2020\/05\/DSC03822-2048x1365.jpg 2048w\" sizes=\"auto, (max-width: 600px) 100vw, 600px\" \/><\/a><\/figure><div class=\"wp-block-media-text__content\">\n<h3 class=\"wp-block-heading\" id=\"swedish-courses\"><a href=\"https:\/\/integration.luckan.fi\/integrating-in-swedish\/swedish-courses\/\" class=\"ek-link\">Ruotsin kielen kurssit<\/a><\/h3>\n<\/div><\/div>\n<\/div>\n\n\n\n<div class=\"wp-block-column is-layout-flow wp-block-column-is-layout-flow\">\n<div class=\"wp-block-media-text is-stacked-on-mobile has-media-on-the-bottom has-palette-color-5-background-color has-background\"><figure class=\"wp-block-media-text__media\"><a href=\"https:\/\/integration.luckan.fi\/integrating-in-swedish\/guidance-for-families\/\"><img loading=\"lazy\" decoding=\"async\" width=\"1500\" height=\"1000\" src=\"https:\/\/integration.luckan.fi\/wp-content\/uploads\/2020\/09\/jeniffer-araujo-6cBKMxTYmWw-unsplash-1500x1000.jpg\" alt=\"\" class=\"wp-image-13214 size-medium\" srcset=\"https:\/\/integration.luckan.fi\/wp-content\/uploads\/2020\/09\/jeniffer-araujo-6cBKMxTYmWw-unsplash-1500x1000.jpg 1500w, https:\/\/integration.luckan.fi\/wp-content\/uploads\/2020\/09\/jeniffer-araujo-6cBKMxTYmWw-unsplash-200x133.jpg 200w, https:\/\/integration.luckan.fi\/wp-content\/uploads\/2020\/09\/jeniffer-araujo-6cBKMxTYmWw-unsplash-600x400.jpg 600w, https:\/\/integration.luckan.fi\/wp-content\/uploads\/2020\/09\/jeniffer-araujo-6cBKMxTYmWw-unsplash-768x512.jpg 768w, https:\/\/integration.luckan.fi\/wp-content\/uploads\/2020\/09\/jeniffer-araujo-6cBKMxTYmWw-unsplash-1536x1024.jpg 1536w, https:\/\/integration.luckan.fi\/wp-content\/uploads\/2020\/09\/jeniffer-araujo-6cBKMxTYmWw-unsplash-2048x1365.jpg 2048w\" sizes=\"auto, (max-width: 1500px) 100vw, 1500px\" \/><\/a><\/figure><div class=\"wp-block-media-text__content\">\n<h3 class=\"wp-block-heading\" id=\"guidance-for-families\"><a href=\"https:\/\/integration.luckan.fi\/integrating-in-swedish\/guidance-for-families\/\" class=\"ek-link\">Ohjeita perheille<\/a><\/h3>\n<\/div><\/div>\n<\/div>\n\n\n\n<div class=\"wp-block-column is-layout-flow wp-block-column-is-layout-flow\">\n<div class=\"wp-block-media-text is-stacked-on-mobile has-media-on-the-bottom has-palette-color-5-background-color has-background\"><figure class=\"wp-block-media-text__media\"><a href=\"https:\/\/integration.luckan.fi\/inswedishinfinland\/\"><img loading=\"lazy\" decoding=\"async\" width=\"1500\" height=\"1000\" src=\"https:\/\/integration.luckan.fi\/wp-content\/uploads\/2021\/01\/Rityta-1@2x_cropped2.png\" alt=\"\" class=\"wp-image-13840 size-medium\" srcset=\"https:\/\/integration.luckan.fi\/wp-content\/uploads\/2021\/01\/Rityta-1@2x_cropped2.png 1500w, https:\/\/integration.luckan.fi\/wp-content\/uploads\/2021\/01\/Rityta-1@2x_cropped2-200x133.png 200w, https:\/\/integration.luckan.fi\/wp-content\/uploads\/2021\/01\/Rityta-1@2x_cropped2-600x400.png 600w, https:\/\/integration.luckan.fi\/wp-content\/uploads\/2021\/01\/Rityta-1@2x_cropped2-768x512.png 768w\" sizes=\"auto, (max-width: 1500px) 100vw, 1500px\" \/><\/a><\/figure><div class=\"wp-block-media-text__content\">\n<h3 class=\"wp-block-heading\" id=\"in-swedish-in-finland\"><a href=\"https:\/\/integration.luckan.fi\/inswedishinfinland\/\" class=\"ek-link\">Ruotsiksi Suomessa<\/a><\/h3>\n<\/div><\/div>\n<\/div>\n<\/div>\n\n\n\n<div class=\"wp-block-columns alignwide is-layout-flex wp-container-core-columns-is-layout-d0b3c9c8 wp-block-columns-is-layout-flex\">\n<div class=\"wp-block-column is-layout-flow wp-block-column-is-layout-flow\">\n<div class=\"wp-block-media-text is-stacked-on-mobile has-media-on-the-bottom has-palette-color-5-background-color has-background\"><figure class=\"wp-block-media-text__media\"><a href=\"https:\/\/integration.luckan.fi\/integrating-in-swedish\/children\/\"><img loading=\"lazy\" decoding=\"async\" width=\"1500\" height=\"1000\" src=\"https:\/\/integration.luckan.fi\/wp-content\/uploads\/2021\/01\/IMG-0135_cropped.jpg\" alt=\"\" class=\"wp-image-13843 size-medium\" srcset=\"https:\/\/integration.luckan.fi\/wp-content\/uploads\/2021\/01\/IMG-0135_cropped.jpg 1500w, https:\/\/integration.luckan.fi\/wp-content\/uploads\/2021\/01\/IMG-0135_cropped-200x133.jpg 200w, https:\/\/integration.luckan.fi\/wp-content\/uploads\/2021\/01\/IMG-0135_cropped-600x400.jpg 600w, https:\/\/integration.luckan.fi\/wp-content\/uploads\/2021\/01\/IMG-0135_cropped-768x512.jpg 768w\" sizes=\"auto, (max-width: 1500px) 100vw, 1500px\" \/><\/a><\/figure><div class=\"wp-block-media-text__content\">\n<h3 class=\"wp-block-heading\" id=\"information-for-children\"><a href=\"https:\/\/integration.luckan.fi\/integrating-in-swedish\/children\/\" class=\"ek-link\">Tietoa lapsille<\/a><\/h3>\n<\/div><\/div>\n<\/div>\n\n\n\n<div class=\"wp-block-column is-layout-flow wp-block-column-is-layout-flow\">\n<div class=\"wp-block-media-text is-stacked-on-mobile has-media-on-the-bottom has-palette-color-5-background-color has-background\"><figure class=\"wp-block-media-text__media\"><a href=\"https:\/\/integration.luckan.fi\/integrating-in-swedish\/youth\/\"><img loading=\"lazy\" decoding=\"async\" width=\"1500\" height=\"1000\" src=\"https:\/\/integration.luckan.fi\/wp-content\/uploads\/2021\/01\/yuoth.jpg\" alt=\"\" class=\"wp-image-13842 size-medium\" srcset=\"https:\/\/integration.luckan.fi\/wp-content\/uploads\/2021\/01\/yuoth.jpg 1500w, https:\/\/integration.luckan.fi\/wp-content\/uploads\/2021\/01\/yuoth-200x133.jpg 200w, https:\/\/integration.luckan.fi\/wp-content\/uploads\/2021\/01\/yuoth-600x400.jpg 600w, https:\/\/integration.luckan.fi\/wp-content\/uploads\/2021\/01\/yuoth-768x512.jpg 768w\" sizes=\"auto, (max-width: 1500px) 100vw, 1500px\" \/><\/a><\/figure><div class=\"wp-block-media-text__content\">\n<h3 class=\"wp-block-heading\" id=\"information-for-youth\"><a href=\"https:\/\/integration.luckan.fi\/integrating-in-swedish\/youth\/\" class=\"ek-link\">Tietoa nuorille<\/a><\/h3>\n<\/div><\/div>\n<\/div>\n\n\n\n<div class=\"wp-block-column is-layout-flow wp-block-column-is-layout-flow\">\n<div class=\"wp-block-media-text is-stacked-on-mobile has-media-on-the-bottom has-palette-color-5-background-color has-background\"><figure class=\"wp-block-media-text__media\"><a href=\"https:\/\/integration.luckan.fi\/integrating-in-swedish\/\"><img loading=\"lazy\" decoding=\"async\" width=\"1500\" height=\"1000\" src=\"https:\/\/integration.luckan.fi\/wp-content\/uploads\/2021\/01\/info2.jpg\" alt=\"\" class=\"wp-image-13844 size-medium\" srcset=\"https:\/\/integration.luckan.fi\/wp-content\/uploads\/2021\/01\/info2.jpg 1500w, https:\/\/integration.luckan.fi\/wp-content\/uploads\/2021\/01\/info2-200x133.jpg 200w, https:\/\/integration.luckan.fi\/wp-content\/uploads\/2021\/01\/info2-600x400.jpg 600w, https:\/\/integration.luckan.fi\/wp-content\/uploads\/2021\/01\/info2-768x512.jpg 768w\" sizes=\"auto, (max-width: 1500px) 100vw, 1500px\" \/><\/a><\/figure><div class=\"wp-block-media-text__content\">\n<h3 class=\"wp-block-heading\" id=\"integrating-in-swedish\"><a href=\"https:\/\/integration.luckan.fi\/integrating-in-swedish\/\" class=\"ek-link\">Kotoutuminen ruotsiksi<\/a><\/h3>\n<\/div><\/div>\n<\/div>\n<\/div>\n\n\n<\/div><\/div>","protected":false},"excerpt":{"rendered":"<p>Aikuiset Mit\u00e4 kotouttaminen sis\u00e4lt\u00e4\u00e4? Kotoutuminen voi tarkoittaa sit\u00e4, ett\u00e4 asetut Suomeen ja hankit tiedot ja taidot, joita tarvitset suomalaisessa yhteiskunnassa el\u00e4miseen. Kotoutumisessa voi olla monia tekij\u00f6it\u00e4: suomen tai ruotsin kielen oppiminen, ty\u00f6n tai opiskelupaikan l\u00f6yt\u00e4minen ja kontaktien luominen suomalaisten... <a class=\"more-link\" href=\"https:\/\/integration.luckan.fi\/fi\/integrating\/adults\/\">Jatka lukemista <span class=\"screen-reader-text\">Aikuiset<\/span><\/a><\/p>","protected":false},"author":1,"featured_media":0,"parent":2163,"menu_order":0,"comment_status":"closed","ping_status":"closed","template":"tw-no-title.php","meta":{"om_disable_all_campaigns":false,"inline_featured_image":false,"ghostkit_customizer_options":"","ghostkit_custom_css":"","ghostkit_custom_js_head":"","ghostkit_custom_js_foot":"","ghostkit_typography":"","_monsterinsights_skip_tracking":false,"_monsterinsights_sitenote_active":false,"_monsterinsights_sitenote_note":"","_monsterinsights_sitenote_category":0,"cybocfi_hide_featured_image":"","footnotes":""},"class_list":["post-10471","page","type-page","status-publish","hentry","entry"],"aioseo_notices":[],"featured_image_src":null,"_links":{"self":[{"href":"https:\/\/integration.luckan.fi\/fi\/wp-json\/wp\/v2\/pages\/10471","targetHints":{"allow":["GET"]}}],"collection":[{"href":"https:\/\/integration.luckan.fi\/fi\/wp-json\/wp\/v2\/pages"}],"about":[{"href":"https:\/\/integration.luckan.fi\/fi\/wp-json\/wp\/v2\/types\/page"}],"author":[{"embeddable":true,"href":"https:\/\/integration.luckan.fi\/fi\/wp-json\/wp\/v2\/users\/1"}],"replies":[{"embeddable":true,"href":"https:\/\/integration.luckan.fi\/fi\/wp-json\/wp\/v2\/comments?post=10471"}],"version-history":[{"count":0,"href":"https:\/\/integration.luckan.fi\/fi\/wp-json\/wp\/v2\/pages\/10471\/revisions"}],"up":[{"embeddable":true,"href":"https:\/\/integration.luckan.fi\/fi\/wp-json\/wp\/v2\/pages\/2163"}],"wp:attachment":[{"href":"https:\/\/integration.luckan.fi\/fi\/wp-json\/wp\/v2\/media?parent=10471"}],"curies":[{"name":"wp","href":"https:\/\/api.w.org\/{rel}","templated":true}]}}