{"id":10473,"date":"2020-01-27T14:05:08","date_gmt":"2020-01-27T14:05:08","guid":{"rendered":"http:\/\/luckan-block-kit.local\/?page_id=2318"},"modified":"2021-04-26T13:23:27","modified_gmt":"2021-04-26T10:23:27","slug":"youth","status":"publish","type":"page","link":"https:\/\/integration.luckan.fi\/fi\/integrating\/youth\/","title":{"rendered":"Nuoret"},"content":{"rendered":"<div class=\"wp-block-group alignfull has-background\" style=\"background-color:#76e99b\"><div class=\"wp-block-group__inner-container is-layout-flow wp-block-group-is-layout-flow\">\n<div class=\"wp-block-media-text alignwide has-media-on-the-right is-stacked-on-mobile is-vertically-aligned-center tw-mb-0 tw-mt-0 is-style-default tw-stack-md tw-media-bottom\" style=\"grid-template-columns:auto 60%\"><figure class=\"wp-block-media-text__media\"><img loading=\"lazy\" decoding=\"async\" width=\"768\" height=\"497\" src=\"https:\/\/integration.luckan.fi\/wp-content\/uploads\/2021\/01\/yuoth-768x497.jpg\" alt=\"\" class=\"wp-image-13842 size-rta_thumb_cropped_768x497\" srcset=\"https:\/\/integration.luckan.fi\/wp-content\/uploads\/2021\/01\/yuoth-768x497.jpg 768w, https:\/\/integration.luckan.fi\/wp-content\/uploads\/2021\/01\/yuoth-1250x808.jpg 1250w\" sizes=\"auto, (max-width: 768px) 100vw, 768px\" \/><\/figure><div class=\"wp-block-media-text__content\">\n<h1 class=\"tw-mt-0 has-h-2-font-size wp-block-heading\" id=\"youth\">Nuoret<\/h1>\n\n\n\n<p class=\"has-medium-font-size\">T\u00e4\u00e4lt\u00e4 l\u00f6yd\u00e4t tietoa koulutuksesta, siit\u00e4, miten saat tukea ty\u00f6nhakuun ja miten l\u00f6yd\u00e4t vapaa-ajan toimintaa. Laskemme sinut nuoreksi 13-vuotiaasta aina 29-vuotiaaksi asti. Se on laaja ik\u00e4haarukka, jolloin el\u00e4m\u00e4ss\u00e4 tapahtuu paljon.<\/p>\n\n\n\n<div class=\"wp-block-buttons tw-mb-0 is-layout-flex wp-block-buttons-is-layout-flex\">\n<div class=\"wp-block-button is-style-fill\"><a class=\"wp-block-button__link no-border-radius\" href=\"\/guidance\/?utm_source=webpage&amp;utm_medium=webpage&amp;utm_campaign=counseling&amp;utm_content=otherpages#book\">Varaa tapaaminen<\/a><\/div>\n\n\n\n<div class=\"wp-block-button\"><a class=\"wp-block-button__link\" href=\"#swedish-preparatory-education\">Lue lis\u00e4\u00e4<\/a><\/div>\n<\/div>\n<\/div><\/div>\n<\/div><\/div>\n\n\n\n\n\n\n\n\n\n<h2 class=\"wp-block-heading\" id=\"swedish-preparatory-education\">Ruotsinkielinen valmistava koulutus<\/h2>\n\n\n\n<p>Valmistavaa opetusta on tarjolla 6-17-vuotiaille maahanmuuttajataustaisille lapsille ja nuorille, joiden ruotsin tai suomen kielen taito ei riit\u00e4 opiskeluun ruotsin- tai suomenkielisiss\u00e4 ryhmiss\u00e4 peruskoulussa. Jokainen oppilas saa oman opetussuunnitelman ja on useimmiten samassa luokassa luokkatovereidensa kanssa. Valmistavaa opetusta tarjotaan enint\u00e4\u00e4n yhden vuoden ajan.<\/p>\n\n\n\n<div class=\"ghostkit-accordion ghostkit-accordion-1\">\n<div class=\"ghostkit-accordion-item\"><a href=\"#accordionswedish-preparatory-education-in-the-capital-region\" class=\"ghostkit-accordion-item-heading\"><span class=\"ghostkit-accordion-item-label\"><strong>RUOTSINKIELINEN VALMISTAVA KOULUTUS P\u00c4\u00c4KAUPUNKISEUDULLA<\/strong><\/span><span class=\"ghostkit-accordion-item-collapse\"><svg class=\"ghostkit-svg-icon\" width=\"24\" height=\"24\" viewbox=\"0 0 24 24\" fill=\"none\" xmlns=\"http:\/\/www.w3.org\/2000\/svg\"><path d=\"M9.21967 6.2197C9.51256 5.9268 9.98744 5.9268 10.2803 6.2197L15.5303 11.4697C15.8232 11.7626 15.8232 12.2374 15.5303 12.5303L10.2803 17.7803C9.98744 18.0732 9.51256 18.0732 9.21967 17.7803C8.92678 17.4874 8.92678 17.0126 9.21967 16.7197L13.9393 12L9.21967 7.2803C8.92678 6.9874 8.92678 6.5126 9.21967 6.2197Z\" fill=\"currentColor\"><\/path><\/svg><\/span><\/a><div class=\"ghostkit-accordion-item-content is-layout-flow wp-block-ghostkit-accordion-item-is-layout-flow\">\n<p>T\u00e4\u00e4lt\u00e4 saat lis\u00e4tietoa siit\u00e4, miten voit ilmoittautua mukaan&nbsp;<a href=\"https:\/\/www.hel.fi\/helsinki\/sv\/fostran-och-utbildning\/grundskolor\/hur-vad\/valmistava\/\" target=\"_blank\" aria-label=\" (avautuu uudessa v\u00e4lilehdess\u00e4)\" rel=\"noreferrer noopener\" class=\"ek-link\">Ruotsinkielinen valmistava koulutus Helsingiss\u00e4&nbsp;<\/a><\/p>\n\n\n\n<p>Jos haluat lis\u00e4tietoa valmistavasta koulutuksesta Espoossa, ota yhteytt\u00e4 osoitteeseen&nbsp;<a href=\"https:\/\/www.esbo.fi\/sv-FI\/Utbildning_och_fostran\/Grundlaggande_utbildning\/Kundtjanst\" target=\"_blank\" aria-label=\" (avautuu uudessa v\u00e4lilehdess\u00e4)\" rel=\"noreferrer noopener\" class=\"ek-link\">Svenska bildningstj\u00e4nster<\/a><\/p>\n\n\n\n<p>Lis\u00e4tietoja Vantaan ruotsinkielisist\u00e4 kouluista saat numerosta 040 631 8731.<\/p>\n\n\n\n<p>Grankullan\/Kauniaisten osalta voit ottaa yhteytt\u00e4 rehtoriin, <em>rektor<\/em> ruotsiksi, ruotsalaisesta koulusta,&nbsp;<a href=\"https:\/\/www.hagelstamskaskolan.fi\/personal\" target=\"_blank\" aria-label=\"Hagelstamska skolan (avautuu uudessa v\u00e4lilehdess\u00e4)\" rel=\"noreferrer noopener\" class=\"ek-link\">Hagelstamska skolanissa<\/a><a aria-label=\" (avautuu uudessa v\u00e4lilehdess\u00e4)\" href=\"http:\/\/www.hagelstamskaskolan.fi\/\" target=\"_blank\" rel=\"noreferrer noopener\" class=\"ek-link\">.<\/a><\/p>\n<\/div><\/div>\n<\/div>\n\n\n\n<h2 class=\"wp-block-heading\" id=\"comprehensive\">Toisen asteen koulutus<\/h2>\n\n\n\n<p>Toisen asteen koulutus, jota kutsutaan my\u00f6s lukioksi, yl\u00e4asteeksi tai keskikouluksi, tapahtuu yleens\u00e4 kuuden vuoden peruskoulun tai kansakoulun j\u00e4lkeen. Kuten peruskoulu, my\u00f6s keskiasteen koulutus on useimmissa maissa pakollista ainakin 16-vuotiaaksi asti.<\/p>\n\n\n\n<div class=\"ghostkit-accordion ghostkit-accordion-0\"><\/div>\n\n\n\n<h3 class=\"wp-block-heading\" id=\"helsingfors\">Helsinki<\/h3>\n\n\n\n<p>Helsingin ruotsinkieliset koulut on jaettu&nbsp;<a href=\"https:\/\/www.hel.fi\/peruskoulut\/sv\/skolor-omrade\/\" target=\"_blank\" aria-label=\" (avautuu uudessa v\u00e4lilehdess\u00e4)\" rel=\"noreferrer noopener\" class=\"ek-link\">nelj\u00e4\u00e4n koulupiiriin.<\/a>&nbsp;Kussakin piiriss\u00e4 on yksi koulu 6. tai 7.-9. luokan oppilaille. Jos haluat tiet\u00e4\u00e4, mihin kouluun alueesi lapset kuuluvat, voit k\u00e4yd\u00e4 osoitteessa osoitteessa&nbsp;<a href=\"https:\/\/servicekarta.hel.fi\/#\" target=\"_blank\" aria-label=\" (avautuu uudessa v\u00e4lilehdess\u00e4)\" rel=\"noreferrer noopener\" class=\"ek-link\">palvelukartasta.<\/a>&nbsp;. Kirjoita palvelukarttaan kotiosoitteesi.<\/p>\n\n\n\n<h3 class=\"wp-block-heading\" id=\"esbo\">Espoo<\/h3>\n\n\n\n<p>Esbossa\/Espoossa on kolme ruotsalaista koulua, joissa opiskellaan 7.-9. luokkia. T\u00e4\u00e4lt\u00e4 l\u00f6yd\u00e4t lis\u00e4tietoja&nbsp;<a href=\"https:\/\/www.esbo.fi\/sv-FI\/Utbildning_och_fostran\/Grundlaggande_utbildning\/Skolor\" target=\"_blank\" aria-label=\" (avautuu uudessa v\u00e4lilehdess\u00e4)\" rel=\"noreferrer noopener\" class=\"ek-link\">Esbon ruotsalaiset koulut.<\/a><\/p>\n\n\n\n<h3 class=\"wp-block-heading\" id=\"vanda\">Vantaa<\/h3>\n\n\n\n<p>Vandassa\/Vantaalla on yksi ruotsinkielinen koulu vuosiluokille 7-9,&nbsp;&nbsp;<a href=\"https:\/\/sivistysvantaa.fi\/helsingeskola\/index.html\" target=\"_blank\" aria-label=\" (avautuu uudessa v\u00e4lilehdess\u00e4)\" rel=\"noreferrer noopener\" class=\"ek-link\">Helsinge skol<\/a><a href=\"https:\/\/sivistysvantaa.fi\/helsingeskola\/index.html\" target=\"_blank\" aria-label=\"a (avautuu uudessa v\u00e4lilehdess\u00e4)\" rel=\"noreferrer noopener\" class=\"ek-link\">a<\/a>.<\/p>\n\n\n\n<h3 class=\"wp-block-heading\" id=\"grankulla\">Kauniainen<\/h3>\n\n\n\n<p>Kauniaisissa on yksi ruotsinkielinen peruskoulu,&nbsp;<a href=\"http:\/\/www.hagelstamskaskolan.fi\/\" target=\"_blank\" aria-label=\" (avautuu uudessa v\u00e4lilehdess\u00e4)\" rel=\"noreferrer noopener\" class=\"ek-link\">Hagelstamska skolanissa.&nbsp;<\/a><\/p>\n\n\n\n<div class=\"ghostkit-accordion ghostkit-accordion-0\"><\/div>\n\n\n\n<div class=\"ghostkit-accordion ghostkit-accordion-0\"><\/div>\n\n\n\n<h2 class=\"wp-block-heading\" id=\"upper\">Keskiasteen koulutus<\/h2>\n\n\n\n<p>Peruskoulun j\u00e4lkeen voit jatkaa opintojasi joko lukiossa tai ammatillisessa oppilaitoksessa. Lukio-opinnot ovat luonteeltaan teoreettisempia kuin ammatillinen koulutus. Ammatillisesta koulutuksesta k\u00e4ytet\u00e4\u00e4n joskus nimityst\u00e4 ura- ja teknillinen koulutus. N\u00e4ihin kouluihin haetaan alkukev\u00e4\u00e4st\u00e4. Osoitteessa&nbsp;<a href=\"https:\/\/studyinfo.fi\/wp2\/en\/\" target=\"_blank\" aria-label=\" (avautuu uudessa v\u00e4lilehdess\u00e4)\" rel=\"noreferrer noopener\" class=\"ek-link\">Studyinfo&nbsp;<\/a>l\u00f6yd\u00e4t lis\u00e4tietoja.<\/p>\n\n\n\n<div class=\"ghostkit-accordion ghostkit-accordion-0\"><\/div>\n\n\n\n<h3 class=\"wp-block-heading\" id=\"upper-secondary-schools\">Lukiot<\/h3>\n\n\n\n<p>Helsingforsissa\/Helsingiss\u00e4 on kolme ruotsinkielist\u00e4 lukiota.&nbsp;<a href=\"https:\/\/www.hel.fi\/brg\/sv\" target=\"_blank\" aria-label=\" (avautuu uudessa v\u00e4lilehdess\u00e4)\" rel=\"noreferrer noopener\" class=\"ek-link\">Br\u00e4nd\u00f6 gymnasium,<\/a>&nbsp;<a href=\"https:\/\/www.hel.fi\/larkan\/sv\" target=\"_blank\" aria-label=\" (avautuu uudessa v\u00e4lilehdess\u00e4)\" rel=\"noreferrer noopener\" class=\"ek-link\">L\u00e4rkan<\/a>&nbsp;ja&nbsp;<a href=\"https:\/\/www.hel.fi\/tolog\/sv\" target=\"_blank\" aria-label=\" (avautuu uudessa v\u00e4lilehdess\u00e4)\" rel=\"noreferrer noopener\" class=\"ek-link\">T\u00f6l\u00f6 gymnasium<\/a>. <br \/><a rel=\"noreferrer noopener\" href=\"https:\/\/www.mattliden.fi\/\" target=\"_blank\" class=\"ek-link\">Mattlidens gymnasium<\/a>&nbsp;on ruotsalainen lukio Esbo\/Espoossa. Mattlidenissa voit opiskella my\u00f6s IB-ohjelman kautta.<br \/>Vandassa\/Vantaalla ruotsinkielisen lukion nimi on&nbsp;<a href=\"https:\/\/sivistysvantaa.fi\/helsingegymnasium\/index.html\" target=\"_blank\" aria-label=\" (avautuu uudessa v\u00e4lilehdess\u00e4)\" rel=\"noreferrer noopener\" class=\"ek-link\">Helsinge gymnasium<\/a>&nbsp;ja Grankulla\/Kauniaisissa koulun nimi on&nbsp;<a href=\"http:\/\/www.ggs.fi\/\" target=\"_blank\" aria-label=\" (avautuu uudessa v\u00e4lilehdess\u00e4)\" rel=\"noreferrer noopener\" class=\"ek-link\">Grankulla gymnasiu<\/a><a class=\"ek-link\" href=\"http:\/\/ggs.fi\">m<\/a>.<\/p>\n\n\n\n<h3 class=\"wp-block-heading\" id=\"vocational-schools\">Ammatilliset oppilaitokset<\/h3>\n\n\n\n<p>Jos et ole viel\u00e4 varma, mit\u00e4 haluat opiskella, voit hakea yhden vuoden mittaista <a rel=\"noreferrer noopener\" href=\"https:\/\/prakticum.fi\/utbildning\/yrkesutbildning\/push.html\" target=\"_blank\" class=\"ek-link\">Valma koulutus<\/a>. VALMA-vuoden aikana vahvistat opiskelutaitojasi, parannat ruotsin kielen taitojasi ja kokeilet erilaisia koulutuksia.<br \/>Uudellamaalla on kolme ruotsinkielist\u00e4 ammattikoulua. <a rel=\"noreferrer noopener\" href=\"https:\/\/www.prakticum.fi\/\" target=\"_blank\">Prakticum<\/a>Helsingforsissa ja Borg\u00e5ssa, <a rel=\"noreferrer noopener\" href=\"https:\/\/www.axxell.fi\/en\" target=\"_blank\">Axxell<\/a> Esbossa, Karisissa ja Raseborgissa sek\u00e4 <a rel=\"noreferrer noopener\" href=\"https:\/\/www.folkhalsan.fi\/vara-hus\/solvalla\/\" target=\"_blank\" class=\"ek-link\">Folkh\u00e4lsan<\/a> Esbossa. Prakticum ja Axxell tarjoavat my\u00f6s ohjelmia erityisesti opiskelijoille, jotka tarvitsevat enemm\u00e4n tukea kielten oppimisessa.<\/p>\n\n\n\n\n\n<h2 class=\"wp-block-heading\" id=\"job-search\">Ty\u00f6nhaku<\/h2>\n\n\n\n<h3 class=\"wp-block-heading\" id=\"assistance-in-job-search\">Apu ty\u00f6nhaussa<\/h3>\n\n\n\n<p>UngInfo ja Luckan Integration j\u00e4rjest\u00e4\u00e4 <a href=\"https:\/\/www.facebook.com\/events\/2493118260927422\/\" target=\"_blank\" aria-label=\"CV-ty\u00f6paja (avautuu uuteen v\u00e4lilehteen)\" rel=\"noreferrer noopener\" class=\"ek-link\">CV-ty\u00f6pajan<\/a> kerran kuukaudessa, keskiviikkoisin klo 15-17. Se on ruotsin- ja englanninkielinen ja maksuton.<\/p>\n\n\n\n<p><a rel=\"noreferrer noopener\" href=\"https:\/\/ohjaamo.hel.fi\/ohjaamo-helsinki\/pa-svenska\/\" target=\"_blank\">Navigatorn (Ohjaamo) Helsinki<\/a>&nbsp;on paikka jokaiselle 15-29-vuotiaalle. Riika Luckan UngInfosta antaa ty\u00f6nhakuun ja ty\u00f6turvallisuuteen liittyv\u00e4\u00e4 opastusta ruotsiksi maanantaisin klo 12-17. Jos sinusta esimerkiksi tuntuu silt\u00e4, ett\u00e4 haluat keskustella v\u00e4litt\u00e4v\u00e4n aikuisen kanssa, keskustella urastasi tai saada opastusta suomalaisessa hyvinvointij\u00e4rjestelm\u00e4ss\u00e4, tule Navigatorn Helsinkiin.<\/p>\n\n\n\n<p>Luckan tarjoaa kaksi erilaista neuvontapalvelua: UngInfos- ja Luckan Integrations -neuvontapalvelut. Molemmat antavat tukea ja tietoa ty\u00f6nhakuun, kes\u00e4ty\u00f6seteliin ja ty\u00f6turvallisuuteen . Voit joko varata ajan, UngInfoa varten l\u00e4het\u00e4t s\u00e4hk\u00f6postia osoitteeseen <a href=\"mailto:helsingfors@unginfo.fi\">helsingfors@unginfo.fi<\/a> ja Luckan Integrations -neuvontaan varaatte aikaa <a rel=\"noreferrer noopener\" href=\"https:\/\/integration.luckan.fi\/guidance\/#book\" target=\"_blank\">t\u00e4\u00e4lt\u00e4<\/a>. Tai tule <a rel=\"noreferrer noopener\" href=\"https:\/\/helsingfors.luckan.fi\/\" target=\"_blank\">Luckan Helsingfors<\/a> kun heill\u00e4 on tilap\u00e4inen aika. UngInfo on keskiviikkoisin klo 15-17 ja Luckan Integration maanantaista torstaihin klo 15-16.<\/p>\n\n\n\n<h3 class=\"wp-block-heading\" id=\"summer-job\">Kes\u00e4ty\u00f6 <\/h3>\n\n\n\n<h4 class=\"wp-block-heading\" id=\"summer-job-voucher\">Kes\u00e4ty\u00f6seteli<\/h4>\n\n\n\n<p>Kes\u00e4ty\u00f6setelin avulla ty\u00f6nantaja voi palkata nuoren kes\u00e4ksi. Kes\u00e4ty\u00f6setelin ehdot vaihtelevat eri kunnissa, joten lue lis\u00e4\u00e4 osoitteesta <a aria-label=\"Helsingfors (avautuu uuteen v\u00e4lilehteen)\" rel=\"noreferrer noopener\" href=\"http:\/\/kesaseteli.munstadi.fi\/in-english\/\" target=\"_blank\" class=\"ek-link\">Helsinki<\/a>, <a aria-label=\" (avautuu uudessa v\u00e4lilehdess\u00e4)\" rel=\"noreferrer noopener\" href=\"https:\/\/www.espoo.fi\/en-US\/Youth\/Grants\/Summer_Job_Voucher\" target=\"_blank\" class=\"ek-link\">Espoo<\/a>, <a aria-label=\"Vanda (avautuu uuteen v\u00e4lilehteen)\" rel=\"noreferrer noopener\" href=\"https:\/\/www.vanda.fi\/forvaltning_och_ekonomi\/arbete_och_naringsliv\/sysselsattningstjanster_for_arbetsgivare\/sommarjobbssedel\" target=\"_blank\" class=\"ek-link\">Vantaa<\/a> ja <a aria-label=\"Grankullas (avautuu uuteen v\u00e4lilehteen)\" rel=\"noreferrer noopener\" href=\"https:\/\/www.kauniainen.fi\/sv\/kultur_och_fritid\/ungdomstjanster\/sommarjobbsedel\" target=\"_blank\" class=\"ek-link\">Kauniaisissa<\/a> termej\u00e4 t\u00e4\u00e4ll\u00e4 tai ota yhteytt\u00e4 edell\u00e4 mainittuun neuvontapalveluun saadaksesi apua.<\/p>\n\n\n\n<h3 class=\"wp-block-heading\" id=\"job-search-2\">Ty\u00f6nhaku<\/h3>\n\n\n\n<p>Ruotsinkielisille henkil\u00f6ille on kysynt\u00e4\u00e4 p\u00e4iv\u00e4hoidossa, kouluissa ja terveydenhuollossa. T\u00e4\u00e4lt\u00e4 l\u00f6yd\u00e4t suurimmat ruotsinkielisten ty\u00f6nantajat.<\/p>\n\n\n\n<div class=\"ghostkit-accordion ghostkit-accordion-4\">\n<div class=\"ghostkit-accordion-item\"><a href=\"#accordionthe-municipalities\" class=\"ghostkit-accordion-item-heading\"><span class=\"ghostkit-accordion-item-label\"><strong>KUNNAT<\/strong><\/span><span class=\"ghostkit-accordion-item-collapse\"><svg class=\"ghostkit-svg-icon\" width=\"24\" height=\"24\" viewbox=\"0 0 24 24\" fill=\"none\" xmlns=\"http:\/\/www.w3.org\/2000\/svg\"><path d=\"M9.21967 6.2197C9.51256 5.9268 9.98744 5.9268 10.2803 6.2197L15.5303 11.4697C15.8232 11.7626 15.8232 12.2374 15.5303 12.5303L10.2803 17.7803C9.98744 18.0732 9.51256 18.0732 9.21967 17.7803C8.92678 17.4874 8.92678 17.0126 9.21967 16.7197L13.9393 12L9.21967 7.2803C8.92678 6.9874 8.92678 6.5126 9.21967 6.2197Z\" fill=\"currentColor\"><\/path><\/svg><\/span><\/a><div class=\"ghostkit-accordion-item-content is-layout-flow wp-block-ghostkit-accordion-item-is-layout-flow\">\n<p>Rekrytointisivulla sinun on valittava ruotsin kieli,&nbsp;<strong>ruotsi\/svenska<\/strong>, tai lis\u00e4tt\u00e4v\u00e4 se kohtaan&nbsp;<strong>Ilmoituksen kieli,&nbsp;<\/strong>l\u00f6yt\u00e4\u00e4 ruotsalaisia ty\u00f6paikkoja.<\/p>\n\n\n\n<p><a aria-label=\" (avautuu uudessa v\u00e4lilehdess\u00e4)\" rel=\"noreferrer noopener\" class=\"ek-link ek-link ek-link ek-link\" href=\"https:\/\/www.hel.fi\/rekry\/fi\/avoimet-tyopaikat\/rekry-haku-V31?sivu=1&amp;tyoSanaHakuKentta=&amp;haeTyopaikkojaBTN=&amp;kielisyys=sv\" target=\"_blank\">Helsinki<\/a><\/p>\n\n\n\n<p><a href=\"https:\/\/www.kuntarekry.fi\/fi\/tyopaikat\/?&amp;organisation=3&amp;desc=svenska&amp;sort=%22-changetime%22&amp;limit=24\" target=\"_blank\" aria-label=\"Esbo (avautuu uuteen v\u00e4lilehteen)\" rel=\"noreferrer noopener\" class=\"ek-link\">Espoo<\/a><\/p>\n\n\n\n<p><a aria-label=\" (avautuu uudessa v\u00e4lilehdess\u00e4)\" rel=\"noreferrer noopener\" class=\"ek-link ek-link\" href=\"https:\/\/vantaa.rekrytointi.com\/paikat\/?fid=16&amp;o=A_SJ&amp;list=1&amp;q%5B79%5D=&amp;freetext_and=&amp;q%5B235%5D=562&amp;submit=Haku\" target=\"_blank\">Vantaa<\/a><\/p>\n\n\n\n<p><a aria-label=\" (avautuu uudessa v\u00e4lilehdess\u00e4)\" rel=\"noreferrer noopener\" class=\"ek-link ek-link ek-link ek-link\" href=\"https:\/\/www.kauniainen.fi\/kaupunki_ja_paatoksenteko\/ajankohtaista\/avoimet_tyopaikat\" target=\"_blank\">Kauniainen<\/a><\/p>\n\n\n\n<p><a aria-label=\" (avautuu uudessa v\u00e4lilehdess\u00e4)\" rel=\"noreferrer noopener\" class=\"ek-link ek-link ek-link\" href=\"https:\/\/www.seure.fi\/sv\/alla-lediga-jobb\/\" target=\"_blank\">Seure<\/a>&nbsp;(vuokraty\u00f6) on kuntien henkil\u00f6st\u00f6palvelu. Sivu on ruotsinkielinen, koska englanninkielinen versio ei toimi.<\/p>\n<\/div><\/div>\n\n\n\n<div class=\"ghostkit-accordion-item\"><a href=\"#accordionwork-in-swedish-speaking-welfare-or-health-care\" class=\"ghostkit-accordion-item-heading\"><span class=\"ghostkit-accordion-item-label\"><strong>TY\u00d6SKENNELL\u00c4 RUOTSINKIELISESS\u00c4 SOSIAALI- TAI TERVEYDENHUOLLOSSA<\/strong><\/span><span class=\"ghostkit-accordion-item-collapse\"><svg class=\"ghostkit-svg-icon\" width=\"24\" height=\"24\" viewbox=\"0 0 24 24\" fill=\"none\" xmlns=\"http:\/\/www.w3.org\/2000\/svg\"><path d=\"M9.21967 6.2197C9.51256 5.9268 9.98744 5.9268 10.2803 6.2197L15.5303 11.4697C15.8232 11.7626 15.8232 12.2374 15.5303 12.5303L10.2803 17.7803C9.98744 18.0732 9.51256 18.0732 9.21967 17.7803C8.92678 17.4874 8.92678 17.0126 9.21967 16.7197L13.9393 12L9.21967 7.2803C8.92678 6.9874 8.92678 6.5126 9.21967 6.2197Z\" fill=\"currentColor\"><\/path><\/svg><\/span><\/a><div class=\"ghostkit-accordion-item-content is-layout-flow wp-block-ghostkit-accordion-item-is-layout-flow\">\n<p><a aria-label=\" (avautuu uudessa v\u00e4lilehdess\u00e4)\" rel=\"noreferrer noopener\" class=\"ek-link ek-link\" href=\"https:\/\/karkulla.rekrytointi.com\/paikat\/?o=A_LOJ&amp;list=1\" target=\"_blank\">K\u00e5rkulla Samkommun.<\/a>&nbsp;Sen tarkoituksena on tarjota palvelua ja hoitoa kehitysvammaisille ruotsinkielisille henkil\u00f6ille Suomessa.<\/p>\n\n\n\n<p><a aria-label=\" (avautuu uudessa v\u00e4lilehdess\u00e4)\" class=\"ek-link ek-link ek-link\" rel=\"noreferrer noopener\" href=\"https:\/\/www.folkhalsan.fi\/en\/working-at-folkhalsan\/\" target=\"_blank\">Folkh\u00e4lsan<\/a>. Folkh\u00e4lsan on Suomen suurin ruotsinkielinen sosiaali- ja terveydenhuollon j\u00e4rjest\u00f6. Folkh\u00e4lsan tarjoaa sosiaali- ja terveydenhuollon palveluita, esimerkiksi vanhustenhoitoa ja lastensuojelupalveluita. Sill\u00e4 on my\u00f6s tutkimuskeskus.<\/p>\n\n\n\n<p>Osoitteessa <a aria-label=\"Barnav\u00e5rdsf\u00f6reningen (avautuu uudessa v\u00e4lilehdess\u00e4)\" href=\"https:\/\/bvif.fi\/sv\/kontakt\/jobb\/\" target=\"_blank\" rel=\"noreferrer noopener\" class=\"ek-link\">Barnav\u00e5rdsf\u00f6reningen<\/a> l\u00f6yd\u00e4t ty\u00f6paikkoja, joissa ty\u00f6skentelet lasten ja perheiden kanssa.<\/p>\n\n\n\n<p>Osoitteessa <a aria-label=\"Kommuntorget (avautuu uudessa v\u00e4lilehdess\u00e4)\" href=\"https:\/\/kommuntorget.fi\/platsannons\/\" target=\"_blank\" rel=\"noreferrer noopener\" class=\"ek-link\">Kommuntorgetilta<\/a> l\u00f6yd\u00e4t ruotsinkielisi\u00e4 sosiaali- ja terveydenhuollon ty\u00f6paikkoja kaikkialta Suomesta.<\/p>\n<\/div><\/div>\n\n\n\n<div class=\"ghostkit-accordion-item\"><a href=\"#accordionjob-boards-a-selction\" class=\"ghostkit-accordion-item-heading\"><span class=\"ghostkit-accordion-item-label\"><strong>TY\u00d6PAIKKATAULUT, VALINTA<\/strong><\/span><span class=\"ghostkit-accordion-item-collapse\"><svg class=\"ghostkit-svg-icon\" width=\"24\" height=\"24\" viewbox=\"0 0 24 24\" fill=\"none\" xmlns=\"http:\/\/www.w3.org\/2000\/svg\"><path d=\"M9.21967 6.2197C9.51256 5.9268 9.98744 5.9268 10.2803 6.2197L15.5303 11.4697C15.8232 11.7626 15.8232 12.2374 15.5303 12.5303L10.2803 17.7803C9.98744 18.0732 9.51256 18.0732 9.21967 17.7803C8.92678 17.4874 8.92678 17.0126 9.21967 16.7197L13.9393 12L9.21967 7.2803C8.92678 6.9874 8.92678 6.5126 9.21967 6.2197Z\" fill=\"currentColor\"><\/path><\/svg><\/span><\/a><div class=\"ghostkit-accordion-item-content is-layout-flow wp-block-ghostkit-accordion-item-is-layout-flow\">\n<p><a href=\"https:\/\/paikat.te-palvelut.fi\/tpt\/?searchPhrase=svenska&amp;locations=Helsinki%2CEspoo%2CVantaa%2CKauniainen&amp;announced=0&amp;leasing=0&amp;english=false&amp;sort=1\" target=\"_blank\" aria-label=\"TE-palvelut (hakusana: svenska) (avautuu uudessa v\u00e4lilehdess\u00e4)\" rel=\"noreferrer noopener\" class=\"ek-link\">TE-palvelut (hakusana: svenska)<\/a><\/p>\n\n\n\n<p><a aria-label=\" (avautuu uudessa v\u00e4lilehdess\u00e4)\" class=\"ek-link ek-link ek-link\" rel=\"noreferrer noopener\" href=\"https:\/\/tyopaikat.oikotie.fi\/haku?jq=svenska&amp;sort_by=score&amp;page=0&amp;ref=ot_header&amp;_ga=2.267068486.936707963.1561928226-1302467094.1561928226\" target=\"_blank\">Oikotie ty\u00f6paikat (hakusana: svenska)<\/a><\/p>\n\n\n\n<p><a href=\"https:\/\/www.manpower.fi\/tyonhakijat\/hakijakampanjat\/jobb-for-svensksprakiga\" target=\"_blank\" aria-label=\"Manpower (avautuu uuteen v\u00e4lilehteen)\" rel=\"noreferrer noopener\" class=\"ek-link\">Ty\u00f6voima<\/a> on my\u00f6s ruotsinkielisi\u00e4 ty\u00f6paikkoja.<\/p>\n<\/div><\/div>\n\n\n\n<div class=\"ghostkit-accordion-item\"><a href=\"#accordionentrepreneurship\" class=\"ghostkit-accordion-item-heading\"><span class=\"ghostkit-accordion-item-label\"><strong>YRITT\u00c4JYYS<\/strong><\/span><span class=\"ghostkit-accordion-item-collapse\"><svg class=\"ghostkit-svg-icon\" width=\"24\" height=\"24\" viewbox=\"0 0 24 24\" fill=\"none\" xmlns=\"http:\/\/www.w3.org\/2000\/svg\"><path d=\"M9.21967 6.2197C9.51256 5.9268 9.98744 5.9268 10.2803 6.2197L15.5303 11.4697C15.8232 11.7626 15.8232 12.2374 15.5303 12.5303L10.2803 17.7803C9.98744 18.0732 9.51256 18.0732 9.21967 17.7803C8.92678 17.4874 8.92678 17.0126 9.21967 16.7197L13.9393 12L9.21967 7.2803C8.92678 6.9874 8.92678 6.5126 9.21967 6.2197Z\" fill=\"currentColor\"><\/path><\/svg><\/span><\/a><div class=\"ghostkit-accordion-item-content is-layout-flow wp-block-ghostkit-accordion-item-is-layout-flow\">\n<p>Yritys on mahdollista rekister\u00f6id\u00e4 joko suomen- tai ruotsinkielisen\u00e4 ja hoitaa kaikki byrokratia ruotsiksi. Osoitteessa&nbsp;<a aria-label=\" (avautuu uudessa v\u00e4lilehdess\u00e4)\" rel=\"noreferrer noopener\" class=\"ek-link ek-link\" href=\"https:\/\/www.infofinland.fi\/en\/living-in-finland\/work-and-enterprise\/starting-a-business\" target=\"_blank\">InfoFinland<\/a>&nbsp;l\u00f6yd\u00e4t tietoa siit\u00e4, miten perustaa yritys Suomessa.<\/p>\n\n\n\n<p>Suomalaisille pienille ja keskisuurille yrityksille (pk-yrityksille) ja niiden omistajille on perustettu edunvalvonta- ja palveluj\u00e4rjest\u00f6 nimelt\u00e4&nbsp;<a aria-label=\" (avautuu uudessa v\u00e4lilehdess\u00e4)\" rel=\"noreferrer noopener\" class=\"ek-link ek-link\" href=\"https:\/\/www.yrittajat.fi\/en\" target=\"_blank\">Suomen Yritt\u00e4j\u00e4t<\/a>. Ne j\u00e4rjest\u00e4v\u00e4t tapahtumia ja tarjoavat erilaisia palveluja j\u00e4senilleen.<\/p>\n<\/div><\/div>\n<\/div>\n\n\n\n<h2 class=\"wp-block-heading\" id=\"if-you-dont-have-a-study-place-or-job\">Jos sinulla ei ole opiskelupaikkaa tai ty\u00f6paikkaa.<\/h2>\n\n\n\n<p>Nuorisopalvelu&nbsp;<a href=\"http:\/\/www.sveps.fi\/\" target=\"_blank\" aria-label=\" (avautuu uudessa v\u00e4lilehdess\u00e4)\" rel=\"noreferrer noopener\" class=\"ek-link\">Sveps<\/a>&nbsp;auttaa 16-28-vuotiaita henkil\u00f6it\u00e4, jotka eiv\u00e4t ole t\u00e4ll\u00e4 hetkell\u00e4 koulussa tai joilla ei ole ty\u00f6paikkaa. Apu voi koskea opiskelupaikan tai ty\u00f6paikan l\u00f6yt\u00e4mist\u00e4 tai vain motivaation saamista el\u00e4m\u00e4n jatkamiseen. Palvelu on ruotsinkielinen, maksuton ja matalan kynnyksen palvelu.<\/p>\n\n\n\n<p><a aria-label=\" (avautuu uudessa v\u00e4lilehdess\u00e4)\" rel=\"noreferrer noopener\" class=\"ek-link ek-link\" href=\"https:\/\/ohjaamo.hel.fi\/ohjaamo-helsinki\/pa-svenska\/\" target=\"_blank\">Navigatorn (Ohjaamo) Helsinki<\/a>&nbsp;on paikka jokaiselle 15-29-vuotiaalle. Riika Luckan UngInfosta antaa ruotsinkielist\u00e4 ohjausta maanantaisin klo 12-17. Jos sinusta esimerkiksi tuntuu silt\u00e4, ett\u00e4 haluat jutella v\u00e4litt\u00e4v\u00e4n aikuisen kanssa, keskustella urastasi tai saada opastusta suomalaisessa hyvinvointij\u00e4rjestelm\u00e4ss\u00e4, tule Navigatorn Helsinkiin.<\/p>\n\n\n\n<p>Luckan tarjoaa kaksi erilaista neuvontapalvelua: UngInfos- ja Luckan Integrations -neuvontapalvelut. Molemmat antavat sinulle tukea ja tietoa tarvitsemallasi alueella. Voit joko varata ajan, UngInfoa varten l\u00e4het\u00e4t s\u00e4hk\u00f6postia osoitteeseen <a href=\"mailto:helsingfors@unginfo.fi\" class=\"ek-link\">helsingfors@unginfo.fi<\/a> ja Luckan Integrations -neuvontaan varaatte aikaa <a aria-label=\"t\u00e4\u00e4ll\u00e4 (avautuu uuteen v\u00e4lilehteen)\" href=\"\/guidance\/#book\" target=\"_blank\" rel=\"noreferrer noopener\" class=\"ek-link\">t\u00e4\u00e4lt\u00e4<\/a>, tai tule osoitteeseen <a aria-label=\"Luckan Helsingfors (avautuu uuteen v\u00e4lilehteen)\" href=\"https:\/\/helsingfors.luckan.fi\/\" target=\"_blank\" rel=\"noreferrer noopener\" class=\"ek-link\">Luckan Helsingfors<\/a> kun heill\u00e4 on tilap\u00e4inen aika. UngInfo on keskiviikkoisin klo 15-17 ja Luckan Integration maanantaista torstaihin klo 15-16.<\/p>\n\n\n\n<p>On olemassa&nbsp;<a aria-label=\" (avautuu uudessa v\u00e4lilehdess\u00e4)\" rel=\"noreferrer noopener\" href=\"https:\/\/www.vanda.fi\/forvaltning_och_ekonomi\/arbete_och_naringsliv\/hjalp_med_at_soka_jobb\/navigatorn_vanda\" target=\"_blank\" class=\"ek-link\">Navigator Vanda&nbsp;<\/a>my\u00f6s, ja se toimii samalla tavalla kuin Helsingiss\u00e4, Esbossa se on nimelt\u00e4\u00e4n&nbsp;<a aria-label=\" (avautuu uudessa v\u00e4lilehdess\u00e4)\" rel=\"noreferrer noopener\" href=\"https:\/\/www.esbo.fi\/sv-FI\/Unga\/Information_och_radgivning\/Ohjaamotalo\" target=\"_blank\" class=\"ek-link\">Startpunkten<\/a>.<\/p>\n\n\n\n\n\n<h2 class=\"wp-block-heading\" id=\"leisure\">Vapaa-ajan toiminta<\/h2>\n\n\n\n<div class=\"ghostkit-accordion ghostkit-accordion-6\">\n<div class=\"ghostkit-accordion-item\"><a href=\"#accordionevent-calenders\" class=\"ghostkit-accordion-item-heading\"><span class=\"ghostkit-accordion-item-label\"><strong>TAPAHTUMAKALENTERIT<\/strong><\/span><span class=\"ghostkit-accordion-item-collapse\"><svg class=\"ghostkit-svg-icon\" width=\"24\" height=\"24\" viewbox=\"0 0 24 24\" fill=\"none\" xmlns=\"http:\/\/www.w3.org\/2000\/svg\"><path d=\"M9.21967 6.2197C9.51256 5.9268 9.98744 5.9268 10.2803 6.2197L15.5303 11.4697C15.8232 11.7626 15.8232 12.2374 15.5303 12.5303L10.2803 17.7803C9.98744 18.0732 9.51256 18.0732 9.21967 17.7803C8.92678 17.4874 8.92678 17.0126 9.21967 16.7197L13.9393 12L9.21967 7.2803C8.92678 6.9874 8.92678 6.5126 9.21967 6.2197Z\" fill=\"currentColor\"><\/path><\/svg><\/span><\/a><div class=\"ghostkit-accordion-item-content is-layout-flow wp-block-ghostkit-accordion-item-is-layout-flow\">\n<p><a rel=\"noreferrer noopener\" href=\"https:\/\/kulturforum.fi\/evenemang\" target=\"_blank\" class=\"ek-link\">Kulturforum on tapahtumakalenteri, josta l\u00f6yd\u00e4t ruotsalaista toimintaa eri puolilta maailmaa. <\/a>Suomi. Sivusto on vain ruotsiksi.<br \/><a rel=\"noreferrer noopener\" href=\"https:\/\/www.nordiskkulturkontakt.org\/en\/events\/\" target=\"_blank\">Nordisk Kulturkontakt<\/a> on pohjoismainen kulttuurikeskus Helsingiss\u00e4, jolla on omia pohjoismaisia tapahtumia.<br \/><a rel=\"noreferrer noopener\" href=\"https:\/\/www.hel.fi\/helsinki\/en\/events\/\" target=\"_blank\" class=\"ek-link\">Helsingin kaupunki <\/a>j\u00e4rjest\u00e4\u00e4 ruotsinkielisi\u00e4 tapahtumia kulttuuritaloissaan ja kirjastoissaan. Kirjoita <em>Svenska<\/em> hakukentt\u00e4\u00e4n.<br \/><a rel=\"noreferrer noopener\" href=\"https:\/\/www.helmet.fi\/en-US\/Events_and_tips\/Events\" target=\"_blank\">Kirjastoissa<\/a> on kulttuuritapahtumia kaikenik\u00e4isille. Kirjoita <em>Svenskspr\u00e5kiga<\/em> tai <em>ruotsia<\/em> Seuraa eri tapahtumakalentereita l\u00f6yt\u00e4\u00e4ksesi, mit\u00e4 p\u00e4\u00e4kaupunkiseudulla tapahtuu.<\/p>\n\n\n\n<p>Tapahtumat osoitteessa <a aria-label=\"Luckan (avautuu uuteen v\u00e4lilehteen)\" class=\"ek-link ek-link\" rel=\"noreferrer noopener\" href=\"https:\/\/helsingfors.luckan.fi\/\" target=\"_blank\">Luckan<\/a> l\u00f6ytyv\u00e4t&nbsp;<a href=\"https:\/\/www.facebook.com\/pg\/luckanhelsingfors\/events\/\" target=\"_blank\" aria-label=\" (avautuu uudessa v\u00e4lilehdess\u00e4)\" rel=\"noreferrer noopener\" class=\"ek-link\">Facebookissa<\/a>.<\/p>\n\n\n\n<p><a aria-label=\" (avautuu uudessa v\u00e4lilehdess\u00e4)\" rel=\"noreferrer noopener\" href=\"https:\/\/www.hel.fi\/nuoret\/sv\/uutiset\/\" target=\"_blank\" class=\"ek-link\">Uutisia ruotsiksi <\/a>joka on suunnattu helsinkil\u00e4isille nuorille.<\/p>\n\n\n\n<p><a aria-label=\" (avautuu uudessa v\u00e4lilehdess\u00e4)\" class=\"ek-link ek-link\" rel=\"noreferrer noopener\" href=\"https:\/\/www.hel.fi\/nuoret\/en\" target=\"_blank\">Nuorten Helsinki, <\/a>englanniksi.&nbsp;<\/p>\n<\/div><\/div>\n\n\n\n<div class=\"ghostkit-accordion-item\"><a href=\"#accordionyouth-centers\" class=\"ghostkit-accordion-item-heading\"><span class=\"ghostkit-accordion-item-label\"><strong>NUORISOKESKUKSET<\/strong><\/span><span class=\"ghostkit-accordion-item-collapse\"><svg class=\"ghostkit-svg-icon\" width=\"24\" height=\"24\" viewbox=\"0 0 24 24\" fill=\"none\" xmlns=\"http:\/\/www.w3.org\/2000\/svg\"><path d=\"M9.21967 6.2197C9.51256 5.9268 9.98744 5.9268 10.2803 6.2197L15.5303 11.4697C15.8232 11.7626 15.8232 12.2374 15.5303 12.5303L10.2803 17.7803C9.98744 18.0732 9.51256 18.0732 9.21967 17.7803C8.92678 17.4874 8.92678 17.0126 9.21967 16.7197L13.9393 12L9.21967 7.2803C8.92678 6.9874 8.92678 6.5126 9.21967 6.2197Z\" fill=\"currentColor\"><\/path><\/svg><\/span><\/a><div class=\"ghostkit-accordion-item-content is-layout-flow wp-block-ghostkit-accordion-item-is-layout-flow\">\n<p>P\u00e4\u00e4kaupunkiseudulla on muutamia ruotsalaisia nuorisokeskuksia, jotka tarjoavat monipuolista toimintaa, mahdollisuuksia tavata yst\u00e4vi\u00e4, kursseja, kerhoja, retki\u00e4 ja tapahtumia - tai voit vain hengailla. Voit saada apua, tietoa ja tukea, kun kohtaat haasteita. Kaikki nuorisokeskustoiminta on p\u00e4ihteet\u00f6nt\u00e4.<\/p>\n\n\n\n<p>Mik\u00e4li asut <em><strong>Helsinki<\/strong><\/em>&nbsp;<a href=\"http:\/\/drumso.munstadi.fi\/\" target=\"_blank\" aria-label=\" (avautuu uudessa v\u00e4lilehdess\u00e4)\" rel=\"noreferrer noopener\" class=\"ek-link\">Nuorisotalo Drums\u00f6<\/a> on erilaista toimintaa eri viikonp\u00e4ivin\u00e4. Seuraa heit\u00e4 osoitteessa <a href=\"https:\/\/www.instagram.com\/ungdomsgardendrumso\/?hl=fi\" target=\"_blank\" aria-label=\"Instagram (avautuu uuteen v\u00e4lilehteen)\" rel=\"noreferrer noopener\" class=\"ek-link\">Instagramissa<\/a> pysy\u00e4ksesi ajan tasalla.<\/p>\n\n\n\n<p>Nuorisokeskus&nbsp;<a aria-label=\" (avautuu uudessa v\u00e4lilehdess\u00e4)\" class=\"ek-link ek-link\" rel=\"noreferrer noopener\" href=\"http:\/\/sandels.munstadi.fi\/\" target=\"_blank\">Sandels<\/a>&nbsp;T\u00f6l\u00f6ss\u00e4 on talo t\u00e4ynn\u00e4 tapahtumia. Se on avoinna maanantaisin keskiviikkoisin ja perjantaisin klo 12-20 ja torstaisin klo 12-17.<\/p>\n\n\n\n<p><a aria-label=\" (avautuu uudessa v\u00e4lilehdess\u00e4)\" class=\"ek-link ek-link\" rel=\"noreferrer noopener\" href=\"http:\/\/rastis.munstadi.fi\/\" target=\"_blank\">Rastis,&nbsp;<\/a>Nordsj\u00f6ss\u00e4, on avoinna keskiviikkoisin klo 17-21, perjantaisin klo 17-22:30 ja joka toinen lauantai (19.1, 2.2, 16.2, 2.3, 16.3, 30.3, 13.4, 27.4, 11.5 &amp;25.5) klo 16-22:30. Ne toimivat my\u00f6s seuraavina p\u00e4ivin\u00e4 <a href=\"https:\/\/www.instagram.com\/rastisunkan\/?hl=fi\" target=\"_blank\" aria-label=\"Instagram (avautuu uuteen v\u00e4lilehteen)\" rel=\"noreferrer noopener\" class=\"ek-link\">Instagramissa<\/a>.<\/p>\n\n\n\n<p>Mik\u00e4li asut <em><strong>Espoo<\/strong><\/em> the&nbsp;<a aria-label=\" (avautuu uudessa v\u00e4lilehdess\u00e4)\" class=\"ek-link ek-link\" rel=\"noreferrer noopener\" href=\"https:\/\/www.esbo.fi\/sv-FI\/Unga\/Trevliga_saker_att_gora\/Ungdomslokaler\/Soko_ungdomslokal\" target=\"_blank\">ruotsinkielinen nuorisotila<\/a>&nbsp;sijaitsee S\u00f6k\u00f6ss\u00e4. Se on avoinna keskiviikkoisin klo 17-20, torstaisin klo 14-21, perjantaisin klo 13:30-22 ja parillisten viikkojen lauantaisin klo 16-22. Heid\u00e4n <a aria-label=\"Instagram (avautuu uuteen v\u00e4lilehteen)\" href=\"https:\/\/www.instagram.com\/spunkkan\/\" target=\"_blank\" rel=\"noreferrer noopener\" class=\"ek-link\">Instagramissa<\/a> on my\u00f6s tulessa.<\/p>\n\n\n\n<p>Mik\u00e4li asut <em><strong>Vantaa<\/strong><\/em> on&nbsp;<a aria-label=\" (avautuu uudessa v\u00e4lilehdess\u00e4)\" class=\"ek-link ek-link\" rel=\"noreferrer noopener\" href=\"https:\/\/sivistysvantaa.fi\/nuortenvantaa\/artikkelit\/paikat\/svensktungdomsarbete\/svensksprakigaungdomsgardar.html\" target=\"_blank\">kaksi ruotsalaista nuorisokeskusta,&nbsp;<\/a>Helsingg\u00e5rdissa ja M\u00e5rtensdalissa. Helsingg\u00e5rd on avoinna perjantaisin klo 18 alkaen ja M\u00e5rtensdal torstaisin klo 17:30-21.<\/p>\n\n\n\n<p><a aria-label=\" (avautuu uudessa v\u00e4lilehdess\u00e4)\" class=\"ek-link ek-link\" rel=\"noreferrer noopener\" href=\"https:\/\/www.kauniainen.fi\/sv\/kultur_och_fritid\/ungdomstjanster\/ungdomsgarden\" target=\"_blank\">Nuorisokeskus Grani klubben<\/a> kieleksi <em><strong>Kauniainen<\/strong><\/em>&nbsp;sijaitsee kirjastossa. Se on avoinna maanantaista torstaihin klo 15-20.<\/p>\n<\/div><\/div>\n\n\n\n<div class=\"ghostkit-accordion-item\"><a href=\"#accordionthe-theater-school-dot\" class=\"ghostkit-accordion-item-heading\"><span class=\"ghostkit-accordion-item-label\"><strong>TEATTERIKOULUN PISTE<\/strong><\/span><span class=\"ghostkit-accordion-item-collapse\"><svg class=\"ghostkit-svg-icon\" width=\"24\" height=\"24\" viewbox=\"0 0 24 24\" fill=\"none\" xmlns=\"http:\/\/www.w3.org\/2000\/svg\"><path d=\"M9.21967 6.2197C9.51256 5.9268 9.98744 5.9268 10.2803 6.2197L15.5303 11.4697C15.8232 11.7626 15.8232 12.2374 15.5303 12.5303L10.2803 17.7803C9.98744 18.0732 9.51256 18.0732 9.21967 17.7803C8.92678 17.4874 8.92678 17.0126 9.21967 16.7197L13.9393 12L9.21967 7.2803C8.92678 6.9874 8.92678 6.5126 9.21967 6.2197Z\" fill=\"currentColor\"><\/path><\/svg><\/span><\/a><div class=\"ghostkit-accordion-item-content is-layout-flow wp-block-ghostkit-accordion-item-is-layout-flow\">\n<p><a href=\"https:\/\/www.teaterskolandot.fi\/sv\/start\/\">Teatterikoulu DOT&nbsp;<\/a>tarjoaa ruotsalaista draamapedagogiikkaa 13-16-vuotiaille Luckanissa. K\u00e4y heid\u00e4n verkkosivuillaan saadaksesi lis\u00e4tietoja.<\/p>\n<\/div><\/div>\n\n\n\n<div class=\"ghostkit-accordion-item\"><a href=\"#accordiongymnastics-and-soccer\" class=\"ghostkit-accordion-item-heading\"><span class=\"ghostkit-accordion-item-label\"><strong>VOIMISTELU JA JALKAPALLO<\/strong><\/span><span class=\"ghostkit-accordion-item-collapse\"><svg class=\"ghostkit-svg-icon\" width=\"24\" height=\"24\" viewbox=\"0 0 24 24\" fill=\"none\" xmlns=\"http:\/\/www.w3.org\/2000\/svg\"><path d=\"M9.21967 6.2197C9.51256 5.9268 9.98744 5.9268 10.2803 6.2197L15.5303 11.4697C15.8232 11.7626 15.8232 12.2374 15.5303 12.5303L10.2803 17.7803C9.98744 18.0732 9.51256 18.0732 9.21967 17.7803C8.92678 17.4874 8.92678 17.0126 9.21967 16.7197L13.9393 12L9.21967 7.2803C8.92678 6.9874 8.92678 6.5126 9.21967 6.2197Z\" fill=\"currentColor\"><\/path><\/svg><\/span><\/a><div class=\"ghostkit-accordion-item-content is-layout-flow wp-block-ghostkit-accordion-item-is-layout-flow\">\n<p><strong>Voimistelu<\/strong><\/p>\n\n\n\n<p><a href=\"https:\/\/www.hifkfriidrott.fi\/svenska\/\" target=\"_blank\" aria-label=\" (avautuu uudessa v\u00e4lilehdess\u00e4)\" rel=\"noreferrer noopener\" class=\"ek-link\">Helsingfors IFK o<\/a>ffers my\u00f6s paljon mahdollisuuksia ihmisille, jotka ovat kiinnostuneita laajasta urheilun kirjosta. He harjoittelevat yleens\u00e4 Liikuntamyllyss\u00e4 Kvarnb\u00e4ckeniss\u00e4 (Myllypuro) ja huhtikuusta syyskuuhun my\u00f6s Djurg\u00e5rdenissa (El\u00e4inpuisto), molemmat Helsingforsissa.<\/p>\n\n\n\n<h4 class=\"wp-block-heading\" id=\"footballandnbspsoccerandnbsp\">Jalkapallo,<strong>&nbsp;jalkapallo&nbsp;<\/strong><\/h4>\n\n\n\n<p><a href=\"https:\/\/hifkfotboll.fi\/sv\/juniorer\/\" target=\"_blank\" aria-label=\" (avautuu uudessa v\u00e4lilehdess\u00e4)\" rel=\"noreferrer noopener\" class=\"ek-link\">Helsingfors IFK<\/a>&nbsp;(HIFK) on yli 540 lasta, jotka harjoittelevat jalkapalloa 4-vuotiaista yl\u00f6sp\u00e4in. HIFK tarjoaa harjoittelua pojille ja tyt\u00f6ille. T\u00e4yt\u00e4 HIFK:n&nbsp;<a href=\"https:\/\/hifkfotboll.fi\/sv\/juniorer\/\" target=\"_blank\" aria-label=\" (avautuu uudessa v\u00e4lilehdess\u00e4)\" rel=\"noreferrer noopener\" class=\"ek-link\">hakulomake&nbsp;<\/a>heid\u00e4n verkkosivustollaan, ja he ottavat sinuun yhteytt\u00e4.<\/p>\n<\/div><\/div>\n\n\n\n<div class=\"ghostkit-accordion-item\"><a href=\"#accordionscouting\" class=\"ghostkit-accordion-item-heading\"><span class=\"ghostkit-accordion-item-label\"><strong>SCOUTING<\/strong><\/span><span class=\"ghostkit-accordion-item-collapse\"><svg class=\"ghostkit-svg-icon\" width=\"24\" height=\"24\" viewbox=\"0 0 24 24\" fill=\"none\" xmlns=\"http:\/\/www.w3.org\/2000\/svg\"><path d=\"M9.21967 6.2197C9.51256 5.9268 9.98744 5.9268 10.2803 6.2197L15.5303 11.4697C15.8232 11.7626 15.8232 12.2374 15.5303 12.5303L10.2803 17.7803C9.98744 18.0732 9.51256 18.0732 9.21967 17.7803C8.92678 17.4874 8.92678 17.0126 9.21967 16.7197L13.9393 12L9.21967 7.2803C8.92678 6.9874 8.92678 6.5126 9.21967 6.2197Z\" fill=\"currentColor\"><\/path><\/svg><\/span><\/a><div class=\"ghostkit-accordion-item-content is-layout-flow wp-block-ghostkit-accordion-item-is-layout-flow\">\n<p>Helsingiss\u00e4 on 14 ruotsalaista korpusta. Osoitteesta&nbsp;<a href=\"https:\/\/hess.fi\/start\/\" target=\"_blank\" aria-label=\" (avautuu uudessa v\u00e4lilehdess\u00e4)\" rel=\"noreferrer noopener\" class=\"ek-link\">T\u00e4lt\u00e4 sivustolta&nbsp;<\/a>l\u00f6yd\u00e4t sinulle sopivan korpuksen ja sen yhteystiedot.<\/p>\n\n\n\n<p>Grankullasta l\u00f6yd\u00e4t <a aria-label=\" (avautuu uudessa v\u00e4lilehdess\u00e4)\" href=\"http:\/\/www.grankullascoutkar.fi\/start\/\" target=\"_blank\" rel=\"noreferrer noopener\" class=\"ek-link\">Grankulla Scoutk\u00e5r<\/a>&nbsp;ja Vanda <a aria-label=\"Scoutk\u00e5ren Nybyggarna (avautuu uudessa v\u00e4lilehdess\u00e4)\" href=\"http:\/\/nybyggarna.net\/\" target=\"_blank\" rel=\"noreferrer noopener\" class=\"ek-link\">Scoutk\u00e5ren Nybyggarna<\/a>.<\/p>\n\n\n\n<p>Esbolla on nelj\u00e4 yksikk\u00f6\u00e4:<\/p>\n\n\n\n<ul class=\"wp-block-list\"><li><a aria-label=\"S\u00f6drik Stigfinnare (avautuu uudessa v\u00e4lilehdess\u00e4)\" href=\"http:\/\/sodrikstigfinnare.com\/web\/\" target=\"_blank\" rel=\"noreferrer noopener\" class=\"ek-link\">S\u00f6drik Stigfinnare<\/a>&nbsp;Esbo Centeriss\u00e4<\/li><li>Meripartiolaiset,&nbsp;<a aria-label=\"Sj\u00f6scoutk\u00e5ren Stormf\u00e5geln (avautuu uuteen v\u00e4lilehteen)\" href=\"http:\/\/www.stormfageln.fi\/start\/\" target=\"_blank\" rel=\"noreferrer noopener\" class=\"ek-link\">Sj\u00f6scoutk\u00e5ren Stormf\u00e5geln<\/a>&nbsp;Nokkalanniemess\u00e4<\/li><li><a aria-label=\"Scoutk\u00e5ren Tre Bj\u00f6rkar (avautuu uuteen v\u00e4lilehteen)\" href=\"https:\/\/trebjorkar.wordpress.com\/\" target=\"_blank\" rel=\"noreferrer noopener\" class=\"ek-link\">Scoutk\u00e5ren Tre Bj\u00f6rkar<\/a>&nbsp;Dalsvikissa<\/li><li><a href=\"https:\/\/www.muho.fi\/\" target=\"_blank\" aria-label=\"Scoutk\u00e5ren MuH\u00f6 (avautuu uuteen v\u00e4lilehteen)\" rel=\"noreferrer noopener\" class=\"ek-link\">Scoutk\u00e5ren MuH\u00f6<\/a>&nbsp;Olarissa<\/li><\/ul>\n<\/div><\/div>\n\n\n\n<div class=\"ghostkit-accordion-item\"><a href=\"#accordioninformation-about-associations-hobbies-and-cultural-insitutions\" class=\"ghostkit-accordion-item-heading\"><span class=\"ghostkit-accordion-item-label\"><strong>TIETOA YHDISTYKSIST\u00c4, HARRASTUKSISTA JA KULTTUURI-INSTITUUTIOISTA.<\/strong><\/span><span class=\"ghostkit-accordion-item-collapse\"><svg class=\"ghostkit-svg-icon\" width=\"24\" height=\"24\" viewbox=\"0 0 24 24\" fill=\"none\" xmlns=\"http:\/\/www.w3.org\/2000\/svg\"><path d=\"M9.21967 6.2197C9.51256 5.9268 9.98744 5.9268 10.2803 6.2197L15.5303 11.4697C15.8232 11.7626 15.8232 12.2374 15.5303 12.5303L10.2803 17.7803C9.98744 18.0732 9.51256 18.0732 9.21967 17.7803C8.92678 17.4874 8.92678 17.0126 9.21967 16.7197L13.9393 12L9.21967 7.2803C8.92678 6.9874 8.92678 6.5126 9.21967 6.2197Z\" fill=\"currentColor\"><\/path><\/svg><\/span><\/a><div class=\"ghostkit-accordion-item-content is-layout-flow wp-block-ghostkit-accordion-item-is-layout-flow\">\n<p>Kaikki tiedot ovat ruotsiksi. Ota yhteytt\u00e4 yhdistykseen saadaksesi apua!<\/p>\n\n\n\n<p><a aria-label=\" (avautuu uudessa v\u00e4lilehdess\u00e4)\" class=\"ek-link ek-link\" rel=\"noreferrer noopener\" href=\"https:\/\/arbetetsvanner.fi\/avf\/av_sornas\/sornas_aktiviteter\/\" target=\"_blank\">AV i S\u00f6rn\u00e4s <\/a>&nbsp;on yhdistys, joka j\u00e4rjest\u00e4\u00e4 bridgekerhoa, tanssikerhoa, taidepiiri\u00e4, vauvakahvilaa, joogaa, meditaatiota, capoeiraa ja saamelaiskerhoa.<\/p>\n\n\n\n<p><a aria-label=\" (avautuu uudessa v\u00e4lilehdess\u00e4)\" class=\"ek-link ek-link\" rel=\"noreferrer noopener\" href=\"https:\/\/nos.fi\/startsida\/kalender\/\" target=\"_blank\">Norr om Stan rf<\/a>. j\u00e4rjest\u00e4\u00e4 kulttuuritapahtumia ja vapaa-ajan toimintaa Pohjois-Helsingiss\u00e4 ja Vantaan alueella.<\/p>\n\n\n\n<p><a aria-label=\" (avautuu uudessa v\u00e4lilehdess\u00e4)\" rel=\"noreferrer noopener\" href=\"https:\/\/www.svenska.fi\/\" target=\"_blank\" class=\"ek-link\">Svenska.fi&nbsp;<\/a>on yhdistys maahanmuuttajille, jotka ovat kotoutuneet ruotsiksi. Heid\u00e4n tapahtumansa julkaistaan&nbsp;<a aria-label=\" (avautuu uudessa v\u00e4lilehdess\u00e4)\" rel=\"noreferrer noopener\" href=\"https:\/\/www.facebook.com\/svenska.fi\/\" target=\"_blank\" class=\"ek-link\">Facebookissa.<\/a><\/p>\n\n\n\n<p><a aria-label=\" (avautuu uudessa v\u00e4lilehdess\u00e4)\" class=\"ek-link ek-link\" rel=\"noreferrer noopener\" href=\"https:\/\/www.folkhalsan.fi\/en\/\" target=\"_blank\">Folkh\u00e4lsan<\/a>&nbsp;on monipuolinen, nykyaikainen, voittoa tavoittelematon yhdistus, joka toimii sosiaali- ja terveyspalvelujen alalla. <a aria-label=\"T\u00e4\u00e4lt\u00e4 l\u00f6yd\u00e4t heid\u00e4n toimintansa nuorisolle (avautuu uudessa v\u00e4lilehdess\u00e4).\" href=\"https:\/\/www.folkhalsan.fi\/unga\/\" target=\"_blank\" rel=\"noreferrer noopener\" class=\"ek-link\">T\u00e4\u00e4lt\u00e4 l\u00f6yd\u00e4t heid\u00e4n toimintansa nuorisolle<\/a>.<\/p>\n\n\n\n<p>Ruotsinkielinen <a aria-label=\" (avautuu uudessa v\u00e4lilehdess\u00e4)\" class=\"ek-link ek-link\" rel=\"noreferrer noopener\" href=\"https:\/\/www.esbo.fi\/download\/noname\/%7B1CA8AFBB-EE97-4B80-8A04-2A2F3C3ECC81%7D\/78846\" target=\"_blank\">yhdistykset Espoossa<\/a>&nbsp;on koottu t\u00e4h\u00e4n pdf-tiedostoon.<\/p>\n\n\n\n<p><a aria-label=\" (avautuu uudessa v\u00e4lilehdess\u00e4)\" class=\"ek-link ek-link\" rel=\"noreferrer noopener\" href=\"https:\/\/www.kauniainen.fi\/sv\/kultur_och_fritid\/foreningar_och_samfund\" target=\"_blank\">Yhdistykset Kauniaisissa<\/a>: <a href=\"https:\/\/www.kauniainen.fi\/sv\/kultur_och_fritid\/foreningar_och_samfund\/kulturforeningar\" class=\"ek-link\">Kulttuuri\/Kulttuuri<\/a>, <a href=\"https:\/\/www.kauniainen.fi\/sv\/kultur_och_fritid\/foreningar_och_samfund\/kvinnoforeningar\" class=\"ek-link\">Kvinno\/Naiset<\/a>,&nbsp; <a href=\"https:\/\/www.kauniainen.fi\/sv\/kultur_och_fritid\/foreningar_och_samfund\/kyrkoforeningar\" class=\"ek-link\">Kyrko\/Kirkko<\/a>,&nbsp; <a href=\"https:\/\/www.kauniainen.fi\/sv\/kultur_och_fritid\/foreningar_och_samfund\/motorklubbar\" class=\"ek-link\">Moottori\/Moottori<\/a>, <a href=\"https:\/\/www.kauniainen.fi\/sv\/kultur_och_fritid\/foreningar_och_samfund\/pensionarsforeningar\" class=\"ek-link\">Pension\u00e4rs\/Pensionist<\/a>, <a href=\"https:\/\/www.kauniainen.fi\/sv\/kultur_och_fritid\/foreningar_och_samfund\/politiska_foreningar\" class=\"ek-link\">Politiska\/Poliittinen<\/a>, <a href=\"https:\/\/www.kauniainen.fi\/sv\/kultur_och_fritid\/foreningar_och_samfund\/stodorganisationer\" class=\"ek-link\">St\u00f6d\/Tuki<\/a>, <a href=\"https:\/\/www.kauniainen.fi\/sv\/kultur_och_fritid\/foreningar_och_samfund\/ovriga\" class=\"ek-link\">\u00d6vriga\/muu<\/a><\/p>\n\n\n\n<p><a aria-label=\"Yhdistykset Vantaalla (avautuu uudessa v\u00e4lilehdess\u00e4)\" href=\"https:\/\/www.vanda.fi\/instancedata\/prime_product_julkaisu\/vantaa\/embeds\/vantaawwwstructure\/147161_Vandaguiden_uppdaterad_18.9.2019.pdf\" target=\"_blank\" rel=\"noreferrer noopener\" class=\"ek-link\">Yhdistykset Vantaalla<\/a>&nbsp;l\u00f6ytyv\u00e4t t\u00e4st\u00e4 esitteest\u00e4 sivulta 38, otsikon<em> F\u00f6reningar<\/em>. Esitteest\u00e4 l\u00f6yd\u00e4t my\u00f6s tietoa muista ruotsalaisista palveluista.<\/p>\n<\/div><\/div>\n<\/div>\n\n\n\n<h2 class=\"wp-block-heading\" id=\"health\">Terveys<\/h2>\n\n\n\n<div class=\"ghostkit-accordion ghostkit-accordion-1\">\n<div class=\"ghostkit-accordion-item\"><a href=\"#accordionyouth-information-chat-counseling-guidance-and-training\" class=\"ghostkit-accordion-item-heading\"><span class=\"ghostkit-accordion-item-label\"><strong>NUORISOTIEDOT, CHAT, NEUVONTA, OHJAUS JA KOULUTUS<\/strong><\/span><span class=\"ghostkit-accordion-item-collapse\"><svg class=\"ghostkit-svg-icon\" width=\"24\" height=\"24\" viewbox=\"0 0 24 24\" fill=\"none\" xmlns=\"http:\/\/www.w3.org\/2000\/svg\"><path d=\"M9.21967 6.2197C9.51256 5.9268 9.98744 5.9268 10.2803 6.2197L15.5303 11.4697C15.8232 11.7626 15.8232 12.2374 15.5303 12.5303L10.2803 17.7803C9.98744 18.0732 9.51256 18.0732 9.21967 17.7803C8.92678 17.4874 8.92678 17.0126 9.21967 16.7197L13.9393 12L9.21967 7.2803C8.92678 6.9874 8.92678 6.5126 9.21967 6.2197Z\" fill=\"currentColor\"><\/path><\/svg><\/span><\/a><div class=\"ghostkit-accordion-item-content is-layout-flow wp-block-ghostkit-accordion-item-is-layout-flow\">\n<p><a aria-label=\" (avautuu uudessa v\u00e4lilehdess\u00e4)\" rel=\"noreferrer noopener\" class=\"ek-link ek-link\" href=\"https:\/\/unginfo.fi\/om-oss\/in-english\/\" target=\"_blank\">Luckan UngInfo&nbsp;<\/a>tarjoaa maksutonta ohjausta 13-29-vuotiaille opiskeluun, ty\u00f6h\u00f6n, vapaa-aikaan jne. liittyviss\u00e4 asioissa. Ohjausta voi tehd\u00e4 kasvotusten, meill\u00e4 on drop-in keskiviikkoisin klo 15-17 v\u00e4lill\u00e4 klo 15-17. <a aria-label=\"Luckan Helsingfors (avautuu uuteen v\u00e4lilehteen)\" rel=\"noreferrer noopener\" class=\"ek-link\" href=\"https:\/\/helsingfors.luckan.fi\/\" target=\"_blank\">Luckan Helsingfors <\/a>tai varaa aika s\u00e4hk\u00f6postitse, <a class=\"ek-link\" href=\"mailto:helsingfors@unginfo.fi\">helsingfors@unginfo.fi<\/a>. Unga Info on my\u00f6s <a aria-label=\"chat-palvelu (avautuu uudessa v\u00e4lilehdess\u00e4)\" rel=\"noreferrer noopener\" class=\"ek-link\" href=\"https:\/\/arligttalat.fi\/\" target=\"_blank\">chat-palvelu<\/a>. Suurin osa heid\u00e4n <a aria-label=\"aktiviteetit (avautuu uuteen v\u00e4lilehteen)\" rel=\"noreferrer noopener\" class=\"ek-link\" href=\"https:\/\/unginfo.fi\/\" target=\"_blank\">toiminta<\/a> ovat verkossa, ja kaikki ne ovat maksuttomia. <\/p>\n\n\n\n<p>Oletko kriisiss\u00e4? Tarvitsetko jonkun, jolle puhua? Sitten <a rel=\"noreferrer noopener\" href=\"https:\/\/www.helsingforsmission.fi\/ungdomar\" target=\"_blank\">nuorten neuvonta<\/a> sopii sinulle. Se on maksuton ja luottamuksellinen neuvontapalvelu. Voit k\u00e4yd\u00e4 siell\u00e4, soittaa tai l\u00e4hett\u00e4\u00e4 ajatuksesi s\u00e4hk\u00f6postitse.<\/p>\n\n\n\n<p><a aria-label=\"Navigatorn (Ohjaamo) (avautuu uuteen v\u00e4lilehteen)\" href=\"https:\/\/ohjaamo.hel.fi\/ohjaamo-helsinki\/in-english\/\" target=\"_blank\" rel=\"noreferrer noopener\" class=\"ek-link\">Navigatorn (Ohjaamo)<\/a> on suunnattu alle 30-vuotiaille. Sielt\u00e4 saat tietoa, neuvontaa ja ohjausta esimerkiksi koulutuksen, ty\u00f6llisyyden ja hyvinvoinnin aloilla. Maanantaisin klo 12-17 Riikka Luckanista avustaa sinua ruotsin kielell\u00e4.<\/p>\n\n\n\n<p><\/p>\n<\/div><\/div>\n<\/div>\n\n\n\n<div class=\"ghostkit-accordion ghostkit-accordion-1\">\n<div class=\"ghostkit-accordion-item\"><a href=\"#accordioncontraceptives\" class=\"ghostkit-accordion-item-heading\"><span class=\"ghostkit-accordion-item-label\"><strong>EHK\u00c4ISYV\u00c4LINEET<\/strong><\/span><span class=\"ghostkit-accordion-item-collapse\"><svg class=\"ghostkit-svg-icon\" width=\"24\" height=\"24\" viewbox=\"0 0 24 24\" fill=\"none\" xmlns=\"http:\/\/www.w3.org\/2000\/svg\"><path d=\"M9.21967 6.2197C9.51256 5.9268 9.98744 5.9268 10.2803 6.2197L15.5303 11.4697C15.8232 11.7626 15.8232 12.2374 15.5303 12.5303L10.2803 17.7803C9.98744 18.0732 9.51256 18.0732 9.21967 17.7803C8.92678 17.4874 8.92678 17.0126 9.21967 16.7197L13.9393 12L9.21967 7.2803C8.92678 6.9874 8.92678 6.5126 9.21967 6.2197Z\" fill=\"currentColor\"><\/path><\/svg><\/span><\/a><div class=\"ghostkit-accordion-item-content is-layout-flow wp-block-ghostkit-accordion-item-is-layout-flow\">\n<p><a href=\"https:\/\/www.hel.fi\/helsinki\/en\/socia-health\/health\/other\/contraception\" target=\"_blank\" aria-label=\" (avautuu uudessa v\u00e4lilehdess\u00e4)\" rel=\"noreferrer noopener\" class=\"ek-link\">Helsinki tarjoaa<\/a>&nbsp;maksuton ehk\u00e4isy alle 25-vuotiaille.<\/p>\n\n\n\n<p><a href=\"https:\/\/www.espoo.fi\/en-US\/Youth\/Espoo_offers_freeofcharge_contraception_(156065)\" target=\"_blank\" aria-label=\" (avautuu uudessa v\u00e4lilehdess\u00e4)\" rel=\"noreferrer noopener\" class=\"ek-link\">Espoo tarjoaa<\/a>&nbsp;maksuton ehk\u00e4isy alle 25-vuotiaille.<\/p>\n\n\n\n<p><a href=\"https:\/\/www.vantaa.fi\/health_care_and_social_services\/health_services\/other_health_services\/contraception_and_family_planning_clinics\" target=\"_blank\" aria-label=\" (avautuu uudessa v\u00e4lilehdess\u00e4)\" rel=\"noreferrer noopener\" class=\"ek-link\">Vanda tarjoaa<\/a>&nbsp;maksuton ehk\u00e4isy alle 20-vuotiaille.<\/p>\n\n\n\n<p><a href=\"https:\/\/www.kauniainen.fi\/sv\/social-_och_halsovard\/tjanster_for_ungdomar\/preventivradgivning\" target=\"_blank\" aria-label=\" (avautuu uudessa v\u00e4lilehdess\u00e4)\" rel=\"noreferrer noopener\" class=\"ek-link\">Grankulla tarjoaa&nbsp;<\/a>maksuton ehk\u00e4isy alle 21-vuotiaille.<\/p>\n<\/div><\/div>\n<\/div>\n\n\n\n\n\n<div class=\"wp-block-group alignfull ghostkit-custom-2oncI4 has-palette-color-1-background-color has-background\"><div class=\"wp-block-group__inner-container is-layout-flow wp-block-group-is-layout-flow\">\n\n\n<h2 class=\"has-text-align-center wp-block-heading\" id=\"read-more-about\">Lue lis\u00e4\u00e4..<\/h2>\n\n\n\n<div class=\"wp-block-columns alignwide is-layout-flex wp-container-core-columns-is-layout-d0b3c9c8 wp-block-columns-is-layout-flex\">\n<div class=\"wp-block-column is-layout-flow wp-block-column-is-layout-flow\">\n<div class=\"wp-block-media-text is-stacked-on-mobile has-media-on-the-bottom has-palette-color-5-background-color has-background\"><figure class=\"wp-block-media-text__media\"><a href=\"https:\/\/integration.luckan.fi\/integrating-in-swedish\/swedish-courses\/\"><img loading=\"lazy\" decoding=\"async\" width=\"600\" height=\"400\" src=\"https:\/\/integration.luckan.fi\/wp-content\/uploads\/2020\/05\/DSC03822-600x400.jpg\" alt=\"\" class=\"wp-image-12574 size-medium\" srcset=\"https:\/\/integration.luckan.fi\/wp-content\/uploads\/2020\/05\/DSC03822-600x400.jpg 600w, https:\/\/integration.luckan.fi\/wp-content\/uploads\/2020\/05\/DSC03822-200x133.jpg 200w, https:\/\/integration.luckan.fi\/wp-content\/uploads\/2020\/05\/DSC03822-768x512.jpg 768w, https:\/\/integration.luckan.fi\/wp-content\/uploads\/2020\/05\/DSC03822-1500x1000.jpg 1500w, https:\/\/integration.luckan.fi\/wp-content\/uploads\/2020\/05\/DSC03822-1536x1024.jpg 1536w, https:\/\/integration.luckan.fi\/wp-content\/uploads\/2020\/05\/DSC03822-2048x1365.jpg 2048w\" sizes=\"auto, (max-width: 600px) 100vw, 600px\" \/><\/a><\/figure><div class=\"wp-block-media-text__content\">\n<h3 class=\"wp-block-heading\" id=\"swedish-courses\"><a href=\"https:\/\/integration.luckan.fi\/integrating-in-swedish\/swedish-courses\/\" class=\"ek-link\">Ruotsin kielen kurssit<\/a><\/h3>\n<\/div><\/div>\n<\/div>\n\n\n\n<div class=\"wp-block-column is-layout-flow wp-block-column-is-layout-flow\">\n<div class=\"wp-block-media-text is-stacked-on-mobile has-media-on-the-bottom has-palette-color-5-background-color has-background\"><figure class=\"wp-block-media-text__media\"><a href=\"https:\/\/integration.luckan.fi\/integrating-in-swedish\/guidance-for-families\/\"><img loading=\"lazy\" decoding=\"async\" width=\"1500\" height=\"1000\" src=\"https:\/\/integration.luckan.fi\/wp-content\/uploads\/2020\/09\/jeniffer-araujo-6cBKMxTYmWw-unsplash-1500x1000.jpg\" alt=\"\" class=\"wp-image-13214 size-medium\" srcset=\"https:\/\/integration.luckan.fi\/wp-content\/uploads\/2020\/09\/jeniffer-araujo-6cBKMxTYmWw-unsplash-1500x1000.jpg 1500w, https:\/\/integration.luckan.fi\/wp-content\/uploads\/2020\/09\/jeniffer-araujo-6cBKMxTYmWw-unsplash-200x133.jpg 200w, https:\/\/integration.luckan.fi\/wp-content\/uploads\/2020\/09\/jeniffer-araujo-6cBKMxTYmWw-unsplash-600x400.jpg 600w, https:\/\/integration.luckan.fi\/wp-content\/uploads\/2020\/09\/jeniffer-araujo-6cBKMxTYmWw-unsplash-768x512.jpg 768w, https:\/\/integration.luckan.fi\/wp-content\/uploads\/2020\/09\/jeniffer-araujo-6cBKMxTYmWw-unsplash-1536x1024.jpg 1536w, https:\/\/integration.luckan.fi\/wp-content\/uploads\/2020\/09\/jeniffer-araujo-6cBKMxTYmWw-unsplash-2048x1365.jpg 2048w\" sizes=\"auto, (max-width: 1500px) 100vw, 1500px\" \/><\/a><\/figure><div class=\"wp-block-media-text__content\">\n<h3 class=\"wp-block-heading\" id=\"guidance-for-families\"><a href=\"https:\/\/integration.luckan.fi\/integrating-in-swedish\/guidance-for-families\/\" class=\"ek-link\">Ohjeita perheille<\/a><\/h3>\n<\/div><\/div>\n<\/div>\n\n\n\n<div class=\"wp-block-column is-layout-flow wp-block-column-is-layout-flow\">\n<div class=\"wp-block-media-text is-stacked-on-mobile has-media-on-the-bottom has-palette-color-5-background-color has-background\"><figure class=\"wp-block-media-text__media\"><a href=\"https:\/\/integration.luckan.fi\/inswedishinfinland\/\"><img loading=\"lazy\" decoding=\"async\" width=\"1500\" height=\"1000\" src=\"https:\/\/integration.luckan.fi\/wp-content\/uploads\/2021\/01\/Rityta-1@2x_cropped2.png\" alt=\"\" class=\"wp-image-13840 size-medium\" srcset=\"https:\/\/integration.luckan.fi\/wp-content\/uploads\/2021\/01\/Rityta-1@2x_cropped2.png 1500w, https:\/\/integration.luckan.fi\/wp-content\/uploads\/2021\/01\/Rityta-1@2x_cropped2-200x133.png 200w, https:\/\/integration.luckan.fi\/wp-content\/uploads\/2021\/01\/Rityta-1@2x_cropped2-600x400.png 600w, https:\/\/integration.luckan.fi\/wp-content\/uploads\/2021\/01\/Rityta-1@2x_cropped2-768x512.png 768w\" sizes=\"auto, (max-width: 1500px) 100vw, 1500px\" \/><\/a><\/figure><div class=\"wp-block-media-text__content\">\n<h3 class=\"wp-block-heading\" id=\"in-swedish-in-finland\"><a href=\"https:\/\/integration.luckan.fi\/inswedishinfinland\/\" class=\"ek-link\">Ruotsiksi Suomessa<\/a><\/h3>\n<\/div><\/div>\n<\/div>\n<\/div>\n\n\n\n<div class=\"wp-block-columns alignwide is-layout-flex wp-container-core-columns-is-layout-d0b3c9c8 wp-block-columns-is-layout-flex\">\n<div class=\"wp-block-column is-layout-flow wp-block-column-is-layout-flow\">\n<div class=\"wp-block-media-text is-stacked-on-mobile has-media-on-the-bottom has-palette-color-5-background-color has-background\"><figure class=\"wp-block-media-text__media\"><a href=\"https:\/\/integration.luckan.fi\/integrating-in-swedish\/children\/\"><img loading=\"lazy\" decoding=\"async\" width=\"1500\" height=\"1000\" src=\"https:\/\/integration.luckan.fi\/wp-content\/uploads\/2021\/01\/IMG-0135_cropped.jpg\" alt=\"\" class=\"wp-image-13843 size-medium\" srcset=\"https:\/\/integration.luckan.fi\/wp-content\/uploads\/2021\/01\/IMG-0135_cropped.jpg 1500w, https:\/\/integration.luckan.fi\/wp-content\/uploads\/2021\/01\/IMG-0135_cropped-200x133.jpg 200w, https:\/\/integration.luckan.fi\/wp-content\/uploads\/2021\/01\/IMG-0135_cropped-600x400.jpg 600w, https:\/\/integration.luckan.fi\/wp-content\/uploads\/2021\/01\/IMG-0135_cropped-768x512.jpg 768w\" sizes=\"auto, (max-width: 1500px) 100vw, 1500px\" \/><\/a><\/figure><div class=\"wp-block-media-text__content\">\n<h3 class=\"wp-block-heading\" id=\"information-for-children\"><a href=\"https:\/\/integration.luckan.fi\/integrating-in-swedish\/children\/\" class=\"ek-link\">Tietoa lapsille<\/a><\/h3>\n<\/div><\/div>\n<\/div>\n\n\n\n<div class=\"wp-block-column is-layout-flow wp-block-column-is-layout-flow\">\n<div class=\"wp-block-media-text is-stacked-on-mobile has-media-on-the-bottom has-palette-color-5-background-color has-background\"><figure class=\"wp-block-media-text__media\"><a href=\"https:\/\/integration.luckan.fi\/integrating-in-swedish\/\"><img loading=\"lazy\" decoding=\"async\" width=\"1500\" height=\"1000\" src=\"https:\/\/integration.luckan.fi\/wp-content\/uploads\/2021\/01\/info2.jpg\" alt=\"\" class=\"wp-image-13844 size-medium\" srcset=\"https:\/\/integration.luckan.fi\/wp-content\/uploads\/2021\/01\/info2.jpg 1500w, https:\/\/integration.luckan.fi\/wp-content\/uploads\/2021\/01\/info2-200x133.jpg 200w, https:\/\/integration.luckan.fi\/wp-content\/uploads\/2021\/01\/info2-600x400.jpg 600w, https:\/\/integration.luckan.fi\/wp-content\/uploads\/2021\/01\/info2-768x512.jpg 768w\" sizes=\"auto, (max-width: 1500px) 100vw, 1500px\" \/><\/a><\/figure><div class=\"wp-block-media-text__content\">\n<h3 class=\"wp-block-heading\" id=\"integrating-in-swedish\"><a href=\"https:\/\/integration.luckan.fi\/integrating-in-swedish\/\" class=\"ek-link\">Kotoutuminen ruotsiksi<\/a><\/h3>\n<\/div><\/div>\n<\/div>\n\n\n\n<div class=\"wp-block-column is-layout-flow wp-block-column-is-layout-flow\">\n<div class=\"wp-block-media-text is-stacked-on-mobile has-media-on-the-bottom has-palette-color-5-background-color has-background\"><figure class=\"wp-block-media-text__media\"><a href=\"https:\/\/integration.luckan.fi\/integrating-in-swedish\/adults\/\"><img loading=\"lazy\" decoding=\"async\" width=\"1500\" height=\"1000\" src=\"https:\/\/integration.luckan.fi\/wp-content\/uploads\/2021\/01\/DSC03822-crop.jpg\" alt=\"\" class=\"wp-image-13841 size-medium\" srcset=\"https:\/\/integration.luckan.fi\/wp-content\/uploads\/2021\/01\/DSC03822-crop.jpg 1500w, https:\/\/integration.luckan.fi\/wp-content\/uploads\/2021\/01\/DSC03822-crop-200x133.jpg 200w, https:\/\/integration.luckan.fi\/wp-content\/uploads\/2021\/01\/DSC03822-crop-600x400.jpg 600w, https:\/\/integration.luckan.fi\/wp-content\/uploads\/2021\/01\/DSC03822-crop-768x512.jpg 768w\" sizes=\"auto, (max-width: 1500px) 100vw, 1500px\" \/><\/a><\/figure><div class=\"wp-block-media-text__content\">\n<h3 class=\"wp-block-heading\" id=\"information-for-adults\"><a href=\"https:\/\/integration.luckan.fi\/integrating-in-swedish\/adults\/\" class=\"ek-link\">Tietoa aikuisille<\/a><\/h3>\n<\/div><\/div>\n<\/div>\n<\/div>\n\n\n<\/div><\/div>","protected":false},"excerpt":{"rendered":"<p>Nuoret T\u00e4\u00e4lt\u00e4 l\u00f6yd\u00e4t tietoa koulutuksesta, siit\u00e4, miten saat tukea ty\u00f6nhakuun ja miten l\u00f6yd\u00e4t vapaa-ajan toimintaa. Laskemme sinut nuoreksi 13-vuotiaasta aina 29-vuotiaaksi asti. Se on laaja ik\u00e4haarukka, jolloin el\u00e4m\u00e4ss\u00e4 tapahtuu paljon. Ruotsalainen valmentava... <a class=\"more-link\" href=\"https:\/\/integration.luckan.fi\/fi\/integrating\/youth\/\">Jatka lukemista <span class=\"screen-reader-text\">Nuoret<\/span><\/a><\/p>","protected":false},"author":1,"featured_media":0,"parent":2163,"menu_order":0,"comment_status":"closed","ping_status":"closed","template":"tw-no-title.php","meta":{"om_disable_all_campaigns":false,"inline_featured_image":false,"ghostkit_customizer_options":"","ghostkit_custom_css":"","ghostkit_custom_js_head":"","ghostkit_custom_js_foot":"","ghostkit_typography":"","_monsterinsights_skip_tracking":false,"_monsterinsights_sitenote_active":false,"_monsterinsights_sitenote_note":"","_monsterinsights_sitenote_category":0,"cybocfi_hide_featured_image":"","footnotes":""},"class_list":["post-10473","page","type-page","status-publish","hentry","entry"],"aioseo_notices":[],"featured_image_src":null,"_links":{"self":[{"href":"https:\/\/integration.luckan.fi\/fi\/wp-json\/wp\/v2\/pages\/10473","targetHints":{"allow":["GET"]}}],"collection":[{"href":"https:\/\/integration.luckan.fi\/fi\/wp-json\/wp\/v2\/pages"}],"about":[{"href":"https:\/\/integration.luckan.fi\/fi\/wp-json\/wp\/v2\/types\/page"}],"author":[{"embeddable":true,"href":"https:\/\/integration.luckan.fi\/fi\/wp-json\/wp\/v2\/users\/1"}],"replies":[{"embeddable":true,"href":"https:\/\/integration.luckan.fi\/fi\/wp-json\/wp\/v2\/comments?post=10473"}],"version-history":[{"count":0,"href":"https:\/\/integration.luckan.fi\/fi\/wp-json\/wp\/v2\/pages\/10473\/revisions"}],"up":[{"embeddable":true,"href":"https:\/\/integration.luckan.fi\/fi\/wp-json\/wp\/v2\/pages\/2163"}],"wp:attachment":[{"href":"https:\/\/integration.luckan.fi\/fi\/wp-json\/wp\/v2\/media?parent=10473"}],"curies":[{"name":"wp","href":"https:\/\/api.w.org\/{rel}","templated":true}]}}