{"id":10474,"date":"2020-01-27T14:05:49","date_gmt":"2020-01-27T14:05:49","guid":{"rendered":"http:\/\/luckan-block-kit.local\/?page_id=2320"},"modified":"2021-04-26T13:24:23","modified_gmt":"2021-04-26T10:24:23","slug":"children","status":"publish","type":"page","link":"https:\/\/integration.luckan.fi\/fi\/integrating\/children\/","title":{"rendered":"Lapset"},"content":{"rendered":"\n<div class=\"wp-block-group alignfull has-background\" style=\"background-color:#76e99b\"><div class=\"wp-block-group__inner-container is-layout-flow wp-block-group-is-layout-flow\">\n<div class=\"wp-block-media-text alignwide has-media-on-the-right is-stacked-on-mobile is-vertically-aligned-center tw-mb-0 tw-mt-0 is-style-default tw-stack-md tw-media-bottom\" style=\"grid-template-columns:auto 60%\"><figure class=\"wp-block-media-text__media\"><img loading=\"lazy\" decoding=\"async\" width=\"768\" height=\"497\" src=\"https:\/\/integration.luckan.fi\/wp-content\/uploads\/2020\/03\/IMG-0135-768x497.jpg\" alt=\"\" class=\"wp-image-12041 size-rta_thumb_cropped_768x497\" srcset=\"https:\/\/integration.luckan.fi\/wp-content\/uploads\/2020\/03\/IMG-0135-768x497.jpg 768w, https:\/\/integration.luckan.fi\/wp-content\/uploads\/2020\/03\/IMG-0135-1250x808.jpg 1250w\" sizes=\"auto, (max-width: 768px) 100vw, 768px\" \/><\/figure><div class=\"wp-block-media-text__content\">\n<h1 class=\"tw-mt-0 has-h-2-font-size wp-block-heading\" id=\"children\">Children<\/h1>\n\n\n\n<p class=\"has-medium-font-size\">Here you will find information about the Swedish education path, from daycare through comprehensive school, and what school subjects to keep in mind. If you look for free time activities for children in Swedish you will find a quite a few of them here too.<\/p>\n\n\n\n<div class=\"wp-block-buttons tw-mb-0 is-layout-flex wp-block-buttons-is-layout-flex\">\n<div class=\"wp-block-button is-style-fill\"><a class=\"wp-block-button__link no-border-radius\" href=\"\/guidance\/?utm_source=webpage&amp;utm_medium=webpage&amp;utm_campaign=counseling&amp;utm_content=otherpages#book\">Book an appointment<\/a><\/div>\n\n\n\n<div class=\"wp-block-button\"><a class=\"wp-block-button__link\" href=\"#the-finnish-education-system\">Read more<\/a><\/div>\n<\/div>\n<\/div><\/div>\n<\/div><\/div>\n\n\n\n\n\n\n\n\n\n<div class=\"wp-block-group\"><div class=\"wp-block-group__inner-container is-layout-flow wp-block-group-is-layout-flow\">\n<h2 class=\"wp-block-heading\" id=\"block-438c18dc-c66d-4441-8d6f-1d69f0cbed6d\">Pregnancy and financial assistance for your family.<\/h2>\n\n\n\n<p id=\"block-ae99a6de-eba4-4267-97cd-a3aa63b81ce3\"><a rel=\"noreferrer noopener\" href=\"https:\/\/www.kela.fi\/web\/en\/parental-allowances\" target=\"_blank\">Kela<\/a> is the Social Insurance Institution of Finland that provides basic economic security for everyone living in Finland. It is from Kela you get financial assistance before and after giving birth.<\/p>\n\n\n\n<h2 class=\"wp-block-heading\" id=\"block-f5123ee9-53e6-412a-9e65-744d044be731\">Maternity and child health guidance in Swedish<\/h2>\n\n\n\n<p id=\"block-783d616d-5a39-40f1-afd4-3e8fbf981fb0\">When you are pregnant you have the right to maternity and child health guidance. The guidance is provided by <a rel=\"noreferrer noopener\" href=\"https:\/\/www.infofinland.fi\/en\/living-in-finland\/health\/health-services-in-finland\" target=\"_blank\">the public health care<\/a>. &nbsp;It is recommended that you contact the maternity clinic when <a rel=\"noreferrer noopener\" href=\"https:\/\/www.infofinland.fi\/en\/living-in-finland\/health\/when-you-are-expecting-a-baby\" target=\"_blank\">a pregnancy test<\/a> gives a positive result, and then they will guide you through the pregnancy.<\/p>\n\n\n\n<div class=\"ghostkit-accordion ghostkit-accordion-4\">\n<div class=\"ghostkit-accordion-item\"><a href=\"#accordion-helsingfors\" class=\"ghostkit-accordion-item-heading\"><span class=\"ghostkit-accordion-item-label\"><strong>Helsingfors<\/strong><br \/><\/span><span class=\"ghostkit-accordion-item-collapse\"><svg class=\"ghostkit-svg-icon\" width=\"24\" height=\"24\" viewbox=\"0 0 24 24\" fill=\"none\" xmlns=\"http:\/\/www.w3.org\/2000\/svg\"><path d=\"M9.21967 6.2197C9.51256 5.9268 9.98744 5.9268 10.2803 6.2197L15.5303 11.4697C15.8232 11.7626 15.8232 12.2374 15.5303 12.5303L10.2803 17.7803C9.98744 18.0732 9.51256 18.0732 9.21967 17.7803C8.92678 17.4874 8.92678 17.0126 9.21967 16.7197L13.9393 12L9.21967 7.2803C8.92678 6.9874 8.92678 6.5126 9.21967 6.2197Z\" fill=\"currentColor\"><\/path><\/svg><\/span><\/a><div class=\"ghostkit-accordion-item-content is-layout-flow wp-block-ghostkit-accordion-item-is-layout-flow\">\n<p>In&nbsp;<a rel=\"noreferrer noopener\" href=\"https:\/\/www.hel.fi\/helsinki\/en\/socia-health\/family\/maternity\/\" target=\"_blank\">Helsinki<\/a>\/Helsingfors&nbsp;can you freely choose where you want to go. Maternity care in Swedish is offered in&nbsp;<a rel=\"noreferrer noopener\" href=\"https:\/\/www.hel.fi\/sote\/enheterna-sv\/enheterna-i-alfabetisk-ordning\/berghalls-familjecenter\/tjanster-och-oppettider\/modra-och-barnradgivning\" target=\"_blank\">Kallio<\/a>&nbsp;,&nbsp;<a rel=\"noreferrer noopener\" href=\"https:\/\/www.hel.fi\/helsinki\/sv\/social-och-halso\/halso\/halsostationer\/kontaktuppgifter\/munksnas-halsostation\" target=\"_blank\">Munkkiniemi<\/a>,&nbsp;<a rel=\"noreferrer noopener\" href=\"https:\/\/www.hel.fi\/helsinki\/sv\/social-och-halso\/halso\/halsostationer\/kontaktuppgifter\/kvarnbackens-halsostation\" target=\"_blank\">Myllypuro<\/a>&nbsp;and&nbsp;<a rel=\"noreferrer noopener\" href=\"https:\/\/www.hel.fi\/helsinki\/sv\/social-och-halso\/halso\/halsostationer\/kontaktuppgifter\/femkantens-halsostation\" target=\"_blank\">Viiskulma<\/a>.<br \/>In Helsinki\/Helsingfors the Swedish healthcare and social care service is centralized in Kallio called&nbsp;<a rel=\"noreferrer noopener\" href=\"https:\/\/www.hel.fi\/sote\/enheterna-sv\/enheterna-i-alfabetisk-ordning\/berghalls-familjecenter\/\" target=\"_blank\">Bergh\u00e4lls familjecenter.&nbsp;<\/a><br \/>Here is a page where all <a rel=\"noreferrer noopener\" href=\"https:\/\/www.hel.fi\/helsinki\/sv\/social-och-halso\/a-o\/tjanster\/service-pa-svenska\" target=\"_blank\">health and social services in Swedish <\/a>that Helsingfors offers is collected. The page is only in Swedish.<\/p>\n<\/div><\/div>\n\n\n\n<div class=\"ghostkit-accordion-item\"><a href=\"#accordion-esbo\" class=\"ghostkit-accordion-item-heading\"><span class=\"ghostkit-accordion-item-label\"><strong>Esbo<br \/><\/strong><\/span><span class=\"ghostkit-accordion-item-collapse\"><svg class=\"ghostkit-svg-icon\" width=\"24\" height=\"24\" viewbox=\"0 0 24 24\" fill=\"none\" xmlns=\"http:\/\/www.w3.org\/2000\/svg\"><path d=\"M9.21967 6.2197C9.51256 5.9268 9.98744 5.9268 10.2803 6.2197L15.5303 11.4697C15.8232 11.7626 15.8232 12.2374 15.5303 12.5303L10.2803 17.7803C9.98744 18.0732 9.51256 18.0732 9.21967 17.7803C8.92678 17.4874 8.92678 17.0126 9.21967 16.7197L13.9393 12L9.21967 7.2803C8.92678 6.9874 8.92678 6.5126 9.21967 6.2197Z\" fill=\"currentColor\"><\/path><\/svg><\/span><\/a><div class=\"ghostkit-accordion-item-content is-layout-flow wp-block-ghostkit-accordion-item-is-layout-flow\">\n<p>In Espoo\/Esbo you will find public Swedish maternity and child care at&nbsp;<a rel=\"noreferrer noopener\" href=\"https:\/\/www.espoo.fi\/en-US\/Social_and_health_services\/Services_for_the_families_with_children\/Maternity_Clinics_and_Child_Health_Clinics\/Maternity_and_child_health_clinics_in_each_area#mot\" target=\"_blank\">Iso Omena and in Tapiola.<\/a><\/p>\n<\/div><\/div>\n\n\n\n<div class=\"ghostkit-accordion-item\"><a href=\"#accordion-vanda\" class=\"ghostkit-accordion-item-heading\"><span class=\"ghostkit-accordion-item-label\"><strong>Vanda<\/strong><\/span><span class=\"ghostkit-accordion-item-collapse\"><svg class=\"ghostkit-svg-icon\" width=\"24\" height=\"24\" viewbox=\"0 0 24 24\" fill=\"none\" xmlns=\"http:\/\/www.w3.org\/2000\/svg\"><path d=\"M9.21967 6.2197C9.51256 5.9268 9.98744 5.9268 10.2803 6.2197L15.5303 11.4697C15.8232 11.7626 15.8232 12.2374 15.5303 12.5303L10.2803 17.7803C9.98744 18.0732 9.51256 18.0732 9.21967 17.7803C8.92678 17.4874 8.92678 17.0126 9.21967 16.7197L13.9393 12L9.21967 7.2803C8.92678 6.9874 8.92678 6.5126 9.21967 6.2197Z\" fill=\"currentColor\"><\/path><\/svg><\/span><\/a><div class=\"ghostkit-accordion-item-content is-layout-flow wp-block-ghostkit-accordion-item-is-layout-flow\">\n<p>Vantaa\/Vanda hasn\u2019t centralized their Swedish healthcare services. You can phone the counseling and appointment number for&nbsp;<a rel=\"noreferrer noopener\" href=\"https:\/\/www.vantaa.fi\/health_care_and_social_services\/health_services\/emergency_services\/health_counseling\" target=\"_blank\">Maternity and Child Welfare Clinics,<\/a>&nbsp;09 839 25900, and ask for more advice.<\/p>\n<\/div><\/div>\n\n\n\n<div class=\"ghostkit-accordion-item\"><a href=\"#accordion-grankulla\" class=\"ghostkit-accordion-item-heading\"><span class=\"ghostkit-accordion-item-label\"><strong>Grankulla<\/strong><\/span><span class=\"ghostkit-accordion-item-collapse\"><svg class=\"ghostkit-svg-icon\" width=\"24\" height=\"24\" viewbox=\"0 0 24 24\" fill=\"none\" xmlns=\"http:\/\/www.w3.org\/2000\/svg\"><path d=\"M9.21967 6.2197C9.51256 5.9268 9.98744 5.9268 10.2803 6.2197L15.5303 11.4697C15.8232 11.7626 15.8232 12.2374 15.5303 12.5303L10.2803 17.7803C9.98744 18.0732 9.51256 18.0732 9.21967 17.7803C8.92678 17.4874 8.92678 17.0126 9.21967 16.7197L13.9393 12L9.21967 7.2803C8.92678 6.9874 8.92678 6.5126 9.21967 6.2197Z\" fill=\"currentColor\"><\/path><\/svg><\/span><\/a><div class=\"ghostkit-accordion-item-content is-layout-flow wp-block-ghostkit-accordion-item-is-layout-flow\">\n<p><a rel=\"noreferrer noopener\" href=\"https:\/\/www.kauniainen.fi\/en\/social_services_and_health_care\/families_(new)\/maternity_and_child_health_clinics\" target=\"_blank\">The maternity and child health clinic&nbsp;<\/a>in Kaunianen\/Grankulla is in the middle of the town.<\/p>\n<\/div><\/div>\n<\/div>\n\n\n\n<h2 class=\"wp-block-heading\" id=\"block-c43b4809-7606-414a-ab87-8980cef8c135\">Activities for families with infants and toddlers<\/h2>\n\n\n\n<p id=\"block-363ab2e7-3323-472b-b5d7-1e9b4cbcb409\">The baby\u2019s first year is a time of learning for the mother and the whole family.&nbsp;<a rel=\"noreferrer noopener\" href=\"https:\/\/www.hel.fi\/sote\/perheentuki-en\/0-1-year-olds\/\" target=\"_blank\">Helsinki city&#8217;s 0\u20131-year-olds<\/a>&nbsp;web-page&nbsp;has&nbsp;guides about a baby\u2019s first year as well as information&nbsp;on the services&nbsp;that the city offers after your baby is born.<\/p>\n\n\n\n<p id=\"block-46c8929c-9848-4ed1-8c93-641e50e361f7\"><a rel=\"noreferrer noopener\" href=\"https:\/\/www.folkhalsan.fi\/barn\/\" target=\"_blank\">Folkh\u00e4lsan<\/a>&nbsp;has a lot of Swedish speaking activities in the Capital region for when you are expecting and up until the child is 12 years.<\/p>\n\n\n\n<div class=\"ghostkit-accordion ghostkit-accordion-4\">\n<div class=\"ghostkit-accordion-item\"><a href=\"#accordion-helsingfors-1\" class=\"ghostkit-accordion-item-heading\"><span class=\"ghostkit-accordion-item-label\"><strong>Helsingfors<\/strong><\/span><span class=\"ghostkit-accordion-item-collapse\"><svg class=\"ghostkit-svg-icon\" width=\"24\" height=\"24\" viewbox=\"0 0 24 24\" fill=\"none\" xmlns=\"http:\/\/www.w3.org\/2000\/svg\"><path d=\"M9.21967 6.2197C9.51256 5.9268 9.98744 5.9268 10.2803 6.2197L15.5303 11.4697C15.8232 11.7626 15.8232 12.2374 15.5303 12.5303L10.2803 17.7803C9.98744 18.0732 9.51256 18.0732 9.21967 17.7803C8.92678 17.4874 8.92678 17.0126 9.21967 16.7197L13.9393 12L9.21967 7.2803C8.92678 6.9874 8.92678 6.5126 9.21967 6.2197Z\" fill=\"currentColor\"><\/path><\/svg><\/span><\/a><div class=\"ghostkit-accordion-item-content is-layout-flow wp-block-ghostkit-accordion-item-is-layout-flow\">\n<p><a aria-label=\" (opens in a new tab)\" rel=\"noreferrer noopener\" class=\"ek-link ek-link ek-link\" href=\"https:\/\/www.facebook.com\/lillaluckan\/\" target=\"_blank\">LillaLuckan&nbsp;in the center of Helsinki\/Helsingfors provides many different Family cafe\u2019s. All families are welcome to the caf\u00e9s that are&nbsp;free of charge a<\/a>nd you don\u2019t need to sign up beforehand. The family cafe\u2019s program is published weekly in the facebook-group&nbsp;<a aria-label=\" (opens in a new tab)\" rel=\"noreferrer noopener\" class=\"ek-link\" href=\"https:\/\/barnkultur.luckan.fi\/program\/familjecafeer\/\" target=\"_blank\">LillaLuckans familjecaf\u00e9er.<\/a><\/p>\n\n\n\n<p>Folkh\u00e4lsan arranges&nbsp;<a aria-label=\" (opens in a new tab)\" rel=\"noreferrer noopener\" class=\"ek-link ek-link\" href=\"https:\/\/www.folkhalsan.fi\/kurser\/smabarnsfamiljer\/oppna-daghemmet-pa-drumso-tallen\/\" target=\"_blank\">Family caf\u00e9 Tallen<\/a>&nbsp;on Lauttasaari. It\u2019s open on Tuesdays and Fridays.<\/p>\n\n\n\n<p>In Puotila, you will find a<a aria-label=\" (opens in a new tab)\" rel=\"noreferrer noopener\" class=\"ek-link ek-link\" href=\"https:\/\/www.nsu.fi\/hem\/verksamhet\/familjecaf_\/\" target=\"_blank\">&nbsp;family caf\u00e9 ,&nbsp;<\/a>it is open on Mondays.<\/p>\n\n\n\n<p>Helsinki city offers family events in Swedish at <a aria-label=\"Oodi and at&nbsp;playgrounds (opens in a new tab)\" href=\"https:\/\/www.hel.fi\/varhaiskasvatus\/sv\/lekparker-och-falmiljehus\/svensksprakig-lekparkverksamhet\/veckoprogram\" target=\"_blank\" rel=\"noreferrer noopener\" class=\"ek-link\">Oodi and at&nbsp;playgrounds<\/a>.<\/p>\n<\/div><\/div>\n\n\n\n<div class=\"ghostkit-accordion-item\"><a href=\"#accordion-esbo-1\" class=\"ghostkit-accordion-item-heading\"><span class=\"ghostkit-accordion-item-label\"><strong>Esbo<\/strong><\/span><span class=\"ghostkit-accordion-item-collapse\"><svg class=\"ghostkit-svg-icon\" width=\"24\" height=\"24\" viewbox=\"0 0 24 24\" fill=\"none\" xmlns=\"http:\/\/www.w3.org\/2000\/svg\"><path d=\"M9.21967 6.2197C9.51256 5.9268 9.98744 5.9268 10.2803 6.2197L15.5303 11.4697C15.8232 11.7626 15.8232 12.2374 15.5303 12.5303L10.2803 17.7803C9.98744 18.0732 9.51256 18.0732 9.21967 17.7803C8.92678 17.4874 8.92678 17.0126 9.21967 16.7197L13.9393 12L9.21967 7.2803C8.92678 6.9874 8.92678 6.5126 9.21967 6.2197Z\" fill=\"currentColor\"><\/path><\/svg><\/span><\/a><div class=\"ghostkit-accordion-item-content is-layout-flow wp-block-ghostkit-accordion-item-is-layout-flow\">\n<p>Folkh\u00e4lsan arranges a free&nbsp;<a aria-label=\" (opens in a new tab)\" class=\"ek-link ek-link\" rel=\"noreferrer noopener\" href=\"https:\/\/www.folkhalsan.fi\/en\/kurser\/smabarnsfamiljer\/family-cafe-in-espoo\/\" target=\"_blank\">Multicultural Family Caf\u00e9<\/a>.<\/p>\n\n\n\n<p>Esbo Lutheran Church arranges <a aria-label=\"family caf\u00e9s (opens in a new tab)\" href=\"https:\/\/www.esboforsamlingar.fi\/kom-med\/barn-och-familj\" target=\"_blank\" rel=\"noreferrer noopener\" class=\"ek-link\">family caf\u00e9s<\/a> in different chapels around Esbo. <\/p>\n<\/div><\/div>\n\n\n\n<div class=\"ghostkit-accordion-item\"><a href=\"#accordion-vanda-1\" class=\"ghostkit-accordion-item-heading\"><span class=\"ghostkit-accordion-item-label\"><strong>Vanda<\/strong><\/span><span class=\"ghostkit-accordion-item-collapse\"><svg class=\"ghostkit-svg-icon\" width=\"24\" height=\"24\" viewbox=\"0 0 24 24\" fill=\"none\" xmlns=\"http:\/\/www.w3.org\/2000\/svg\"><path d=\"M9.21967 6.2197C9.51256 5.9268 9.98744 5.9268 10.2803 6.2197L15.5303 11.4697C15.8232 11.7626 15.8232 12.2374 15.5303 12.5303L10.2803 17.7803C9.98744 18.0732 9.51256 18.0732 9.21967 17.7803C8.92678 17.4874 8.92678 17.0126 9.21967 16.7197L13.9393 12L9.21967 7.2803C8.92678 6.9874 8.92678 6.5126 9.21967 6.2197Z\" fill=\"currentColor\"><\/path><\/svg><\/span><\/a><div class=\"ghostkit-accordion-item-content is-layout-flow wp-block-ghostkit-accordion-item-is-layout-flow\">\n<p>Lutheran Church in Vanda arranges different <a rel=\"noreferrer noopener\" href=\"https:\/\/www.vandasvenskaforsamling.fi\/evenemang?category=343695\" target=\"_blank\">family caf\u00e9s<\/a> in chapels around Vantaa\/Vanda.<\/p>\n<\/div><\/div>\n\n\n\n<div class=\"ghostkit-accordion-item\"><a href=\"#accordion-grankulla-1\" class=\"ghostkit-accordion-item-heading\"><span class=\"ghostkit-accordion-item-label\">G<strong>rankulla<\/strong><\/span><span class=\"ghostkit-accordion-item-collapse\"><svg class=\"ghostkit-svg-icon\" width=\"24\" height=\"24\" viewbox=\"0 0 24 24\" fill=\"none\" xmlns=\"http:\/\/www.w3.org\/2000\/svg\"><path d=\"M9.21967 6.2197C9.51256 5.9268 9.98744 5.9268 10.2803 6.2197L15.5303 11.4697C15.8232 11.7626 15.8232 12.2374 15.5303 12.5303L10.2803 17.7803C9.98744 18.0732 9.51256 18.0732 9.21967 17.7803C8.92678 17.4874 8.92678 17.0126 9.21967 16.7197L13.9393 12L9.21967 7.2803C8.92678 6.9874 8.92678 6.5126 9.21967 6.2197Z\" fill=\"currentColor\"><\/path><\/svg><\/span><\/a><div class=\"ghostkit-accordion-item-content is-layout-flow wp-block-ghostkit-accordion-item-is-layout-flow\">\n<p id=\"block-e1a53108-318c-4839-ba69-eec9be4e1500\"><a rel=\"noreferrer noopener\" href=\"https:\/\/www.facebook.com\/Kauniaisten-Avoin-Perhetoiminta-Grankullas-%C3%96ppna-Familjeverksamhet-563147387037458\/\" target=\"_blank\">Kauniainen city<\/a>\/Grankullas &#8220;\u00d6ppna Familjeverksamhet&#8221;\/&#8221;Open family activities&#8221; Facebook-page tells about different family activities that is arranged in Grankulla.<\/p>\n\n\n\n<p id=\"block-4a6dd306-96fd-46ce-a471-4e05f3ded9f5\">At Kasabergets park families can come play with kids and adults from&nbsp;<a rel=\"noreferrer noopener\" href=\"http:\/\/ekebodagis.fi\/?page_id=34\" target=\"_blank\">Ekebo daycare<\/a>, on Wednesdays between 9:15 and 11:00<\/p>\n<\/div><\/div>\n<\/div>\n\n\n\n\n\n<h2 class=\"wp-block-heading\" id=\"the-finnish-education-system\">The Finnish education system<\/h2>\n\n\n\n<p>Education is one of the cornerstones of the Finnish welfare society. Finland offers equal opportunities for education for all. Education from pre-primary to higher education is free of charge. <a href=\"https:\/\/www.hel.fi\/static\/liitteet-2019\/KasKo\/vare\/Helsinki_Vasu_EN.pdf\" target=\"_blank\" aria-label=\"The new curricula for pre-primary (opens in a new tab)\" rel=\"noreferrer noopener\" class=\"ek-link\">The new curricula for pre-primary<\/a> and basic education focus on learning, not steering. Teachers in Finland are highly educated and strongly committed to their work. <br \/>You can choose either the Swedish or the Finnish path for the education. If you start daycare, early childhood education, in Swedish you usually continue the education path in Swedish through basic education. A vast majority even continue the Swedish path at higher education as well. <a aria-label=\"Read more (opens in a new tab)\" rel=\"noreferrer noopener\" class=\"ek-link\" href=\"https:\/\/minedu.fi\/en\/education-system\" target=\"_blank\">Read more<\/a>.<\/p>\n\n\n\n<div class=\"ghostkit-accordion ghostkit-accordion-1\">\n<div class=\"ghostkit-accordion-item ghostkit-accordion-item-active\"><a href=\"#accordionthe-swedish-education-system-consists-of\" class=\"ghostkit-accordion-item-heading\"><span class=\"ghostkit-accordion-item-label\"><strong>THE SWEDISH  EDUCATION SYSTEM CONSISTS OF:<\/strong><\/span><span class=\"ghostkit-accordion-item-collapse\"><svg class=\"ghostkit-svg-icon\" width=\"24\" height=\"24\" viewbox=\"0 0 24 24\" fill=\"none\" xmlns=\"http:\/\/www.w3.org\/2000\/svg\"><path d=\"M9.21967 6.2197C9.51256 5.9268 9.98744 5.9268 10.2803 6.2197L15.5303 11.4697C15.8232 11.7626 15.8232 12.2374 15.5303 12.5303L10.2803 17.7803C9.98744 18.0732 9.51256 18.0732 9.21967 17.7803C8.92678 17.4874 8.92678 17.0126 9.21967 16.7197L13.9393 12L9.21967 7.2803C8.92678 6.9874 8.92678 6.5126 9.21967 6.2197Z\" fill=\"currentColor\"><\/path><\/svg><\/span><\/a><div class=\"ghostkit-accordion-item-content is-layout-flow wp-block-ghostkit-accordion-item-is-layout-flow\">\n<ul class=\"wp-block-list\"><li><a rel=\"noreferrer noopener\" href=\"https:\/\/minedu.fi\/en\/education-system#ecec\" target=\"_blank\">early childhood education and care&nbsp;&nbsp;for children before the compulsory education begins, from age 1 &#8211; 6.<\/a><\/li><li><a rel=\"noreferrer noopener\" href=\"https:\/\/minedu.fi\/en\/education-system#pre-primary\" target=\"_blank\">pre-primary education&nbsp;<\/a>&nbsp;is provided for children in the year before basic education begins. It is compulsory now and also called 0-class, for 6 year olds.<\/li><li>nine-year&nbsp;<a href=\"https:\/\/minedu.fi\/en\/education-system#Basic%20education\" target=\"_blank\" rel=\"noreferrer noopener\">basic education&nbsp;<\/a>(comprehensive school), which is compulsory,<\/li><li><a rel=\"noreferrer noopener\" href=\"https:\/\/minedu.fi\/en\/education-system#Upper%20secondary%20education\" target=\"_blank\">upper secondary education<\/a>, which is either general upper secondary education (gymnasium) or vocational education and training (yrkesskola), and<\/li><li><a rel=\"noreferrer noopener\" href=\"https:\/\/minedu.fi\/en\/education-system#Higher%20education\" target=\"_blank\">higher education<\/a>&nbsp;provided by universities and universities of applied sciences.<\/li><li>Furthermore,&nbsp;<a href=\"https:\/\/minedu.fi\/en\/education-system#Adult%20education\" target=\"_blank\" rel=\"noreferrer noopener\">adult education&nbsp;<\/a>is also available.<\/li><\/ul>\n<\/div><\/div>\n<\/div>\n\n\n\n<p><\/p>\n\n\n\n<div class=\"ghostkit-accordion ghostkit-accordion-0\"><\/div>\n\n\n\n<h2 class=\"wp-block-heading\" id=\"swedish-preparatory-education\">Swedish preparatory education<\/h2>\n\n\n\n<p>Preparatory education is for children aged 6 &#8211; 17 years, that has just moved to Finland or whose Swedish or Finnish language skills are not yet on a level to study in Finnish or Swedish speaking groups. Preparatory education is offered for a maximum of one year.<\/p>\n\n\n\n<div class=\"ghostkit-accordion ghostkit-accordion-1\">\n<div class=\"ghostkit-accordion-item\"><a href=\"#accordionfind-out-more-about-preparatory-education\" class=\"ghostkit-accordion-item-heading\"><span class=\"ghostkit-accordion-item-label\"><strong>FIND OUT MORE ABOUT PREPARATORY EDUCATION<\/strong><\/span><span class=\"ghostkit-accordion-item-collapse\"><svg class=\"ghostkit-svg-icon\" width=\"24\" height=\"24\" viewbox=\"0 0 24 24\" fill=\"none\" xmlns=\"http:\/\/www.w3.org\/2000\/svg\"><path d=\"M9.21967 6.2197C9.51256 5.9268 9.98744 5.9268 10.2803 6.2197L15.5303 11.4697C15.8232 11.7626 15.8232 12.2374 15.5303 12.5303L10.2803 17.7803C9.98744 18.0732 9.51256 18.0732 9.21967 17.7803C8.92678 17.4874 8.92678 17.0126 9.21967 16.7197L13.9393 12L9.21967 7.2803C8.92678 6.9874 8.92678 6.5126 9.21967 6.2197Z\" fill=\"currentColor\"><\/path><\/svg><\/span><\/a><div class=\"ghostkit-accordion-item-content is-layout-flow wp-block-ghostkit-accordion-item-is-layout-flow\">\n<p>During this year, pupils learn Swedish and the skills necessary for basis education. Every pupil receives their own education plan. Within the Swedish schools the preparatory education is offered in the Swedish schools within the same class.<\/p>\n\n\n\n<p>Here you will get more information about the&nbsp;<a aria-label=\" (opens in a new tab)\" rel=\"noreferrer noopener\" class=\"ek-link ek-link\" href=\"https:\/\/www.hel.fi\/helsinki\/sv\/fostran-och-utbildning\/grundskolor\/hur-vad\/valmistava\/\" target=\"_blank\">Swedish preparatory education in Helsinki<\/a>.<\/p>\n\n\n\n<p>If you want to get more information on preparatory education in Espoo, please contact&nbsp;<a aria-label=\" (opens in a new tab)\" rel=\"noreferrer noopener\" class=\"ek-link ek-link\" href=\"https:\/\/www.esbo.fi\/sv-FI\/Utbildning_och_fostran\/Grundlaggande_utbildning\/Kundtjanst\" target=\"_blank\">Svenska bildningstj\u00e4nster<\/a>.<\/p>\n\n\n\n<p>For more information about the Swedish schools in Vanda please phone 040 631 8731, for Grankulla contact the headmaster from the Swedish school&nbsp;<a aria-label=\" (opens in a new tab)\" rel=\"noreferrer noopener\" class=\"ek-link ek-link\" href=\"http:\/\/www.hagelstamskaskolan.fi\/\" target=\"_blank\">Hagelstamska skolan.<\/a><\/p>\n<\/div><\/div>\n<\/div>\n\n\n\n<h2 class=\"wp-block-heading\" id=\"early-childhood-education-or-care\">Early childhood education or care<\/h2>\n\n\n\n<p>Also known as preschool, nursery school or daycare and is for children aged 1-5 years. In Finland most of the early childhood education is provided by the municipality, but you can also choose a private one. <br \/>Early childhood education supports the child\u2019s growth, development and learning. At the same time, it also makes it possible for the parents to work or study. You will find the Swedish early childhood education here:<\/p>\n\n\n\n<div class=\"ghostkit-accordion ghostkit-accordion-4\">\n<div class=\"ghostkit-accordion-item ghostkit-accordion-item-active\"><a href=\"#accordionhelsingfors\" class=\"ghostkit-accordion-item-heading\"><span class=\"ghostkit-accordion-item-label\"><strong>HELSINGFORS<\/strong><\/span><span class=\"ghostkit-accordion-item-collapse\"><svg class=\"ghostkit-svg-icon\" width=\"24\" height=\"24\" viewbox=\"0 0 24 24\" fill=\"none\" xmlns=\"http:\/\/www.w3.org\/2000\/svg\"><path d=\"M9.21967 6.2197C9.51256 5.9268 9.98744 5.9268 10.2803 6.2197L15.5303 11.4697C15.8232 11.7626 15.8232 12.2374 15.5303 12.5303L10.2803 17.7803C9.98744 18.0732 9.51256 18.0732 9.21967 17.7803C8.92678 17.4874 8.92678 17.0126 9.21967 16.7197L13.9393 12L9.21967 7.2803C8.92678 6.9874 8.92678 6.5126 9.21967 6.2197Z\" fill=\"currentColor\"><\/path><\/svg><\/span><\/a><div class=\"ghostkit-accordion-item-content is-layout-flow wp-block-ghostkit-accordion-item-is-layout-flow\">\n<p>A variety of&nbsp;<a aria-label=\" (opens in a new tab)\" class=\"ek-link ek-link\" rel=\"noreferrer noopener\" href=\"https:\/\/www.hel.fi\/sote\/perheentuki-en\/1-6-year-olds\/daycare\/day-care-options\/\" target=\"_blank\">daycare options<\/a>&nbsp;is available for children living in the Capital region, from full time, five days a week, to hiring a nanny.<br \/>Here is a list to&nbsp;<a rel=\"noreferrer noopener\" href=\"http:\/\/www.svenskskola.fi\/en\/ort\/helsingfors\/\" target=\"_blank\" class=\"ek-link\">the Swedish daycare centres in Helsinki,<\/a>&nbsp;both municipality based and private. <br \/>You can also find the&nbsp;<a rel=\"noreferrer noopener\" href=\"https:\/\/servicemap.hel.fi\/unit?category=service:603#\" target=\"_blank\">Swedish daycares on this service map&nbsp;<\/a>. When you allow the map to use your home address it will show you the Swedish early childhood education premise that your household belongs to.<br \/>Early childhood education can be applied all year round.&nbsp;<a rel=\"noreferrer noopener\" href=\"https:\/\/www.hel.fi\/helsinki\/en\/childhood-and-education\/day-care\/daycare\/applying\/applying\" target=\"_blank\">An electronic application&nbsp;<\/a>, or a version on paper,&nbsp; must be sent to municipal daycare four months prior to the need for care. If the need for care is urgent and\/or rises due to employment, studying or education, an early childhood education place must be applied for as soon as possible, but no later than two weeks before the need for care begins.<br \/>In order to apply for private daycare, you must contact the desired daycare centre directly.<\/p>\n<\/div><\/div>\n\n\n\n<div class=\"ghostkit-accordion-item\"><a href=\"#accordionesbo\" class=\"ghostkit-accordion-item-heading\"><span class=\"ghostkit-accordion-item-label\"><strong>ESBO<\/strong><\/span><span class=\"ghostkit-accordion-item-collapse\"><svg class=\"ghostkit-svg-icon\" width=\"24\" height=\"24\" viewbox=\"0 0 24 24\" fill=\"none\" xmlns=\"http:\/\/www.w3.org\/2000\/svg\"><path d=\"M9.21967 6.2197C9.51256 5.9268 9.98744 5.9268 10.2803 6.2197L15.5303 11.4697C15.8232 11.7626 15.8232 12.2374 15.5303 12.5303L10.2803 17.7803C9.98744 18.0732 9.51256 18.0732 9.21967 17.7803C8.92678 17.4874 8.92678 17.0126 9.21967 16.7197L13.9393 12L9.21967 7.2803C8.92678 6.9874 8.92678 6.5126 9.21967 6.2197Z\" fill=\"currentColor\"><\/path><\/svg><\/span><\/a><div class=\"ghostkit-accordion-item-content is-layout-flow wp-block-ghostkit-accordion-item-is-layout-flow\">\n<p>Here is a list to&nbsp;<a aria-label=\" (opens in a new tab)\" rel=\"noreferrer noopener\" class=\"ek-link\" href=\"http:\/\/www.svenskskola.fi\/en\/ort\/esbo\/\" target=\"_blank\">the Swedish daycare centres in Esbo,<\/a>&nbsp;both municipality based and private. <br \/>On this service map you can find the&nbsp;<a aria-label=\" (opens in a new tab)\" rel=\"noreferrer noopener\" class=\"ek-link\" href=\"https:\/\/servicemap.hel.fi\/unit?category=service:603#\" target=\"_blank\">Swedish daycares<\/a>&nbsp;in Esbo. When you allow the map to use your home address it will show you the Swedish early childhood education premise that your household belongs to.<br \/>Early childhood education can be applied all year round.&nbsp;<a aria-label=\" (opens in a new tab)\" rel=\"noreferrer noopener\" class=\"ek-link\" href=\"https:\/\/www.espoo.fi\/en-US\/Eservices\/Early_childhood_education_and_Preprimary_education\/Application_for_early_childhood_education\/Application_for_early_childhood_educatio(80528)\" target=\"_blank\">An application<\/a>&nbsp;to municipal daycare must be sent four months prior to the need for care. If the need for care is urgent and\/or rises due to employment, studying or education, an early childhood education place must be applied for as soon as possible, but no later than two weeks before the need for care begins.<br \/>In order to apply for private daycare, you must contact the desired daycare centre directly.<\/p>\n<\/div><\/div>\n\n\n\n<div class=\"ghostkit-accordion-item\"><a href=\"#accordionvanda\" class=\"ghostkit-accordion-item-heading\"><span class=\"ghostkit-accordion-item-label\"><strong>VANDA<\/strong><\/span><span class=\"ghostkit-accordion-item-collapse\"><svg class=\"ghostkit-svg-icon\" width=\"24\" height=\"24\" viewbox=\"0 0 24 24\" fill=\"none\" xmlns=\"http:\/\/www.w3.org\/2000\/svg\"><path d=\"M9.21967 6.2197C9.51256 5.9268 9.98744 5.9268 10.2803 6.2197L15.5303 11.4697C15.8232 11.7626 15.8232 12.2374 15.5303 12.5303L10.2803 17.7803C9.98744 18.0732 9.51256 18.0732 9.21967 17.7803C8.92678 17.4874 8.92678 17.0126 9.21967 16.7197L13.9393 12L9.21967 7.2803C8.92678 6.9874 8.92678 6.5126 9.21967 6.2197Z\" fill=\"currentColor\"><\/path><\/svg><\/span><\/a><div class=\"ghostkit-accordion-item-content is-layout-flow wp-block-ghostkit-accordion-item-is-layout-flow\">\n<p>Here is a list to&nbsp;<a aria-label=\" (opens in a new tab)\" rel=\"noreferrer noopener\" class=\"ek-link\" href=\"http:\/\/www.svenskskola.fi\/en\/ort\/vanda\/\" target=\"_blank\">the Swedish daycare centres in Vanda,<\/a>&nbsp;both municipality based and private. <br \/>On this service map you can&nbsp;find the&nbsp;<a aria-label=\" (opens in a new tab)\" rel=\"noreferrer noopener\" class=\"ek-link\" href=\"https:\/\/servicemap.hel.fi\/unit?category=service:603#\" target=\"_blank\">Swedish daycares in Vanda&nbsp;<\/a>. When you allow the map to use your home address it will show you the Swedish early childhood education premise that your household belongs to.<br \/>Early childhood education can be applied all year round.&nbsp;<a aria-label=\" (opens in a new tab)\" rel=\"noreferrer noopener\" class=\"ek-link\" href=\"https:\/\/www.vantaa.fi\/instancedata\/prime_product_julkaisu\/vantaa\/embeds\/vantaawwwstructure\/125872_Early_childhood_education_Service_voucher_application_2016.pdf\" target=\"_blank\">An application&nbsp;<\/a>to municipal daycare must be sent four months prior to the need for care. If the need for care is urgent and\/or rises due to employment, studying or education, an early childhood education place must be applied for as soon as possible, but no later than two weeks before the need for care begins.<br \/>In order to apply for private daycare, you must contact the desired daycare centre directly.<\/p>\n<\/div><\/div>\n\n\n\n<div class=\"ghostkit-accordion-item\"><a href=\"#accordiongrankulla\" class=\"ghostkit-accordion-item-heading\"><span class=\"ghostkit-accordion-item-label\"><strong>GRANKULLA<\/strong><\/span><span class=\"ghostkit-accordion-item-collapse\"><svg class=\"ghostkit-svg-icon\" width=\"24\" height=\"24\" viewbox=\"0 0 24 24\" fill=\"none\" xmlns=\"http:\/\/www.w3.org\/2000\/svg\"><path d=\"M9.21967 6.2197C9.51256 5.9268 9.98744 5.9268 10.2803 6.2197L15.5303 11.4697C15.8232 11.7626 15.8232 12.2374 15.5303 12.5303L10.2803 17.7803C9.98744 18.0732 9.51256 18.0732 9.21967 17.7803C8.92678 17.4874 8.92678 17.0126 9.21967 16.7197L13.9393 12L9.21967 7.2803C8.92678 6.9874 8.92678 6.5126 9.21967 6.2197Z\" fill=\"currentColor\"><\/path><\/svg><\/span><\/a><div class=\"ghostkit-accordion-item-content is-layout-flow wp-block-ghostkit-accordion-item-is-layout-flow\">\n<p>Here is a list to&nbsp;<a aria-label=\" (opens in a new tab)\" rel=\"noreferrer noopener\" href=\"http:\/\/www.svenskskola.fi\/en\/ort\/grankulla\/\" target=\"_blank\" class=\"ek-link\">the Swedish daycare centres in Grankulla,<\/a>&nbsp;both municipality based and private. <br \/>You can find the&nbsp;<a aria-label=\" (opens in a new tab)\" rel=\"noreferrer noopener\" href=\"https:\/\/servicemap.hel.fi\/unit?category=service:603#\" target=\"_blank\" class=\"ek-link\">daycares in Grankulla on this service map&nbsp;<\/a>. When you allow the map to use your home address it will show you the Swedish early childhood education premise that your household belongs to.<br \/>Here you will find a&nbsp;<a aria-label=\" (opens in a new tab)\" rel=\"noreferrer noopener\" href=\"https:\/\/www.kauniainen.fi\/files\/9030\/Englanninkielinen_palveluopas01082015.pdf\" target=\"_blank\" class=\"ek-link\">detailed description<\/a>&nbsp;of the daycare system in Finland and specially in Grankulla\/Kauniainen.<br \/>The <a aria-label=\"application system (opens in a new tab)\" href=\"https:\/\/vakaweb11.service.tieto.com\/HCW.Welfare.Common.OpenDesktopWeb\/HCW.Welfare.Common.DesktopWeb\/Framework.aspx?Domain=KauniainenEffica_ETKAU&amp;uiculture=sv-FI\" target=\"_blank\" rel=\"noreferrer noopener\" class=\"ek-link\">application system<\/a> for early childhood eduacation is only in Swedish or Finnish in Grankulla. <br \/>You can contact the Chief for&nbsp;Early Childhood Education Annika Hiitola, annika.hiitola [at] kauniainen.fi&nbsp;, phone&nbsp; 050 341 6269, Monday, Tuesday and Thursday&nbsp; 9.30 &#8211; 11 if you have any questions.<\/p>\n<\/div><\/div>\n<\/div>\n\n\n\n\n\n<h3 class=\"wp-block-heading\" id=\"preprimary-education\">Pre-primary education<\/h3>\n\n\n\n<p>Also know as preschool or kindergarten, for 6 years olds. You apply for the pre-primary education premise in January the same year your child will turn six. The pre-primary education starts in August that year. The pre-primary school year follows the calendar of the school, starts in August and ends in late May or beginning of June.  <br \/>The goal of pre-primary education is to improve children\u2019s opportunities for learning and development. It is free of charge and compulsory for all children.<br \/><strong>To be noted<\/strong>; each child will be appointed to a Finnish pre-primary education premise if the mother tongue is something else then Swedish. If you want your child to enroll to a Swedish pre-primary eduction premise you should be in contact with the principal of the Swedish school or the head of the Swedish daycare in your area.<\/p>\n\n\n\n<div class=\"ghostkit-accordion ghostkit-accordion-4\">\n<div class=\"ghostkit-accordion-item\"><a href=\"#accordionhelsingfors-1\" class=\"ghostkit-accordion-item-heading\"><span class=\"ghostkit-accordion-item-label\"><strong>HELSINGFORS<\/strong><\/span><span class=\"ghostkit-accordion-item-collapse\"><svg class=\"ghostkit-svg-icon\" width=\"24\" height=\"24\" viewbox=\"0 0 24 24\" fill=\"none\" xmlns=\"http:\/\/www.w3.org\/2000\/svg\"><path d=\"M9.21967 6.2197C9.51256 5.9268 9.98744 5.9268 10.2803 6.2197L15.5303 11.4697C15.8232 11.7626 15.8232 12.2374 15.5303 12.5303L10.2803 17.7803C9.98744 18.0732 9.51256 18.0732 9.21967 17.7803C8.92678 17.4874 8.92678 17.0126 9.21967 16.7197L13.9393 12L9.21967 7.2803C8.92678 6.9874 8.92678 6.5126 9.21967 6.2197Z\" fill=\"currentColor\"><\/path><\/svg><\/span><\/a><div class=\"ghostkit-accordion-item-content is-layout-flow wp-block-ghostkit-accordion-item-is-layout-flow\">\n<p>On this service map you will find&nbsp;<a aria-label=\" (opens in a new tab)\" rel=\"noreferrer noopener\" href=\"https:\/\/servicemap.hel.fi\/search?q=f%C3%B6rskola#\" target=\"_blank\" class=\"ek-link\">the Swedish pre-primary education<\/a>&nbsp;premises in Helsinki. When you allow the map to use your home address it will show you the Swedish pre-primary education premise that your household belongs to.<br \/>Contact them if you want your child to take the Swedish education pathway.<\/p>\n<\/div><\/div>\n\n\n\n<div class=\"ghostkit-accordion-item\"><a href=\"#accordionesbo-1\" class=\"ghostkit-accordion-item-heading\"><span class=\"ghostkit-accordion-item-label\"><strong>ESBO<\/strong><\/span><span class=\"ghostkit-accordion-item-collapse\"><svg class=\"ghostkit-svg-icon\" width=\"24\" height=\"24\" viewbox=\"0 0 24 24\" fill=\"none\" xmlns=\"http:\/\/www.w3.org\/2000\/svg\"><path d=\"M9.21967 6.2197C9.51256 5.9268 9.98744 5.9268 10.2803 6.2197L15.5303 11.4697C15.8232 11.7626 15.8232 12.2374 15.5303 12.5303L10.2803 17.7803C9.98744 18.0732 9.51256 18.0732 9.21967 17.7803C8.92678 17.4874 8.92678 17.0126 9.21967 16.7197L13.9393 12L9.21967 7.2803C8.92678 6.9874 8.92678 6.5126 9.21967 6.2197Z\" fill=\"currentColor\"><\/path><\/svg><\/span><\/a><div class=\"ghostkit-accordion-item-content is-layout-flow wp-block-ghostkit-accordion-item-is-layout-flow\">\n<p>Each pre-primary schools in Espoo gather children from the same area as the school. Here you will find the<a aria-label=\" (opens in a new tab)\" rel=\"noreferrer noopener\" href=\"https:\/\/www.esbo.fi\/sv-FI\/Utbildning_och_fostran\/Forskoleundervisning\/Forskolor\" target=\"_blank\" class=\"ek-link\">&nbsp;Swedish pre-primary schools in Esbo<\/a>.<br \/>If you have received a Finnish or English letter concerning the pre-primary education, but you would like your child to start in a Swedish pre-primary school, please contact&nbsp;<a aria-label=\" (opens in a new tab)\" rel=\"noreferrer noopener\" href=\"https:\/\/www.esbo.fi\/sv-FI\/Utbildning_och_fostran\/Grundlaggande_utbildning\/Kundtjanst\" target=\"_blank\" class=\"ek-link\">Svenska bildningstj\u00e4nster<\/a>. Svenska bildningstj\u00e4nster are those who deals with the Swedish education pathway.<\/p>\n<\/div><\/div>\n\n\n\n<div class=\"ghostkit-accordion-item\"><a href=\"#accordionvanda-1\" class=\"ghostkit-accordion-item-heading\"><span class=\"ghostkit-accordion-item-label\"><strong>VANDA<\/strong><\/span><span class=\"ghostkit-accordion-item-collapse\"><svg class=\"ghostkit-svg-icon\" width=\"24\" height=\"24\" viewbox=\"0 0 24 24\" fill=\"none\" xmlns=\"http:\/\/www.w3.org\/2000\/svg\"><path d=\"M9.21967 6.2197C9.51256 5.9268 9.98744 5.9268 10.2803 6.2197L15.5303 11.4697C15.8232 11.7626 15.8232 12.2374 15.5303 12.5303L10.2803 17.7803C9.98744 18.0732 9.51256 18.0732 9.21967 17.7803C8.92678 17.4874 8.92678 17.0126 9.21967 16.7197L13.9393 12L9.21967 7.2803C8.92678 6.9874 8.92678 6.5126 9.21967 6.2197Z\" fill=\"currentColor\"><\/path><\/svg><\/span><\/a><div class=\"ghostkit-accordion-item-content is-layout-flow wp-block-ghostkit-accordion-item-is-layout-flow\">\n<p>Short information about the pre-primary school in Vantaa can be found<a aria-label=\" (opens in a new tab)\" rel=\"noreferrer noopener\" class=\"ek-link ek-link\" href=\"https:\/\/www.vantaa.fi\/day_care_and_education\/preschool_education\/child_in_preschool_education\" target=\"_blank\">&nbsp;here.&nbsp;<\/a>If you want to enroll into the Swedish pre-primary education please phone 040182 4080 for more advice.<\/p>\n<\/div><\/div>\n\n\n\n<div class=\"ghostkit-accordion-item\"><a href=\"#accordiongrankulla-1\" class=\"ghostkit-accordion-item-heading\"><span class=\"ghostkit-accordion-item-label\"><strong>GRANKULLA<\/strong><\/span><span class=\"ghostkit-accordion-item-collapse\"><svg class=\"ghostkit-svg-icon\" width=\"24\" height=\"24\" viewbox=\"0 0 24 24\" fill=\"none\" xmlns=\"http:\/\/www.w3.org\/2000\/svg\"><path d=\"M9.21967 6.2197C9.51256 5.9268 9.98744 5.9268 10.2803 6.2197L15.5303 11.4697C15.8232 11.7626 15.8232 12.2374 15.5303 12.5303L10.2803 17.7803C9.98744 18.0732 9.51256 18.0732 9.21967 17.7803C8.92678 17.4874 8.92678 17.0126 9.21967 16.7197L13.9393 12L9.21967 7.2803C8.92678 6.9874 8.92678 6.5126 9.21967 6.2197Z\" fill=\"currentColor\"><\/path><\/svg><\/span><\/a><div class=\"ghostkit-accordion-item-content is-layout-flow wp-block-ghostkit-accordion-item-is-layout-flow\">\n<p>Short information about the pre-primary school in Grankulla can be found<a aria-label=\" (opens in a new tab)\" class=\"ek-link ek-link\" rel=\"noreferrer noopener\" href=\"https:\/\/www.kauniainen.fi\/en\/education_and_daycare\/day-care_and_pre-schools\" target=\"_blank\">&nbsp;here.&nbsp;<\/a>If you want to enroll into the Swedish pre-primary education please contact the Chief for Early Childhood Education Annika Hiitola, annika.hiitola [at] kauniainen.fi&nbsp;, phone&nbsp; 050 341 6269, Monday, Tuesday and Thursday&nbsp; 9.30 &#8211; 11. <\/p>\n<\/div><\/div>\n<\/div>\n\n\n\n<div class=\"wp-block-group\"><div class=\"wp-block-group__inner-container is-layout-flow wp-block-group-is-layout-flow\">\n<div class=\"wp-block-group alignwide\"><div class=\"wp-block-group__inner-container is-layout-flow wp-block-group-is-layout-flow\">\n<h2 class=\"wp-block-heading\" id=\"comprehensive-education\">Comprehensive education<\/h2>\n\n\n\n<p>Also known as elementary school or junior school, for children aged 7-15 years. The city will appoint each child to a certain school based on where he\/she resides. Enrollment&nbsp;is done either by visiting the school on a fixed date in January or online during a time period in January.<br \/><strong>To be noted<\/strong>; each child will be appointed to a Finnish school if the mother tongue is something else then Swedish. If you want your child to enroll to a Swedish school you should be in contact with the principal of the Swedish school in your area.<\/p>\n\n\n\n<div class=\"ghostkit-accordion ghostkit-accordion-4\">\n<div class=\"ghostkit-accordion-item\"><a href=\"#accordionhelsingfors-2\" class=\"ghostkit-accordion-item-heading\"><span class=\"ghostkit-accordion-item-label\"><strong>HELSINGFORS<\/strong><\/span><span class=\"ghostkit-accordion-item-collapse\"><svg class=\"ghostkit-svg-icon\" width=\"24\" height=\"24\" viewbox=\"0 0 24 24\" fill=\"none\" xmlns=\"http:\/\/www.w3.org\/2000\/svg\"><path d=\"M9.21967 6.2197C9.51256 5.9268 9.98744 5.9268 10.2803 6.2197L15.5303 11.4697C15.8232 11.7626 15.8232 12.2374 15.5303 12.5303L10.2803 17.7803C9.98744 18.0732 9.51256 18.0732 9.21967 17.7803C8.92678 17.4874 8.92678 17.0126 9.21967 16.7197L13.9393 12L9.21967 7.2803C8.92678 6.9874 8.92678 6.5126 9.21967 6.2197Z\" fill=\"currentColor\"><\/path><\/svg><\/span><\/a><div class=\"ghostkit-accordion-item-content is-layout-flow wp-block-ghostkit-accordion-item-is-layout-flow\">\n<p>The Swedish schools in Helsingfors\/Helsinki are&nbsp;<a aria-label=\" (opens in a new tab)\" rel=\"noreferrer noopener\" href=\"https:\/\/www.hel.fi\/peruskoulut\/sv\/skolor-omrade\/\" target=\"_blank\" class=\"ek-link\">divided in four main districts.<\/a>&nbsp;Within each district you will find schools for primary education years 1 \u2013 6 and in each district one school for pupils in classes 7\u2013 9 grade. To find out the school that the children in your area belongs to you could visit the&nbsp;<a aria-label=\" (opens in a new tab)\" class=\"ek-link ek-link\" rel=\"noreferrer noopener\" href=\"https:\/\/servicekarta.hel.fi\/#\" target=\"_blank\">servicemap<\/a>&nbsp;and type in your home address.<\/p>\n\n\n\n<p>Enrolment in school is carried out <strong>online at <a href=\"https:\/\/asti.hel.fi\/\">asti.hel.fi<\/a> in January<\/strong>. Instructions and further information about the online enrolment will be posted to homes along with the compulsory education note. <a aria-label=\"Read more here (opens in a new tab)\" href=\"https:\/\/www.hel.fi\/helsinki\/en\/childhood-and-education\/comprehensive\/enrollment\" target=\"_blank\" rel=\"noreferrer noopener\" class=\"ek-link\">Read more here<\/a>.<\/p>\n<\/div><\/div>\n\n\n\n<div class=\"ghostkit-accordion-item\"><a href=\"#accordionesbo-2\" class=\"ghostkit-accordion-item-heading\"><span class=\"ghostkit-accordion-item-label\"><strong>ESBO<\/strong><\/span><span class=\"ghostkit-accordion-item-collapse\"><svg class=\"ghostkit-svg-icon\" width=\"24\" height=\"24\" viewbox=\"0 0 24 24\" fill=\"none\" xmlns=\"http:\/\/www.w3.org\/2000\/svg\"><path d=\"M9.21967 6.2197C9.51256 5.9268 9.98744 5.9268 10.2803 6.2197L15.5303 11.4697C15.8232 11.7626 15.8232 12.2374 15.5303 12.5303L10.2803 17.7803C9.98744 18.0732 9.51256 18.0732 9.21967 17.7803C8.92678 17.4874 8.92678 17.0126 9.21967 16.7197L13.9393 12L9.21967 7.2803C8.92678 6.9874 8.92678 6.5126 9.21967 6.2197Z\" fill=\"currentColor\"><\/path><\/svg><\/span><\/a><div class=\"ghostkit-accordion-item-content is-layout-flow wp-block-ghostkit-accordion-item-is-layout-flow\">\n<p>Here you will find more information about <a aria-label=\"the Swedish schools (opens in a new tab)\" href=\"https:\/\/www.esbo.fi\/sv-FI\/Utbildning_och_fostran\/Grundlaggande_utbildning\/Skolor\" target=\"_blank\" rel=\"noreferrer noopener\" class=\"ek-link\">the Swedish schools&nbsp;<\/a>in Esbo\/Espoo.<\/p>\n\n\n\n<p>Enrolling in the 1st grade of&nbsp;comprehensive school takes place <strong>in January <\/strong>through the electronic&nbsp;<a rel=\"noreferrer noopener\" href=\"https:\/\/wilma.espoo.fi\/\" target=\"_blank\" class=\"ek-link\">Wilma<\/a>&nbsp;service. <a aria-label=\"Read more here (opens in a new tab)\" href=\"https:\/\/www.espoo.fi\/en-US\/Childcare_and_education\/Comprehensive_education\/School_admissions\" target=\"_blank\" rel=\"noreferrer noopener\" class=\"ek-link\">Read more here<\/a>.<\/p>\n<\/div><\/div>\n\n\n\n<div class=\"ghostkit-accordion-item\"><a href=\"#accordion-vanda-2\" class=\"ghostkit-accordion-item-heading\"><span class=\"ghostkit-accordion-item-label\"><strong>VANDA<\/strong><\/span><span class=\"ghostkit-accordion-item-collapse\"><svg class=\"ghostkit-svg-icon\" width=\"24\" height=\"24\" viewbox=\"0 0 24 24\" fill=\"none\" xmlns=\"http:\/\/www.w3.org\/2000\/svg\"><path d=\"M9.21967 6.2197C9.51256 5.9268 9.98744 5.9268 10.2803 6.2197L15.5303 11.4697C15.8232 11.7626 15.8232 12.2374 15.5303 12.5303L10.2803 17.7803C9.98744 18.0732 9.51256 18.0732 9.21967 17.7803C8.92678 17.4874 8.92678 17.0126 9.21967 16.7197L13.9393 12L9.21967 7.2803C8.92678 6.9874 8.92678 6.5126 9.21967 6.2197Z\" fill=\"currentColor\"><\/path><\/svg><\/span><\/a><div class=\"ghostkit-accordion-item-content is-layout-flow wp-block-ghostkit-accordion-item-is-layout-flow\">\n<p>In Vanda\/Vantaa there is&nbsp;<a aria-label=\" (opens in a new tab)\" rel=\"noreferrer noopener\" href=\"https:\/\/www.vanda.fi\/smabarnspedagogik_och_utbildning\/grundlaggande_utbildning\/skolornas_kontaktuppgifter\" target=\"_blank\" class=\"ek-link\">five Swedish comprehensive schools<\/a>.<br \/>Here is the application form for the&nbsp;<a aria-label=\" (opens in a new tab)\" href=\"https:\/\/www.vanda.fi\/instancedata\/prime_product_julkaisu\/vantaa\/embeds\/vantaawwwstructure\/142751_531166r.pdf\" target=\"_blank\" rel=\"noreferrer noopener\" class=\"ek-link\">Swedish schools in Vanda<\/a>. Within this form they do also ask about the wish to study the own mother tongue and own religion. It is important to fill in the information while applying for a place in the school.<\/p>\n\n\n\n<p>You can enroll your child in first grade through the online <a href=\"https:\/\/vantaa.inschool.fi\/\" target=\"_blank\" aria-label=\"Wilma system (opens in a new tab)\" rel=\"noreferrer noopener\" class=\"ek-link\">Wilma system<\/a> in January. <a href=\"https:\/\/www.vantaa.fi\/day_care_and_education\/basic_education\/enrollment\/beginning_school\" target=\"_blank\" aria-label=\"Read more here. (opens in a new tab)\" rel=\"noreferrer noopener\" class=\"ek-link\">Read more here.<\/a><\/p>\n<\/div><\/div>\n\n\n\n<div class=\"ghostkit-accordion-item\"><a href=\"#accordiongrankulla-2\" class=\"ghostkit-accordion-item-heading\"><span class=\"ghostkit-accordion-item-label\"><strong>GRANKULLA<\/strong><\/span><span class=\"ghostkit-accordion-item-collapse\"><svg class=\"ghostkit-svg-icon\" width=\"24\" height=\"24\" viewbox=\"0 0 24 24\" fill=\"none\" xmlns=\"http:\/\/www.w3.org\/2000\/svg\"><path d=\"M9.21967 6.2197C9.51256 5.9268 9.98744 5.9268 10.2803 6.2197L15.5303 11.4697C15.8232 11.7626 15.8232 12.2374 15.5303 12.5303L10.2803 17.7803C9.98744 18.0732 9.51256 18.0732 9.21967 17.7803C8.92678 17.4874 8.92678 17.0126 9.21967 16.7197L13.9393 12L9.21967 7.2803C8.92678 6.9874 8.92678 6.5126 9.21967 6.2197Z\" fill=\"currentColor\"><\/path><\/svg><\/span><\/a><div class=\"ghostkit-accordion-item-content is-layout-flow wp-block-ghostkit-accordion-item-is-layout-flow\">\n<p>In Grankulla\/Kauniainen 1-6 graders are in <a aria-label=\"Granhultsskolan (opens in a new tab)\" href=\"https:\/\/www.granhultsskolan.fi\/\" target=\"_blank\" rel=\"noreferrer noopener\" class=\"ek-link\">Granhultsskolan<\/a> and 7-9 graders in <a aria-label=\" (opens in a new tab)\" class=\"ek-link ek-link\" href=\"http:\/\/www.hagelstamskaskolan.fi\/\" rel=\"noreferrer noopener\" target=\"_blank\">Hagelstamska skolan.<\/a><\/p>\n\n\n\n<p>You can enroll your child in first grade through the online <a aria-label=\"Wilma system (opens in a new tab)\" href=\"https:\/\/kauniainen.inschool.fi\/\" target=\"_blank\" rel=\"noreferrer noopener\" class=\"ek-link\">Wilma system<\/a>. You can <a aria-label=\"read more here (opens in a new tab)\" href=\"https:\/\/www.kauniainen.fi\/sv\/utbildning_och_smabarnspedagogik\/grundutbildning_och_gymnasier\" target=\"_blank\" rel=\"noreferrer noopener\" class=\"ek-link\">read more here<\/a>, in Swedish, or contact Catharina Sunesdotter, rector of Swedish-language undergraduate education phone 050 4148305, catharina.sunesdotter(at)edu.grankulla.fi<\/p>\n<\/div><\/div>\n<\/div>\n<\/div><\/div>\n<\/div><\/div>\n\n\n\n<div class=\"wp-block-group\"><div class=\"wp-block-group__inner-container is-layout-flow wp-block-group-is-layout-flow\">\n<h2 class=\"wp-block-heading\" id=\"school-subjects-to-keep-in-mind\">School subjects to keep in mind<\/h2>\n\n\n\n<div class=\"ghostkit-accordion ghostkit-accordion-3\">\n<div class=\"ghostkit-accordion-item\"><a href=\"#accordionswedish-as-a-second-language\" class=\"ghostkit-accordion-item-heading\"><span class=\"ghostkit-accordion-item-label\"><strong>SWEDISH AS A SECOND LANGUAGE<\/strong><\/span><span class=\"ghostkit-accordion-item-collapse\"><svg class=\"ghostkit-svg-icon\" width=\"24\" height=\"24\" viewbox=\"0 0 24 24\" fill=\"none\" xmlns=\"http:\/\/www.w3.org\/2000\/svg\"><path d=\"M9.21967 6.2197C9.51256 5.9268 9.98744 5.9268 10.2803 6.2197L15.5303 11.4697C15.8232 11.7626 15.8232 12.2374 15.5303 12.5303L10.2803 17.7803C9.98744 18.0732 9.51256 18.0732 9.21967 17.7803C8.92678 17.4874 8.92678 17.0126 9.21967 16.7197L13.9393 12L9.21967 7.2803C8.92678 6.9874 8.92678 6.5126 9.21967 6.2197Z\" fill=\"currentColor\"><\/path><\/svg><\/span><\/a><div class=\"ghostkit-accordion-item-content is-layout-flow wp-block-ghostkit-accordion-item-is-layout-flow\">\n<p>In the Swedish school the pupils can study Swedish as a second language and literature (S2) if their mother tongue is not Swedish or they have a multilingual background. The selection of the syllabus is always based on the pupil\u2019s needs as assessed by the pupil\u2019s teachers.<\/p>\n<\/div><\/div>\n\n\n\n<div class=\"ghostkit-accordion-item\"><a href=\"#accordionown-mother-tongue\" class=\"ghostkit-accordion-item-heading\"><span class=\"ghostkit-accordion-item-label\"><strong>OWN MOTHER TONGUE<\/strong><\/span><span class=\"ghostkit-accordion-item-collapse\"><svg class=\"ghostkit-svg-icon\" width=\"24\" height=\"24\" viewbox=\"0 0 24 24\" fill=\"none\" xmlns=\"http:\/\/www.w3.org\/2000\/svg\"><path d=\"M9.21967 6.2197C9.51256 5.9268 9.98744 5.9268 10.2803 6.2197L15.5303 11.4697C15.8232 11.7626 15.8232 12.2374 15.5303 12.5303L10.2803 17.7803C9.98744 18.0732 9.51256 18.0732 9.21967 17.7803C8.92678 17.4874 8.92678 17.0126 9.21967 16.7197L13.9393 12L9.21967 7.2803C8.92678 6.9874 8.92678 6.5126 9.21967 6.2197Z\" fill=\"currentColor\"><\/path><\/svg><\/span><\/a><div class=\"ghostkit-accordion-item-content is-layout-flow wp-block-ghostkit-accordion-item-is-layout-flow\">\n<p>The schools offers studies for maintaining the pupil\u2019s mother tongue, home language or language skills obtained abroad. Remember to ask for the form about mother tongue studies. It\u2019s up to the family to ask for this service.<\/p>\n\n\n\n<p>The language studies are organized according to the number of pupils enrolled in these studies. Studies can be offered at the pupil\u2019s own school, or they may have to take the lessons at another school. The language studies complement the comprehensive education, and the pupil will receive a separate verbal assessment for these studies.<\/p>\n\n\n\n<p>Participation in the mother tongue studies is optional; however, once the pupil has enrolled in the studies, they are required to attend the lessons regularly. <\/p>\n\n\n\n<p>The&nbsp;application form&nbsp;for mother tongue studies in Helsinki:<\/p>\n\n\n\n<ul class=\"wp-block-list\"><li><a aria-label=\" (opens in a new tab)\" rel=\"noreferrer noopener\" href=\"https:\/\/www.hel.fi\/static\/liitteet\/kasvatuksen-ja-koulutuksen-toimiala\/lomakkeet\/71sv.pdf\" target=\"_blank\" class=\"ek-link\">swedish<\/a><\/li><li><a aria-label=\" (opens in a new tab)\" rel=\"noreferrer noopener\" href=\"https:\/\/www.hel.fi\/static\/liitteet\/kasvatuksen-ja-koulutuksen-toimiala\/lomakkeet\/72.pdf\" target=\"_blank\" class=\"ek-link\">english<\/a><\/li><li><a aria-label=\" (opens in a new tab)\" rel=\"noreferrer noopener\" href=\"https:\/\/www.hel.fi\/static\/liitteet\/kasvatuksen-ja-koulutuksen-toimiala\/lomakkeet\/75.pdf\" target=\"_blank\" class=\"ek-link\">somali<\/a><\/li><li><a aria-label=\" (opens in a new tab)\" rel=\"noreferrer noopener\" href=\"https:\/\/www.hel.fi\/static\/liitteet\/kasvatuksen-ja-koulutuksen-toimiala\/lomakkeet\/74.pdf\" target=\"_blank\" class=\"ek-link\">russian<\/a><\/li><li><a aria-label=\" (opens in a new tab)\" rel=\"noreferrer noopener\" href=\"https:\/\/www.hel.fi\/static\/liitteet\/kasvatuksen-ja-koulutuksen-toimiala\/lomakkeet\/73.pdf\" target=\"_blank\" class=\"ek-link\">french<\/a><\/li><li><a aria-label=\" (opens in a new tab)\" rel=\"noreferrer noopener\" href=\"https:\/\/www.hel.fi\/static\/liitteet\/kasvatuksen-ja-koulutuksen-toimiala\/lomakkeet\/76.pdf\" target=\"_blank\" class=\"ek-link\">arabic<\/a><\/li><\/ul>\n\n\n\n<p>The application form for Esbo can be found <a aria-label=\"here (opens in a new tab)\" rel=\"noreferrer noopener\" href=\"https:\/\/www.espoo.fi\/en-US\/Childcare_and_education\/Comprehensive_education\/Studying_in_comprehensive_school\/Education_of_language_and_cultural_groups\/Own_mother_tongue_instruction\" target=\"_blank\" class=\"ek-link\">here<\/a>.<br \/>The applictaion form for Vanda can be found <a aria-label=\"here (opens in a new tab)\" href=\"https:\/\/www.vanda.fi\/instancedata\/prime_product_julkaisu\/vantaa\/embeds\/vantaawwwstructure\/121342_82823_531126R_1_.pdf\" target=\"_blank\" rel=\"noreferrer noopener\" class=\"ek-link\">here<\/a>. In Swedish only.<br \/>In Grankulla you have to ask for the form directly from the school.<\/p>\n<\/div><\/div>\n\n\n\n<div class=\"ghostkit-accordion-item\"><a href=\"#accordionreligion-and-ethics\" class=\"ghostkit-accordion-item-heading\"><span class=\"ghostkit-accordion-item-label\"><strong>RELIGION AND ETHICS<\/strong><\/span><span class=\"ghostkit-accordion-item-collapse\"><svg class=\"ghostkit-svg-icon\" width=\"24\" height=\"24\" viewbox=\"0 0 24 24\" fill=\"none\" xmlns=\"http:\/\/www.w3.org\/2000\/svg\"><path d=\"M9.21967 6.2197C9.51256 5.9268 9.98744 5.9268 10.2803 6.2197L15.5303 11.4697C15.8232 11.7626 15.8232 12.2374 15.5303 12.5303L10.2803 17.7803C9.98744 18.0732 9.51256 18.0732 9.21967 17.7803C8.92678 17.4874 8.92678 17.0126 9.21967 16.7197L13.9393 12L9.21967 7.2803C8.92678 6.9874 8.92678 6.5126 9.21967 6.2197Z\" fill=\"currentColor\"><\/path><\/svg><\/span><\/a><div class=\"ghostkit-accordion-item-content is-layout-flow wp-block-ghostkit-accordion-item-is-layout-flow\">\n<p>While visiting the school for registration or if you do it through Wilma this about the studies concerning religion and ethics. In all schools Pupils and students participate in religious studies conducted in accordance with the mainstream religion Lutheran, Orthodox religious studies or ethical studies.<\/p>\n\n\n\n<p>Pupils and students who are members of other religious communities can choose to study their own religion or choose one of the other alternatives. As a parent you need to be active and choose which alternative you prefer for your child. There should be a form to fill in other vice ask for guidance. Religion and ethics is a compulsory subject in comprehensive school.<\/p>\n\n\n\n<p>The Helsinki application form, in Finnish, can be found<a aria-label=\" here (opens in a new tab)\" rel=\"noreferrer noopener\" href=\"https:\/\/www.hel.fi\/static\/liitteet-2019\/KasKo\/lomakkeet\/oman-uskonnon-opetus.pdf\" target=\"_blank\" class=\"ek-link\"> here<\/a>.<br \/>The Esbo broschyr can be found <a aria-label=\"here (opens in a new tab)\" href=\"https:\/\/www.espoo.fi\/en-US\/Childcare_and_education\/Comprehensive_education\/Studying_in_comprehensive_school\/Forms_and_applications\" target=\"_blank\" rel=\"noreferrer noopener\" class=\"ek-link\">here<\/a>.<br \/>In Vanda and Grankulla you have to ask for the form straight from the school.<\/p>\n<\/div><\/div>\n<\/div>\n<\/div><\/div>\n\n\n\n\n\n<h2 class=\"wp-block-heading\" id=\"disabilities\">Disabilities<\/h2>\n\n\n\n<p>If your child has disabilities please contact maternity and child health guidance in your municipality.<br \/>If you need peer support you can contact <a aria-label=\"SAMS (opens in a new tab)\" rel=\"noreferrer noopener\" href=\"https:\/\/samsnet.fi\/kontakt\/\" target=\"_blank\" class=\"ek-link\">SAMS<\/a>, an interest organization in the Finnish-Swedish disability area or <a aria-label=\"FDUV, (opens in a new tab)\" rel=\"noreferrer noopener\" href=\"https:\/\/www.fduv.fi\/en\/\" target=\"_blank\" class=\"ek-link\">FDUV,<\/a> the interest organization for Swedish-speaking persons with intellectual disabilities in Finland for assistance.<\/p>\n\n\n\n<h2 class=\"wp-block-heading\" id=\"activities-for-children\">Activities for children<\/h2>\n\n\n\n<div class=\"ghostkit-accordion ghostkit-accordion-4\">\n<div class=\"ghostkit-accordion-item\"><a href=\"#accordioncultural-events\" class=\"ghostkit-accordion-item-heading\"><span class=\"ghostkit-accordion-item-label\"><strong>CULTURAL EVENTS<\/strong><\/span><span class=\"ghostkit-accordion-item-collapse\"><svg class=\"ghostkit-svg-icon\" width=\"24\" height=\"24\" viewbox=\"0 0 24 24\" fill=\"none\" xmlns=\"http:\/\/www.w3.org\/2000\/svg\"><path d=\"M9.21967 6.2197C9.51256 5.9268 9.98744 5.9268 10.2803 6.2197L15.5303 11.4697C15.8232 11.7626 15.8232 12.2374 15.5303 12.5303L10.2803 17.7803C9.98744 18.0732 9.51256 18.0732 9.21967 17.7803C8.92678 17.4874 8.92678 17.0126 9.21967 16.7197L13.9393 12L9.21967 7.2803C8.92678 6.9874 8.92678 6.5126 9.21967 6.2197Z\" fill=\"currentColor\"><\/path><\/svg><\/span><\/a><div class=\"ghostkit-accordion-item-content is-layout-flow wp-block-ghostkit-accordion-item-is-layout-flow\">\n<p><a aria-label=\" (opens in a new tab)\" class=\"ek-link ek-link\" rel=\"noreferrer noopener\" href=\"https:\/\/barnkultur.luckan.fi\/program\/lordagsgodis\/\" target=\"_blank\"><strong>L\u00f6rdagsgodis<\/strong><\/a><strong>&nbsp;at LillaLuckan<\/strong> <br \/>Cultural events are organized regularly at LillaLuckan and programs on Saturdays are called L\u00f6rdagsgodis. The events are mainly in Swedish, but Luckan wants to welcome anyone who wants to join. The program offers children a wide range of cultural activities and performances. All the events are free of charge, but there is a limited amount of spots that you can book at&nbsp;<a aria-label=\" (opens in a new tab)\" href=\"mailto:barnkultur@luckan.fi\" target=\"_blank\" rel=\"noreferrer noopener\" class=\"ek-link\">barnkultur@luckan.fi<\/a>.<\/p>\n\n\n\n<p><strong>Teaterskolan DOT<\/strong><br \/><a aria-label=\" (opens in a new tab)\" rel=\"noreferrer noopener\" href=\"https:\/\/www.teaterskolandot.fi\/sv\/start\/\" target=\"_blank\" class=\"ek-link\">The Theaterschool DOT&nbsp;<\/a>offers Swedish drama pedagogy in Nordsj\u00f6, Busholmen and at Luckan for children at grades 1 -9 during next term. Visit their website for more information.<\/p>\n\n\n\n<p>In <a aria-label=\"Kulturkarnevalen (opens in a new tab)\" rel=\"noreferrer noopener\" href=\"http:\/\/www.e-julkaisu.fi\/Vantaa\/kulttuuri\/kulttuurikaruselli-kevat-2020\/mobile.html#pid=1\" target=\"_blank\" class=\"ek-link\">Kulturkarnevalen<\/a> you can find cultural family activities in Vanda for the spring of 2020. <\/p>\n\n\n\n<p>The libraries in the Capital Region has a lot of events for children:<br \/><a aria-label=\" (opens in a new tab)\" href=\"https:\/\/www.helmet.fi\/sv-FI\/Evenemang_och_tips\/Evenemang?es=20.2.2020&amp;t=Barn%20och%20ungdomar&amp;m=Helsingfors\" target=\"_blank\" rel=\"noreferrer noopener\" class=\"ek-link\">Helsingfors<br \/><\/a><a aria-label=\"Esbo\n (opens in a new tab)\" href=\"https:\/\/www.helmet.fi\/sv-FI\/Evenemang_och_tips\/Evenemang?es=20.2.2020&amp;t=Barn%20och%20ungdomar&amp;m=Esbo\" target=\"_blank\" rel=\"noreferrer noopener\" class=\"ek-link\">Esbo<br \/><\/a><a aria-label=\" (opens in a new tab)\" href=\"https:\/\/www.helmet.fi\/sv-FI\/Evenemang_och_tips\/Evenemang?es=20.2.2020&amp;t=Barn%20och%20ungdomar&amp;m=Vanda\" target=\"_blank\" rel=\"noreferrer noopener\" class=\"ek-link\">Vanda<\/a><br \/><a aria-label=\"Grankulla (opens in a new tab)\" href=\"https:\/\/www.helmet.fi\/sv-FI\/Evenemang_och_tips\/Evenemang?es=20.2.2020&amp;t=Barn%20och%20ungdomar&amp;m=Grankulla\" target=\"_blank\" rel=\"noreferrer noopener\" class=\"ek-link\">Grankulla<\/a><\/p>\n<\/div><\/div>\n\n\n\n<div class=\"ghostkit-accordion-item\"><a href=\"#accordiongymnastics-and-soccer\" class=\"ghostkit-accordion-item-heading\"><span class=\"ghostkit-accordion-item-label\"><strong>GYMNASTICS AND SOCCER<\/strong><\/span><span class=\"ghostkit-accordion-item-collapse\"><svg class=\"ghostkit-svg-icon\" width=\"24\" height=\"24\" viewbox=\"0 0 24 24\" fill=\"none\" xmlns=\"http:\/\/www.w3.org\/2000\/svg\"><path d=\"M9.21967 6.2197C9.51256 5.9268 9.98744 5.9268 10.2803 6.2197L15.5303 11.4697C15.8232 11.7626 15.8232 12.2374 15.5303 12.5303L10.2803 17.7803C9.98744 18.0732 9.51256 18.0732 9.21967 17.7803C8.92678 17.4874 8.92678 17.0126 9.21967 16.7197L13.9393 12L9.21967 7.2803C8.92678 6.9874 8.92678 6.5126 9.21967 6.2197Z\" fill=\"currentColor\"><\/path><\/svg><\/span><\/a><div class=\"ghostkit-accordion-item-content is-layout-flow wp-block-ghostkit-accordion-item-is-layout-flow\">\n<h4 class=\"wp-block-heading\" id=\"gymnastics\">Gymnastics<\/h4>\n\n\n\n<p><a aria-label=\" (opens in a new tab)\" rel=\"noreferrer noopener\" href=\"https:\/\/www.hgk.fi\/juniorer\/nya-gymnaster\/\" target=\"_blank\" class=\"ek-link\">Helsingfors gymnastikklubb<\/a>&nbsp;has some places left in the courses for that start in August. They have activities both in Liikuntamylly in Myllypuro (Sportkvarnen in Kvarnb\u00e4cken) and at Gloriahallen at Pikku Roobertinkatu (Lilla Robertsgatan). Please visit the website for more information.<\/p>\n\n\n\n<p><a aria-label=\"Esbo if\n (opens in a new tab)\" href=\"https:\/\/esboif.fi\/gymnastik\/\" target=\"_blank\" rel=\"noreferrer noopener\" class=\"ek-link\">Esbo if <\/a>is a gymnastics club in Esbo that has groups for children from the age of 4 years.<br \/><br \/><a aria-label=\" (opens in a new tab)\" href=\"https:\/\/toppen.idrott.fi\/verksamhet\/?fbclid=IwAR07WRsVh9HelkCx0xC5fZ63ft4UIUjOMp25AseLpBhc0giaynpGwPMTz60\" target=\"_blank\" rel=\"noreferrer noopener\" class=\"ek-link\">Toppen <\/a>is a gymnastics club in Vanda that has groups for children from the age of  4 years.<\/p>\n\n\n\n<p><a href=\"https:\/\/www.ggf.fi\/grupper\/barn-och-familj\/\" target=\"_blank\" aria-label=\"Grankulla gymnastikf\u00f6rening (opens in a new tab)\" rel=\"noreferrer noopener\" class=\"ek-link\">Grankulla gymnastikf\u00f6rening<\/a> is a gymnastics club in Grankulla that has groups for families with children from the age of 2,5 years.<\/p>\n\n\n\n<h4 class=\"wp-block-heading\" id=\"football-soccer\">Football, soccer<\/h4>\n\n\n\n<p>Helsingfors IFK (HIFK) has over 540 children from the age of 4 to youngsters playing and practising football. HIFK offers football borth for boys and girls. Fill in their&nbsp;<a href=\"https:\/\/hifkfotboll.fi\/sv\/juniorer\/\" target=\"_blank\" aria-label=\" (opens in a new tab)\" rel=\"noreferrer noopener\" class=\"ek-link\">application form&nbsp;<\/a>at their website, and they will be in touch with you.<\/p>\n<\/div><\/div>\n\n\n\n<div class=\"ghostkit-accordion-item\"><a href=\"#accordionscouting\" class=\"ghostkit-accordion-item-heading\"><span class=\"ghostkit-accordion-item-label\"><strong>SCOUTING<\/strong><\/span><span class=\"ghostkit-accordion-item-collapse\"><svg class=\"ghostkit-svg-icon\" width=\"24\" height=\"24\" viewbox=\"0 0 24 24\" fill=\"none\" xmlns=\"http:\/\/www.w3.org\/2000\/svg\"><path d=\"M9.21967 6.2197C9.51256 5.9268 9.98744 5.9268 10.2803 6.2197L15.5303 11.4697C15.8232 11.7626 15.8232 12.2374 15.5303 12.5303L10.2803 17.7803C9.98744 18.0732 9.51256 18.0732 9.21967 17.7803C8.92678 17.4874 8.92678 17.0126 9.21967 16.7197L13.9393 12L9.21967 7.2803C8.92678 6.9874 8.92678 6.5126 9.21967 6.2197Z\" fill=\"currentColor\"><\/path><\/svg><\/span><\/a><div class=\"ghostkit-accordion-item-content is-layout-flow wp-block-ghostkit-accordion-item-is-layout-flow\">\n<p>The Scouts usually accepts new members from around the age of 8 but ask your corps about their starting age.<br \/>In Helsinki you can find 14 Swedish corps. From&nbsp;<a href=\"https:\/\/hess.fi\/start\/\">this website&nbsp;<\/a>you can find the corp that is suitable for you and their contact details. In Grankulla you find <a aria-label=\"Grankulla Scoutk\u00e5r (opens in a new tab)\" href=\"https:\/\/www.grankullascoutkar.fi\/start\/\" target=\"_blank\" rel=\"noreferrer noopener\" class=\"ek-link\">Grankulla Scoutk\u00e5r<\/a> and in Vanda <a href=\"http:\/\/nybyggarna.net\/\" target=\"_blank\" aria-label=\"Scoutk\u00e5ren Nybyggarna (opens in a new tab)\" rel=\"noreferrer noopener\" class=\"ek-link\">Scoutk\u00e5ren Nybyggarna<\/a>. Esbo has four corps:<\/p>\n\n\n\n<ul class=\"wp-block-list\"><li><a aria-label=\"S\u00f6drik Stigfinnare (opens in a new tab)\" href=\"http:\/\/sodrikstigfinnare.com\/web\/\" target=\"_blank\" rel=\"noreferrer noopener\" class=\"ek-link\">S\u00f6drik Stigfinnare<\/a>&nbsp;in&nbsp;Esbo Center<\/li><li>Sea Scouts,&nbsp;<a aria-label=\"Sj\u00f6scoutk\u00e5ren Stormf\u00e5geln (opens in a new tab)\" href=\"http:\/\/www.stormfageln.fi\/start\/\" target=\"_blank\" rel=\"noreferrer noopener\" class=\"ek-link\">Sj\u00f6scoutk\u00e5ren Stormf\u00e5geln<\/a>&nbsp;at Nokkala Udd<\/li><li><a aria-label=\"Scoutk\u00e5ren Tre Bj\u00f6rkar (opens in a new tab)\" href=\"https:\/\/trebjorkar.wordpress.com\/\" target=\"_blank\" rel=\"noreferrer noopener\" class=\"ek-link\">Scoutk\u00e5ren Tre Bj\u00f6rkar<\/a>&nbsp;in Dalsvik<\/li><li><a href=\"https:\/\/www.muho.fi\/\" class=\"ek-link\">Scoutk\u00e5ren MuH\u00f6<\/a>&nbsp;in Olars<\/li><\/ul>\n<\/div><\/div>\n\n\n\n<div class=\"ghostkit-accordion-item ghostkit-accordion-item-active\"><a href=\"#accordionmore-activities-for-children-aged-612\" class=\"ghostkit-accordion-item-heading\"><span class=\"ghostkit-accordion-item-label\"><strong>MORE ACTIVITIES FOR CHILDREN AGED 6-12<\/strong><\/span><span class=\"ghostkit-accordion-item-collapse\"><svg class=\"ghostkit-svg-icon\" width=\"24\" height=\"24\" viewbox=\"0 0 24 24\" fill=\"none\" xmlns=\"http:\/\/www.w3.org\/2000\/svg\"><path d=\"M9.21967 6.2197C9.51256 5.9268 9.98744 5.9268 10.2803 6.2197L15.5303 11.4697C15.8232 11.7626 15.8232 12.2374 15.5303 12.5303L10.2803 17.7803C9.98744 18.0732 9.51256 18.0732 9.21967 17.7803C8.92678 17.4874 8.92678 17.0126 9.21967 16.7197L13.9393 12L9.21967 7.2803C8.92678 6.9874 8.92678 6.5126 9.21967 6.2197Z\" fill=\"currentColor\"><\/path><\/svg><\/span><\/a><div class=\"ghostkit-accordion-item-content is-layout-flow wp-block-ghostkit-accordion-item-is-layout-flow\">\n<p><a href=\"https:\/\/www.nos.fi\/startsida\/aktuellt\/\">Norr om stan&nbsp;<\/a>offers free time activity and culture for children and adults in northern Helsinki and in Vanda. Visit their website for more information.<\/p>\n\n\n\n<p><a href=\"https:\/\/www.hel.fi\/sote\/perheentuki-en\/1-6-year-olds\/activities-with-children\/\" class=\"ek-link\">The Family Support<\/a>&nbsp;website gives access to a wide range of services and reliable information on family matters in three languages, Finnish, Swedish and English<\/p>\n\n\n\n<p>At the website&nbsp;<a href=\"https:\/\/www.folkhalsan.fi\/barn\/\" class=\"ek-link\">Folkh\u00e4lsan\/barn&nbsp;<\/a>you will find information in Swedish about and activities for children from birth to the age of twelve.<\/p>\n\n\n\n<p><a aria-label=\"Harrastushaku (opens in a new tab)\" href=\"http:\/\/servicekatalog.luckan.fi\/\" target=\"_blank\" rel=\"noreferrer noopener\" class=\"ek-link\">Harrastushaku<\/a> is a joint search engine for Helsingfors, Esbo and Vanda for hobbies and summer camps. Write <em>Svenska<\/em> in the search box.<\/p>\n\n\n\n<p><a aria-label=\"Sommarkompassen (opens in a new tab)\" href=\"https:\/\/sommarkompassen.fi\/\" target=\"_blank\" rel=\"noreferrer noopener\" class=\"ek-link\">Sommarkompassen<\/a> is a site where you can search for Swedish speaking summer camps.<\/p>\n<\/div><\/div>\n<\/div>\n\n\n\n\n\n<p><\/p>\n<\/div><\/div>\n\n\n\n<div class=\"wp-block-group alignfull ghostkit-custom-2oncI4 has-palette-color-1-background-color has-background\"><div class=\"wp-block-group__inner-container is-layout-flow wp-block-group-is-layout-flow\">\n\n\n<h2 class=\"has-text-align-center wp-block-heading\" id=\"read-more-about\">Read more about..<\/h2>\n\n\n\n<div class=\"wp-block-columns alignwide is-layout-flex wp-container-core-columns-is-layout-d0b3c9c8 wp-block-columns-is-layout-flex\">\n<div class=\"wp-block-column is-layout-flow wp-block-column-is-layout-flow\">\n<div class=\"wp-block-media-text is-stacked-on-mobile has-media-on-the-bottom has-palette-color-5-background-color has-background\"><figure class=\"wp-block-media-text__media\"><a href=\"https:\/\/integration.luckan.fi\/integrating-in-swedish\/swedish-courses\/\"><img loading=\"lazy\" decoding=\"async\" width=\"600\" height=\"400\" src=\"https:\/\/integration.luckan.fi\/wp-content\/uploads\/2020\/05\/DSC03822-600x400.jpg\" alt=\"\" class=\"wp-image-12574 size-medium\" srcset=\"https:\/\/integration.luckan.fi\/wp-content\/uploads\/2020\/05\/DSC03822-600x400.jpg 600w, https:\/\/integration.luckan.fi\/wp-content\/uploads\/2020\/05\/DSC03822-200x133.jpg 200w, https:\/\/integration.luckan.fi\/wp-content\/uploads\/2020\/05\/DSC03822-768x512.jpg 768w, https:\/\/integration.luckan.fi\/wp-content\/uploads\/2020\/05\/DSC03822-1500x1000.jpg 1500w, https:\/\/integration.luckan.fi\/wp-content\/uploads\/2020\/05\/DSC03822-1536x1024.jpg 1536w, https:\/\/integration.luckan.fi\/wp-content\/uploads\/2020\/05\/DSC03822-2048x1365.jpg 2048w\" sizes=\"auto, (max-width: 600px) 100vw, 600px\" \/><\/a><\/figure><div class=\"wp-block-media-text__content\">\n<h3 class=\"wp-block-heading\" id=\"swedish-courses\"><a href=\"https:\/\/integration.luckan.fi\/integrating-in-swedish\/swedish-courses\/\" class=\"ek-link\">Swedish courses<\/a><\/h3>\n<\/div><\/div>\n<\/div>\n\n\n\n<div class=\"wp-block-column is-layout-flow wp-block-column-is-layout-flow\">\n<div class=\"wp-block-media-text is-stacked-on-mobile has-media-on-the-bottom has-palette-color-5-background-color has-background\"><figure class=\"wp-block-media-text__media\"><a href=\"https:\/\/integration.luckan.fi\/integrating-in-swedish\/guidance-for-families\/\"><img loading=\"lazy\" decoding=\"async\" width=\"1500\" height=\"1000\" src=\"https:\/\/integration.luckan.fi\/wp-content\/uploads\/2020\/09\/jeniffer-araujo-6cBKMxTYmWw-unsplash-1500x1000.jpg\" alt=\"\" class=\"wp-image-13214 size-medium\" srcset=\"https:\/\/integration.luckan.fi\/wp-content\/uploads\/2020\/09\/jeniffer-araujo-6cBKMxTYmWw-unsplash-1500x1000.jpg 1500w, https:\/\/integration.luckan.fi\/wp-content\/uploads\/2020\/09\/jeniffer-araujo-6cBKMxTYmWw-unsplash-200x133.jpg 200w, https:\/\/integration.luckan.fi\/wp-content\/uploads\/2020\/09\/jeniffer-araujo-6cBKMxTYmWw-unsplash-600x400.jpg 600w, https:\/\/integration.luckan.fi\/wp-content\/uploads\/2020\/09\/jeniffer-araujo-6cBKMxTYmWw-unsplash-768x512.jpg 768w, https:\/\/integration.luckan.fi\/wp-content\/uploads\/2020\/09\/jeniffer-araujo-6cBKMxTYmWw-unsplash-1536x1024.jpg 1536w, https:\/\/integration.luckan.fi\/wp-content\/uploads\/2020\/09\/jeniffer-araujo-6cBKMxTYmWw-unsplash-2048x1365.jpg 2048w\" sizes=\"auto, (max-width: 1500px) 100vw, 1500px\" \/><\/a><\/figure><div class=\"wp-block-media-text__content\">\n<h3 class=\"wp-block-heading\" id=\"guidance-for-families\"><a href=\"https:\/\/integration.luckan.fi\/integrating-in-swedish\/guidance-for-families\/\" class=\"ek-link\">Guidance for families<\/a><\/h3>\n<\/div><\/div>\n<\/div>\n\n\n\n<div class=\"wp-block-column is-layout-flow wp-block-column-is-layout-flow\">\n<div class=\"wp-block-media-text is-stacked-on-mobile has-media-on-the-bottom has-palette-color-5-background-color has-background\"><figure class=\"wp-block-media-text__media\"><a href=\"https:\/\/integration.luckan.fi\/inswedishinfinland\/\"><img loading=\"lazy\" decoding=\"async\" width=\"1500\" height=\"1000\" src=\"https:\/\/integration.luckan.fi\/wp-content\/uploads\/2021\/01\/Rityta-1@2x_cropped2.png\" alt=\"\" class=\"wp-image-13840 size-medium\" srcset=\"https:\/\/integration.luckan.fi\/wp-content\/uploads\/2021\/01\/Rityta-1@2x_cropped2.png 1500w, https:\/\/integration.luckan.fi\/wp-content\/uploads\/2021\/01\/Rityta-1@2x_cropped2-200x133.png 200w, https:\/\/integration.luckan.fi\/wp-content\/uploads\/2021\/01\/Rityta-1@2x_cropped2-600x400.png 600w, https:\/\/integration.luckan.fi\/wp-content\/uploads\/2021\/01\/Rityta-1@2x_cropped2-768x512.png 768w\" sizes=\"auto, (max-width: 1500px) 100vw, 1500px\" \/><\/a><\/figure><div class=\"wp-block-media-text__content\">\n<h3 class=\"wp-block-heading\" id=\"in-swedish-in-finland\"><a href=\"https:\/\/integration.luckan.fi\/inswedishinfinland\/\" class=\"ek-link\">In Swedish in Finland<\/a><\/h3>\n<\/div><\/div>\n<\/div>\n<\/div>\n\n\n\n<div class=\"wp-block-columns alignwide is-layout-flex wp-container-core-columns-is-layout-d0b3c9c8 wp-block-columns-is-layout-flex\">\n<div class=\"wp-block-column is-layout-flow wp-block-column-is-layout-flow\">\n<div class=\"wp-block-media-text is-stacked-on-mobile has-media-on-the-bottom has-palette-color-5-background-color has-background\"><figure class=\"wp-block-media-text__media\"><a href=\"https:\/\/integration.luckan.fi\/integrating-in-swedish\/\"><img loading=\"lazy\" decoding=\"async\" width=\"1500\" height=\"1000\" src=\"https:\/\/integration.luckan.fi\/wp-content\/uploads\/2021\/01\/info2.jpg\" alt=\"\" class=\"wp-image-13844 size-medium\" srcset=\"https:\/\/integration.luckan.fi\/wp-content\/uploads\/2021\/01\/info2.jpg 1500w, https:\/\/integration.luckan.fi\/wp-content\/uploads\/2021\/01\/info2-200x133.jpg 200w, https:\/\/integration.luckan.fi\/wp-content\/uploads\/2021\/01\/info2-600x400.jpg 600w, https:\/\/integration.luckan.fi\/wp-content\/uploads\/2021\/01\/info2-768x512.jpg 768w\" sizes=\"auto, (max-width: 1500px) 100vw, 1500px\" \/><\/a><\/figure><div class=\"wp-block-media-text__content\">\n<h3 class=\"wp-block-heading\" id=\"integrating-in-swedish\"><a href=\"https:\/\/integration.luckan.fi\/integrating-in-swedish\/\" class=\"ek-link\">Integrating in Swedish<\/a><\/h3>\n<\/div><\/div>\n<\/div>\n\n\n\n<div class=\"wp-block-column is-layout-flow wp-block-column-is-layout-flow\">\n<div class=\"wp-block-media-text is-stacked-on-mobile has-media-on-the-bottom has-palette-color-5-background-color has-background\"><figure class=\"wp-block-media-text__media\"><a href=\"https:\/\/integration.luckan.fi\/integrating-in-swedish\/youth\/\"><img loading=\"lazy\" decoding=\"async\" width=\"1500\" height=\"1000\" src=\"https:\/\/integration.luckan.fi\/wp-content\/uploads\/2021\/01\/yuoth.jpg\" alt=\"\" class=\"wp-image-13842 size-medium\" srcset=\"https:\/\/integration.luckan.fi\/wp-content\/uploads\/2021\/01\/yuoth.jpg 1500w, https:\/\/integration.luckan.fi\/wp-content\/uploads\/2021\/01\/yuoth-200x133.jpg 200w, https:\/\/integration.luckan.fi\/wp-content\/uploads\/2021\/01\/yuoth-600x400.jpg 600w, https:\/\/integration.luckan.fi\/wp-content\/uploads\/2021\/01\/yuoth-768x512.jpg 768w\" sizes=\"auto, (max-width: 1500px) 100vw, 1500px\" \/><\/a><\/figure><div class=\"wp-block-media-text__content\">\n<h3 class=\"wp-block-heading\" id=\"information-for-youth\"><a href=\"https:\/\/integration.luckan.fi\/integrating-in-swedish\/youth\/\" class=\"ek-link\">Information for youth<\/a><\/h3>\n<\/div><\/div>\n<\/div>\n\n\n\n<div class=\"wp-block-column is-layout-flow wp-block-column-is-layout-flow\">\n<div class=\"wp-block-media-text is-stacked-on-mobile has-media-on-the-bottom has-palette-color-5-background-color has-background\"><figure class=\"wp-block-media-text__media\"><a href=\"https:\/\/integration.luckan.fi\/integrating-in-swedish\/adults\/\"><img loading=\"lazy\" decoding=\"async\" width=\"1500\" height=\"1000\" src=\"https:\/\/integration.luckan.fi\/wp-content\/uploads\/2021\/01\/DSC03822-crop.jpg\" alt=\"\" class=\"wp-image-13841 size-medium\" srcset=\"https:\/\/integration.luckan.fi\/wp-content\/uploads\/2021\/01\/DSC03822-crop.jpg 1500w, https:\/\/integration.luckan.fi\/wp-content\/uploads\/2021\/01\/DSC03822-crop-200x133.jpg 200w, https:\/\/integration.luckan.fi\/wp-content\/uploads\/2021\/01\/DSC03822-crop-600x400.jpg 600w, https:\/\/integration.luckan.fi\/wp-content\/uploads\/2021\/01\/DSC03822-crop-768x512.jpg 768w\" sizes=\"auto, (max-width: 1500px) 100vw, 1500px\" \/><\/a><\/figure><div class=\"wp-block-media-text__content\">\n<h3 class=\"wp-block-heading\" id=\"information-for-adults\"><a href=\"https:\/\/integration.luckan.fi\/integrating-in-swedish\/adults\/\" class=\"ek-link\">Information for adults<\/a><\/h3>\n<\/div><\/div>\n<\/div>\n<\/div>\n\n\n<\/div><\/div>\n","protected":false},"excerpt":{"rendered":"<p>Lapset T\u00e4\u00e4lt\u00e4 l\u00f6yd\u00e4t tietoa ruotsalaisesta koulutuspolusta p\u00e4iv\u00e4hoidosta peruskouluun ja siit\u00e4, mit\u00e4 oppiaineita kannattaa pit\u00e4\u00e4 mieless\u00e4. Jos etsit ruotsinkielisi\u00e4 vapaa-ajan aktiviteetteja lapsille, l\u00f6yd\u00e4t t\u00e4\u00e4lt\u00e4 my\u00f6s melko paljon. Raskaus ja taloudellinen tuki perheellesi. Kela on... <a class=\"more-link\" href=\"https:\/\/integration.luckan.fi\/fi\/integrating\/children\/\">Jatka lukemista <span class=\"screen-reader-text\">Lapset<\/span><\/a><\/p>","protected":false},"author":1,"featured_media":0,"parent":2163,"menu_order":0,"comment_status":"closed","ping_status":"closed","template":"tw-no-title.php","meta":{"om_disable_all_campaigns":false,"inline_featured_image":false,"ghostkit_customizer_options":"","ghostkit_custom_css":"","ghostkit_custom_js_head":"","ghostkit_custom_js_foot":"","ghostkit_typography":"","_monsterinsights_skip_tracking":false,"_monsterinsights_sitenote_active":false,"_monsterinsights_sitenote_note":"","_monsterinsights_sitenote_category":0,"cybocfi_hide_featured_image":"","footnotes":""},"class_list":["post-10474","page","type-page","status-publish","hentry","entry"],"aioseo_notices":[],"featured_image_src":null,"_links":{"self":[{"href":"https:\/\/integration.luckan.fi\/fi\/wp-json\/wp\/v2\/pages\/10474","targetHints":{"allow":["GET"]}}],"collection":[{"href":"https:\/\/integration.luckan.fi\/fi\/wp-json\/wp\/v2\/pages"}],"about":[{"href":"https:\/\/integration.luckan.fi\/fi\/wp-json\/wp\/v2\/types\/page"}],"author":[{"embeddable":true,"href":"https:\/\/integration.luckan.fi\/fi\/wp-json\/wp\/v2\/users\/1"}],"replies":[{"embeddable":true,"href":"https:\/\/integration.luckan.fi\/fi\/wp-json\/wp\/v2\/comments?post=10474"}],"version-history":[{"count":0,"href":"https:\/\/integration.luckan.fi\/fi\/wp-json\/wp\/v2\/pages\/10474\/revisions"}],"up":[{"embeddable":true,"href":"https:\/\/integration.luckan.fi\/fi\/wp-json\/wp\/v2\/pages\/2163"}],"wp:attachment":[{"href":"https:\/\/integration.luckan.fi\/fi\/wp-json\/wp\/v2\/media?parent=10474"}],"curies":[{"name":"wp","href":"https:\/\/api.w.org\/{rel}","templated":true}]}}