{"id":14448,"date":"2021-04-09T14:25:28","date_gmt":"2021-04-09T11:25:28","guid":{"rendered":"https:\/\/integration.luckan.fi\/?post_type=integrating_in_swedi&#038;p=14448"},"modified":"2023-07-31T00:34:09","modified_gmt":"2023-07-30T21:34:09","slug":"event-calenders","status":"publish","type":"integratinginswedish","link":"https:\/\/integration.luckan.fi\/sv\/integratinginswedish\/event-calenders\/","title":{"rendered":"Evenemang"},"content":{"rendered":"<p>Inom litteratur, teater, film, musik och poesi har finlandssvenskarna alltid hittat unika s\u00e4tt att uttrycka sig p\u00e5. H\u00e4r \u00e4r n\u00e5gra tips p\u00e5 hur du hittar de kulturupplevelser som passar just dig.<\/p>\n\n\n\n<figure class=\"wp-block-image size-large is-resized\"><img loading=\"lazy\" decoding=\"async\" src=\"https:\/\/integration.luckan.fi\/wp-content\/uploads\/2021\/07\/Ska\u0308rmavbild-2021-07-02-kl.-15.11.31-1500x574.png\" alt=\"\" class=\"wp-image-18002\" style=\"width:375px;height:144px\" width=\"375\" height=\"144\" srcset=\"\" sizes=\"auto, (max-width: 375px) 100vw, 375px\" data-srcset=\"\" \/><\/figure>\n\n\n\n<p><a href=\"https:\/\/luckan.fi\/\" target=\"_blank\" rel=\"noreferrer noopener\">Luckan<\/a> organiserar m\u00e5nga evenemang f\u00f6r en bred publik. Du hittar Luckan <a href=\"https:\/\/www.facebook.com\/LuckanIntegration\/events\/\" target=\"_blank\" rel=\"noreferrer noopener\">Integrations evenemang h\u00e4r<\/a>de \u00e4r oftast p\u00e5 engelska, <a href=\"https:\/\/www.facebook.com\/luckanhelsingfors\/events\/?\" target=\"_blank\" rel=\"noreferrer noopener\">Luckan Helsingfors evenemang h\u00e4r<\/a>, de \u00e4r mestadels p\u00e5 svenska, och <a href=\"https:\/\/www.facebook.com\/lillaluckan\/events\/\" target=\"_blank\" rel=\"noreferrer noopener\">Lilla Luckans evenemang h\u00e4r,<\/a>De \u00e4r avsedda f\u00f6r familjer och barn och \u00e4r oftast p\u00e5 svenska. Alla evenemang \u00e4r gratis och alla \u00e4r v\u00e4lkomna.<\/p>\n\n\n\n<figure class=\"wp-block-image size-large is-resized\"><img loading=\"lazy\" decoding=\"async\" src=\"https:\/\/integration.luckan.fi\/wp-content\/uploads\/2021\/07\/Ska\u0308rmavbild-2021-07-02-kl.-15.06.49-1500x585.png\" alt=\"\" class=\"wp-image-17998\" style=\"width:375px;height:146px\" width=\"375\" height=\"146\" srcset=\"\" sizes=\"auto, (max-width: 375px) 100vw, 375px\" data-srcset=\"\" \/><\/figure>\n\n\n\n<p><a href=\"https:\/\/kulturforum.fi\/evenemang\" target=\"_blank\" rel=\"noreferrer noopener\">Kulturforum\u00a0<\/a>\u00e4r en evenemangskalender d\u00e4r du hittar svenskspr\u00e5kiga aktiviteter och kulturevenemang i Finland. Webbsidan \u00e4r p\u00e5 svenska.<\/p>\n\n\n\n<figure class=\"wp-block-image size-large is-resized\"><img loading=\"lazy\" decoding=\"async\" src=\"https:\/\/integration.luckan.fi\/wp-content\/uploads\/2021\/07\/Ska\u0308rmavbild-2021-07-02-kl.-15.07.38-1500x534.png\" alt=\"\" class=\"wp-image-17999\" style=\"width:375px;height:134px\" width=\"375\" height=\"134\" srcset=\"\" sizes=\"auto, (max-width: 375px) 100vw, 375px\" data-srcset=\"\" \/><\/figure>\n\n\n\n<p><a href=\"https:\/\/www.nordiskkulturkontakt.org\/en\/events\/\" target=\"_blank\" rel=\"noreferrer noopener\">Nordisk Kulturkontakt<\/a> \u00e4r ett nordiskt kulturcentrum i Helsingfors med egna nordiska evenemang.<\/p>\n\n\n\n<figure class=\"wp-block-image size-large is-resized\"><img loading=\"lazy\" decoding=\"async\" src=\"https:\/\/integration.luckan.fi\/wp-content\/uploads\/2021\/07\/Ska\u0308rmavbild-2021-07-02-kl.-15.08.40-1500x641.png\" alt=\"\" class=\"wp-image-18000\" style=\"width:375px;height:160px\" width=\"375\" height=\"160\" srcset=\"\" sizes=\"auto, (max-width: 375px) 100vw, 375px\" data-srcset=\"\" \/><\/figure>\n\n\n\n<p><a href=\"https:\/\/www.hel.fi\/helsinki\/en\/events\/\" target=\"_blank\" rel=\"noreferrer noopener\">Helsingfors Stad <\/a>har svenskspr\u00e5kiga evenemang vid sina <a href=\"https:\/\/www.hel.fi\/helsinki\/en\/culture\/culture\/venues\" target=\"_blank\" rel=\"noreferrer noopener\">kulturcentrum<\/a> och <a href=\"https:\/\/www.hel.fi\/kulttuurin-ja-vapaa-ajan-toimiala\/en\/services\/Libraries\/\" target=\"_blank\" rel=\"noreferrer noopener\">bibliotek<\/a>. Skriv <em>Svenska<\/em> i s\u00f6krutan.<\/p>\n\n\n\n<figure class=\"wp-block-image size-large is-resized\"><img loading=\"lazy\" decoding=\"async\" src=\"https:\/\/integration.luckan.fi\/wp-content\/uploads\/2021\/07\/Ska\u0308rmavbild-2021-07-02-kl.-15.10.10-1500x536.png\" alt=\"\" class=\"wp-image-18001\" style=\"width:375px;height:134px\" width=\"375\" height=\"134\" srcset=\"\" sizes=\"auto, (max-width: 375px) 100vw, 375px\" data-srcset=\"\" \/><\/figure>\n\n\n\n<p><a href=\"https:\/\/www.helmet.fi\/sv-FI\/Evenemang_och_tips\/Evenemang\" target=\"_blank\" rel=\"noreferrer noopener\">Biblioteken<\/a> har kulturevenemang f\u00f6r alla \u00e5ldrar. Klicka p\u00e5 <em>Begr\u00e4nsa s\u00f6kningen<\/em> och skriva <em>Svenskspr\u00e5kiga<\/em> eller <em>Svenska<\/em> i s\u00f6krutan <em>,<\/em>.<\/p>\n\n\n\n<figure class=\"wp-block-image size-thumbnail\"><img loading=\"lazy\" decoding=\"async\" width=\"200\" height=\"200\" src=\"https:\/\/integration.luckan.fi\/wp-content\/uploads\/2022\/07\/13002528_1070708316322745_8879348393294347087_o-200x200.jpg\" alt=\"\" class=\"wp-image-20089\" srcset=\"https:\/\/integration.luckan.fi\/wp-content\/uploads\/2022\/07\/13002528_1070708316322745_8879348393294347087_o-200x200.jpg 200w, https:\/\/integration.luckan.fi\/wp-content\/uploads\/2022\/07\/13002528_1070708316322745_8879348393294347087_o-600x600.jpg 600w, https:\/\/integration.luckan.fi\/wp-content\/uploads\/2022\/07\/13002528_1070708316322745_8879348393294347087_o-768x768.jpg 768w, https:\/\/integration.luckan.fi\/wp-content\/uploads\/2022\/07\/13002528_1070708316322745_8879348393294347087_o-12x12.jpg 12w, https:\/\/integration.luckan.fi\/wp-content\/uploads\/2022\/07\/13002528_1070708316322745_8879348393294347087_o.jpg 1000w\" sizes=\"auto, (max-width: 200px) 100vw, 200px\" \/><\/figure>\n\n\n\n<p>L\u00e5na b\u00f6cker p\u00e5 svenska<a href=\"https:\/\/haku.helmet.fi\/iii\/encore\/search\/C__Stove%20jansson%20__Ff%3Afacetlanguages%3Aswe%3Aswe%3ASwedish%3A%3A__Orightresult__U__X0?lang=eng&amp;suite=cobalt\" target=\"_blank\" rel=\"noreferrer noopener\"> p\u00e5 biblioteket<\/a> v\u00e4lj bara den svenska spr\u00e5kknappen i s\u00f6kresultaten. <a href=\"https:\/\/kirjamessut.messukeskus.com\/?lang=sv\" target=\"_blank\" rel=\"noreferrer noopener\">Den \u00e5rliga bokm\u00e4ssan <\/a>har ocks\u00e5 ett omr\u00e5de med svenskspr\u00e5kiga f\u00f6rlag och scener med litter\u00e4ra diskussioner p\u00e5 svenska.<\/p>\n\n\n\n<figure class=\"wp-block-image size-thumbnail\"><img loading=\"lazy\" decoding=\"async\" width=\"135\" height=\"200\" src=\"https:\/\/integration.luckan.fi\/wp-content\/uploads\/2022\/07\/12316382_924031871021559_2196466483835763997_n-135x200.jpg\" alt=\"\" class=\"wp-image-20088\" srcset=\"https:\/\/integration.luckan.fi\/wp-content\/uploads\/2022\/07\/12316382_924031871021559_2196466483835763997_n-135x200.jpg 135w, https:\/\/integration.luckan.fi\/wp-content\/uploads\/2022\/07\/12316382_924031871021559_2196466483835763997_n-8x12.jpg 8w, https:\/\/integration.luckan.fi\/wp-content\/uploads\/2022\/07\/12316382_924031871021559_2196466483835763997_n.jpg 214w\" sizes=\"auto, (max-width: 135px) 100vw, 135px\" \/><\/figure>\n\n\n\n<p>Facebook-gruppen <a href=\"https:\/\/www.facebook.com\/Svenskspr%C3%A5kiga-filmer-i-huvudstadsregionen-333194990105253\" target=\"_blank\" rel=\"noreferrer noopener\">Svenskspr\u00e5kiga filmer i huvudstadsregionen <\/a>har information om n\u00e4r och var svenskspr\u00e5kiga filmer visas varje vecka.<\/p>\n\n\n\n<figure class=\"wp-block-image size-thumbnail\"><img loading=\"lazy\" decoding=\"async\" width=\"200\" height=\"148\" src=\"https:\/\/integration.luckan.fi\/wp-content\/uploads\/2022\/07\/Ska\u0308rmavbild-2022-07-07-kl.-14.18.12-200x148.png\" alt=\"\" class=\"wp-image-20091\" srcset=\"\" sizes=\"auto, (max-width: 200px) 100vw, 200px\" data-srcset=\"\" \/><\/figure>\n\n\n\n<p><a href=\"https:\/\/kinoengel.fi\/\" target=\"_blank\" rel=\"noreferrer noopener\">Kino Engel<\/a>, en h\u00e4rlig biograf, har <a href=\"https:\/\/kinoengel.fi\/barnsondagar\/\" target=\"_blank\" rel=\"noreferrer noopener\">Barns\u00f6ndagar, Barns\u00f6ndagar<\/a>d\u00e4r de visar svenska barnfilmer.<\/p>","protected":false},"featured_media":14527,"template":"","format":"standard","meta":{"om_disable_all_campaigns":false,"inline_featured_image":false,"ghostkit_customizer_options":"","ghostkit_custom_css":"","ghostkit_custom_js_head":"","ghostkit_custom_js_foot":"","ghostkit_typography":"","_monsterinsights_skip_tracking":false,"_monsterinsights_sitenote_active":false,"_monsterinsights_sitenote_note":"","_monsterinsights_sitenote_category":0,"cybocfi_hide_featured_image":""},"informationcategories":[72,76],"class_list":["post-14448","integratinginswedish","type-integratinginswedish","status-publish","format-standard","has-post-thumbnail","hentry","informationcategories-9freetime","informationcategories-8youth","entry"],"aioseo_notices":[],"_links":{"self":[{"href":"https:\/\/integration.luckan.fi\/sv\/wp-json\/wp\/v2\/integratinginswedish\/14448","targetHints":{"allow":["GET"]}}],"collection":[{"href":"https:\/\/integration.luckan.fi\/sv\/wp-json\/wp\/v2\/integratinginswedish"}],"about":[{"href":"https:\/\/integration.luckan.fi\/sv\/wp-json\/wp\/v2\/types\/integratinginswedish"}],"wp:featuredmedia":[{"embeddable":true,"href":"https:\/\/integration.luckan.fi\/sv\/wp-json\/wp\/v2\/media\/14527"}],"wp:attachment":[{"href":"https:\/\/integration.luckan.fi\/sv\/wp-json\/wp\/v2\/media?parent=14448"}],"wp:term":[{"taxonomy":"informationcategories","embeddable":true,"href":"https:\/\/integration.luckan.fi\/sv\/wp-json\/wp\/v2\/informationcategories?post=14448"}],"curies":[{"name":"wp","href":"https:\/\/api.w.org\/{rel}","templated":true}]}}