{"id":10462,"date":"2020-01-23T08:30:12","date_gmt":"2020-01-23T08:30:12","guid":{"rendered":"http:\/\/luckan-block-kit.local\/?page_id=2167"},"modified":"2024-01-18T15:53:26","modified_gmt":"2024-01-18T13:53:26","slug":"competence-center","status":"publish","type":"page","link":"https:\/\/integration.luckan.fi\/sv\/competence-center\/","title":{"rendered":"Kompetenscenter"},"content":{"rendered":"<div class=\"wp-block-media-text alignfull has-media-on-the-right is-stacked-on-mobile is-vertically-aligned-center is-image-fill has-background tw-stack-md tw-media-bottom\" style=\"background-color:#9decb6;padding-top:0;padding-bottom:0;grid-template-columns:auto 56%\"><div class=\"wp-block-media-text__content\">\n<h1 class=\"wp-block-heading tw-mt-0 has-h-2-font-size\" id=\"kompetenscentret-for-svensk-integration\">Kompetenscentret f\u00f6r svensk integration<\/h1>\n\n\n\n<h4 class=\"wp-block-heading\" id=\"competence-center-for-swedish-integration\"><em>Kompetenscentrum f\u00f6r svensk integration<\/em><\/h4>\n<\/div><figure class=\"wp-block-media-text__media\" style=\"background-image:url(https:\/\/integration.luckan.fi\/wp-content\/uploads\/2021\/02\/DSC08129-2-1250x808.jpg);background-position:50% 50%\"><img loading=\"lazy\" decoding=\"async\" width=\"1250\" height=\"808\" src=\"https:\/\/integration.luckan.fi\/wp-content\/uploads\/2021\/02\/DSC08129-2-1250x808.jpg\" alt=\"\" class=\"wp-image-14149 size-rta_thumb_cropped_1250x808\" srcset=\"https:\/\/integration.luckan.fi\/wp-content\/uploads\/2021\/02\/DSC08129-2-1250x808.jpg 1250w, https:\/\/integration.luckan.fi\/wp-content\/uploads\/2021\/02\/DSC08129-2-768x497.jpg 768w\" sizes=\"auto, (max-width: 1250px) 100vw, 1250px\" \/><\/figure><\/div>\n\n\n\n<div style=\"height:26px\" aria-hidden=\"true\" class=\"wp-block-spacer\"><\/div>\n\n\n\n<div class=\"wp-block-columns alignwide is-layout-flex wp-container-core-columns-is-layout-d0b3c9c8 wp-block-columns-is-layout-flex\">\n<div class=\"wp-block-column has-background is-layout-flow wp-block-column-is-layout-flow\" style=\"background-color:#9decb6;padding-top:var(--wp--preset--spacing--50);padding-right:var(--wp--preset--spacing--50);padding-bottom:var(--wp--preset--spacing--50);padding-left:var(--wp--preset--spacing--50)\">\n<h3 class=\"wp-block-heading\" id=\"kompetenscentret-for-svensk-integration\">Kompetenscentret f\u00f6r svensk integration&nbsp;<\/h3>\n\n\n\n<p><strong>SV<\/strong> - M\u00e5ls\u00e4ttningen \u00e4r att f\u00f6rb\u00e4ttra den svenska integrationen s\u00e5 att nyanl\u00e4nda vuxna, familjer, barn och unga har m\u00f6jlighet att integreras i huvudstadsregionen p\u00e5 ett s\u00e4tt l\u00e4mpligt f\u00f6r dem. F\u00f6r att st\u00e4rka den svenska integrationen beh\u00f6vs ett starkt samarbete mellan det offentliga och tredje sektorn samt att de inflyttade h\u00f6rs och inkluderas i utvecklingsarbetet. I strategin <em><strong>Svenska integrationsv\u00e4gar och fallgropar i huvudstadsregionen - en strategi med 15 \u00e5tg\u00e4rder<\/strong>,<\/em> lyfter vi fram flera akt\u00f6rer, Luckan \u00e4r en av dem.&nbsp;<br \/>H\u00e4r nedan kan du l\u00e4sa mer om strategin och de delar som vi p\u00e5 Luckan arbetat vidare med.<\/p>\n<\/div>\n\n\n\n<div class=\"wp-block-column has-background is-layout-flow wp-block-column-is-layout-flow\" style=\"background-color:#9decb6;padding-top:var(--wp--preset--spacing--50);padding-right:var(--wp--preset--spacing--50);padding-bottom:var(--wp--preset--spacing--50);padding-left:var(--wp--preset--spacing--50)\">\n<h3 class=\"wp-block-heading\" id=\"competence-centre-for-swedish-integration\"><strong>Kompetenscentrum f\u00f6r svensk integration<\/strong>&nbsp;<\/h3>\n\n\n\n<p><strong>ENG<\/strong> - V\u00e5r vision \u00e4r att f\u00f6rb\u00e4ttra integrationen p\u00e5 svenska s\u00e5 att nyanl\u00e4nda vuxna, familjer, barn och ungdomar har m\u00f6jlighet att integreras p\u00e5 svenska p\u00e5 ett s\u00e4tt som passar dem. Samarbete mellan myndigheter och tredje sektorn \u00e4r n\u00f6dv\u00e4ndigt f\u00f6r att st\u00e4rka den svenska integrationen, liksom att h\u00f6ra invandrarnas r\u00f6st och inkludera dem i utvecklingsarbetet. I v\u00e5r strategi <em><strong>Svenska integrationsv\u00e4gar och fallgropar i huvudstadsregionen - en strategi med 15 \u00e5tg\u00e4rder<\/strong><\/em><strong> <\/strong>Vi lyfter fram flera sk\u00e5despelare, varav Luckan \u00e4r en av dem.<br \/>Nedan kan du l\u00e4sa mer om strategin och de delar som vi p\u00e5 Luckan fortsatte att arbeta med.<\/p>\n<\/div>\n<\/div>\n\n\n\n<div style=\"height:19px\" aria-hidden=\"true\" class=\"wp-block-spacer\"><\/div>\n\n\n\n<div class=\"wp-block-media-text alignwide is-stacked-on-mobile is-image-fill\" style=\"grid-template-columns:56% auto\"><figure class=\"wp-block-media-text__media\" style=\"background-image:url(https:\/\/integration.luckan.fi\/wp-content\/uploads\/2023\/09\/Omslag.jpg);background-position:56% 60%\"><img loading=\"lazy\" decoding=\"async\" width=\"837\" height=\"493\" src=\"https:\/\/integration.luckan.fi\/wp-content\/uploads\/2023\/09\/Omslag.jpg\" alt=\"\" class=\"wp-image-21903 size-full\" srcset=\"https:\/\/integration.luckan.fi\/wp-content\/uploads\/2023\/09\/Omslag.jpg 837w, https:\/\/integration.luckan.fi\/wp-content\/uploads\/2023\/09\/Omslag-500x295.jpg 500w, https:\/\/integration.luckan.fi\/wp-content\/uploads\/2023\/09\/Omslag-768x452.jpg 768w, https:\/\/integration.luckan.fi\/wp-content\/uploads\/2023\/09\/Omslag-18x12.jpg 18w, https:\/\/integration.luckan.fi\/wp-content\/uploads\/2023\/09\/Omslag-200x118.jpg 200w, https:\/\/integration.luckan.fi\/wp-content\/uploads\/2023\/09\/Omslag-150x88.jpg 150w\" sizes=\"auto, (max-width: 837px) 100vw, 837px\" \/><\/figure><div class=\"wp-block-media-text__content\">\n<h4 class=\"wp-block-heading\" id=\"svenska-integrationsvagar-och-fallgropar-i-huvudstadsregionen-en-strategi-med-15-atgarder-2\"><strong>Svenska integrationsv\u00e4gar och fallgropar i huvudstadsregionen - en strategi med 15 \u00e5tg\u00e4rder<\/strong>&nbsp;<\/h4>\n\n\n\n<p>Luckan integration har arbetat fram <em>Svenska integrationsv\u00e4gar och fallgropar i huvudstadsregionen - en strategi med 15 \u00e5tg\u00e4rder <\/em>f\u00f6r att st\u00e4rka svensk integration i huvudstadsregionen. Vi \u00f6nskar att det skall bli l\u00e4ttare att v\u00e4lja den svenska integrationsv\u00e4gen. F\u00f6r att n\u00e5 dit \u00e4r det grundl\u00e4ggande att st\u00e4derna samarbetar.<\/p>\n\n\n\n<h4 class=\"wp-block-heading\" id=\"swedish-integration-paths-and-pitfalls-in-the-capital-region-a-strategy-with-15-measures-1\"><strong>Svenska integrationsv\u00e4gar och fallgropar i huvudstadsregionen - en strategi med 15 \u00e5tg\u00e4rder<\/strong>&nbsp;<\/h4>\n\n\n\n<div class=\"wp-block-columns is-layout-flex wp-container-core-columns-is-layout-d0b3c9c8 wp-block-columns-is-layout-flex\">\n<div class=\"wp-block-column is-layout-flow wp-block-column-is-layout-flow\">\n<p>Luckan Integration har publicerat sin strategi <em>Svenska integrationsv\u00e4gar och fallgropar i huvudstadsregionen - en strategi med 15 \u00e5tg\u00e4rder<\/em> st\u00e4rka den svenska integrationen i huvudstadsregionen. Vi vill att det ska vara l\u00e4ttare att v\u00e4lja den svenska integrationsv\u00e4gen. F\u00f6r att n\u00e5 detta m\u00e5l \u00e4r det viktigt att st\u00e4derna samarbetar.<\/p>\n\n\n\n<p><a href=\"https:\/\/integration.luckan.fi\/competence-center\/strategi\/\" target=\"_blank\" rel=\"noreferrer noopener\">Strategin, som \u00e4r publicerad p\u00e5 svenska, finska och engelska, hittar du h\u00e4r.<\/a><\/p>\n<\/div>\n<\/div>\n<\/div><\/div>\n\n\n\n<div class=\"wp-block-media-text alignwide has-media-on-the-right is-stacked-on-mobile is-image-fill\" style=\"padding-top:0;padding-right:0;padding-bottom:0;padding-left:0;grid-template-columns:auto 56%\"><div class=\"wp-block-media-text__content\">\n<h4 class=\"wp-block-heading\" id=\"integrating-in-swedish\"><strong>Integration p\u00e5 svenska&nbsp;<\/strong><\/h4>\n\n\n\n<p>P\u00e5 webbplatsen samlar vi information om det svenskaspr\u00e5kiga i huvudstadsregionen; s\u00e5som spr\u00e5kkurser, utbildningsm\u00f6jligheter, jobbs\u00f6kande och fritidssysslor, f\u00f6r att underl\u00e4tta en etablering h\u00e4r f\u00f6r hela familjen. <\/p>\n\n\n\n<p>P\u00e5 webbsidan samlar vi information om det svenska spr\u00e5ket i huvudstadsregionen, t.ex. spr\u00e5kkurser, utbildningsm\u00f6jligheter, arbetss\u00f6kande och fritidsaktiviteter, f\u00f6r att underl\u00e4tta en etablering h\u00e4r f\u00f6r hela familjen.<\/p>\n\n\n\n<div class=\"wp-block-buttons is-layout-flex wp-block-buttons-is-layout-flex\">\n<div class=\"wp-block-button\"><a class=\"wp-block-button__link wp-element-button\" href=\"https:\/\/integration.luckan.fi\/integratinginswedish\/\">Integration p\u00e5 svenska<\/a><\/div>\n<\/div>\n<\/div><figure class=\"wp-block-media-text__media\" style=\"background-image:url(https:\/\/integration.luckan.fi\/wp-content\/uploads\/2021\/01\/info2.jpg);background-position:68% 49%\"><img loading=\"lazy\" decoding=\"async\" width=\"1500\" height=\"1000\" src=\"https:\/\/integration.luckan.fi\/wp-content\/uploads\/2021\/01\/info2.jpg\" alt=\"\" class=\"wp-image-13844 size-full\" srcset=\"https:\/\/integration.luckan.fi\/wp-content\/uploads\/2021\/01\/info2.jpg 1500w, https:\/\/integration.luckan.fi\/wp-content\/uploads\/2021\/01\/info2-200x133.jpg 200w, https:\/\/integration.luckan.fi\/wp-content\/uploads\/2021\/01\/info2-600x400.jpg 600w, https:\/\/integration.luckan.fi\/wp-content\/uploads\/2021\/01\/info2-768x512.jpg 768w\" sizes=\"auto, (max-width: 1500px) 100vw, 1500px\" \/><\/figure><\/div>\n\n\n\n<div class=\"wp-block-media-text alignwide is-stacked-on-mobile is-image-fill has-palette-color-5-background-color has-background\"><figure class=\"wp-block-media-text__media\" style=\"background-image:url(https:\/\/integration.luckan.fi\/wp-content\/uploads\/2020\/09\/jeniffer-araujo-6cBKMxTYmWw-unsplash-1500x1000.jpg);background-position:54% 36%\"><img loading=\"lazy\" decoding=\"async\" width=\"1500\" height=\"1000\" src=\"https:\/\/integration.luckan.fi\/wp-content\/uploads\/2020\/09\/jeniffer-araujo-6cBKMxTYmWw-unsplash-1500x1000.jpg\" alt=\"\" class=\"wp-image-13214 size-full\" srcset=\"https:\/\/integration.luckan.fi\/wp-content\/uploads\/2020\/09\/jeniffer-araujo-6cBKMxTYmWw-unsplash-1500x1000.jpg 1500w, https:\/\/integration.luckan.fi\/wp-content\/uploads\/2020\/09\/jeniffer-araujo-6cBKMxTYmWw-unsplash-200x133.jpg 200w, https:\/\/integration.luckan.fi\/wp-content\/uploads\/2020\/09\/jeniffer-araujo-6cBKMxTYmWw-unsplash-600x400.jpg 600w, https:\/\/integration.luckan.fi\/wp-content\/uploads\/2020\/09\/jeniffer-araujo-6cBKMxTYmWw-unsplash-768x512.jpg 768w, https:\/\/integration.luckan.fi\/wp-content\/uploads\/2020\/09\/jeniffer-araujo-6cBKMxTYmWw-unsplash-1536x1024.jpg 1536w, https:\/\/integration.luckan.fi\/wp-content\/uploads\/2020\/09\/jeniffer-araujo-6cBKMxTYmWw-unsplash-2048x1365.jpg 2048w\" sizes=\"auto, (max-width: 1500px) 100vw, 1500px\" \/><\/figure><div class=\"wp-block-media-text__content\">\n<h4 class=\"wp-block-heading\" id=\"ambulerande-handledare\"><strong>Ambulerande handledare<\/strong>&nbsp;<\/h4>\n\n\n\n<p>Luckan Integrations ambulerande handledare handleder familjer med internationell bakgrund med barn i svensk sm\u00e5barnspedagogik och skola i huvudstadsregionen. Vi erbjuder ocks\u00e5 information till l\u00e4rare, skolor och daghem.<\/p>\n\n\n\n<h4 class=\"wp-block-heading\" id=\"guidance-for-families\"><strong>V\u00e4gledning f\u00f6r familjer&nbsp;<\/strong><\/h4>\n\n\n\n<p>Luckan Integration erbjuder individuella v\u00e4gledningssamtal f\u00f6r familjer med internationell bakgrund som har barn i svenskspr\u00e5kig utbildning i huvudstadsregionen. Vi erbjuder ocks\u00e5 information f\u00f6r l\u00e4rare, skolor och daghem.<\/p>\n\n\n\n<div class=\"wp-block-buttons is-layout-flex wp-block-buttons-is-layout-flex\">\n<div class=\"wp-block-button\"><a class=\"wp-block-button__link wp-element-button\" href=\"https:\/\/integration.luckan.fi\/integratinginswedish\/\">V\u00e4gledning f\u00f6r familjer<\/a><\/div>\n<\/div>\n<\/div><\/div>\n\n\n\n<div class=\"wp-block-media-text alignwide has-media-on-the-right is-stacked-on-mobile is-image-fill\"><div class=\"wp-block-media-text__content\">\n<h4 class=\"wp-block-heading\" id=\"pa-svenska-i-finland-in-swedish-in-finland-\u0444\u0438\u043d\u043b\u044f\u043d\u0434\u0438\u044f-\u043f\u043e-\u0448\u0432\u0435\u0434\u0441\u043a\u0438\"><strong>P\u00e5 svenska i Finland - P\u00e5 svenska i Finland - \u0424\u0438\u043d\u043b\u044f\u043d\u0434\u0438\u044f \u043f\u043e-\u0448\u0432\u0435\u0434\u0441\u043a\u0438<\/strong><\/h4>\n\n\n\n<p>En bok som ger en ypperlig insikt i att integration p\u00e5 svenska \u00e4r en praktiskt genomf\u00f6rbar m\u00f6jlighet i Finland. Vi f\u00e5r h\u00e4r tr\u00e4ffa m\u00e4nniskor som kommit fr\u00e5n olika platser i v\u00e4rlden och funnit ett hem i Svenskfinland. \u00c4ven historiskt men fr\u00e4mst i nutid. I en artikel presenteras kort hur det \u00e4r att studera p\u00e5 svenska, i en annan hur det \u00e4r att jobba och i en tredje hur det \u00e4r att vara f\u00f6r\u00e4lder p\u00e5 svenska i Finland. Boken \u00e4r tv\u00e5spr\u00e5kig, p\u00e5 svenska samt engelska eller ryska.<\/p>\n\n\n\n<p>En bok som ger en utm\u00e4rkt inblick i att integration p\u00e5 svenska \u00e4r en m\u00f6jlig m\u00f6jlighet i Finland. Vi m\u00f6ter m\u00e4nniskor fr\u00e5n olika platser i v\u00e4rlden som har funnit ett hem i \"Svenskfinland\". Ocks\u00e5 historiskt, men mest i nutid. I artiklar presenteras kortfattat hur det \u00e4r att studera p\u00e5 svenska, hur det \u00e4r att arbeta eller vad det inneb\u00e4r att vara f\u00f6r\u00e4lder p\u00e5 svenska i Finland. Boken \u00e4r tv\u00e5spr\u00e5kig, p\u00e5 svenska och engelska eller ryska.<\/p>\n\n\n\n<p><a aria-label=\"P\u00e5 svenska i Finland - P\u00e5 svenska i Finland - \u0424\u0438\u043d\u043b\u044f\u043d\u0434\u0438\u044f \u043f\u043e-\u0448\u0432\u0435\u0434\u0441\u043a\u0438 (\u00f6ppnas i en ny flik)\" href=\"https:\/\/integration.luckan.fi\/inswedishinfinland\/\" target=\"_blank\" rel=\"noreferrer noopener\" class=\"ek-link\">P\u00e5 svenska i Finland - P\u00e5 svenska i Finland - \u0424\u0438\u043d\u043b\u044f\u043d\u0434\u0438\u044f \u043f\u043e-\u0448\u0432\u0435\u0434\u0441\u043a\u0438<\/a> <\/p>\n<\/div><figure class=\"wp-block-media-text__media\" style=\"background-image:url(https:\/\/integration.luckan.fi\/wp-content\/uploads\/2021\/02\/svenska-i-finland-engelska-omslag-fram.jpg);background-position:0% 45%\"><img loading=\"lazy\" decoding=\"async\" width=\"1254\" height=\"1418\" src=\"https:\/\/integration.luckan.fi\/wp-content\/uploads\/2021\/02\/svenska-i-finland-engelska-omslag-fram.jpg\" alt=\"\" class=\"wp-image-14075 size-full\" srcset=\"https:\/\/integration.luckan.fi\/wp-content\/uploads\/2021\/02\/svenska-i-finland-engelska-omslag-fram.jpg 1254w, https:\/\/integration.luckan.fi\/wp-content\/uploads\/2021\/02\/svenska-i-finland-engelska-omslag-fram-177x200.jpg 177w, https:\/\/integration.luckan.fi\/wp-content\/uploads\/2021\/02\/svenska-i-finland-engelska-omslag-fram-531x600.jpg 531w, https:\/\/integration.luckan.fi\/wp-content\/uploads\/2021\/02\/svenska-i-finland-engelska-omslag-fram-768x868.jpg 768w\" sizes=\"auto, (max-width: 1254px) 100vw, 1254px\" \/><\/figure><\/div>\n\n\n\n<div class=\"wp-block-media-text alignwide is-stacked-on-mobile is-vertically-aligned-center is-image-fill has-palette-color-5-background-color has-background\"><figure class=\"wp-block-media-text__media\" style=\"background-image:url(https:\/\/integration.luckan.fi\/wp-content\/uploads\/2021\/06\/Sk\u00e4rmavbild-2021-06-03-kl.-14.07.58.png);background-position:50% 50%\"><img decoding=\"async\" src=\"https:\/\/integration.luckan.fi\/wp-content\/uploads\/2021\/06\/Sk\u00e4rmavbild-2021-06-03-kl.-14.07.58.png\" alt=\"\" class=\"wp-image-16922 size-full\"\/><\/figure><div class=\"wp-block-media-text__content\">\n<h4 class=\"wp-block-heading\" id=\"welcome-to-the-capital-region\"><strong>V\u00e4lkommen till huvudstadsregionen<\/strong><\/h4>\n\n\n\n<p>Vi s\u00e4nder \u00e5rligen ett v\u00e4lkomstbrev till personer som flyttat till huvudstadsregionen och vars modersm\u00e5l inte \u00e4r finska svenska eller samiska. I brevet presenterar vi kort Finlands tv\u00e5spr\u00e5kighet och det svenska i Finland och i huvudstadsregionen. I \u00e5r var utskicket p\u00e5 fyra spr\u00e5k; svenska, finska, engelska samt ukrainska.<\/p>\n\n\n\n<p>Vi skickar \u00e5rligen ett v\u00e4lkomstbrev till personer som flyttat till huvudstadsregionen och vars modersm\u00e5l inte \u00e4r finska, svenska eller samiska. I brevet presenterar vi kortfattat de tv\u00e5 nationalspr\u00e5ken i Finland och det svenska spr\u00e5ket i Finland och i huvudstadsregionen. I \u00e5r gjordes utskicket p\u00e5 fyra spr\u00e5k; svenska, finska, engelska och ukrainska. <\/p>\n\n\n\n<p>Direktionen <em>V\u00e4lkommen!<\/em> brev fr\u00e5n v\u00e5ren 2022.<\/p>\n\n\n\n<div class=\"wp-block-buttons is-layout-flex wp-block-buttons-is-layout-flex\">\n<div class=\"wp-block-button\"><a class=\"wp-block-button__link wp-element-button\" href=\"https:\/\/integration.luckan.fi\/wp-content\/uploads\/2022\/06\/Welcome_2022.pdf\">V\u00e4lkommen 2022<\/a><\/div>\n<\/div>\n<\/div><\/div>\n\n\n\n<div class=\"wp-block-media-text alignwide has-media-on-the-right is-stacked-on-mobile is-image-fill\"><div class=\"wp-block-media-text__content\">\n<h4 class=\"wp-block-heading\" id=\"fritid-fi-en-tvasprakig-portal-for-svensksprakig-fritidsverksamhet\">fritid.fi, en tv\u00e5spr\u00e5kig portal f\u00f6r svenskspr\u00e5kig fritidsverksamhet<\/h4>\n\n\n\n<p>fritid.fi \u00e4r en s\u00f6kportal, p\u00e5 svenska och engelska, som g\u00f6r det l\u00e4ttare att hitta och\/eller sprida information om svenskspr\u00e5kig fritidsverksamhet i huvudstadsregionen.&nbsp;<\/p>\n\n\n\n<h4 class=\"wp-block-heading\" id=\"tw-target-text\">fritid.fi, en tv\u00e5spr\u00e5kig portal f\u00f6r svenskspr\u00e5kig fritidsverksamhet<\/h4>\n\n\n\n<p>fritid.fi \u00e4r en s\u00f6kportal p\u00e5 svenska och engelska som g\u00f6r det l\u00e4ttare att hitta och\/eller dela information om svenskspr\u00e5kig fritidsverksamhet i huvudstadsregionen.<\/p>\n\n\n\n<div class=\"wp-block-buttons is-layout-flex wp-block-buttons-is-layout-flex\">\n<div class=\"wp-block-button\"><a class=\"wp-block-button__link wp-element-button\" href=\"https:\/\/fritid.fi\" target=\"_blank\" rel=\"noreferrer noopener\">fritid.fi<\/a><\/div>\n<\/div>\n<\/div><figure class=\"wp-block-media-text__media\" style=\"background-image:url(https:\/\/integration.luckan.fi\/wp-content\/uploads\/2021\/02\/fritid.fi-Friluftsliv-1500x1125.png);background-position:50% 50%\"><img loading=\"lazy\" decoding=\"async\" width=\"1500\" height=\"1125\" src=\"https:\/\/integration.luckan.fi\/wp-content\/uploads\/2021\/02\/fritid.fi-Friluftsliv-1500x1125.png\" alt=\"\" class=\"wp-image-14092 size-full\" srcset=\"https:\/\/integration.luckan.fi\/wp-content\/uploads\/2021\/02\/fritid.fi-Friluftsliv-1500x1125.png 1500w, https:\/\/integration.luckan.fi\/wp-content\/uploads\/2021\/02\/fritid.fi-Friluftsliv-200x150.png 200w, https:\/\/integration.luckan.fi\/wp-content\/uploads\/2021\/02\/fritid.fi-Friluftsliv-600x450.png 600w, https:\/\/integration.luckan.fi\/wp-content\/uploads\/2021\/02\/fritid.fi-Friluftsliv-768x576.png 768w, https:\/\/integration.luckan.fi\/wp-content\/uploads\/2021\/02\/fritid.fi-Friluftsliv-1536x1152.png 1536w, https:\/\/integration.luckan.fi\/wp-content\/uploads\/2021\/02\/fritid.fi-Friluftsliv-2048x1536.png 2048w\" sizes=\"auto, (max-width: 1500px) 100vw, 1500px\" \/><\/figure><\/div>\n\n\n\n<div class=\"wp-block-media-text alignwide is-stacked-on-mobile is-image-fill has-palette-color-5-background-color has-background\"><figure class=\"wp-block-media-text__media\" style=\"background-image:url(https:\/\/integration.luckan.fi\/wp-content\/uploads\/2021\/02\/Transparent-PRIMARLOGO-med-text.png);background-position:50% 50%\"><img loading=\"lazy\" decoding=\"async\" width=\"437\" height=\"421\" src=\"https:\/\/integration.luckan.fi\/wp-content\/uploads\/2021\/02\/Transparent-PRIMARLOGO-med-text.png\" alt=\"\" class=\"wp-image-14104 size-full\" srcset=\"https:\/\/integration.luckan.fi\/wp-content\/uploads\/2021\/02\/Transparent-PRIMARLOGO-med-text.png 437w, https:\/\/integration.luckan.fi\/wp-content\/uploads\/2021\/02\/Transparent-PRIMARLOGO-med-text-200x193.png 200w\" sizes=\"auto, (max-width: 437px) 100vw, 437px\" \/><\/figure><div class=\"wp-block-media-text__content\">\n<h4 class=\"wp-block-heading\" id=\"stig-in-astu-sisaan-come-in-2-born-to-be-included\">Stig in, Astu sis\u00e4\u00e4n, Come in 2 - F\u00f6dd f\u00f6r att inkluderas<\/h4>\n\n\n\n<p>Luckan integration \u00e4r med i projektet Stigin2 som arbetar utg\u00e5ende fr\u00e5n FN:s barnkonvention och tanken om att barnens r\u00e4ttigheter \u00e4r vuxnas skyldigheter. M\u00e5let \u00e4r att vi genom verksamheten ska kunna bidra till att barn och unga som kommer till Finland inte enbart integreras utan p\u00e5 riktigt blir inkluderade i samh\u00e4llet.<\/p>\n\n\n\n<p>Luckan Integration \u00e4r en del av projektet Stig in \/ Come in 2 som bygger sitt arbete p\u00e5 FN:s konvention om barnets r\u00e4ttigheter och tanken att barns r\u00e4ttigheter \u00e4r de vuxnas ansvar.  M\u00e5let \u00e4r att vi genom v\u00e5r verksamhet ska kunna bidra till att skapa ett samh\u00e4lle d\u00e4r barn och unga som kommer till Finland inte bara \u00e4r integrerade utan ocks\u00e5 inkluderade.<\/p>\n\n\n\n<div class=\"wp-block-buttons is-layout-flex wp-block-buttons-is-layout-flex\">\n<div class=\"wp-block-button\"><a class=\"wp-block-button__link wp-element-button\" href=\"https:\/\/stiginastusisaan.com\" target=\"_blank\" rel=\"noreferrer noopener\">F\u00f6dd f\u00f6r att vara med<\/a><\/div>\n<\/div>\n<\/div><\/div>\n\n\n\n<h4 class=\"wp-block-heading has-text-align-center\" id=\"kompetenscentret-for-svensk-integration\"><strong>Kompetenscentret f\u00f6r svensk integration<\/strong>&nbsp;<\/h4>\n\n\n\n<div class=\"wp-block-columns is-layout-flex wp-container-core-columns-is-layout-d0b3c9c8 wp-block-columns-is-layout-flex\">\n<div class=\"wp-block-column is-vertically-aligned-top is-layout-flow wp-block-column-is-layout-flow\" style=\"--col-width:33.3%;flex-basis:33.3%\">\n<p class=\"has-text-align-center has-small-font-size\"><strong>Veronica Hertzberg<br \/><\/strong>Projektledare<br \/>veronica.hertzberg (at) luckan.fi<br \/>+358 50 581 9924<br \/><\/p>\n<\/div>\n\n\n\n<div class=\"wp-block-column is-vertically-aligned-top is-layout-flow wp-block-column-is-layout-flow\" style=\"--col-width:33.3%;flex-basis:33.3%\">\n<p class=\"has-text-align-center has-small-font-size\"><\/p>\n<\/div>\n\n\n\n<div class=\"wp-block-column is-vertically-aligned-top is-layout-flow wp-block-column-is-layout-flow\" style=\"--col-width:33.3%;flex-basis:33.3%\">\n<p class=\"has-text-align-center has-small-font-size\"><\/p>\n<\/div>\n<\/div>\n\n\n\n<div style=\"height:2px\" aria-hidden=\"true\" class=\"wp-block-spacer\"><\/div>\n\n\n\n<div class=\"wp-block-columns alignfull is-layout-flex wp-container-core-columns-is-layout-d0b3c9c8 wp-block-columns-is-layout-flex\">\n<div class=\"wp-block-column is-layout-flow wp-block-column-is-layout-flow\">\n<h3 class=\"wp-block-heading has-text-align-center\" id=\"the-project-is-funded-by\">Projektet finansieras av<\/h3>\n\n\n\n<figure class=\"wp-block-gallery aligncenter has-nested-images columns-default tw-img-ratio-4-3 wp-block-gallery-1 is-layout-flex wp-block-gallery-is-layout-flex\">\n<figure class=\"wp-block-image size-large\"><img loading=\"lazy\" decoding=\"async\" width=\"1500\" height=\"1500\" data-id=\"12471\" src=\"https:\/\/integration.luckan.fi\/wp-content\/uploads\/2020\/04\/sbseg_logo3@2x-1500x1500.png\" alt=\"\" class=\"wp-image-12471\" srcset=\"https:\/\/integration.luckan.fi\/wp-content\/uploads\/2020\/04\/sbseg_logo3@2x-1500x1500.png 1500w, https:\/\/integration.luckan.fi\/wp-content\/uploads\/2020\/04\/sbseg_logo3@2x-200x200.png 200w, https:\/\/integration.luckan.fi\/wp-content\/uploads\/2020\/04\/sbseg_logo3@2x-600x600.png 600w, https:\/\/integration.luckan.fi\/wp-content\/uploads\/2020\/04\/sbseg_logo3@2x-768x768.png 768w, https:\/\/integration.luckan.fi\/wp-content\/uploads\/2020\/04\/sbseg_logo3@2x-1536x1536.png 1536w, https:\/\/integration.luckan.fi\/wp-content\/uploads\/2020\/04\/sbseg_logo3@2x-2048x2048.png 2048w\" sizes=\"auto, (max-width: 1500px) 100vw, 1500px\" \/><\/figure>\n\n\n\n<figure class=\"wp-block-image size-large\"><img loading=\"lazy\" decoding=\"async\" width=\"1423\" height=\"1423\" data-id=\"13898\" src=\"https:\/\/integration.luckan.fi\/wp-content\/uploads\/2021\/02\/3smeder.svg\" alt=\"\" class=\"wp-image-13898\"\/><\/figure>\n\n\n\n<figure class=\"wp-block-image size-large\"><img loading=\"lazy\" decoding=\"async\" width=\"1500\" height=\"1500\" data-id=\"21288\" src=\"https:\/\/integration.luckan.fi\/wp-content\/uploads\/2023\/09\/Helsingestiftelsen-1-1500x1500.png\" alt=\"\" class=\"wp-image-21288\" srcset=\"https:\/\/integration.luckan.fi\/wp-content\/uploads\/2023\/09\/Helsingestiftelsen-1-1500x1500.png 1500w, https:\/\/integration.luckan.fi\/wp-content\/uploads\/2023\/09\/Helsingestiftelsen-1-1000x1000.png 1000w, https:\/\/integration.luckan.fi\/wp-content\/uploads\/2023\/09\/Helsingestiftelsen-1-300x300.png 300w, https:\/\/integration.luckan.fi\/wp-content\/uploads\/2023\/09\/Helsingestiftelsen-1-768x768.png 768w, https:\/\/integration.luckan.fi\/wp-content\/uploads\/2023\/09\/Helsingestiftelsen-1-1536x1536.png 1536w, https:\/\/integration.luckan.fi\/wp-content\/uploads\/2023\/09\/Helsingestiftelsen-1-2048x2048.png 2048w, https:\/\/integration.luckan.fi\/wp-content\/uploads\/2023\/09\/Helsingestiftelsen-1-12x12.png 12w, https:\/\/integration.luckan.fi\/wp-content\/uploads\/2023\/09\/Helsingestiftelsen-1-200x200.png 200w, https:\/\/integration.luckan.fi\/wp-content\/uploads\/2023\/09\/Helsingestiftelsen-1-150x150.png 150w, https:\/\/integration.luckan.fi\/wp-content\/uploads\/2023\/09\/Helsingestiftelsen-1-1568x1568.png 1568w\" sizes=\"auto, (max-width: 1500px) 100vw, 1500px\" \/><\/figure>\n<\/figure>\n<\/div>\n<\/div>","protected":false},"excerpt":{"rendered":"<p>Kompetenscentret f\u00f6r svensk integration Kompetenscentret f\u00f6r svensk integration Kompetenscentret f\u00f6r svensk integration SV - M\u00e5ls\u00e4ttningen \u00e4r att f\u00f6rb\u00e4ttra den svenska integrationen s\u00e5 att nyanl\u00e4nda vuxna, familjer, barn och unga har m\u00f6jlighet att integreras i huvudstadsregionen p\u00e5 ett s\u00e4tt l\u00e4mpligt f\u00f6r dem. F\u00f6r att st\u00e4rka den svenska integrationen beh\u00f6vs ett starkt samarbete mellan det offentliga... <a class=\"more-link\" href=\"https:\/\/integration.luckan.fi\/sv\/competence-center\/\">Forts\u00e4tt l\u00e4sa <span class=\"screen-reader-text\">Kompetenscenter<\/span><\/a><\/p>","protected":false},"author":1,"featured_media":10493,"parent":0,"menu_order":0,"comment_status":"closed","ping_status":"closed","template":"tw-no-title.php","meta":{"om_disable_all_campaigns":false,"inline_featured_image":false,"ghostkit_customizer_options":"","ghostkit_custom_css":"","ghostkit_custom_js_head":"","ghostkit_custom_js_foot":"","ghostkit_typography":"","_monsterinsights_skip_tracking":false,"_monsterinsights_sitenote_active":false,"_monsterinsights_sitenote_note":"","_monsterinsights_sitenote_category":0,"cybocfi_hide_featured_image":"","footnotes":""},"class_list":["post-10462","page","type-page","status-publish","has-post-thumbnail","hentry","entry"],"aioseo_notices":[],"featured_image_src":"https:\/\/integration.luckan.fi\/wp-content\/uploads\/2020\/01\/Fo\u0308rela\u0308sningar-och-workshoppar_2_Fo\u0308reningar-Synliggo\u0308r-er-verksamhet-fo\u0308r-utlandsfo\u0308dda_foto_Fredrik_Enges.jpg","_links":{"self":[{"href":"https:\/\/integration.luckan.fi\/sv\/wp-json\/wp\/v2\/pages\/10462","targetHints":{"allow":["GET"]}}],"collection":[{"href":"https:\/\/integration.luckan.fi\/sv\/wp-json\/wp\/v2\/pages"}],"about":[{"href":"https:\/\/integration.luckan.fi\/sv\/wp-json\/wp\/v2\/types\/page"}],"author":[{"embeddable":true,"href":"https:\/\/integration.luckan.fi\/sv\/wp-json\/wp\/v2\/users\/1"}],"replies":[{"embeddable":true,"href":"https:\/\/integration.luckan.fi\/sv\/wp-json\/wp\/v2\/comments?post=10462"}],"version-history":[{"count":60,"href":"https:\/\/integration.luckan.fi\/sv\/wp-json\/wp\/v2\/pages\/10462\/revisions"}],"predecessor-version":[{"id":22339,"href":"https:\/\/integration.luckan.fi\/sv\/wp-json\/wp\/v2\/pages\/10462\/revisions\/22339"}],"wp:featuredmedia":[{"embeddable":true,"href":"https:\/\/integration.luckan.fi\/sv\/wp-json\/wp\/v2\/media\/10493"}],"wp:attachment":[{"href":"https:\/\/integration.luckan.fi\/sv\/wp-json\/wp\/v2\/media?parent=10462"}],"curies":[{"name":"wp","href":"https:\/\/api.w.org\/{rel}","templated":true}]}}