{"id":10473,"date":"2020-01-27T14:05:08","date_gmt":"2020-01-27T14:05:08","guid":{"rendered":"http:\/\/luckan-block-kit.local\/?page_id=2318"},"modified":"2021-04-26T13:23:27","modified_gmt":"2021-04-26T10:23:27","slug":"youth","status":"publish","type":"page","link":"https:\/\/integration.luckan.fi\/sv\/integrating\/youth\/","title":{"rendered":"Ungdom"},"content":{"rendered":"<div class=\"wp-block-group alignfull has-background\" style=\"background-color:#76e99b\"><div class=\"wp-block-group__inner-container is-layout-flow wp-block-group-is-layout-flow\">\n<div class=\"wp-block-media-text alignwide has-media-on-the-right is-stacked-on-mobile is-vertically-aligned-center tw-mb-0 tw-mt-0 is-style-default tw-stack-md tw-media-bottom\" style=\"grid-template-columns:auto 60%\"><figure class=\"wp-block-media-text__media\"><img loading=\"lazy\" decoding=\"async\" width=\"768\" height=\"497\" src=\"https:\/\/integration.luckan.fi\/wp-content\/uploads\/2021\/01\/yuoth-768x497.jpg\" alt=\"\" class=\"wp-image-13842 size-rta_thumb_cropped_768x497\" srcset=\"https:\/\/integration.luckan.fi\/wp-content\/uploads\/2021\/01\/yuoth-768x497.jpg 768w, https:\/\/integration.luckan.fi\/wp-content\/uploads\/2021\/01\/yuoth-1250x808.jpg 1250w\" sizes=\"auto, (max-width: 768px) 100vw, 768px\" \/><\/figure><div class=\"wp-block-media-text__content\">\n<h1 class=\"tw-mt-0 has-h-2-font-size wp-block-heading\" id=\"youth\">Ungdom<\/h1>\n\n\n\n<p class=\"has-medium-font-size\">H\u00e4r hittar du information om utbildning, hur du f\u00e5r st\u00f6d i jobbs\u00f6kandet och hur du hittar fritidsaktiviteter. Vi r\u00e4knar dig som ungdom fr\u00e5n 13 \u00e5rs \u00e5lder och upp till 29 \u00e5rs \u00e5lder. Det \u00e4r en stor \u00e5ldersspannvidd, d\u00e5 mycket h\u00e4nder i ens liv.<\/p>\n\n\n\n<div class=\"wp-block-buttons tw-mb-0 is-layout-flex wp-block-buttons-is-layout-flex\">\n<div class=\"wp-block-button is-style-fill\"><a class=\"wp-block-button__link no-border-radius\" href=\"\/guidance\/?utm_source=webpage&amp;utm_medium=webpage&amp;utm_campaign=counseling&amp;utm_content=otherpages#book\">Boka en tid<\/a><\/div>\n\n\n\n<div class=\"wp-block-button\"><a class=\"wp-block-button__link\" href=\"#swedish-preparatory-education\">L\u00e4s mer<\/a><\/div>\n<\/div>\n<\/div><\/div>\n<\/div><\/div>\n\n\n\n\n\n\n\n\n\n<h2 class=\"wp-block-heading\" id=\"swedish-preparatory-education\">Svensk f\u00f6rberedande utbildning<\/h2>\n\n\n\n<p>F\u00f6rberedande utbildning finns f\u00f6r barn och ungdomar med invandrarbakgrund i \u00e5ldern 6-17 \u00e5r vars kunskaper i svenska eller finska inte r\u00e4cker till f\u00f6r att studera i svensk- eller finskspr\u00e5kiga grupper i grundutbildningen. Varje elev f\u00e5r en egen utbildningsplan och f\u00f6r det mesta g\u00e5r de i samma klass som sina klasskamrater. F\u00f6rberedande undervisning erbjuds f\u00f6r h\u00f6gst ett \u00e5r.<\/p>\n\n\n\n<div class=\"ghostkit-accordion ghostkit-accordion-1\">\n<div class=\"ghostkit-accordion-item\"><a href=\"#accordionswedish-preparatory-education-in-the-capital-region\" class=\"ghostkit-accordion-item-heading\"><span class=\"ghostkit-accordion-item-label\"><strong>SVENSK F\u00d6RBEREDANDE UTBILDNING I HUVUDSTADSREGIONEN<\/strong><\/span><span class=\"ghostkit-accordion-item-collapse\"><svg class=\"ghostkit-svg-icon\" width=\"24\" height=\"24\" viewbox=\"0 0 24 24\" fill=\"none\" xmlns=\"http:\/\/www.w3.org\/2000\/svg\"><path d=\"M9.21967 6.2197C9.51256 5.9268 9.98744 5.9268 10.2803 6.2197L15.5303 11.4697C15.8232 11.7626 15.8232 12.2374 15.5303 12.5303L10.2803 17.7803C9.98744 18.0732 9.51256 18.0732 9.21967 17.7803C8.92678 17.4874 8.92678 17.0126 9.21967 16.7197L13.9393 12L9.21967 7.2803C8.92678 6.9874 8.92678 6.5126 9.21967 6.2197Z\" fill=\"currentColor\"><\/path><\/svg><\/span><\/a><div class=\"ghostkit-accordion-item-content is-layout-flow wp-block-ghostkit-accordion-item-is-layout-flow\">\n<p>H\u00e4r f\u00e5r du mer information om hur du anm\u00e4ler dig till&nbsp;<a href=\"https:\/\/www.hel.fi\/helsinki\/sv\/fostran-och-utbildning\/grundskolor\/hur-vad\/valmistava\/\" target=\"_blank\" aria-label=\" (\u00f6ppnas i en ny flik)\" rel=\"noreferrer noopener\" class=\"ek-link\">svensk f\u00f6rberedande utbildning i Helsingfors&nbsp;<\/a><\/p>\n\n\n\n<p>Om du vill ha mer information om f\u00f6rberedande utbildning i Esbo, v\u00e4nligen kontakta&nbsp;<a href=\"https:\/\/www.esbo.fi\/sv-FI\/Utbildning_och_fostran\/Grundlaggande_utbildning\/Kundtjanst\" target=\"_blank\" aria-label=\" (\u00f6ppnas i en ny flik)\" rel=\"noreferrer noopener\" class=\"ek-link\">Svenska bildningstj\u00e4nster<\/a><\/p>\n\n\n\n<p>F\u00f6r mer information om de svenska skolorna i Vanda, ring 040 631 8731.<\/p>\n\n\n\n<p>F\u00f6r Grankulla\/Kauniainen kan du kontakta rektorn, <em>rektor<\/em> p\u00e5 svenska, fr\u00e5n den svenska skolan,&nbsp;<a href=\"https:\/\/www.hagelstamskaskolan.fi\/personal\" target=\"_blank\" aria-label=\"Hagelstamska skolan (\u00f6ppnas i en ny flik)\" rel=\"noreferrer noopener\" class=\"ek-link\">Hagelstamska skolan<\/a><a aria-label=\" (\u00f6ppnas i en ny flik)\" href=\"http:\/\/www.hagelstamskaskolan.fi\/\" target=\"_blank\" rel=\"noreferrer noopener\" class=\"ek-link\">.<\/a><\/p>\n<\/div><\/div>\n<\/div>\n\n\n\n<h2 class=\"wp-block-heading\" id=\"comprehensive\">Gymnasieutbildning<\/h2>\n\n\n\n<p>Gymnasieutbildning, \u00e4ven kallad high school, junior high och intermediate school, \u00e4ger vanligtvis rum efter sex \u00e5rs grundskola eller folkskola. I likhet med grundskolan \u00e4r gymnasieutbildningen obligatorisk i de flesta l\u00e4nder, \u00e5tminstone fram till 16 \u00e5rs \u00e5lder.<\/p>\n\n\n\n<div class=\"ghostkit-accordion ghostkit-accordion-0\"><\/div>\n\n\n\n<h3 class=\"wp-block-heading\" id=\"helsingfors\">Helsingfors<\/h3>\n\n\n\n<p>De svenska skolorna i Helsingfors \u00e4r&nbsp;<a href=\"https:\/\/www.hel.fi\/peruskoulut\/sv\/skolor-omrade\/\" target=\"_blank\" aria-label=\" (\u00f6ppnas i en ny flik)\" rel=\"noreferrer noopener\" class=\"ek-link\">indelad i fyra huvuddistrikt.<\/a>&nbsp;Inom varje distrikt finns det en skola f\u00f6r elever i \u00e5rskurserna 6 eller 7-9. F\u00f6r att ta reda p\u00e5 vilken skola barnen i ditt omr\u00e5de g\u00e5r i kan du bes\u00f6ka f\u00f6ljande webbplats&nbsp;<a href=\"https:\/\/servicekarta.hel.fi\/#\" target=\"_blank\" aria-label=\" (\u00f6ppnas i en ny flik)\" rel=\"noreferrer noopener\" class=\"ek-link\">servicekartan<\/a>&nbsp;och skriv in din hemadress.<\/p>\n\n\n\n<h3 class=\"wp-block-heading\" id=\"esbo\">Esbo<\/h3>\n\n\n\n<p>I Esbo\/Espoo finns det tre svenska skolor i \u00e5rskurserna 7-9. H\u00e4r hittar du mer information om&nbsp;<a href=\"https:\/\/www.esbo.fi\/sv-FI\/Utbildning_och_fostran\/Grundlaggande_utbildning\/Skolor\" target=\"_blank\" aria-label=\" (\u00f6ppnas i en ny flik)\" rel=\"noreferrer noopener\" class=\"ek-link\">de svenska skolorna i Esbo.<\/a><\/p>\n\n\n\n<h3 class=\"wp-block-heading\" id=\"vanda\">Vanda<\/h3>\n\n\n\n<p>I Vanda\/Vantaa finns det en svensk skola f\u00f6r \u00e5rskurserna 7-9,&nbsp;&nbsp;<a href=\"https:\/\/sivistysvantaa.fi\/helsingeskola\/index.html\" target=\"_blank\" aria-label=\" (\u00f6ppnas i en ny flik)\" rel=\"noreferrer noopener\" class=\"ek-link\">Helsinge skol<\/a><a href=\"https:\/\/sivistysvantaa.fi\/helsingeskola\/index.html\" target=\"_blank\" aria-label=\"a (\u00f6ppnas i en ny flik)\" rel=\"noreferrer noopener\" class=\"ek-link\">a<\/a>.<\/p>\n\n\n\n<h3 class=\"wp-block-heading\" id=\"grankulla\">Grankulla<\/h3>\n\n\n\n<p>I Grankulla\/Kauniainen finns en svensk grundskola,&nbsp;<a href=\"http:\/\/www.hagelstamskaskolan.fi\/\" target=\"_blank\" aria-label=\" (\u00f6ppnas i en ny flik)\" rel=\"noreferrer noopener\" class=\"ek-link\">Hagelstamska skolan.&nbsp;<\/a><\/p>\n\n\n\n<div class=\"ghostkit-accordion ghostkit-accordion-0\"><\/div>\n\n\n\n<div class=\"ghostkit-accordion ghostkit-accordion-0\"><\/div>\n\n\n\n<h2 class=\"wp-block-heading\" id=\"upper\">Gymnasieutbildning<\/h2>\n\n\n\n<p>Efter grundutbildningen kan du forts\u00e4tta din utbildning antingen i gymnasiet eller i en yrkesskola. Studierna p\u00e5 gymnasiet \u00e4r mer teoretiska \u00e4n yrkesutbildningen. Yrkesutbildning kallas ibland f\u00f6r karri\u00e4r- och teknisk utbildning. Du s\u00f6ker dig till dessa skolor tidigt p\u00e5 v\u00e5ren. P\u00e5&nbsp;<a href=\"https:\/\/studyinfo.fi\/wp2\/en\/\" target=\"_blank\" aria-label=\" (\u00f6ppnas i en ny flik)\" rel=\"noreferrer noopener\" class=\"ek-link\">Studieinfo&nbsp;<\/a>hittar du mer information.<\/p>\n\n\n\n<div class=\"ghostkit-accordion ghostkit-accordion-0\"><\/div>\n\n\n\n<h3 class=\"wp-block-heading\" id=\"upper-secondary-schools\">Gymnasieskolor<\/h3>\n\n\n\n<p>I Helsingfors\/Helsingfors finns tre svenska gymnasieskolor&nbsp;<a href=\"https:\/\/www.hel.fi\/brg\/sv\" target=\"_blank\" aria-label=\" (\u00f6ppnas i en ny flik)\" rel=\"noreferrer noopener\" class=\"ek-link\">Br\u00e4nd\u00f6 gymnasium,<\/a>&nbsp;<a href=\"https:\/\/www.hel.fi\/larkan\/sv\" target=\"_blank\" aria-label=\" (\u00f6ppnas i en ny flik)\" rel=\"noreferrer noopener\" class=\"ek-link\">Gymnasiet L\u00e4rkan<\/a>&nbsp;och&nbsp;<a href=\"https:\/\/www.hel.fi\/tolog\/sv\" target=\"_blank\" aria-label=\" (\u00f6ppnas i en ny flik)\" rel=\"noreferrer noopener\" class=\"ek-link\">T\u00f6l\u00f6 gymnasium<\/a>. <br \/><a rel=\"noreferrer noopener\" href=\"https:\/\/www.mattliden.fi\/\" target=\"_blank\" class=\"ek-link\">Mattlidens gymnasium<\/a>&nbsp;\u00e4r den svenska gymnasieskolan i Esbo\/Espoo. I Mattliden kan du ocks\u00e5 studera genom IB-programmet.<br \/>I Vanda\/Vantaa kallas den svenska gymnasieskolan f\u00f6r&nbsp;<a href=\"https:\/\/sivistysvantaa.fi\/helsingegymnasium\/index.html\" target=\"_blank\" aria-label=\" (\u00f6ppnas i en ny flik)\" rel=\"noreferrer noopener\" class=\"ek-link\">Helsinge gymnasium<\/a>&nbsp;och i Grankulla\/Kauniainen heter skolan&nbsp;<a href=\"http:\/\/www.ggs.fi\/\" target=\"_blank\" aria-label=\" (\u00f6ppnas i en ny flik)\" rel=\"noreferrer noopener\" class=\"ek-link\">Grankulla gymnasiu<\/a><a class=\"ek-link\" href=\"http:\/\/ggs.fi\">m<\/a>.<\/p>\n\n\n\n<h3 class=\"wp-block-heading\" id=\"vocational-schools\">Yrkesh\u00f6gskolor<\/h3>\n\n\n\n<p>Om du inte \u00e4r s\u00e4ker p\u00e5 vad du vill bli kan du ans\u00f6ka om en ett\u00e5rig <a rel=\"noreferrer noopener\" href=\"https:\/\/prakticum.fi\/utbildning\/yrkesutbildning\/push.html\" target=\"_blank\" class=\"ek-link\">Valma utbildning<\/a>. Under VALMA-\u00e5ret st\u00e4rker du dina studief\u00e4rdigheter, f\u00f6rb\u00e4ttrar din svenska och provar olika utbildningar.<br \/>I Nyland finns tre svenska yrkesskolor. <a rel=\"noreferrer noopener\" href=\"https:\/\/www.prakticum.fi\/\" target=\"_blank\">Prakticum<\/a>, i Helsingfors och Borg\u00e5, <a rel=\"noreferrer noopener\" href=\"https:\/\/www.axxell.fi\/en\" target=\"_blank\">Axxell,<\/a> i Esbo, Karis och Raseborg, och <a rel=\"noreferrer noopener\" href=\"https:\/\/www.folkhalsan.fi\/vara-hus\/solvalla\/\" target=\"_blank\" class=\"ek-link\">Folkh\u00e4lsan<\/a> i Esbo. Prakticum och Axxell erbjuder ocks\u00e5 program som \u00e4r s\u00e4rskilt avsedda f\u00f6r studerande som beh\u00f6ver mer st\u00f6d i spr\u00e5kinl\u00e4rningen.<\/p>\n\n\n\n\n\n<h2 class=\"wp-block-heading\" id=\"job-search\">Jobbs\u00f6kning<\/h2>\n\n\n\n<h3 class=\"wp-block-heading\" id=\"assistance-in-job-search\">Hj\u00e4lp med att s\u00f6ka jobb<\/h3>\n\n\n\n<p>UngInfo och Luckan Integration arrangerar en <a href=\"https:\/\/www.facebook.com\/events\/2493118260927422\/\" target=\"_blank\" aria-label=\"CV-workshop (\u00f6ppnas i en ny flik)\" rel=\"noreferrer noopener\" class=\"ek-link\">CV-workshop<\/a> en g\u00e5ng i m\u00e5naden, p\u00e5 onsdagar mellan 15-17. Det \u00e4r p\u00e5 svenska och engelska och kostnadsfritt.<\/p>\n\n\n\n<p><a rel=\"noreferrer noopener\" href=\"https:\/\/ohjaamo.hel.fi\/ohjaamo-helsinki\/pa-svenska\/\" target=\"_blank\">Navigatorn (Ohjaamo) Helsingfors<\/a>&nbsp;\u00e4r en plats f\u00f6r alla 15-29-\u00e5ringar. Riika fr\u00e5n Luckan UngInfo ger v\u00e4gledning i jobbs\u00f6kning och arbetss\u00e4kerhet p\u00e5 svenska p\u00e5 m\u00e5ndagar mellan 12-17. Om du till exempel k\u00e4nner f\u00f6r att prata med en omt\u00e4nksam vuxen, diskutera din karri\u00e4r eller f\u00e5 v\u00e4gledning i det finska v\u00e4lf\u00e4rdssystemet, kom till Navigatorn Helsingfors.<\/p>\n\n\n\n<p>Luckan erbjuder tv\u00e5 olika r\u00e5dgivningstj\u00e4nster: UngInfos och Luckan Integrations r\u00e5dgivningstj\u00e4nster. B\u00e5da ger dig st\u00f6d och information om jobbs\u00f6kning, sommarjobbskuponger och arbetss\u00e4kerhet. Du kan antingen boka en tid, f\u00f6r UngInfo skickar du ett e-postmeddelande till <a href=\"mailto:helsingfors@unginfo.fi\">helsingfors@unginfo.fi<\/a> och f\u00f6r Luckan Integrations r\u00e5dgivning bokar du en tid <a rel=\"noreferrer noopener\" href=\"https:\/\/integration.luckan.fi\/guidance\/#book\" target=\"_blank\">h\u00e4r<\/a>. Eller kom till <a rel=\"noreferrer noopener\" href=\"https:\/\/helsingfors.luckan.fi\/\" target=\"_blank\">Luckan Helsingfors<\/a> n\u00e4r de har drop-in-tid. UngInfo har p\u00e5 onsdagar mellan 15-17 och Luckan Integration p\u00e5 m\u00e5ndagar till torsdagar mellan 15-16.<\/p>\n\n\n\n<h3 class=\"wp-block-heading\" id=\"summer-job\">Sommarjobb <\/h3>\n\n\n\n<h4 class=\"wp-block-heading\" id=\"summer-job-voucher\">Kupong f\u00f6r sommarjobb<\/h4>\n\n\n\n<p>Sommarjobbskupongen g\u00f6r det m\u00f6jligt f\u00f6r en arbetsgivare att anst\u00e4lla en ung person under sommaren. Villkoren f\u00f6r sommarjobbskupongerna varierar i de olika kommunerna, s\u00e5 l\u00e4s mer om <a aria-label=\"Helsingfors (\u00f6ppnas i en ny flik)\" rel=\"noreferrer noopener\" href=\"http:\/\/kesaseteli.munstadi.fi\/in-english\/\" target=\"_blank\" class=\"ek-link\">Helsingfors<\/a>, <a aria-label=\" (\u00f6ppnas i en ny flik)\" rel=\"noreferrer noopener\" href=\"https:\/\/www.espoo.fi\/en-US\/Youth\/Grants\/Summer_Job_Voucher\" target=\"_blank\" class=\"ek-link\">Esbo<\/a>, <a aria-label=\"Vanda (\u00f6ppnas i en ny flik)\" rel=\"noreferrer noopener\" href=\"https:\/\/www.vanda.fi\/forvaltning_och_ekonomi\/arbete_och_naringsliv\/sysselsattningstjanster_for_arbetsgivare\/sommarjobbssedel\" target=\"_blank\" class=\"ek-link\">Vanda<\/a> och <a aria-label=\"Grankullas (\u00f6ppnas i en ny flik)\" rel=\"noreferrer noopener\" href=\"https:\/\/www.kauniainen.fi\/sv\/kultur_och_fritid\/ungdomstjanster\/sommarjobbsedel\" target=\"_blank\" class=\"ek-link\">Grankullas<\/a> termer h\u00e4r eller kontakta en av de r\u00e5dgivartj\u00e4nster som n\u00e4mns ovan f\u00f6r att f\u00e5 hj\u00e4lp.<\/p>\n\n\n\n<h3 class=\"wp-block-heading\" id=\"job-search-2\">Jobbs\u00f6kning<\/h3>\n\n\n\n<p>Det finns en efterfr\u00e5gan p\u00e5 svensktalande personer inom dagv\u00e5rd, skola och h\u00e4lsov\u00e5rd. H\u00e4r hittar du de st\u00f6rsta arbetsgivarna f\u00f6r svenskspr\u00e5kiga.<\/p>\n\n\n\n<div class=\"ghostkit-accordion ghostkit-accordion-4\">\n<div class=\"ghostkit-accordion-item\"><a href=\"#accordionthe-municipalities\" class=\"ghostkit-accordion-item-heading\"><span class=\"ghostkit-accordion-item-label\"><strong>KOMMUNERNA<\/strong><\/span><span class=\"ghostkit-accordion-item-collapse\"><svg class=\"ghostkit-svg-icon\" width=\"24\" height=\"24\" viewbox=\"0 0 24 24\" fill=\"none\" xmlns=\"http:\/\/www.w3.org\/2000\/svg\"><path d=\"M9.21967 6.2197C9.51256 5.9268 9.98744 5.9268 10.2803 6.2197L15.5303 11.4697C15.8232 11.7626 15.8232 12.2374 15.5303 12.5303L10.2803 17.7803C9.98744 18.0732 9.51256 18.0732 9.21967 17.7803C8.92678 17.4874 8.92678 17.0126 9.21967 16.7197L13.9393 12L9.21967 7.2803C8.92678 6.9874 8.92678 6.5126 9.21967 6.2197Z\" fill=\"currentColor\"><\/path><\/svg><\/span><\/a><div class=\"ghostkit-accordion-item-content is-layout-flow wp-block-ghostkit-accordion-item-is-layout-flow\">\n<p>P\u00e5 rekryteringssidan m\u00e5ste du v\u00e4lja svenska,&nbsp;<strong>Ruotsi<\/strong>, som annonsspr\u00e5k,&nbsp;<strong>Ilmoituksen kieli,&nbsp;<\/strong>f\u00f6r att hitta de svenska jobben som erbjuds.<\/p>\n\n\n\n<p><a aria-label=\" (\u00f6ppnas i en ny flik)\" rel=\"noreferrer noopener\" class=\"ek-link ek-link ek-link ek-link\" href=\"https:\/\/www.hel.fi\/rekry\/fi\/avoimet-tyopaikat\/rekry-haku-V31?sivu=1&amp;tyoSanaHakuKentta=&amp;haeTyopaikkojaBTN=&amp;kielisyys=sv\" target=\"_blank\">Helsingfors<\/a><\/p>\n\n\n\n<p><a href=\"https:\/\/www.kuntarekry.fi\/fi\/tyopaikat\/?&amp;organisation=3&amp;desc=svenska&amp;sort=%22-changetime%22&amp;limit=24\" target=\"_blank\" aria-label=\"Esbo (\u00f6ppnas i en ny flik)\" rel=\"noreferrer noopener\" class=\"ek-link\">Esbo<\/a><\/p>\n\n\n\n<p><a aria-label=\" (\u00f6ppnas i en ny flik)\" rel=\"noreferrer noopener\" class=\"ek-link ek-link\" href=\"https:\/\/vantaa.rekrytointi.com\/paikat\/?fid=16&amp;o=A_SJ&amp;list=1&amp;q%5B79%5D=&amp;freetext_and=&amp;q%5B235%5D=562&amp;submit=Haku\" target=\"_blank\">Vanda<\/a><\/p>\n\n\n\n<p><a aria-label=\" (\u00f6ppnas i en ny flik)\" rel=\"noreferrer noopener\" class=\"ek-link ek-link ek-link ek-link\" href=\"https:\/\/www.kauniainen.fi\/kaupunki_ja_paatoksenteko\/ajankohtaista\/avoimet_tyopaikat\" target=\"_blank\">Grankulla<\/a><\/p>\n\n\n\n<p><a aria-label=\" (\u00f6ppnas i en ny flik)\" rel=\"noreferrer noopener\" class=\"ek-link ek-link ek-link\" href=\"https:\/\/www.seure.fi\/sv\/alla-lediga-jobb\/\" target=\"_blank\">Seure<\/a>&nbsp;(tillf\u00e4lligt arbete) \u00e4r kommunernas bemanningstj\u00e4nst. Sidan \u00e4r p\u00e5 svenska eftersom den engelska versionen inte fungerar.<\/p>\n<\/div><\/div>\n\n\n\n<div class=\"ghostkit-accordion-item\"><a href=\"#accordionwork-in-swedish-speaking-welfare-or-health-care\" class=\"ghostkit-accordion-item-heading\"><span class=\"ghostkit-accordion-item-label\"><strong>ARBETA INOM SVENSKSPR\u00c5KIG V\u00c4LF\u00c4RD ELLER H\u00c4LSOV\u00c5RD<\/strong><\/span><span class=\"ghostkit-accordion-item-collapse\"><svg class=\"ghostkit-svg-icon\" width=\"24\" height=\"24\" viewbox=\"0 0 24 24\" fill=\"none\" xmlns=\"http:\/\/www.w3.org\/2000\/svg\"><path d=\"M9.21967 6.2197C9.51256 5.9268 9.98744 5.9268 10.2803 6.2197L15.5303 11.4697C15.8232 11.7626 15.8232 12.2374 15.5303 12.5303L10.2803 17.7803C9.98744 18.0732 9.51256 18.0732 9.21967 17.7803C8.92678 17.4874 8.92678 17.0126 9.21967 16.7197L13.9393 12L9.21967 7.2803C8.92678 6.9874 8.92678 6.5126 9.21967 6.2197Z\" fill=\"currentColor\"><\/path><\/svg><\/span><\/a><div class=\"ghostkit-accordion-item-content is-layout-flow wp-block-ghostkit-accordion-item-is-layout-flow\">\n<p><a aria-label=\" (\u00f6ppnas i en ny flik)\" rel=\"noreferrer noopener\" class=\"ek-link ek-link\" href=\"https:\/\/karkulla.rekrytointi.com\/paikat\/?o=A_LOJ&amp;list=1\" target=\"_blank\">K\u00e5rkulla Samkommun.<\/a>&nbsp;Dess syfte \u00e4r att tillhandah\u00e5lla service och v\u00e5rd f\u00f6r svenskspr\u00e5kiga personer med intellektuell funktionsneds\u00e4ttning i Finland.<\/p>\n\n\n\n<p><a aria-label=\" (\u00f6ppnas i en ny flik)\" class=\"ek-link ek-link ek-link\" rel=\"noreferrer noopener\" href=\"https:\/\/www.folkhalsan.fi\/en\/working-at-folkhalsan\/\" target=\"_blank\">Folkh\u00e4lsan<\/a>. Folkh\u00e4lsan \u00e4r Finlands st\u00f6rsta svenskspr\u00e5kiga social- och h\u00e4lsov\u00e5rdsorganisation. Folkh\u00e4lsan tillhandah\u00e5ller tj\u00e4nster inom social- och h\u00e4lsov\u00e5rden, till exempel \u00e4ldreomsorg och barnskyddstj\u00e4nster. De har ocks\u00e5 ett forskningscenter.<\/p>\n\n\n\n<p>P\u00e5 <a aria-label=\"Barnav\u00e5rdsf\u00f6reningen (\u00f6ppnas i en ny flik)\" href=\"https:\/\/bvif.fi\/sv\/kontakt\/jobb\/\" target=\"_blank\" rel=\"noreferrer noopener\" class=\"ek-link\">Barnav\u00e5rdsf\u00f6reningen<\/a> erbjuds jobb var du arbetar med barn och familjer.<\/p>\n\n\n\n<p>P\u00e5 <a aria-label=\"Kommuntorget (\u00f6ppnas i en ny flik)\" href=\"https:\/\/kommuntorget.fi\/platsannons\/\" target=\"_blank\" rel=\"noreferrer noopener\" class=\"ek-link\">Kommuntorget<\/a> hittar du svenskspr\u00e5kiga jobb inom social- och h\u00e4lsov\u00e5rden fr\u00e5n hela Finland.<\/p>\n<\/div><\/div>\n\n\n\n<div class=\"ghostkit-accordion-item\"><a href=\"#accordionjob-boards-a-selction\" class=\"ghostkit-accordion-item-heading\"><span class=\"ghostkit-accordion-item-label\"><strong>JOBBSIDOR, EN SELEKTION<\/strong><\/span><span class=\"ghostkit-accordion-item-collapse\"><svg class=\"ghostkit-svg-icon\" width=\"24\" height=\"24\" viewbox=\"0 0 24 24\" fill=\"none\" xmlns=\"http:\/\/www.w3.org\/2000\/svg\"><path d=\"M9.21967 6.2197C9.51256 5.9268 9.98744 5.9268 10.2803 6.2197L15.5303 11.4697C15.8232 11.7626 15.8232 12.2374 15.5303 12.5303L10.2803 17.7803C9.98744 18.0732 9.51256 18.0732 9.21967 17.7803C8.92678 17.4874 8.92678 17.0126 9.21967 16.7197L13.9393 12L9.21967 7.2803C8.92678 6.9874 8.92678 6.5126 9.21967 6.2197Z\" fill=\"currentColor\"><\/path><\/svg><\/span><\/a><div class=\"ghostkit-accordion-item-content is-layout-flow wp-block-ghostkit-accordion-item-is-layout-flow\">\n<p><a href=\"https:\/\/paikat.te-palvelut.fi\/tpt\/?searchPhrase=svenska&amp;locations=Helsinki%2CEspoo%2CVantaa%2CKauniainen&amp;announced=0&amp;leasing=0&amp;english=false&amp;sort=1\" target=\"_blank\" aria-label=\"TE-services (s\u00f6kord: svenska) (\u00f6ppnas i en ny flik)\" rel=\"noreferrer noopener\" class=\"ek-link\">TE-services (s\u00f6kord: svenska)<\/a><\/p>\n\n\n\n<p><a aria-label=\" (\u00f6ppnas i en ny flik)\" class=\"ek-link ek-link ek-link\" rel=\"noreferrer noopener\" href=\"https:\/\/tyopaikat.oikotie.fi\/haku?jq=svenska&amp;sort_by=score&amp;page=0&amp;ref=ot_header&amp;_ga=2.267068486.936707963.1561928226-1302467094.1561928226\" target=\"_blank\">Oikotie ty\u00f6paikat (s\u00f6kord: svenska)<\/a><\/p>\n\n\n\n<p><a href=\"https:\/\/www.manpower.fi\/tyonhakijat\/hakijakampanjat\/jobb-for-svensksprakiga\" target=\"_blank\" aria-label=\"Manpower (\u00f6ppnas i en ny flik)\" rel=\"noreferrer noopener\" class=\"ek-link\">Arbetskraftsbyr\u00e5n<\/a> har ocks\u00e5 jobb p\u00e5 svenska.<\/p>\n<\/div><\/div>\n\n\n\n<div class=\"ghostkit-accordion-item\"><a href=\"#accordionentrepreneurship\" class=\"ghostkit-accordion-item-heading\"><span class=\"ghostkit-accordion-item-label\"><strong>ENTREPREN\u00d6RSKAP<\/strong><\/span><span class=\"ghostkit-accordion-item-collapse\"><svg class=\"ghostkit-svg-icon\" width=\"24\" height=\"24\" viewbox=\"0 0 24 24\" fill=\"none\" xmlns=\"http:\/\/www.w3.org\/2000\/svg\"><path d=\"M9.21967 6.2197C9.51256 5.9268 9.98744 5.9268 10.2803 6.2197L15.5303 11.4697C15.8232 11.7626 15.8232 12.2374 15.5303 12.5303L10.2803 17.7803C9.98744 18.0732 9.51256 18.0732 9.21967 17.7803C8.92678 17.4874 8.92678 17.0126 9.21967 16.7197L13.9393 12L9.21967 7.2803C8.92678 6.9874 8.92678 6.5126 9.21967 6.2197Z\" fill=\"currentColor\"><\/path><\/svg><\/span><\/a><div class=\"ghostkit-accordion-item-content is-layout-flow wp-block-ghostkit-accordion-item-is-layout-flow\">\n<p>Det \u00e4r m\u00f6jligt att registrera ett f\u00f6retag antingen p\u00e5 finska eller svenska och sk\u00f6ta all byr\u00e5krati p\u00e5 svenska. P\u00e5&nbsp;<a aria-label=\" (\u00f6ppnas i en ny flik)\" rel=\"noreferrer noopener\" class=\"ek-link ek-link\" href=\"https:\/\/www.infofinland.fi\/en\/living-in-finland\/work-and-enterprise\/starting-a-business\" target=\"_blank\">InfoFinland<\/a>&nbsp;hittar du information om hur du startar ett f\u00f6retag i Finland.<\/p>\n\n\n\n<p>Det finns en intresse- och serviceorganisation f\u00f6r finl\u00e4ndska sm\u00e5 och medelstora f\u00f6retag (SMF) och deras \u00e4gare som heter&nbsp;<a aria-label=\" (\u00f6ppnas i en ny flik)\" rel=\"noreferrer noopener\" class=\"ek-link ek-link\" href=\"https:\/\/www.yrittajat.fi\/en\" target=\"_blank\">Suomen Yritt\u00e4j\u00e4t<\/a>. De arrangerar evenemang och har olika tj\u00e4nster f\u00f6r sina medlemmar.<\/p>\n<\/div><\/div>\n<\/div>\n\n\n\n<h2 class=\"wp-block-heading\" id=\"if-you-dont-have-a-study-place-or-job\">Om du inte har en studieplats eller ett jobb<\/h2>\n\n\n\n<p>Ungdomstj\u00e4nsten&nbsp;<a href=\"http:\/\/www.sveps.fi\/\" target=\"_blank\" aria-label=\" (\u00f6ppnas i en ny flik)\" rel=\"noreferrer noopener\" class=\"ek-link\">Sveps<\/a>&nbsp;hj\u00e4lper personer i \u00e5ldern 16-28 \u00e5r som f\u00f6r n\u00e4rvarande inte g\u00e5r i skolan eller har ett arbete. Hj\u00e4lpen kan handla om att hitta en studieplats, ett jobb eller bara om att f\u00e5 motivation f\u00f6r att g\u00e5 vidare i livet. Tj\u00e4nsten \u00e4r p\u00e5 svenska, kostnadsfri och har en l\u00e5g tr\u00f6skel.<\/p>\n\n\n\n<p><a aria-label=\" (\u00f6ppnas i en ny flik)\" rel=\"noreferrer noopener\" class=\"ek-link ek-link\" href=\"https:\/\/ohjaamo.hel.fi\/ohjaamo-helsinki\/pa-svenska\/\" target=\"_blank\">Navigatorn (Ohjaamo) Helsingfors<\/a>&nbsp;\u00e4r en plats f\u00f6r alla 15-29-\u00e5ringar. Riika fr\u00e5n Luckan UngInfo ger v\u00e4gledning p\u00e5 svenska p\u00e5 m\u00e5ndagar mellan 12-17. Om du till exempel k\u00e4nner f\u00f6r att prata med en omt\u00e4nksam vuxen, diskutera din karri\u00e4r eller f\u00e5 v\u00e4gledning i det finska v\u00e4lf\u00e4rdssystemet, kom till Navigatorn Helsingfors.<\/p>\n\n\n\n<p>Luckan erbjuder tv\u00e5 olika r\u00e5dgivningstj\u00e4nster: UngInfos och Luckan Integrations r\u00e5dgivningstj\u00e4nster. B\u00e5da ger dig st\u00f6d och information p\u00e5 det omr\u00e5de som du beh\u00f6ver. Du kan antingen boka en tid, f\u00f6r UngInfo skickar du ett e-postmeddelande till <a href=\"mailto:helsingfors@unginfo.fi\" class=\"ek-link\">helsingfors@unginfo.fi<\/a> och f\u00f6r Luckan Integrations r\u00e5dgivning bokar du en tid <a aria-label=\"h\u00e4r (\u00f6ppnas i en ny flik)\" href=\"\/guidance\/#book\" target=\"_blank\" rel=\"noreferrer noopener\" class=\"ek-link\">h\u00e4r<\/a>, eller komma till <a aria-label=\"Luckan Helsingfors (\u00f6ppnas i en ny flik)\" href=\"https:\/\/helsingfors.luckan.fi\/\" target=\"_blank\" rel=\"noreferrer noopener\" class=\"ek-link\">Luckan Helsingfors<\/a> n\u00e4r de har drop-in-tid. UngInfo har p\u00e5 onsdagar mellan 15-17 och Luckan Integration p\u00e5 m\u00e5ndagar till torsdagar mellan 15-16.<\/p>\n\n\n\n<p>Det finns en&nbsp;<a aria-label=\" (\u00f6ppnas i en ny flik)\" rel=\"noreferrer noopener\" href=\"https:\/\/www.vanda.fi\/forvaltning_och_ekonomi\/arbete_och_naringsliv\/hjalp_med_at_soka_jobb\/navigatorn_vanda\" target=\"_blank\" class=\"ek-link\">Navigator i Vanda&nbsp;<\/a>och den fungerar p\u00e5 samma s\u00e4tt som i Helsingfors, i Esbo kallas den f\u00f6r&nbsp;<a aria-label=\" (\u00f6ppnas i en ny flik)\" rel=\"noreferrer noopener\" href=\"https:\/\/www.esbo.fi\/sv-FI\/Unga\/Information_och_radgivning\/Ohjaamotalo\" target=\"_blank\" class=\"ek-link\">Startpunkten<\/a>.<\/p>\n\n\n\n\n\n<h2 class=\"wp-block-heading\" id=\"leisure\">Fritidsaktiviteter<\/h2>\n\n\n\n<div class=\"ghostkit-accordion ghostkit-accordion-6\">\n<div class=\"ghostkit-accordion-item\"><a href=\"#accordionevent-calenders\" class=\"ghostkit-accordion-item-heading\"><span class=\"ghostkit-accordion-item-label\"><strong>EVENEMANGSKALENDRAR<\/strong><\/span><span class=\"ghostkit-accordion-item-collapse\"><svg class=\"ghostkit-svg-icon\" width=\"24\" height=\"24\" viewbox=\"0 0 24 24\" fill=\"none\" xmlns=\"http:\/\/www.w3.org\/2000\/svg\"><path d=\"M9.21967 6.2197C9.51256 5.9268 9.98744 5.9268 10.2803 6.2197L15.5303 11.4697C15.8232 11.7626 15.8232 12.2374 15.5303 12.5303L10.2803 17.7803C9.98744 18.0732 9.51256 18.0732 9.21967 17.7803C8.92678 17.4874 8.92678 17.0126 9.21967 16.7197L13.9393 12L9.21967 7.2803C8.92678 6.9874 8.92678 6.5126 9.21967 6.2197Z\" fill=\"currentColor\"><\/path><\/svg><\/span><\/a><div class=\"ghostkit-accordion-item-content is-layout-flow wp-block-ghostkit-accordion-item-is-layout-flow\">\n<p><a rel=\"noreferrer noopener\" href=\"https:\/\/kulturforum.fi\/evenemang\" target=\"_blank\" class=\"ek-link\">Kulturforum \u00e4r en evenemangskalender d\u00e4r du hittar svenska aktiviteter p\u00e5 m\u00e5nga h\u00e5ll i v\u00e4rlden. <\/a>Finland. Webbsidan \u00e4r endast p\u00e5 svenska.<br \/><a rel=\"noreferrer noopener\" href=\"https:\/\/www.nordiskkulturkontakt.org\/en\/events\/\" target=\"_blank\">Nordisk Kulturkontakt<\/a> \u00e4r ett nordiskt kulturcentrum i Helsingfors med egna nordiska evenemang.<br \/><a rel=\"noreferrer noopener\" href=\"https:\/\/www.hel.fi\/helsinki\/en\/events\/\" target=\"_blank\" class=\"ek-link\">Helsingfors Stad <\/a>ordnar evenemang f\u00f6r svensktalande i sina kulturhus och bibliotek. Skriv till <em>Svenska<\/em> i s\u00f6krutan.<br \/><a rel=\"noreferrer noopener\" href=\"https:\/\/www.helmet.fi\/en-US\/Events_and_tips\/Events\" target=\"_blank\">Biblioteken<\/a> har kulturevenemang f\u00f6r alla \u00e5ldrar. Skriv till <em>Svenskspr\u00e5kiga<\/em> eller <em>svenska<\/em> F\u00f6lj olika evenemangskalendrar f\u00f6r att ta reda p\u00e5 vad som h\u00e4nder i huvudstadsregionen.<\/p>\n\n\n\n<p>Evenemang p\u00e5 <a aria-label=\"Luckan (\u00f6ppnas i en ny flik)\" class=\"ek-link ek-link\" rel=\"noreferrer noopener\" href=\"https:\/\/helsingfors.luckan.fi\/\" target=\"_blank\">Luckan<\/a> finns p\u00e5&nbsp;<a href=\"https:\/\/www.facebook.com\/pg\/luckanhelsingfors\/events\/\" target=\"_blank\" aria-label=\" (\u00f6ppnas i en ny flik)\" rel=\"noreferrer noopener\" class=\"ek-link\">Facebook<\/a>.<\/p>\n\n\n\n<p><a aria-label=\" (\u00f6ppnas i en ny flik)\" rel=\"noreferrer noopener\" href=\"https:\/\/www.hel.fi\/nuoret\/sv\/uutiset\/\" target=\"_blank\" class=\"ek-link\">Nyheter p\u00e5 svenska <\/a>som riktar sig till ungdomar i Helsingfors.<\/p>\n\n\n\n<p><a aria-label=\" (\u00f6ppnas i en ny flik)\" class=\"ek-link ek-link\" rel=\"noreferrer noopener\" href=\"https:\/\/www.hel.fi\/nuoret\/en\" target=\"_blank\">Ungdomarnas Helsingfors, <\/a>p\u00e5 engelska.&nbsp;<\/p>\n<\/div><\/div>\n\n\n\n<div class=\"ghostkit-accordion-item\"><a href=\"#accordionyouth-centers\" class=\"ghostkit-accordion-item-heading\"><span class=\"ghostkit-accordion-item-label\"><strong>UNGDOMSCENTER<\/strong><\/span><span class=\"ghostkit-accordion-item-collapse\"><svg class=\"ghostkit-svg-icon\" width=\"24\" height=\"24\" viewbox=\"0 0 24 24\" fill=\"none\" xmlns=\"http:\/\/www.w3.org\/2000\/svg\"><path d=\"M9.21967 6.2197C9.51256 5.9268 9.98744 5.9268 10.2803 6.2197L15.5303 11.4697C15.8232 11.7626 15.8232 12.2374 15.5303 12.5303L10.2803 17.7803C9.98744 18.0732 9.51256 18.0732 9.21967 17.7803C8.92678 17.4874 8.92678 17.0126 9.21967 16.7197L13.9393 12L9.21967 7.2803C8.92678 6.9874 8.92678 6.5126 9.21967 6.2197Z\" fill=\"currentColor\"><\/path><\/svg><\/span><\/a><div class=\"ghostkit-accordion-item-content is-layout-flow wp-block-ghostkit-accordion-item-is-layout-flow\">\n<p>I huvudstadsregionen finns det n\u00e5gra svenska ungdomsg\u00e5rdar som erbjuder olika aktiviteter, m\u00f6jligheter att tr\u00e4ffa v\u00e4nner, kurser, klubbar, utflykter och evenemang - eller s\u00e5 kan du bara umg\u00e5s. Du kan f\u00e5 hj\u00e4lp, information och st\u00f6d n\u00e4r du st\u00e5r inf\u00f6r utmaningar. Alla ungdomscenters verksamheter \u00e4r drog- och alkoholfria.<\/p>\n\n\n\n<p>Hos <em><strong>Helsingfors<\/strong><\/em>&nbsp;<a href=\"http:\/\/drumso.munstadi.fi\/\" target=\"_blank\" aria-label=\" (\u00f6ppnas i en ny flik)\" rel=\"noreferrer noopener\" class=\"ek-link\">Ungdomsg\u00e5rden Drums\u00f6<\/a> har olika aktiviteter olika dagar i veckan. F\u00f6lj dem p\u00e5 <a href=\"https:\/\/www.instagram.com\/ungdomsgardendrumso\/?hl=fi\" target=\"_blank\" aria-label=\"Instagram (\u00f6ppnas i en ny flik)\" rel=\"noreferrer noopener\" class=\"ek-link\">Instagram<\/a> .<\/p>\n\n\n\n<p>Ungdomscentret i&nbsp;<a aria-label=\" (\u00f6ppnas i en ny flik)\" class=\"ek-link ek-link\" rel=\"noreferrer noopener\" href=\"http:\/\/sandels.munstadi.fi\/\" target=\"_blank\">Sandels<\/a>&nbsp;i T\u00f6l\u00f6 \u00e4r ett hus fyllt av happenings. Det \u00e4r \u00f6ppet m\u00e5ndagar, onsdagar och fredagar kl. 12-20 och torsdagar kl. 12-17.<\/p>\n\n\n\n<p><a aria-label=\" (\u00f6ppnas i en ny flik)\" class=\"ek-link ek-link\" rel=\"noreferrer noopener\" href=\"http:\/\/rastis.munstadi.fi\/\" target=\"_blank\">Rastis,&nbsp;<\/a>i Nordsj\u00f6 har \u00f6ppet onsdagar mellan 17-21, fredagar mellan 17-22:30 och varannan l\u00f6rdag (19.1, 2.2, 16.2, 2.3, 16.3, 30.3, 13.4, 27.4, 11.5 &amp;25.5) mellan 16-22:30. De \u00e4r ocks\u00e5 aktiva f\u00f6ljande dagar <a href=\"https:\/\/www.instagram.com\/rastisunkan\/?hl=fi\" target=\"_blank\" aria-label=\"Instagram (\u00f6ppnas i en ny flik)\" rel=\"noreferrer noopener\" class=\"ek-link\">Instagram<\/a>.<\/p>\n\n\n\n<p>Hos <em><strong>Esbo<\/strong><\/em> the&nbsp;<a aria-label=\" (\u00f6ppnas i en ny flik)\" class=\"ek-link ek-link\" rel=\"noreferrer noopener\" href=\"https:\/\/www.esbo.fi\/sv-FI\/Unga\/Trevliga_saker_att_gora\/Ungdomslokaler\/Soko_ungdomslokal\" target=\"_blank\">S\u00f6k\u00f6 ungdomslokal<\/a>&nbsp;ligger i S\u00f6k\u00f6. Det \u00e4r \u00f6ppet onsdagar 17-20, torsdagar 14-21, fredagar 13:30-22 och l\u00f6rdagar, j\u00e4mna veckor, mellan 16-22. Deras <a aria-label=\"Instagram (\u00f6ppnas i en ny flik)\" href=\"https:\/\/www.instagram.com\/spunkkan\/\" target=\"_blank\" rel=\"noreferrer noopener\" class=\"ek-link\">Instagram<\/a> hittar du aktuell info.<\/p>\n\n\n\n<p>Hos <em><strong>Vanda<\/strong><\/em> det finns&nbsp;<a aria-label=\" (\u00f6ppnas i en ny flik)\" class=\"ek-link ek-link\" rel=\"noreferrer noopener\" href=\"https:\/\/sivistysvantaa.fi\/nuortenvantaa\/artikkelit\/paikat\/svensktungdomsarbete\/svensksprakigaungdomsgardar.html\" target=\"_blank\">tv\u00e5 svenska ungdomscenter,&nbsp;<\/a>i Helsingg\u00e5rd och M\u00e5rtensdal. Helsingg\u00e5rd har \u00f6ppet p\u00e5 fredagar fr\u00e5n 18.00 och M\u00e5rtensdal p\u00e5 torsdagar mellan 17.30-21.00.<\/p>\n\n\n\n<p><a aria-label=\" (\u00f6ppnas i en ny flik)\" class=\"ek-link ek-link\" rel=\"noreferrer noopener\" href=\"https:\/\/www.kauniainen.fi\/sv\/kultur_och_fritid\/ungdomstjanster\/ungdomsgarden\" target=\"_blank\">Grani klubben<\/a> p\u00e5 <em><strong>Grankulla<\/strong><\/em>&nbsp;finns i biblioteket. Det \u00e4r \u00f6ppet m\u00e5ndag-torsdag kl. 15-20.<\/p>\n<\/div><\/div>\n\n\n\n<div class=\"ghostkit-accordion-item\"><a href=\"#accordionthe-theater-school-dot\" class=\"ghostkit-accordion-item-heading\"><span class=\"ghostkit-accordion-item-label\"><strong>TEATERSKOLAN PUNKT<\/strong><\/span><span class=\"ghostkit-accordion-item-collapse\"><svg class=\"ghostkit-svg-icon\" width=\"24\" height=\"24\" viewbox=\"0 0 24 24\" fill=\"none\" xmlns=\"http:\/\/www.w3.org\/2000\/svg\"><path d=\"M9.21967 6.2197C9.51256 5.9268 9.98744 5.9268 10.2803 6.2197L15.5303 11.4697C15.8232 11.7626 15.8232 12.2374 15.5303 12.5303L10.2803 17.7803C9.98744 18.0732 9.51256 18.0732 9.21967 17.7803C8.92678 17.4874 8.92678 17.0126 9.21967 16.7197L13.9393 12L9.21967 7.2803C8.92678 6.9874 8.92678 6.5126 9.21967 6.2197Z\" fill=\"currentColor\"><\/path><\/svg><\/span><\/a><div class=\"ghostkit-accordion-item-content is-layout-flow wp-block-ghostkit-accordion-item-is-layout-flow\">\n<p><a href=\"https:\/\/www.teaterskolandot.fi\/sv\/start\/\">Teaterskolan DOT&nbsp;<\/a>erbjuder svensk dramapedagogik f\u00f6r personer i \u00e5ldern 13-16 \u00e5r p\u00e5 Luckan. Bes\u00f6k deras webbplats f\u00f6r mer information.<\/p>\n<\/div><\/div>\n\n\n\n<div class=\"ghostkit-accordion-item\"><a href=\"#accordiongymnastics-and-soccer\" class=\"ghostkit-accordion-item-heading\"><span class=\"ghostkit-accordion-item-label\"><strong>GYMNASTIK OCH FOTBOLL<\/strong><\/span><span class=\"ghostkit-accordion-item-collapse\"><svg class=\"ghostkit-svg-icon\" width=\"24\" height=\"24\" viewbox=\"0 0 24 24\" fill=\"none\" xmlns=\"http:\/\/www.w3.org\/2000\/svg\"><path d=\"M9.21967 6.2197C9.51256 5.9268 9.98744 5.9268 10.2803 6.2197L15.5303 11.4697C15.8232 11.7626 15.8232 12.2374 15.5303 12.5303L10.2803 17.7803C9.98744 18.0732 9.51256 18.0732 9.21967 17.7803C8.92678 17.4874 8.92678 17.0126 9.21967 16.7197L13.9393 12L9.21967 7.2803C8.92678 6.9874 8.92678 6.5126 9.21967 6.2197Z\" fill=\"currentColor\"><\/path><\/svg><\/span><\/a><div class=\"ghostkit-accordion-item-content is-layout-flow wp-block-ghostkit-accordion-item-is-layout-flow\">\n<p><strong>Gymnastik<\/strong><\/p>\n\n\n\n<p><a href=\"https:\/\/www.hifkfriidrott.fi\/svenska\/\" target=\"_blank\" aria-label=\" (\u00f6ppnas i en ny flik)\" rel=\"noreferrer noopener\" class=\"ek-link\">Helsingfors IFK o<\/a>Det finns ocks\u00e5 m\u00e5nga m\u00f6jligheter f\u00f6r personer som \u00e4r intresserade av ett brett spektrum av friidrott. De tr\u00e4nar vanligtvis p\u00e5 Liikuntamylly i Kvarnb\u00e4cken (Myllypuro) och fr\u00e5n april till september \u00e4ven p\u00e5 Djurg\u00e5rden (El\u00e4inpuisto), b\u00e5da i Helsingfors.<\/p>\n\n\n\n<h4 class=\"wp-block-heading\" id=\"footballandnbspsoccerandnbsp\">Fotboll,<strong>&nbsp;fotboll&nbsp;<\/strong><\/h4>\n\n\n\n<p><a href=\"https:\/\/hifkfotboll.fi\/sv\/juniorer\/\" target=\"_blank\" aria-label=\" (\u00f6ppnas i en ny flik)\" rel=\"noreferrer noopener\" class=\"ek-link\">Helsingfors IFK<\/a>&nbsp;(HIFK) har \u00f6ver 540 barn fr\u00e5n 4 \u00e5r och upp\u00e5t som tr\u00e4nar fotboll med dem. HIFK erbjuder tr\u00e4ning f\u00f6r pojkar och flickor. Fyll i HIFK:s&nbsp;<a href=\"https:\/\/hifkfotboll.fi\/sv\/juniorer\/\" target=\"_blank\" aria-label=\" (\u00f6ppnas i en ny flik)\" rel=\"noreferrer noopener\" class=\"ek-link\">ans\u00f6kningsblanketten&nbsp;<\/a>p\u00e5 deras webbplats, s\u00e5 tar de kontakt.<\/p>\n<\/div><\/div>\n\n\n\n<div class=\"ghostkit-accordion-item\"><a href=\"#accordionscouting\" class=\"ghostkit-accordion-item-heading\"><span class=\"ghostkit-accordion-item-label\"><strong>SPIONAGE<\/strong><\/span><span class=\"ghostkit-accordion-item-collapse\"><svg class=\"ghostkit-svg-icon\" width=\"24\" height=\"24\" viewbox=\"0 0 24 24\" fill=\"none\" xmlns=\"http:\/\/www.w3.org\/2000\/svg\"><path d=\"M9.21967 6.2197C9.51256 5.9268 9.98744 5.9268 10.2803 6.2197L15.5303 11.4697C15.8232 11.7626 15.8232 12.2374 15.5303 12.5303L10.2803 17.7803C9.98744 18.0732 9.51256 18.0732 9.21967 17.7803C8.92678 17.4874 8.92678 17.0126 9.21967 16.7197L13.9393 12L9.21967 7.2803C8.92678 6.9874 8.92678 6.5126 9.21967 6.2197Z\" fill=\"currentColor\"><\/path><\/svg><\/span><\/a><div class=\"ghostkit-accordion-item-content is-layout-flow wp-block-ghostkit-accordion-item-is-layout-flow\">\n<p>I Helsingfors finns 14 svenska k\u00e5rer. Fr\u00e5n&nbsp;<a href=\"https:\/\/hess.fi\/start\/\" target=\"_blank\" aria-label=\" (\u00f6ppnas i en ny flik)\" rel=\"noreferrer noopener\" class=\"ek-link\">denna webbplats&nbsp;<\/a>kan du hitta det organ som passar dig och deras kontaktuppgifter.<\/p>\n\n\n\n<p>I Grankulla hittar du <a aria-label=\" (\u00f6ppnas i en ny flik)\" href=\"http:\/\/www.grankullascoutkar.fi\/start\/\" target=\"_blank\" rel=\"noreferrer noopener\" class=\"ek-link\">Grankulla Scoutk\u00e5r<\/a>&nbsp;och i Vanda <a aria-label=\"Scoutk\u00e5ren Nybyggarna (\u00f6ppnas i en ny flik)\" href=\"http:\/\/nybyggarna.net\/\" target=\"_blank\" rel=\"noreferrer noopener\" class=\"ek-link\">Scoutk\u00e5ren Nybyggarna<\/a>.<\/p>\n\n\n\n<p>Esbo har fyra k\u00e5rer:<\/p>\n\n\n\n<ul class=\"wp-block-list\"><li><a aria-label=\"S\u00f6drik Stigfinnare (\u00f6ppnas i en ny flik)\" href=\"http:\/\/sodrikstigfinnare.com\/web\/\" target=\"_blank\" rel=\"noreferrer noopener\" class=\"ek-link\">S\u00f6drik Stigfinnare<\/a>&nbsp;i Esbo Center<\/li><li>Sj\u00f6scouter,&nbsp;<a aria-label=\"Sj\u00f6scoutk\u00e5ren Stormf\u00e5geln (\u00f6ppnas i en ny flik)\" href=\"http:\/\/www.stormfageln.fi\/start\/\" target=\"_blank\" rel=\"noreferrer noopener\" class=\"ek-link\">Sj\u00f6scoutk\u00e5ren Stormf\u00e5geln<\/a>&nbsp;vid Nokkala Udd<\/li><li><a aria-label=\"Scoutk\u00e5ren Tre Bj\u00f6rkar (\u00f6ppnas i en ny flik)\" href=\"https:\/\/trebjorkar.wordpress.com\/\" target=\"_blank\" rel=\"noreferrer noopener\" class=\"ek-link\">Scoutk\u00e5ren Tre Bj\u00f6rkar<\/a>&nbsp;i Dalsvik<\/li><li><a href=\"https:\/\/www.muho.fi\/\" target=\"_blank\" aria-label=\"Scoutk\u00e5ren MuH\u00f6 (\u00f6ppnas i en ny flik)\" rel=\"noreferrer noopener\" class=\"ek-link\">Scoutk\u00e5ren MuH\u00f6<\/a>&nbsp;i Olars<\/li><\/ul>\n<\/div><\/div>\n\n\n\n<div class=\"ghostkit-accordion-item\"><a href=\"#accordioninformation-about-associations-hobbies-and-cultural-insitutions\" class=\"ghostkit-accordion-item-heading\"><span class=\"ghostkit-accordion-item-label\"><strong>INFORMATION OM F\u00d6RENINGAR, HOBBYER OCH KULTURINSTITUTIONER<\/strong><\/span><span class=\"ghostkit-accordion-item-collapse\"><svg class=\"ghostkit-svg-icon\" width=\"24\" height=\"24\" viewbox=\"0 0 24 24\" fill=\"none\" xmlns=\"http:\/\/www.w3.org\/2000\/svg\"><path d=\"M9.21967 6.2197C9.51256 5.9268 9.98744 5.9268 10.2803 6.2197L15.5303 11.4697C15.8232 11.7626 15.8232 12.2374 15.5303 12.5303L10.2803 17.7803C9.98744 18.0732 9.51256 18.0732 9.21967 17.7803C8.92678 17.4874 8.92678 17.0126 9.21967 16.7197L13.9393 12L9.21967 7.2803C8.92678 6.9874 8.92678 6.5126 9.21967 6.2197Z\" fill=\"currentColor\"><\/path><\/svg><\/span><\/a><div class=\"ghostkit-accordion-item-content is-layout-flow wp-block-ghostkit-accordion-item-is-layout-flow\">\n<p>All information \u00e4r p\u00e5 svenska. Kontakta f\u00f6reningen f\u00f6r hj\u00e4lp!<\/p>\n\n\n\n<p><a aria-label=\" (\u00f6ppnas i en ny flik)\" class=\"ek-link ek-link\" rel=\"noreferrer noopener\" href=\"https:\/\/arbetetsvanner.fi\/avf\/av_sornas\/sornas_aktiviteter\/\" target=\"_blank\">AV i S\u00f6rn\u00e4s <\/a>&nbsp;\u00e4r en f\u00f6rening som organiserar bridgeklubb, dansklubb, har konstcirkel, babycaf\u00e9, yoga, meditation, capoeira, samisk klubb.<\/p>\n\n\n\n<p><a aria-label=\" (\u00f6ppnas i en ny flik)\" class=\"ek-link ek-link\" rel=\"noreferrer noopener\" href=\"https:\/\/nos.fi\/startsida\/kalender\/\" target=\"_blank\">Norr om Stan rf<\/a>. ordnar kulturevenemang och fritidsaktiviteter i norra Helsingfors och Vandaomr\u00e5det.<\/p>\n\n\n\n<p><a aria-label=\" (\u00f6ppnas i en ny flik)\" rel=\"noreferrer noopener\" href=\"https:\/\/www.svenska.fi\/\" target=\"_blank\" class=\"ek-link\">Svenska.fi&nbsp;<\/a>\u00e4r en f\u00f6rening f\u00f6r invandrare som har integrerats p\u00e5 svenska. Deras evenemang publiceras&nbsp;<a aria-label=\" (\u00f6ppnas i en ny flik)\" rel=\"noreferrer noopener\" href=\"https:\/\/www.facebook.com\/svenska.fi\/\" target=\"_blank\" class=\"ek-link\">p\u00e5 Facebook.<\/a><\/p>\n\n\n\n<p><a aria-label=\" (\u00f6ppnas i en ny flik)\" class=\"ek-link ek-link\" rel=\"noreferrer noopener\" href=\"https:\/\/www.folkhalsan.fi\/en\/\" target=\"_blank\">Folkh\u00e4lsan<\/a>&nbsp;\u00e4r en m\u00e5ngsidig, modern ideell organisation som \u00e4r verksam inom social- och h\u00e4lsov\u00e5rdstj\u00e4nster. <a aria-label=\"H\u00e4r hittar du deras verksamhet f\u00f6r ungdomar (\u00f6ppnas i en ny flik)\" href=\"https:\/\/www.folkhalsan.fi\/unga\/\" target=\"_blank\" rel=\"noreferrer noopener\" class=\"ek-link\">H\u00e4r hittar du deras verksamhet f\u00f6r ungdomar<\/a>.<\/p>\n\n\n\n<p>Svensktalande <a aria-label=\" (\u00f6ppnas i en ny flik)\" class=\"ek-link ek-link\" rel=\"noreferrer noopener\" href=\"https:\/\/www.esbo.fi\/download\/noname\/%7B1CA8AFBB-EE97-4B80-8A04-2A2F3C3ECC81%7D\/78846\" target=\"_blank\">f\u00f6reningar i Esbo<\/a>&nbsp;samlas i denna pdf.<\/p>\n\n\n\n<p><a aria-label=\" (\u00f6ppnas i en ny flik)\" class=\"ek-link ek-link\" rel=\"noreferrer noopener\" href=\"https:\/\/www.kauniainen.fi\/sv\/kultur_och_fritid\/foreningar_och_samfund\" target=\"_blank\">F\u00f6reningar i Grankulla<\/a>: <a href=\"https:\/\/www.kauniainen.fi\/sv\/kultur_och_fritid\/foreningar_och_samfund\/kulturforeningar\" class=\"ek-link\">Kultur\/Kultur<\/a>, <a href=\"https:\/\/www.kauniainen.fi\/sv\/kultur_och_fritid\/foreningar_och_samfund\/kvinnoforeningar\" class=\"ek-link\">Kvinno\/Fruar<\/a>,&nbsp; <a href=\"https:\/\/www.kauniainen.fi\/sv\/kultur_och_fritid\/foreningar_och_samfund\/kyrkoforeningar\" class=\"ek-link\">Kyrko\/Kyrka<\/a>,&nbsp; <a href=\"https:\/\/www.kauniainen.fi\/sv\/kultur_och_fritid\/foreningar_och_samfund\/motorklubbar\" class=\"ek-link\">Motor\/Motor<\/a>, <a href=\"https:\/\/www.kauniainen.fi\/sv\/kultur_och_fritid\/foreningar_och_samfund\/pensionarsforeningar\" class=\"ek-link\">Pension\u00e4rs\/Pensionist<\/a>, <a href=\"https:\/\/www.kauniainen.fi\/sv\/kultur_och_fritid\/foreningar_och_samfund\/politiska_foreningar\" class=\"ek-link\">Politiska\/Politiska<\/a>, <a href=\"https:\/\/www.kauniainen.fi\/sv\/kultur_och_fritid\/foreningar_och_samfund\/stodorganisationer\" class=\"ek-link\">St\u00f6d\/Support<\/a>, <a href=\"https:\/\/www.kauniainen.fi\/sv\/kultur_och_fritid\/foreningar_och_samfund\/ovriga\" class=\"ek-link\">\u00d6vriga\/Other\/Other<\/a><\/p>\n\n\n\n<p><a aria-label=\"F\u00f6reningar i Vanda (\u00f6ppnas i en ny flik)\" href=\"https:\/\/www.vanda.fi\/instancedata\/prime_product_julkaisu\/vantaa\/embeds\/vantaawwwstructure\/147161_Vandaguiden_uppdaterad_18.9.2019.pdf\" target=\"_blank\" rel=\"noreferrer noopener\" class=\"ek-link\">F\u00f6reningar i Vanda<\/a>&nbsp;finns i denna broschyr fr\u00e5n sidan 38, under rubriken<em> F\u00f6reningar<\/em>. I broschyren hittar du ocks\u00e5 information om andra svenska tj\u00e4nster.<\/p>\n<\/div><\/div>\n<\/div>\n\n\n\n<h2 class=\"wp-block-heading\" id=\"health\">H\u00e4lsa<\/h2>\n\n\n\n<div class=\"ghostkit-accordion ghostkit-accordion-1\">\n<div class=\"ghostkit-accordion-item\"><a href=\"#accordionyouth-information-chat-counseling-guidance-and-training\" class=\"ghostkit-accordion-item-heading\"><span class=\"ghostkit-accordion-item-label\"><strong>INFORMATION, CHATT, R\u00c5DGIVNING, V\u00c4GLEDNING OCH UTBILDNING F\u00d6R UNGDOMAR.<\/strong><\/span><span class=\"ghostkit-accordion-item-collapse\"><svg class=\"ghostkit-svg-icon\" width=\"24\" height=\"24\" viewbox=\"0 0 24 24\" fill=\"none\" xmlns=\"http:\/\/www.w3.org\/2000\/svg\"><path d=\"M9.21967 6.2197C9.51256 5.9268 9.98744 5.9268 10.2803 6.2197L15.5303 11.4697C15.8232 11.7626 15.8232 12.2374 15.5303 12.5303L10.2803 17.7803C9.98744 18.0732 9.51256 18.0732 9.21967 17.7803C8.92678 17.4874 8.92678 17.0126 9.21967 16.7197L13.9393 12L9.21967 7.2803C8.92678 6.9874 8.92678 6.5126 9.21967 6.2197Z\" fill=\"currentColor\"><\/path><\/svg><\/span><\/a><div class=\"ghostkit-accordion-item-content is-layout-flow wp-block-ghostkit-accordion-item-is-layout-flow\">\n<p><a aria-label=\" (\u00f6ppnas i en ny flik)\" rel=\"noreferrer noopener\" class=\"ek-link ek-link\" href=\"https:\/\/unginfo.fi\/om-oss\/in-english\/\" target=\"_blank\">Luckan UngInfo&nbsp;<\/a>erbjuder kostnadsfri v\u00e4gledning f\u00f6r personer i \u00e5ldern 13-29 \u00e5r i fr\u00e5gor som r\u00f6r studier, arbete, fritid och s\u00e5 vidare. Handledningen kan ske ansikte mot ansikte, vi har drop-in p\u00e5 onsdagar mellan 15-17 kl. <a aria-label=\"Luckan Helsingfors (\u00f6ppnas i en ny flik)\" rel=\"noreferrer noopener\" class=\"ek-link\" href=\"https:\/\/helsingfors.luckan.fi\/\" target=\"_blank\">Luckan Helsingfors <\/a>eller boka en tid via e-post, <a class=\"ek-link\" href=\"mailto:helsingfors@unginfo.fi\">helsingfors@unginfo.fi<\/a>. Unga Info har ocks\u00e5 en <a aria-label=\"Chattj\u00e4nst (\u00f6ppnas i en ny flik)\" rel=\"noreferrer noopener\" class=\"ek-link\" href=\"https:\/\/arligttalat.fi\/\" target=\"_blank\">chattj\u00e4nst<\/a>. De flesta av deras <a aria-label=\"aktiviteter (\u00f6ppnas i en ny flik)\" rel=\"noreferrer noopener\" class=\"ek-link\" href=\"https:\/\/unginfo.fi\/\" target=\"_blank\">aktiviteter<\/a> \u00e4r online och alla \u00e4r gratis. <\/p>\n\n\n\n<p>Upplever du en kris? Beh\u00f6ver du n\u00e5gon att prata med? D\u00e5 kan du v\u00e4nda dig till <a rel=\"noreferrer noopener\" href=\"https:\/\/www.helsingforsmission.fi\/ungdomar\" target=\"_blank\">r\u00e5dgivning f\u00f6r ungdomar<\/a> kan passa dig. Det \u00e4r en kostnadsfri och konfidentiell r\u00e5dgivningstj\u00e4nst. Du kan bes\u00f6ka, ringa eller skicka ett e-postmeddelande med dina tankar.<\/p>\n\n\n\n<p><a aria-label=\"Navigatorn (Ohjaamo) (\u00f6ppnas i en ny flik)\" href=\"https:\/\/ohjaamo.hel.fi\/ohjaamo-helsinki\/in-english\/\" target=\"_blank\" rel=\"noreferrer noopener\" class=\"ek-link\">Navigatorn (Ohjaamo)<\/a> riktar sig till personer under 30 \u00e5r. D\u00e4r kan du f\u00e5 information, r\u00e5d och v\u00e4gledning inom omr\u00e5den som utbildning, syssels\u00e4ttning och v\u00e4lbefinnande. P\u00e5 m\u00e5ndagar mellan 12-17 hj\u00e4lper Riikka fr\u00e5n Luckan dig p\u00e5 svenska.<\/p>\n\n\n\n<p><\/p>\n<\/div><\/div>\n<\/div>\n\n\n\n<div class=\"ghostkit-accordion ghostkit-accordion-1\">\n<div class=\"ghostkit-accordion-item\"><a href=\"#accordioncontraceptives\" class=\"ghostkit-accordion-item-heading\"><span class=\"ghostkit-accordion-item-label\"><strong>PREVENTIVMEDEL<\/strong><\/span><span class=\"ghostkit-accordion-item-collapse\"><svg class=\"ghostkit-svg-icon\" width=\"24\" height=\"24\" viewbox=\"0 0 24 24\" fill=\"none\" xmlns=\"http:\/\/www.w3.org\/2000\/svg\"><path d=\"M9.21967 6.2197C9.51256 5.9268 9.98744 5.9268 10.2803 6.2197L15.5303 11.4697C15.8232 11.7626 15.8232 12.2374 15.5303 12.5303L10.2803 17.7803C9.98744 18.0732 9.51256 18.0732 9.21967 17.7803C8.92678 17.4874 8.92678 17.0126 9.21967 16.7197L13.9393 12L9.21967 7.2803C8.92678 6.9874 8.92678 6.5126 9.21967 6.2197Z\" fill=\"currentColor\"><\/path><\/svg><\/span><\/a><div class=\"ghostkit-accordion-item-content is-layout-flow wp-block-ghostkit-accordion-item-is-layout-flow\">\n<p><a href=\"https:\/\/www.hel.fi\/helsinki\/en\/socia-health\/health\/other\/contraception\" target=\"_blank\" aria-label=\" (\u00f6ppnas i en ny flik)\" rel=\"noreferrer noopener\" class=\"ek-link\">Helsingfors erbjuder<\/a>&nbsp;gratis preventivmedel f\u00f6r personer under 25 \u00e5r.<\/p>\n\n\n\n<p><a href=\"https:\/\/www.espoo.fi\/en-US\/Youth\/Espoo_offers_freeofcharge_contraception_(156065)\" target=\"_blank\" aria-label=\" (\u00f6ppnas i en ny flik)\" rel=\"noreferrer noopener\" class=\"ek-link\">Esbo erbjuder<\/a>&nbsp;gratis preventivmedel f\u00f6r personer under 25 \u00e5r.<\/p>\n\n\n\n<p><a href=\"https:\/\/www.vantaa.fi\/health_care_and_social_services\/health_services\/other_health_services\/contraception_and_family_planning_clinics\" target=\"_blank\" aria-label=\" (\u00f6ppnas i en ny flik)\" rel=\"noreferrer noopener\" class=\"ek-link\">Vanda erbjuder<\/a>&nbsp;gratis preventivmedel f\u00f6r personer under 20 \u00e5r.<\/p>\n\n\n\n<p><a href=\"https:\/\/www.kauniainen.fi\/sv\/social-_och_halsovard\/tjanster_for_ungdomar\/preventivradgivning\" target=\"_blank\" aria-label=\" (\u00f6ppnas i en ny flik)\" rel=\"noreferrer noopener\" class=\"ek-link\">Grankulla erbjuder&nbsp;<\/a>gratis preventivmedel f\u00f6r personer under 21 \u00e5r.<\/p>\n<\/div><\/div>\n<\/div>\n\n\n\n\n\n<div class=\"wp-block-group alignfull ghostkit-custom-2oncI4 has-palette-color-1-background-color has-background\"><div class=\"wp-block-group__inner-container is-layout-flow wp-block-group-is-layout-flow\">\n\n\n<h2 class=\"has-text-align-center wp-block-heading\" id=\"read-more-about\">L\u00e4s mer om..<\/h2>\n\n\n\n<div class=\"wp-block-columns alignwide is-layout-flex wp-container-core-columns-is-layout-d0b3c9c8 wp-block-columns-is-layout-flex\">\n<div class=\"wp-block-column is-layout-flow wp-block-column-is-layout-flow\">\n<div class=\"wp-block-media-text is-stacked-on-mobile has-media-on-the-bottom has-palette-color-5-background-color has-background\"><figure class=\"wp-block-media-text__media\"><a href=\"https:\/\/integration.luckan.fi\/integrating-in-swedish\/swedish-courses\/\"><img loading=\"lazy\" decoding=\"async\" width=\"600\" height=\"400\" src=\"https:\/\/integration.luckan.fi\/wp-content\/uploads\/2020\/05\/DSC03822-600x400.jpg\" alt=\"\" class=\"wp-image-12574 size-medium\" srcset=\"https:\/\/integration.luckan.fi\/wp-content\/uploads\/2020\/05\/DSC03822-600x400.jpg 600w, https:\/\/integration.luckan.fi\/wp-content\/uploads\/2020\/05\/DSC03822-200x133.jpg 200w, https:\/\/integration.luckan.fi\/wp-content\/uploads\/2020\/05\/DSC03822-768x512.jpg 768w, https:\/\/integration.luckan.fi\/wp-content\/uploads\/2020\/05\/DSC03822-1500x1000.jpg 1500w, https:\/\/integration.luckan.fi\/wp-content\/uploads\/2020\/05\/DSC03822-1536x1024.jpg 1536w, https:\/\/integration.luckan.fi\/wp-content\/uploads\/2020\/05\/DSC03822-2048x1365.jpg 2048w\" sizes=\"auto, (max-width: 600px) 100vw, 600px\" \/><\/a><\/figure><div class=\"wp-block-media-text__content\">\n<h3 class=\"wp-block-heading\" id=\"swedish-courses\"><a href=\"https:\/\/integration.luckan.fi\/integrating-in-swedish\/swedish-courses\/\" class=\"ek-link\">Svenska kurser<\/a><\/h3>\n<\/div><\/div>\n<\/div>\n\n\n\n<div class=\"wp-block-column is-layout-flow wp-block-column-is-layout-flow\">\n<div class=\"wp-block-media-text is-stacked-on-mobile has-media-on-the-bottom has-palette-color-5-background-color has-background\"><figure class=\"wp-block-media-text__media\"><a href=\"https:\/\/integration.luckan.fi\/integrating-in-swedish\/guidance-for-families\/\"><img loading=\"lazy\" decoding=\"async\" width=\"1500\" height=\"1000\" src=\"https:\/\/integration.luckan.fi\/wp-content\/uploads\/2020\/09\/jeniffer-araujo-6cBKMxTYmWw-unsplash-1500x1000.jpg\" alt=\"\" class=\"wp-image-13214 size-medium\" srcset=\"https:\/\/integration.luckan.fi\/wp-content\/uploads\/2020\/09\/jeniffer-araujo-6cBKMxTYmWw-unsplash-1500x1000.jpg 1500w, https:\/\/integration.luckan.fi\/wp-content\/uploads\/2020\/09\/jeniffer-araujo-6cBKMxTYmWw-unsplash-200x133.jpg 200w, https:\/\/integration.luckan.fi\/wp-content\/uploads\/2020\/09\/jeniffer-araujo-6cBKMxTYmWw-unsplash-600x400.jpg 600w, https:\/\/integration.luckan.fi\/wp-content\/uploads\/2020\/09\/jeniffer-araujo-6cBKMxTYmWw-unsplash-768x512.jpg 768w, https:\/\/integration.luckan.fi\/wp-content\/uploads\/2020\/09\/jeniffer-araujo-6cBKMxTYmWw-unsplash-1536x1024.jpg 1536w, https:\/\/integration.luckan.fi\/wp-content\/uploads\/2020\/09\/jeniffer-araujo-6cBKMxTYmWw-unsplash-2048x1365.jpg 2048w\" sizes=\"auto, (max-width: 1500px) 100vw, 1500px\" \/><\/a><\/figure><div class=\"wp-block-media-text__content\">\n<h3 class=\"wp-block-heading\" id=\"guidance-for-families\"><a href=\"https:\/\/integration.luckan.fi\/integrating-in-swedish\/guidance-for-families\/\" class=\"ek-link\">V\u00e4gledning f\u00f6r familjer<\/a><\/h3>\n<\/div><\/div>\n<\/div>\n\n\n\n<div class=\"wp-block-column is-layout-flow wp-block-column-is-layout-flow\">\n<div class=\"wp-block-media-text is-stacked-on-mobile has-media-on-the-bottom has-palette-color-5-background-color has-background\"><figure class=\"wp-block-media-text__media\"><a href=\"https:\/\/integration.luckan.fi\/inswedishinfinland\/\"><img loading=\"lazy\" decoding=\"async\" width=\"1500\" height=\"1000\" src=\"https:\/\/integration.luckan.fi\/wp-content\/uploads\/2021\/01\/Rityta-1@2x_cropped2.png\" alt=\"\" class=\"wp-image-13840 size-medium\" srcset=\"https:\/\/integration.luckan.fi\/wp-content\/uploads\/2021\/01\/Rityta-1@2x_cropped2.png 1500w, https:\/\/integration.luckan.fi\/wp-content\/uploads\/2021\/01\/Rityta-1@2x_cropped2-200x133.png 200w, https:\/\/integration.luckan.fi\/wp-content\/uploads\/2021\/01\/Rityta-1@2x_cropped2-600x400.png 600w, https:\/\/integration.luckan.fi\/wp-content\/uploads\/2021\/01\/Rityta-1@2x_cropped2-768x512.png 768w\" sizes=\"auto, (max-width: 1500px) 100vw, 1500px\" \/><\/a><\/figure><div class=\"wp-block-media-text__content\">\n<h3 class=\"wp-block-heading\" id=\"in-swedish-in-finland\"><a href=\"https:\/\/integration.luckan.fi\/inswedishinfinland\/\" class=\"ek-link\">P\u00e5 svenska i Finland<\/a><\/h3>\n<\/div><\/div>\n<\/div>\n<\/div>\n\n\n\n<div class=\"wp-block-columns alignwide is-layout-flex wp-container-core-columns-is-layout-d0b3c9c8 wp-block-columns-is-layout-flex\">\n<div class=\"wp-block-column is-layout-flow wp-block-column-is-layout-flow\">\n<div class=\"wp-block-media-text is-stacked-on-mobile has-media-on-the-bottom has-palette-color-5-background-color has-background\"><figure class=\"wp-block-media-text__media\"><a href=\"https:\/\/integration.luckan.fi\/integrating-in-swedish\/children\/\"><img loading=\"lazy\" decoding=\"async\" width=\"1500\" height=\"1000\" src=\"https:\/\/integration.luckan.fi\/wp-content\/uploads\/2021\/01\/IMG-0135_cropped.jpg\" alt=\"\" class=\"wp-image-13843 size-medium\" srcset=\"https:\/\/integration.luckan.fi\/wp-content\/uploads\/2021\/01\/IMG-0135_cropped.jpg 1500w, https:\/\/integration.luckan.fi\/wp-content\/uploads\/2021\/01\/IMG-0135_cropped-200x133.jpg 200w, https:\/\/integration.luckan.fi\/wp-content\/uploads\/2021\/01\/IMG-0135_cropped-600x400.jpg 600w, https:\/\/integration.luckan.fi\/wp-content\/uploads\/2021\/01\/IMG-0135_cropped-768x512.jpg 768w\" sizes=\"auto, (max-width: 1500px) 100vw, 1500px\" \/><\/a><\/figure><div class=\"wp-block-media-text__content\">\n<h3 class=\"wp-block-heading\" id=\"information-for-children\"><a href=\"https:\/\/integration.luckan.fi\/integrating-in-swedish\/children\/\" class=\"ek-link\">Information till barn<\/a><\/h3>\n<\/div><\/div>\n<\/div>\n\n\n\n<div class=\"wp-block-column is-layout-flow wp-block-column-is-layout-flow\">\n<div class=\"wp-block-media-text is-stacked-on-mobile has-media-on-the-bottom has-palette-color-5-background-color has-background\"><figure class=\"wp-block-media-text__media\"><a href=\"https:\/\/integration.luckan.fi\/integrating-in-swedish\/\"><img loading=\"lazy\" decoding=\"async\" width=\"1500\" height=\"1000\" src=\"https:\/\/integration.luckan.fi\/wp-content\/uploads\/2021\/01\/info2.jpg\" alt=\"\" class=\"wp-image-13844 size-medium\" srcset=\"https:\/\/integration.luckan.fi\/wp-content\/uploads\/2021\/01\/info2.jpg 1500w, https:\/\/integration.luckan.fi\/wp-content\/uploads\/2021\/01\/info2-200x133.jpg 200w, https:\/\/integration.luckan.fi\/wp-content\/uploads\/2021\/01\/info2-600x400.jpg 600w, https:\/\/integration.luckan.fi\/wp-content\/uploads\/2021\/01\/info2-768x512.jpg 768w\" sizes=\"auto, (max-width: 1500px) 100vw, 1500px\" \/><\/a><\/figure><div class=\"wp-block-media-text__content\">\n<h3 class=\"wp-block-heading\" id=\"integrating-in-swedish\"><a href=\"https:\/\/integration.luckan.fi\/integrating-in-swedish\/\" class=\"ek-link\">Integration p\u00e5 svenska<\/a><\/h3>\n<\/div><\/div>\n<\/div>\n\n\n\n<div class=\"wp-block-column is-layout-flow wp-block-column-is-layout-flow\">\n<div class=\"wp-block-media-text is-stacked-on-mobile has-media-on-the-bottom has-palette-color-5-background-color has-background\"><figure class=\"wp-block-media-text__media\"><a href=\"https:\/\/integration.luckan.fi\/integrating-in-swedish\/adults\/\"><img loading=\"lazy\" decoding=\"async\" width=\"1500\" height=\"1000\" src=\"https:\/\/integration.luckan.fi\/wp-content\/uploads\/2021\/01\/DSC03822-crop.jpg\" alt=\"\" class=\"wp-image-13841 size-medium\" srcset=\"https:\/\/integration.luckan.fi\/wp-content\/uploads\/2021\/01\/DSC03822-crop.jpg 1500w, https:\/\/integration.luckan.fi\/wp-content\/uploads\/2021\/01\/DSC03822-crop-200x133.jpg 200w, https:\/\/integration.luckan.fi\/wp-content\/uploads\/2021\/01\/DSC03822-crop-600x400.jpg 600w, https:\/\/integration.luckan.fi\/wp-content\/uploads\/2021\/01\/DSC03822-crop-768x512.jpg 768w\" sizes=\"auto, (max-width: 1500px) 100vw, 1500px\" \/><\/a><\/figure><div class=\"wp-block-media-text__content\">\n<h3 class=\"wp-block-heading\" id=\"information-for-adults\"><a href=\"https:\/\/integration.luckan.fi\/integrating-in-swedish\/adults\/\" class=\"ek-link\">Information f\u00f6r vuxna<\/a><\/h3>\n<\/div><\/div>\n<\/div>\n<\/div>\n\n\n<\/div><\/div>","protected":false},"excerpt":{"rendered":"<p>Ungdom H\u00e4r hittar du information om utbildning, hur du f\u00e5r st\u00f6d i jobbs\u00f6kandet och hur du hittar fritidsaktiviteter. Vi r\u00e4knar dig som ungdom fr\u00e5n 13 \u00e5rs \u00e5lder och upp till 29 \u00e5rs \u00e5lder. Det \u00e4r ett brett \u00e5ldersspann, d\u00e5 mycket h\u00e4nder i livet. Svenska f\u00f6rberedande... <a class=\"more-link\" href=\"https:\/\/integration.luckan.fi\/sv\/integrating\/youth\/\">Forts\u00e4tt l\u00e4sa <span class=\"screen-reader-text\">Ungdom<\/span><\/a><\/p>","protected":false},"author":1,"featured_media":0,"parent":2163,"menu_order":0,"comment_status":"closed","ping_status":"closed","template":"tw-no-title.php","meta":{"om_disable_all_campaigns":false,"inline_featured_image":false,"ghostkit_customizer_options":"","ghostkit_custom_css":"","ghostkit_custom_js_head":"","ghostkit_custom_js_foot":"","ghostkit_typography":"","_monsterinsights_skip_tracking":false,"_monsterinsights_sitenote_active":false,"_monsterinsights_sitenote_note":"","_monsterinsights_sitenote_category":0,"cybocfi_hide_featured_image":"","footnotes":""},"class_list":["post-10473","page","type-page","status-publish","hentry","entry"],"aioseo_notices":[],"featured_image_src":null,"_links":{"self":[{"href":"https:\/\/integration.luckan.fi\/sv\/wp-json\/wp\/v2\/pages\/10473","targetHints":{"allow":["GET"]}}],"collection":[{"href":"https:\/\/integration.luckan.fi\/sv\/wp-json\/wp\/v2\/pages"}],"about":[{"href":"https:\/\/integration.luckan.fi\/sv\/wp-json\/wp\/v2\/types\/page"}],"author":[{"embeddable":true,"href":"https:\/\/integration.luckan.fi\/sv\/wp-json\/wp\/v2\/users\/1"}],"replies":[{"embeddable":true,"href":"https:\/\/integration.luckan.fi\/sv\/wp-json\/wp\/v2\/comments?post=10473"}],"version-history":[{"count":0,"href":"https:\/\/integration.luckan.fi\/sv\/wp-json\/wp\/v2\/pages\/10473\/revisions"}],"up":[{"embeddable":true,"href":"https:\/\/integration.luckan.fi\/sv\/wp-json\/wp\/v2\/pages\/2163"}],"wp:attachment":[{"href":"https:\/\/integration.luckan.fi\/sv\/wp-json\/wp\/v2\/media?parent=10473"}],"curies":[{"name":"wp","href":"https:\/\/api.w.org\/{rel}","templated":true}]}}