{"id":20727,"date":"2023-06-08T10:19:55","date_gmt":"2023-06-08T07:19:55","guid":{"rendered":"https:\/\/integration.luckan.fi\/?page_id=20727"},"modified":"2026-01-30T15:35:44","modified_gmt":"2026-01-30T13:35:44","slug":"peer-support-group","status":"publish","type":"page","link":"https:\/\/integration.luckan.fi\/sv\/peer-support-group\/","title":{"rendered":"Kamratst\u00f6dsgrupp f\u00f6r internationella arbetss\u00f6kande"},"content":{"rendered":"<div class=\"wp-block-media-text alignfull has-media-on-the-right is-stacked-on-mobile is-vertically-aligned-center is-image-fill-element has-background\" style=\"background-color:#ffe1b4;grid-template-columns:auto 56%\"><div class=\"wp-block-media-text__content\">\n<h2 id=\"peer-support-group-for-international-job-seekers\" class=\"wp-block-heading\">Kamratst\u00f6dsgrupp f\u00f6r internationella arbetss\u00f6kande<\/h2>\n\n\n\n<p class=\"has-medium-font-size\">V\u00e5r kamratst\u00f6dsgrupp \u00e4r utformad f\u00f6r att ge deltagarna tillg\u00e4ngliga verktyg och viktiga f\u00e4rdigheter f\u00f6r att lyckas p\u00e5 den finska arbetsmarknaden. Den erbjuds tv\u00e5 g\u00e5nger om \u00e5ret.<\/p>\n\n\n\n<p class=\"has-text-color has-link-color wp-elements-1b3955ec41d1767c3dd88b8b9b410b49\" style=\"color:#eb0a0a\">N.B. Vi har f\u00e5tt in m\u00e5nga ans\u00f6kningar den senaste tiden och d\u00e4rf\u00f6r \u00e4r tyv\u00e4rr registreringen f\u00f6r denna omg\u00e5ng st\u00e4ngd. Tack f\u00f6r ditt intresse och vi ser fram emot att tr\u00e4ffa dig i framtiden!<\/p>\n<\/div><figure class=\"wp-block-media-text__media\"><img loading=\"lazy\" decoding=\"async\" width=\"1500\" height=\"1000\" src=\"https:\/\/integration.luckan.fi\/wp-content\/uploads\/2023\/09\/Fika_IMG_4520-1500x1000.jpg\" alt=\"\" class=\"wp-image-21643 size-rta_thumb_cropped_1250x808\" style=\"object-position:50% 50%\" srcset=\"https:\/\/integration.luckan.fi\/wp-content\/uploads\/2023\/09\/Fika_IMG_4520-1500x1000.jpg 1500w, https:\/\/integration.luckan.fi\/wp-content\/uploads\/2023\/09\/Fika_IMG_4520-1200x800.jpg 1200w, https:\/\/integration.luckan.fi\/wp-content\/uploads\/2023\/09\/Fika_IMG_4520-450x300.jpg 450w, https:\/\/integration.luckan.fi\/wp-content\/uploads\/2023\/09\/Fika_IMG_4520-768x512.jpg 768w, https:\/\/integration.luckan.fi\/wp-content\/uploads\/2023\/09\/Fika_IMG_4520-1536x1024.jpg 1536w, https:\/\/integration.luckan.fi\/wp-content\/uploads\/2023\/09\/Fika_IMG_4520-2048x1366.jpg 2048w, https:\/\/integration.luckan.fi\/wp-content\/uploads\/2023\/09\/Fika_IMG_4520-18x12.jpg 18w, https:\/\/integration.luckan.fi\/wp-content\/uploads\/2023\/09\/Fika_IMG_4520-200x133.jpg 200w, https:\/\/integration.luckan.fi\/wp-content\/uploads\/2023\/09\/Fika_IMG_4520-150x100.jpg 150w, https:\/\/integration.luckan.fi\/wp-content\/uploads\/2023\/09\/Fika_IMG_4520-1568x1045.jpg 1568w\" sizes=\"auto, (max-width: 1500px) 100vw, 1500px\" \/><\/figure><\/div>\n\n\n\n<div class=\"wp-block-columns alignfull is-layout-flex wp-container-core-columns-is-layout-d0b3c9c8 wp-block-columns-is-layout-flex\">\n<div class=\"wp-block-column is-layout-flow wp-block-column-is-layout-flow\">\n<div class=\"wp-block-media-text alignfull is-stacked-on-mobile is-vertically-aligned-center is-image-fill-element tw-mb-0 tw-mt-0 is-style-default tw-stack-md tw-media-bottom ghostkit-custom-1HRVyj\" style=\"grid-template-columns:48% auto\"><figure class=\"wp-block-media-text__media\"><img loading=\"lazy\" decoding=\"async\" width=\"1500\" height=\"1000\" src=\"https:\/\/integration.luckan.fi\/wp-content\/uploads\/2024\/06\/IMG_6252-1500x1000.jpg\" alt=\"\" class=\"wp-image-22603 size-rta_thumb_cropped_768x497\" style=\"object-position:50% 50%\" srcset=\"https:\/\/integration.luckan.fi\/wp-content\/uploads\/2024\/06\/IMG_6252-1500x1000.jpg 1500w, https:\/\/integration.luckan.fi\/wp-content\/uploads\/2024\/06\/IMG_6252-1200x800.jpg 1200w, https:\/\/integration.luckan.fi\/wp-content\/uploads\/2024\/06\/IMG_6252-450x300.jpg 450w, https:\/\/integration.luckan.fi\/wp-content\/uploads\/2024\/06\/IMG_6252-768x512.jpg 768w, https:\/\/integration.luckan.fi\/wp-content\/uploads\/2024\/06\/IMG_6252-1536x1024.jpg 1536w, https:\/\/integration.luckan.fi\/wp-content\/uploads\/2024\/06\/IMG_6252-2048x1365.jpg 2048w, https:\/\/integration.luckan.fi\/wp-content\/uploads\/2024\/06\/IMG_6252-18x12.jpg 18w, https:\/\/integration.luckan.fi\/wp-content\/uploads\/2024\/06\/IMG_6252-200x133.jpg 200w, https:\/\/integration.luckan.fi\/wp-content\/uploads\/2024\/06\/IMG_6252-150x100.jpg 150w, https:\/\/integration.luckan.fi\/wp-content\/uploads\/2024\/06\/IMG_6252-1568x1045.jpg 1568w\" sizes=\"auto, (max-width: 1500px) 100vw, 1500px\" \/><\/figure><div class=\"wp-block-media-text__content\">\n<h3 id=\"how-does-the-group-work\" class=\"wp-block-heading tw-mt-0 has-h-3-font-size\">Hur fungerar gruppen?<\/h3>\n\n\n\n<p>En grupp p\u00e5 tio deltagare tr\u00e4ffas varje vecka f\u00f6r minst \u00e5tta sessioner. Det kommer att finnas en facilitator i varje session, inbjudna g\u00e4ster och experter kommer ocks\u00e5 att dela med sig av sin kunskap och expertis som \u00e4r relevant f\u00f6r den finska arbetsmarknaden, jobbs\u00f6kning och rekrytering. Deltagarna kommer att f\u00f6rv\u00e4rva nya f\u00e4rdigheter, bygga n\u00e4tverk och f\u00e5 kontakt med andra i en liknande situation, allt i en trygg och st\u00f6djande milj\u00f6.<\/p>\n<\/div><\/div>\n<\/div>\n<\/div>\n\n\n\n<div class=\"wp-block-columns tw-gutter-large is-layout-flex wp-container-core-columns-is-layout-d0b3c9c8 wp-block-columns-is-layout-flex\">\n<div class=\"wp-block-column is-vertically-aligned-top is-layout-flow wp-block-column-is-layout-flow\">\n<h3 id=\"who-can-join\" class=\"wp-block-heading\">Vem kan vara med?<\/h3>\n\n\n\n<p>Du kan g\u00e5 med om: <\/p>\n\n\n\n<ul class=\"wp-block-list\">\n<li>Du kan f\u00f6rbinda dig att delta i alla eller de flesta m\u00f6tena<\/li>\n\n\n\n<li>Du har flyttat till Finland<\/li>\n\n\n\n<li>Du bor i huvudstadsregionen (eller har m\u00f6jlighet att delta i en personlig session p\u00e5 Luckan i Helsingfors eller p\u00e5 Grand i Borg\u00e5)<\/li>\n\n\n\n<li>Du \u00e4r f\u00f6r n\u00e4rvarande registrerad som arbetsl\u00f6s<\/li>\n<\/ul>\n<\/div>\n\n\n\n<div class=\"wp-block-column is-layout-flow wp-block-column-is-layout-flow\">\n<h3 id=\"what-happens-at-the-sessions\" class=\"wp-block-heading\"><strong><\/strong><strong>Vad h\u00e4nder vid sessionerna?<\/strong><\/h3>\n\n\n\n<p class=\"has-text-align-left tw-text-wide\">Inneh\u00e5llet i sessionerna kommer att skr\u00e4ddarsys efter deltagarnas specifika intressen och behov.<br \/>Viktiga \u00e4mnen inkluderar:<\/p>\n\n\n\n<p><\/p>\n\n\n\n<ul class=\"wp-block-list\">\n<li>L\u00e4r dig anv\u00e4nda viktiga verktyg, t.ex. CV, personligt brev och LinkedIn-profil.<\/li>\n\n\n\n<li>Dela kunskap om den finska arbetsmarknaden och arbetslivet.&nbsp;<\/li>\n\n\n\n<li>St\u00f6dja jobbs\u00f6karprocessen och utforska jobbs\u00f6kandet tillsammans.<\/li>\n\n\n\n<li>Utbyta erfarenheter och f\u00e5 st\u00f6d fr\u00e5n kollegor i liknande situationer.<\/li>\n<\/ul>\n<\/div>\n<\/div>\n\n\n\n<p class=\"has-text-align-center wp-block-heading\"><\/p>\n\n\n\n<div class=\"wp-block-group alignfull\"><div class=\"wp-block-group__inner-container is-layout-flow wp-block-group-is-layout-flow\">\n<h3 class=\"wp-block-heading has-text-align-center alignfull\" id=\"feedback-from-our-participants\"><strong>Feedback fr\u00e5n v\u00e5ra deltagare<\/strong><\/h3>\n\n\n\n<div class=\"ghostkit-grid ghostkit-grid-gap-sm ghostkit-grid-with-bg ghostkit-custom-ZmdFCo\"><div class=\"nk-awb\"><div class=\"nk-awb-wrap\" data-awb-type=\"color\"><div class=\"nk-awb-overlay\" style=\"background-color:#ffe1b4\"><\/div><\/div><\/div><div class=\"ghostkit-grid-inner\">\n<div class=\"ghostkit-col ghostkit-col-md-12 ghostkit-col-6\"><div class=\"ghostkit-col-content is-layout-flow wp-block-ghostkit-grid-column-is-layout-flow\">\n<div class=\"ghostkit-icon-box ghostkit-has-frame ghostkit-custom-1YJiHJ\"><div class=\"ghostkit-icon-box-icon ghostkit-icon-box-icon-align-left\"><svg class=\"ghostkit-svg-icon ghostkit-svg-icon-fa\" aria-hidden=\"true\" role=\"img\" xmlns=\"http:\/\/www.w3.org\/2000\/svg\" viewbox=\"0 0 512 512\"><path fill=\"currentColor\" d=\"M464 256h-80v-64c0-35.3 28.7-64 64-64h8c13.3 0 24-10.7 24-24V56c0-13.3-10.7-24-24-24h-8c-88.4 0-160 71.6-160 160v240c0 26.5 21.5 48 48 48h128c26.5 0 48-21.5 48-48V304c0-26.5-21.5-48-48-48zm-288 0H96v-64c0-35.3 28.7-64 64-64h8c13.3 0 24-10.7 24-24V56c0-13.3-10.7-24-24-24h-8C71.6 32 0 103.6 0 192v240c0 26.5 21.5 48 48 48h128c26.5 0 48-21.5 48-48V304c0-26.5-21.5-48-48-48z\"><\/path><\/svg><\/div><div class=\"ghostkit-icon-box-content is-layout-flow wp-block-ghostkit-icon-box-is-layout-flow\">\n<p class=\"has-medium-font-size\"><em>Jag k\u00e4nner mig lyckligt lottad \u00f6ver att ha varit en del av denna kamratst\u00f6dsgrupp av m\u00e5nga anledningar. Jag hade en st\u00f6ttande och hj\u00e4lpsam coach, fantastiska kamrater som osj\u00e4lviskt delade med sig av sina insikter och erfarenheter, jag l\u00e4rde mig nya saker, fick nya perspektiv och fick kontakt med m\u00e4nniskor.<\/em><\/p>\n\n\n\n<p class=\"has-medium-font-size\"><em>- V\u00e5ren 2023<\/em><\/p>\n<\/div><\/div>\n<\/div><\/div>\n\n\n\n<div class=\"ghostkit-col ghostkit-col-md-12 ghostkit-col-6 ghostkit-has-frame ghostkit-custom-A1l4V\"><div class=\"ghostkit-col-content is-layout-flow wp-block-ghostkit-grid-column-is-layout-flow\">\n<div class=\"ghostkit-icon-box ghostkit-has-frame ghostkit-custom-ZoUQIL\"><div class=\"ghostkit-icon-box-icon ghostkit-icon-box-icon-align-left\"><svg class=\"ghostkit-svg-icon ghostkit-svg-icon-fa\" aria-hidden=\"true\" role=\"img\" xmlns=\"http:\/\/www.w3.org\/2000\/svg\" viewbox=\"0 0 512 512\"><path fill=\"currentColor\" d=\"M464 256h-80v-64c0-35.3 28.7-64 64-64h8c13.3 0 24-10.7 24-24V56c0-13.3-10.7-24-24-24h-8c-88.4 0-160 71.6-160 160v240c0 26.5 21.5 48 48 48h128c26.5 0 48-21.5 48-48V304c0-26.5-21.5-48-48-48zm-288 0H96v-64c0-35.3 28.7-64 64-64h8c13.3 0 24-10.7 24-24V56c0-13.3-10.7-24-24-24h-8C71.6 32 0 103.6 0 192v240c0 26.5 21.5 48 48 48h128c26.5 0 48-21.5 48-48V304c0-26.5-21.5-48-48-48z\"><\/path><\/svg><\/div><div class=\"ghostkit-icon-box-content is-layout-flow wp-block-ghostkit-icon-box-is-layout-flow\">\n<p class=\"has-medium-font-size\" style=\"padding-top:0;padding-right:0;padding-bottom:0;padding-left:0\"><em>Att l\u00e4ra sig olika yrkeskunskaper under dessa sessioner har \u00f6ppnat mina \u00f6gon f\u00f6r hur mycket det finns att veta och vad man kan g\u00f6ra f\u00f6r att f\u00f6rb\u00e4ttra sina yrkesutsikter!<\/em><\/p>\n\n\n\n<p class=\"has-medium-font-size\" style=\"padding-top:0;padding-right:0;padding-bottom:0;padding-left:0\"><em>- V\u00e5ren 2022<\/em><\/p>\n<\/div><\/div>\n<\/div><\/div>\n<\/div><\/div>\n<\/div><\/div>\n\n\n\n<div class=\"wp-block-group alignfull ghostkit-has-frame ghostkit-custom-ZUhClN\"><div class=\"wp-block-group__inner-container is-layout-flow wp-block-group-is-layout-flow\">\n<div style=\"height:5px\" aria-hidden=\"true\" class=\"wp-block-spacer\"><\/div>\n\n\n\n<div class=\"wp-block-buttons alignwide tw-mb-0 is-horizontal is-content-justification-center is-layout-flex wp-container-core-buttons-is-layout-56021f5f wp-block-buttons-is-layout-flex\">\n\n<\/div>\n\n\n\n<div style=\"height:3px\" aria-hidden=\"true\" class=\"wp-block-spacer\"><\/div>\n<\/div><\/div>","protected":false},"excerpt":{"rendered":"<p>Peer Support Group f\u00f6r internationella arbetss\u00f6kande V\u00e5r peer support-grupp \u00e4r utformad f\u00f6r att ge deltagarna tillg\u00e4ngliga verktyg och viktiga f\u00e4rdigheter f\u00f6r att lyckas p\u00e5 den finska arbetsmarknaden. Den erbjuds tv\u00e5 g\u00e5nger per \u00e5r. N.B. Vi har f\u00e5tt m\u00e5nga ans\u00f6kningar nyligen och d\u00e4rf\u00f6r har registreringen f\u00f6r denna omg\u00e5ng tyv\u00e4rr st\u00e4ngts. Tack f\u00f6r att du... <a class=\"more-link\" href=\"https:\/\/integration.luckan.fi\/sv\/peer-support-group\/\">Forts\u00e4tt l\u00e4sa <span class=\"screen-reader-text\">Kamratst\u00f6dsgrupp f\u00f6r internationella arbetss\u00f6kande<\/span><\/a><\/p>","protected":false},"author":1,"featured_media":0,"parent":0,"menu_order":0,"comment_status":"closed","ping_status":"closed","template":"tw-no-title.php","meta":{"om_disable_all_campaigns":false,"inline_featured_image":false,"ghostkit_customizer_options":"","ghostkit_custom_css":"","ghostkit_custom_js_head":"","ghostkit_custom_js_foot":"","ghostkit_typography":"","_monsterinsights_skip_tracking":false,"_monsterinsights_sitenote_active":false,"_monsterinsights_sitenote_note":"","_monsterinsights_sitenote_category":0,"cybocfi_hide_featured_image":"","footnotes":""},"class_list":["post-20727","page","type-page","status-publish","hentry","entry"],"aioseo_notices":[],"featured_image_src":null,"_links":{"self":[{"href":"https:\/\/integration.luckan.fi\/sv\/wp-json\/wp\/v2\/pages\/20727","targetHints":{"allow":["GET"]}}],"collection":[{"href":"https:\/\/integration.luckan.fi\/sv\/wp-json\/wp\/v2\/pages"}],"about":[{"href":"https:\/\/integration.luckan.fi\/sv\/wp-json\/wp\/v2\/types\/page"}],"author":[{"embeddable":true,"href":"https:\/\/integration.luckan.fi\/sv\/wp-json\/wp\/v2\/users\/1"}],"replies":[{"embeddable":true,"href":"https:\/\/integration.luckan.fi\/sv\/wp-json\/wp\/v2\/comments?post=20727"}],"version-history":[{"count":88,"href":"https:\/\/integration.luckan.fi\/sv\/wp-json\/wp\/v2\/pages\/20727\/revisions"}],"predecessor-version":[{"id":24325,"href":"https:\/\/integration.luckan.fi\/sv\/wp-json\/wp\/v2\/pages\/20727\/revisions\/24325"}],"wp:attachment":[{"href":"https:\/\/integration.luckan.fi\/sv\/wp-json\/wp\/v2\/media?parent=20727"}],"curies":[{"name":"wp","href":"https:\/\/api.w.org\/{rel}","templated":true}]}}