{"id":22867,"date":"2024-09-13T15:58:19","date_gmt":"2024-09-13T12:58:19","guid":{"rendered":"https:\/\/integration.luckan.fi\/?page_id=22867"},"modified":"2026-09-02T14:47:17","modified_gmt":"2026-09-02T11:47:17","slug":"become-a-jobbuddie","status":"publish","type":"page","link":"https:\/\/integration.luckan.fi\/sv\/become-a-jobbuddie\/","title":{"rendered":"BLI EN JOBBBUDDIE"},"content":{"rendered":"<div class=\"wp-block-group alignfull has-background has-small-font-size is-content-justification-right is-nowrap is-layout-flex wp-container-core-group-is-layout-0b88d070 wp-block-group-is-layout-flex\" style=\"background-color:#ffe6e68a;padding-top:5px;padding-bottom:5px\">\n<p class=\"wp-container-content-29dca9c1 wp-block-paragraph\"><img loading=\"lazy\" decoding=\"async\" width=\"1500\" height=\"333\" class=\"wp-image-23160\" style=\"white-space: normal; font-size: revert; font-family: var(--global--font-secondary);\" src=\"https:\/\/integration.luckan.fi\/wp-content\/uploads\/2024\/09\/SV_Co-fundedbytheEU_RGB_POS-1500x333.png\" alt=\"\" srcset=\"https:\/\/integration.luckan.fi\/wp-content\/uploads\/2024\/09\/SV_Co-fundedbytheEU_RGB_POS-1500x333.png 1500w, https:\/\/integration.luckan.fi\/wp-content\/uploads\/2024\/09\/SV_Co-fundedbytheEU_RGB_POS-1200x266.png 1200w, https:\/\/integration.luckan.fi\/wp-content\/uploads\/2024\/09\/SV_Co-fundedbytheEU_RGB_POS-500x111.png 500w, https:\/\/integration.luckan.fi\/wp-content\/uploads\/2024\/09\/SV_Co-fundedbytheEU_RGB_POS-768x170.png 768w, https:\/\/integration.luckan.fi\/wp-content\/uploads\/2024\/09\/SV_Co-fundedbytheEU_RGB_POS-1536x341.png 1536w, https:\/\/integration.luckan.fi\/wp-content\/uploads\/2024\/09\/SV_Co-fundedbytheEU_RGB_POS-2048x455.png 2048w, https:\/\/integration.luckan.fi\/wp-content\/uploads\/2024\/09\/SV_Co-fundedbytheEU_RGB_POS-18x4.png 18w, https:\/\/integration.luckan.fi\/wp-content\/uploads\/2024\/09\/SV_Co-fundedbytheEU_RGB_POS-200x44.png 200w, https:\/\/integration.luckan.fi\/wp-content\/uploads\/2024\/09\/SV_Co-fundedbytheEU_RGB_POS-150x33.png 150w, https:\/\/integration.luckan.fi\/wp-content\/uploads\/2024\/09\/SV_Co-fundedbytheEU_RGB_POS-1568x348.png 1568w\" sizes=\"auto, (max-width: 1500px) 100vw, 1500px\" \/><\/p>\n<\/div>\n\n\n\n<div class=\"wp-block-media-text alignfull has-media-on-the-right is-stacked-on-mobile is-image-fill-element has-background\" style=\"background-color:#ffe6e68a;grid-template-columns:auto 56%\"><div class=\"wp-block-media-text__content\">\n<h2 id=\"who-can-join-the-programme-as-a-mentee\" class=\"wp-block-heading\"><strong>Vem kan delta i programmet som en Mentee?<\/strong><\/h2>\n\n\n\n<p class=\"has-text-color has-link-color wp-elements-c640254781afeecdfca32afbf92fab43 wp-block-paragraph\" style=\"color:#f00808\">Obs! Grupperna f\u00f6r h\u00f6sten 2026 har valts ut, kommer att inriktas p\u00e5 IT och undervisning och startar i augusti. Ans\u00f6kan till programmet har st\u00e4ngts.<\/p>\n\n\n\n<ul class=\"wp-block-list\">\n<li>Uppeh\u00e5llstillst\u00e5nd\/r\u00e4tt att arbeta i Finland<\/li>\n\n\n\n<li><strong>Bel\u00e4get i regionen Nyland\/Uusimaa<\/strong><\/li>\n\n\n\n<li>Branschspecifik utbildning eller tidigare erfarenhet<\/li>\n\n\n\n<li>Arbetsl\u00f6s eller anst\u00e4lld inom ett omr\u00e5de som inte \u00e4r kopplat till utbildning<\/li>\n\n\n\n<li>Prioritet ges till grupper i en mer utsatt position som kvinnor och invandrare som integreras i svenskan<\/li>\n\n\n\n<li>Goda kunskaper i engelska och lite finska eller svenska&nbsp;<\/li>\n\n\n\n<li>Projektgruppen f\u00f6rbeh\u00e5ller sig r\u00e4tten att v\u00e4lja den mest l\u00e4mpade kandidaten<\/li>\n<\/ul>\n\n\n\n<div class=\"wp-block-buttons is-layout-flex wp-block-buttons-is-layout-flex\">\n<div class=\"wp-block-button is-style-outline is-style-outline--1\"><a class=\"wp-block-button__link has-black-color has-text-color has-link-color wp-element-button\" href=\"#signup\">Anm\u00e4l dig h\u00e4r<\/a><\/div>\n<\/div>\n\n\n\n<p class=\"wp-block-paragraph\"><\/p>\n<\/div><figure class=\"wp-block-media-text__media\"><img loading=\"lazy\" decoding=\"async\" width=\"1500\" height=\"1000\" src=\"https:\/\/integration.luckan.fi\/wp-content\/uploads\/2024\/06\/IMG_5319-1-1500x1000.jpg\" alt=\"\" class=\"wp-image-22598 size-full\" style=\"object-position:50% 50%\" srcset=\"https:\/\/integration.luckan.fi\/wp-content\/uploads\/2024\/06\/IMG_5319-1-1500x1000.jpg 1500w, https:\/\/integration.luckan.fi\/wp-content\/uploads\/2024\/06\/IMG_5319-1-1200x800.jpg 1200w, https:\/\/integration.luckan.fi\/wp-content\/uploads\/2024\/06\/IMG_5319-1-450x300.jpg 450w, https:\/\/integration.luckan.fi\/wp-content\/uploads\/2024\/06\/IMG_5319-1-768x512.jpg 768w, https:\/\/integration.luckan.fi\/wp-content\/uploads\/2024\/06\/IMG_5319-1-1536x1024.jpg 1536w, https:\/\/integration.luckan.fi\/wp-content\/uploads\/2024\/06\/IMG_5319-1-2048x1365.jpg 2048w, https:\/\/integration.luckan.fi\/wp-content\/uploads\/2024\/06\/IMG_5319-1-18x12.jpg 18w, https:\/\/integration.luckan.fi\/wp-content\/uploads\/2024\/06\/IMG_5319-1-200x133.jpg 200w, https:\/\/integration.luckan.fi\/wp-content\/uploads\/2024\/06\/IMG_5319-1-150x100.jpg 150w, https:\/\/integration.luckan.fi\/wp-content\/uploads\/2024\/06\/IMG_5319-1-1568x1045.jpg 1568w\" sizes=\"auto, (max-width: 1500px) 100vw, 1500px\" \/><\/figure><\/div>\n\n\n\n<div style=\"height:3px\" aria-hidden=\"true\" class=\"wp-block-spacer\"><\/div>\n\n\n\n<div class=\"wp-block-columns alignfull is-layout-flex wp-container-core-columns-is-layout-7387b849 wp-block-columns-is-layout-flex\">\n<div class=\"wp-block-column is-layout-flow wp-block-column-is-layout-flow\">\n<div class=\"wp-block-columns is-layout-flex wp-container-core-columns-is-layout-7387b849 wp-block-columns-is-layout-flex\">\n<div class=\"wp-block-column is-layout-flow wp-block-column-is-layout-flow\">\n<h3 id=\"what-do-i-get-from-the-mentoring-program\" class=\"wp-block-heading\"><strong>Vad f\u00e5r jag ut av mentorprogrammet?<\/strong> <\/h3>\n\n\n\n<p class=\"wp-block-paragraph\">Genom att delta f\u00e5r du en m\u00f6jlighet till karri\u00e4rutveckling inom ditt omr\u00e5de genom din egen mentorsgrupp. Tillsammans kommer ni att tr\u00e4ffas cirka 10 g\u00e5nger under en termin. Din mentorsgrupp str\u00e4var efter att ge branschspecifik v\u00e4gledning, hj\u00e4lp med professionellt n\u00e4tverkande och uppdatering av din kompetens. Dessutom kan ni \u00f6va spr\u00e5k tillsammans, diskutera kultur och samh\u00e4lle samt dela intressen och erfarenheter.<\/p>\n<\/div>\n\n\n\n<div class=\"wp-block-column is-layout-flow wp-block-column-is-layout-flow\">\n<h3 id=\"what-do-i-need-to-participate\" class=\"wp-block-heading\"><strong>Vad beh\u00f6ver jag f\u00f6r att delta?<\/strong><\/h3>\n\n\n\n<p class=\"wp-block-paragraph\">Du m\u00e5ste vara motiverad och intresserad av att tr\u00e4ffa nya m\u00e4nniskor. Det \u00e4r viktigt att du kan f\u00f6rbinda dig att tr\u00e4ffa din mentorsgrupp under en period p\u00e5 upp till 6 m\u00e5nader. Du m\u00e5ste ocks\u00e5 ha uppeh\u00e5llstillst\u00e5nd eller r\u00e4tt att arbeta i Finland.<\/p>\n<\/div>\n\n\n\n<div class=\"wp-block-column is-layout-flow wp-block-column-is-layout-flow\">\n<h3 id=\"how-are-the-mentorship-groups-supported-by-luckan-integration\" class=\"wp-block-heading\"><strong><\/strong><strong>Hur st\u00f6ds mentorskapsgrupperna av Luckan Integration?<\/strong><\/h3>\n\n\n\n<p class=\"wp-block-paragraph\">Innan mentorsgruppen tr\u00e4ffas kommer du att f\u00e5 tr\u00e4ffa en projektkoordinator eller en Luckan-r\u00e5dgivare f\u00f6r en intervju. JobBuddies-koordinatorerna g\u00f6r sedan urvalet baserat p\u00e5 de s\u00f6kandes bakgrund. Om du v\u00e4ljs ut som l\u00e4mplig kandidat kommer du att f\u00e5 en introduktion till din roll som adept. Samordnaren eller en Luckan-r\u00e5dgivare hj\u00e4lper ocks\u00e5 till med att f\u00f6rb\u00e4ttra CV och andra fr\u00e5gor som r\u00f6r jobbs\u00f6kning eller s\u00f6kning efter tillg\u00e4nglig vidareutbildning.<\/p>\n<\/div>\n<\/div>\n<\/div>\n<\/div>\n\n\n\n<div class=\"wp-block-group alignfull has-subtle-background-color has-background\" id=\"signup\"><div class=\"wp-block-group__inner-container is-layout-constrained wp-block-group-is-layout-constrained\">\n<h3 id=\"sign-up-here\" class=\"wp-block-heading\">Registrera dig h\u00e4r!<\/h3>\n\n\n\n<p class=\"wp-block-paragraph\"><strong>Kommande mentorskapsgrupper<\/strong><\/p>\n\n\n\n<p class=\"wp-block-paragraph\">De tv\u00e5 sista grupperna i programmet startar f\u00f6r n\u00e4rvarande i augusti 2026 och kommer att omfatta f\u00f6ljande omr\u00e5den:<\/p>\n\n\n\n<ul class=\"wp-block-list\">\n<li><strong>IT och programvara<\/strong><\/li>\n\n\n\n<li><strong>L\u00e4rare och barnomsorgspedagoger<\/strong><\/li>\n<\/ul>\n\n\n\n<p class=\"has-text-color has-link-color wp-elements-7b401a7c17ce7e21842dac6b1082ed5f wp-block-paragraph\" style=\"color:#e40909\">Obs!.<\/p>\n\n\n\n<p class=\"has-text-color has-link-color wp-elements-5fc6c0474c7e996974600d80a33da7ce wp-block-paragraph\" style=\"color:#e40909\">Anm\u00e4lningsperioden avslutades den 12 juni och grupperna har valts ut. JobBuddies-programmet, som \u00e4r ett ESF+-projekt, kommer att avslutas efter h\u00f6stterminen 2026.<\/p>\n<\/div><\/div>\n\n\n\n<div style=\"height:48px\" aria-hidden=\"true\" class=\"wp-block-spacer\"><\/div>\n\n\n\n<h2 id=\"faq\" class=\"wp-block-heading\">VANLIGA FR\u00c5GOR<\/h2>\n\n\n\n<div class=\"ghostkit-accordion ghostkit-accordion-9 ghostkit-custom-dUM7U\">\n<div class=\"ghostkit-accordion-item\" data-accordion=\"accordion-what-is-a-mentoring-programme\"><div class=\"ghostkit-accordion-item-heading\"><button type=\"button\" id=\"accordion-what-is-a-mentoring-programme-button\" aria-expanded=\"false\" aria-controls=\"accordion-what-is-a-mentoring-programme-content\"><span class=\"ghostkit-accordion-item-label\"><strong>VAD \u00c4R ETT MENTORPROGRAM?<\/strong><\/span><span class=\"ghostkit-accordion-item-collapse\"><svg class=\"ghostkit-svg-icon\" width=\"24\" height=\"24\" viewbox=\"0 0 24 24\" fill=\"none\" xmlns=\"http:\/\/www.w3.org\/2000\/svg\"><path d=\"M9.21967 6.2197C9.51256 5.9268 9.98744 5.9268 10.2803 6.2197L15.5303 11.4697C15.8232 11.7626 15.8232 12.2374 15.5303 12.5303L10.2803 17.7803C9.98744 18.0732 9.51256 18.0732 9.21967 17.7803C8.92678 17.4874 8.92678 17.0126 9.21967 16.7197L13.9393 12L9.21967 7.2803C8.92678 6.9874 8.92678 6.5126 9.21967 6.2197Z\" fill=\"currentColor\"><\/path><\/svg><\/span><\/button><\/div><div id=\"accordion-what-is-a-mentoring-programme-content\" class=\"ghostkit-accordion-item-content is-layout-flow wp-block-ghostkit-accordion-item-is-layout-flow\" role=\"region\" aria-labelledby=\"accordion-what-is-a-mentoring-programme-button\">\n<p class=\"wp-block-paragraph\">Under mentorprogrammet delar en grupp p\u00e5 2-3 mentorer, som \u00e4r yrkesverksamma inom ett visst omr\u00e5de eller en viss bransch, med sig av sin kunskap och hj\u00e4lper till att v\u00e4gleda en grupp p\u00e5 10-12 adepter fr\u00e5n samma omr\u00e5de. Tillsammans som JobBuddies utforskar de var man kan s\u00f6ka jobb, skapar n\u00e4tverk och n\u00e4r det beh\u00f6vs, \u00f6verv\u00e4ger och utforskar m\u00f6jligheter att f\u00f6rb\u00e4ttra sig professionellt.<\/p>\n<\/div><\/div>\n\n\n\n<div class=\"ghostkit-accordion-item\" data-accordion=\"accordionwhat-is-needed-to-participate\"><div class=\"ghostkit-accordion-item-heading\"><button type=\"button\" id=\"accordionwhat-is-needed-to-participate-button\" aria-expanded=\"false\" aria-controls=\"accordionwhat-is-needed-to-participate-content\"><span class=\"ghostkit-accordion-item-label\"><strong>VAD KR\u00c4VS F\u00d6R ATT DELTA?<\/strong><\/span><span class=\"ghostkit-accordion-item-collapse\"><svg class=\"ghostkit-svg-icon\" width=\"24\" height=\"24\" viewbox=\"0 0 24 24\" fill=\"none\" xmlns=\"http:\/\/www.w3.org\/2000\/svg\"><path d=\"M9.21967 6.2197C9.51256 5.9268 9.98744 5.9268 10.2803 6.2197L15.5303 11.4697C15.8232 11.7626 15.8232 12.2374 15.5303 12.5303L10.2803 17.7803C9.98744 18.0732 9.51256 18.0732 9.21967 17.7803C8.92678 17.4874 8.92678 17.0126 9.21967 16.7197L13.9393 12L9.21967 7.2803C8.92678 6.9874 8.92678 6.5126 9.21967 6.2197Z\" fill=\"currentColor\"><\/path><\/svg><\/span><\/button><\/div><div id=\"accordionwhat-is-needed-to-participate-content\" class=\"ghostkit-accordion-item-content is-layout-flow wp-block-ghostkit-accordion-item-is-layout-flow\" role=\"region\" aria-labelledby=\"accordionwhat-is-needed-to-participate-button\">\n<p class=\"wp-block-paragraph\">Som en framtida<strong> adept<\/strong> du m\u00e5ste vara motiverad och intresserad av att tr\u00e4ffa nya m\u00e4nniskor. Du beh\u00f6ver ocks\u00e5 ha uppeh\u00e5llstillst\u00e5nd\/r\u00e4tt att arbeta i Finland. Du m\u00e5ste kunna s\u00e4tta upp m\u00e5l f\u00f6r vad du vill uppn\u00e5 under programmet, ta emot konstruktiv feedback och acceptera f\u00f6rslag och r\u00e5d.<\/p>\n\n\n\n<p class=\"wp-block-paragraph\">Som en framtida <strong>mentor <\/strong>tillsammans med de andra mentorerna i din grupp m\u00e5ste du vara beredd att st\u00f6dja n\u00e5gon som beh\u00f6ver hj\u00e4lp med att hitta ett jobb och integreras p\u00e5 den finska arbetsmarknaden, s\u00e4rskilt inom ditt eget omr\u00e5de. Ibland kan du fungera som en mellanhand, ge h\u00e4nvisningar eller \u00f6va p\u00e5 arbetsintervjuer. Som mentor fungerar du som en facilitator f\u00f6r personer som vill komma in p\u00e5 ditt arbetsomr\u00e5de men som saknar kunskap och kontakter.<\/p>\n<\/div><\/div>\n\n\n\n<div class=\"ghostkit-accordion-item\" data-accordion=\"accordion-how-long-is-the-programme\"><div class=\"ghostkit-accordion-item-heading\"><button type=\"button\" id=\"accordion-how-long-is-the-programme-button\" aria-expanded=\"false\" aria-controls=\"accordion-how-long-is-the-programme-content\"><span class=\"ghostkit-accordion-item-label\"><strong>HUR L\u00c4NGE P\u00c5G\u00c5R PROGRAMMET?<\/strong><\/span><span class=\"ghostkit-accordion-item-collapse\"><svg class=\"ghostkit-svg-icon\" width=\"24\" height=\"24\" viewbox=\"0 0 24 24\" fill=\"none\" xmlns=\"http:\/\/www.w3.org\/2000\/svg\"><path d=\"M9.21967 6.2197C9.51256 5.9268 9.98744 5.9268 10.2803 6.2197L15.5303 11.4697C15.8232 11.7626 15.8232 12.2374 15.5303 12.5303L10.2803 17.7803C9.98744 18.0732 9.51256 18.0732 9.21967 17.7803C8.92678 17.4874 8.92678 17.0126 9.21967 16.7197L13.9393 12L9.21967 7.2803C8.92678 6.9874 8.92678 6.5126 9.21967 6.2197Z\" fill=\"currentColor\"><\/path><\/svg><\/span><\/button><\/div><div id=\"accordion-how-long-is-the-programme-content\" class=\"ghostkit-accordion-item-content is-layout-flow wp-block-ghostkit-accordion-item-is-layout-flow\" role=\"region\" aria-labelledby=\"accordion-how-long-is-the-programme-button\">\n<p class=\"wp-block-paragraph\">B\u00e5de mentorer och adepter m\u00e5ste kunna binda upp sig i 6 m\u00e5nader och ha minst 4-5 gruppm\u00f6ten under denna period.<\/p>\n<\/div><\/div>\n\n\n\n<div class=\"ghostkit-accordion-item\" data-accordion=\"accordion-how-can-mentoring-be-helpful-for-me\"><div class=\"ghostkit-accordion-item-heading\"><button type=\"button\" id=\"accordion-how-can-mentoring-be-helpful-for-me-button\" aria-expanded=\"false\" aria-controls=\"accordion-how-can-mentoring-be-helpful-for-me-content\"><span class=\"ghostkit-accordion-item-label\"><strong>HUR KAN MENTORSKAP VARA TILL HJ\u00c4LP F\u00d6R MIG?<\/strong><\/span><span class=\"ghostkit-accordion-item-collapse\"><svg class=\"ghostkit-svg-icon\" width=\"24\" height=\"24\" viewbox=\"0 0 24 24\" fill=\"none\" xmlns=\"http:\/\/www.w3.org\/2000\/svg\"><path d=\"M9.21967 6.2197C9.51256 5.9268 9.98744 5.9268 10.2803 6.2197L15.5303 11.4697C15.8232 11.7626 15.8232 12.2374 15.5303 12.5303L10.2803 17.7803C9.98744 18.0732 9.51256 18.0732 9.21967 17.7803C8.92678 17.4874 8.92678 17.0126 9.21967 16.7197L13.9393 12L9.21967 7.2803C8.92678 6.9874 8.92678 6.5126 9.21967 6.2197Z\" fill=\"currentColor\"><\/path><\/svg><\/span><\/button><\/div><div id=\"accordion-how-can-mentoring-be-helpful-for-me-content\" class=\"ghostkit-accordion-item-content is-layout-flow wp-block-ghostkit-accordion-item-is-layout-flow\" role=\"region\" aria-labelledby=\"accordion-how-can-mentoring-be-helpful-for-me-button\">\n<p class=\"wp-block-paragraph\">Som <strong>adept<\/strong> f\u00e5r du r\u00e5d och st\u00f6d fr\u00e5n en grupp personer som har kunskap och erfarenhet inom ditt kompetensomr\u00e5de. Du f\u00e5r v\u00e4rdefulla insikter om var du kan s\u00f6ka jobb inom ditt omr\u00e5de, f\u00f6rb\u00e4ttrar ditt CV och dina intervjuf\u00e4rdigheter s\u00e5 att de passar den finska arbetsmarknaden, breddar dina n\u00e4tverk och l\u00e4gger upp en plan f\u00f6r dina n\u00e4sta karri\u00e4rsteg.<\/p>\n\n\n\n<p class=\"wp-block-paragraph\">Som <strong>mentor<\/strong> Du kommer att vara en bro mellan adepten och den finska arbetsmarknaden. Du kan ge r\u00e5d om jobbs\u00f6kning eller eventuell vidareutbildning n\u00e4r dina adepter s\u00e4tter upp tydliga m\u00e5l och utvecklar strategier f\u00f6r jobbs\u00f6kning och ut\u00f6kade n\u00e4tverk. Du blir en viktig l\u00e4nk i den \u00f6msesidiga integrationen p\u00e5 arbetsplatserna d\u00e4r du l\u00e4r k\u00e4nna och f\u00f6rst\u00e5r invandrade arbetstagares behov. I b\u00e4sta fall hittar du dina framtida kollegor i gruppen.&nbsp;<\/p>\n<\/div><\/div>\n\n\n\n<div class=\"ghostkit-accordion-item\" data-accordion=\"accordioncan-i-choose-my-mentormentee\"><div class=\"ghostkit-accordion-item-heading\"><button type=\"button\" id=\"accordioncan-i-choose-my-mentormentee-button\" aria-expanded=\"false\" aria-controls=\"accordioncan-i-choose-my-mentormentee-content\"><span class=\"ghostkit-accordion-item-label\"><strong>KAN JAG V\u00c4LJA MIN MENTOR\/MENTEE?<\/strong><\/span><span class=\"ghostkit-accordion-item-collapse\"><svg class=\"ghostkit-svg-icon\" width=\"24\" height=\"24\" viewbox=\"0 0 24 24\" fill=\"none\" xmlns=\"http:\/\/www.w3.org\/2000\/svg\"><path d=\"M9.21967 6.2197C9.51256 5.9268 9.98744 5.9268 10.2803 6.2197L15.5303 11.4697C15.8232 11.7626 15.8232 12.2374 15.5303 12.5303L10.2803 17.7803C9.98744 18.0732 9.51256 18.0732 9.21967 17.7803C8.92678 17.4874 8.92678 17.0126 9.21967 16.7197L13.9393 12L9.21967 7.2803C8.92678 6.9874 8.92678 6.5126 9.21967 6.2197Z\" fill=\"currentColor\"><\/path><\/svg><\/span><\/button><\/div><div id=\"accordioncan-i-choose-my-mentormentee-content\" class=\"ghostkit-accordion-item-content is-layout-flow wp-block-ghostkit-accordion-item-is-layout-flow\" role=\"region\" aria-labelledby=\"accordioncan-i-choose-my-mentormentee-button\">\n<p class=\"wp-block-paragraph\">Nej, du kan inte v\u00e4lja din mentor\/dina adepter. JobBuddies projektgrupp kommer att skapa mentorsgrupperna och matcha r\u00e4tt adepter med r\u00e4tt mentorer. Tanken \u00e4r att b\u00e5de adepterna och mentorerna ska vara b\u00e4st l\u00e4mpade att arbeta tillsammans mot gemensamma m\u00e5l.<\/p>\n<\/div><\/div>\n\n\n\n<div class=\"ghostkit-accordion-item\" data-accordion=\"accordion-if-i-apply-am-i-guaranteed-to-get-a-mentormentee\"><div class=\"ghostkit-accordion-item-heading\"><button type=\"button\" id=\"accordion-if-i-apply-am-i-guaranteed-to-get-a-mentormentee-button\" aria-expanded=\"false\" aria-controls=\"accordion-if-i-apply-am-i-guaranteed-to-get-a-mentormentee-content\"><span class=\"ghostkit-accordion-item-label\"><strong>OM JAG ANS\u00d6KER, \u00c4R JAG GARANTERAD ATT F\u00c5 EN MENTOR\/MENTEE?<\/strong><\/span><span class=\"ghostkit-accordion-item-collapse\"><svg class=\"ghostkit-svg-icon\" width=\"24\" height=\"24\" viewbox=\"0 0 24 24\" fill=\"none\" xmlns=\"http:\/\/www.w3.org\/2000\/svg\"><path d=\"M9.21967 6.2197C9.51256 5.9268 9.98744 5.9268 10.2803 6.2197L15.5303 11.4697C15.8232 11.7626 15.8232 12.2374 15.5303 12.5303L10.2803 17.7803C9.98744 18.0732 9.51256 18.0732 9.21967 17.7803C8.92678 17.4874 8.92678 17.0126 9.21967 16.7197L13.9393 12L9.21967 7.2803C8.92678 6.9874 8.92678 6.5126 9.21967 6.2197Z\" fill=\"currentColor\"><\/path><\/svg><\/span><\/button><\/div><div id=\"accordion-if-i-apply-am-i-guaranteed-to-get-a-mentormentee-content\" class=\"ghostkit-accordion-item-content is-layout-flow wp-block-ghostkit-accordion-item-is-layout-flow\" role=\"region\" aria-labelledby=\"accordion-if-i-apply-am-i-guaranteed-to-get-a-mentormentee-button\">\n<p class=\"wp-block-paragraph\">Nej, alla s\u00f6kande \u00e4r inte garanterade en mentor. Flera gruppmentorskap kommer dock att anordnas under projektets g\u00e5ng, s\u00e5 om du inte blir utvald f\u00f6rsta g\u00e5ngen kan du kanske \u00e4nd\u00e5 ans\u00f6ka om ett senare mentorskap inom ditt omr\u00e5de.<\/p>\n<\/div><\/div>\n\n\n\n<div class=\"ghostkit-accordion-item\" data-accordion=\"accordionhow-does-it-work-in-practice\"><div class=\"ghostkit-accordion-item-heading\"><button type=\"button\" id=\"accordionhow-does-it-work-in-practice-button\" aria-expanded=\"false\" aria-controls=\"accordionhow-does-it-work-in-practice-content\"><span class=\"ghostkit-accordion-item-label\"><strong>HUR FUNGERAR DET I PRAKTIKEN?<\/strong><\/span><span class=\"ghostkit-accordion-item-collapse\"><svg class=\"ghostkit-svg-icon\" width=\"24\" height=\"24\" viewbox=\"0 0 24 24\" fill=\"none\" xmlns=\"http:\/\/www.w3.org\/2000\/svg\"><path d=\"M9.21967 6.2197C9.51256 5.9268 9.98744 5.9268 10.2803 6.2197L15.5303 11.4697C15.8232 11.7626 15.8232 12.2374 15.5303 12.5303L10.2803 17.7803C9.98744 18.0732 9.51256 18.0732 9.21967 17.7803C8.92678 17.4874 8.92678 17.0126 9.21967 16.7197L13.9393 12L9.21967 7.2803C8.92678 6.9874 8.92678 6.5126 9.21967 6.2197Z\" fill=\"currentColor\"><\/path><\/svg><\/span><\/button><\/div><div id=\"accordionhow-does-it-work-in-practice-content\" class=\"ghostkit-accordion-item-content is-layout-flow wp-block-ghostkit-accordion-item-is-layout-flow\" role=\"region\" aria-labelledby=\"accordionhow-does-it-work-in-practice-button\">\n<p class=\"wp-block-paragraph\">Ans\u00f6kningsperioder f\u00f6r ett visst omr\u00e5de kommer att \u00f6ppnas var sj\u00e4tte m\u00e5nad. JobBuddies pilotprojekt kommer att testa gruppmentorskap f\u00f6r omr\u00e5dena IT, h\u00e4lsov\u00e5rd, hotell och restaurang, industri och marknadsf\u00f6ring. Projektsamordnarna kommer sedan att v\u00e4lja ut de mest l\u00e4mpliga kandidaterna med h\u00e4nsyn till mentorernas styrka och expertis. Det kommer att finnas 2-3 mentorer f\u00f6r varje grupp med 10-12 adepter. Adepterna och mentorerna har en gemensam branschtillh\u00f6righet, antingen genom utbildning eller tidigare arbetslivserfarenhet. Efter matchningen arbetar mentorerna och adepterna tillsammans under en period av 6 m\u00e5nader med m\u00e5let att hitta en l\u00e4mplig anst\u00e4llning inom omr\u00e5det f\u00f6r adepten. I vissa fall kan de ocks\u00e5 hj\u00e4lpa till med att hitta l\u00e4mplig vidareutbildning f\u00f6r att uppdatera\/f\u00f6rb\u00e4ttra adeptens kompetens.<\/p>\n<\/div><\/div>\n\n\n\n<div class=\"ghostkit-accordion-item\" data-accordion=\"accordionwhat-does-it-cost-to-participate\"><div class=\"ghostkit-accordion-item-heading\"><button type=\"button\" id=\"accordionwhat-does-it-cost-to-participate-button\" aria-expanded=\"false\" aria-controls=\"accordionwhat-does-it-cost-to-participate-content\"><span class=\"ghostkit-accordion-item-label\"><strong><\/strong><strong>VAD KOSTAR DET ATT DELTA?<\/strong><\/span><span class=\"ghostkit-accordion-item-collapse\"><svg class=\"ghostkit-svg-icon\" width=\"24\" height=\"24\" viewbox=\"0 0 24 24\" fill=\"none\" xmlns=\"http:\/\/www.w3.org\/2000\/svg\"><path d=\"M9.21967 6.2197C9.51256 5.9268 9.98744 5.9268 10.2803 6.2197L15.5303 11.4697C15.8232 11.7626 15.8232 12.2374 15.5303 12.5303L10.2803 17.7803C9.98744 18.0732 9.51256 18.0732 9.21967 17.7803C8.92678 17.4874 8.92678 17.0126 9.21967 16.7197L13.9393 12L9.21967 7.2803C8.92678 6.9874 8.92678 6.5126 9.21967 6.2197Z\" fill=\"currentColor\"><\/path><\/svg><\/span><\/button><\/div><div id=\"accordionwhat-does-it-cost-to-participate-content\" class=\"ghostkit-accordion-item-content is-layout-flow wp-block-ghostkit-accordion-item-is-layout-flow\" role=\"region\" aria-labelledby=\"accordionwhat-does-it-cost-to-participate-button\">\n<p class=\"wp-block-paragraph\">Deltagande i JobBuddies-projektet \u00e4r kostnadsfritt.\u00a0<\/p>\n<\/div><\/div>\n\n\n\n<div class=\"ghostkit-accordion-item\" data-accordion=\"accordion-can-i-participate-digitally\"><div class=\"ghostkit-accordion-item-heading\"><button type=\"button\" id=\"accordion-can-i-participate-digitally-button\" aria-expanded=\"false\" aria-controls=\"accordion-can-i-participate-digitally-content\"><span class=\"ghostkit-accordion-item-label\"><strong>KAN JAG DELTA DIGITALT?<\/strong><\/span><span class=\"ghostkit-accordion-item-collapse\"><svg class=\"ghostkit-svg-icon\" width=\"24\" height=\"24\" viewbox=\"0 0 24 24\" fill=\"none\" xmlns=\"http:\/\/www.w3.org\/2000\/svg\"><path d=\"M9.21967 6.2197C9.51256 5.9268 9.98744 5.9268 10.2803 6.2197L15.5303 11.4697C15.8232 11.7626 15.8232 12.2374 15.5303 12.5303L10.2803 17.7803C9.98744 18.0732 9.51256 18.0732 9.21967 17.7803C8.92678 17.4874 8.92678 17.0126 9.21967 16.7197L13.9393 12L9.21967 7.2803C8.92678 6.9874 8.92678 6.5126 9.21967 6.2197Z\" fill=\"currentColor\"><\/path><\/svg><\/span><\/button><\/div><div id=\"accordion-can-i-participate-digitally-content\" class=\"ghostkit-accordion-item-content is-layout-flow wp-block-ghostkit-accordion-item-is-layout-flow\" role=\"region\" aria-labelledby=\"accordion-can-i-participate-digitally-button\">\n<p class=\"wp-block-paragraph\">Gruppmentorskapsm\u00f6tena kan vara b\u00e5de personliga eller virtuella. Det f\u00f6rsta introduktionsm\u00f6tet mellan mentorerna och adepterna kommer att organiseras personligen p\u00e5 Luckan s\u00e5 att deltagarna l\u00e4r k\u00e4nna varandra. Sedan best\u00e4mmer de tillsammans n\u00e4r och hur de ska tr\u00e4ffas som grupp. Om mentorerna och adepterna f\u00f6redrar personliga m\u00f6ten kommer projektkoordinatorerna att hj\u00e4lpa till att boka ett l\u00e4mpligt utrymme i Luckans lokaler.<\/p>\n<\/div><\/div>\n<\/div>\n\n\n\n<div style=\"height:64px\" aria-hidden=\"true\" class=\"wp-block-spacer\"><\/div>\n\n\n\n<div class=\"wp-block-group\"><div class=\"wp-block-group__inner-container is-layout-constrained wp-block-group-is-layout-constrained\">\n<h3 class=\"wp-block-heading\" id=\"if-you-have-any-questions-about-the-jobbuddies-program-don-t-hesitate-to-contact-us\">Om du har n\u00e5gra fr\u00e5gor om JobBuddies-programmet, tveka inte att kontakta oss!<\/h3>\n\n\n\n<p class=\"has-text-align-center wp-block-paragraph\"><strong>Kontaktuppgifter<\/strong><br \/>e-post: jobbuddies@luckan.fi<\/p>\n\n\n\n<div class=\"wp-block-columns alignwide are-vertically-aligned-top is-style-default is-layout-flex wp-container-core-columns-is-layout-7387b849 wp-block-columns-is-layout-flex\">\n<div class=\"wp-block-column is-layout-flow wp-block-column-is-layout-flow\">\n<div class=\"wp-block-columns is-layout-flex wp-container-core-columns-is-layout-7387b849 wp-block-columns-is-layout-flex\">\n<div class=\"wp-block-column is-layout-flow wp-block-column-is-layout-flow\" style=\"--col-width:33.33%;flex-basis:33.33%\">\n<figure class=\"wp-block-image size-full is-resized is-style-rounded\"><img loading=\"lazy\" decoding=\"async\" width=\"429\" height=\"429\" src=\"https:\/\/integration.luckan.fi\/wp-content\/uploads\/2023\/08\/Hertzberg-Veronica-429x600-1-e1695376706171.jpeg\" alt=\"\" class=\"wp-image-21758\" style=\"aspect-ratio:1;object-fit:cover;width:115px\" srcset=\"https:\/\/integration.luckan.fi\/wp-content\/uploads\/2023\/08\/Hertzberg-Veronica-429x600-1-e1695376706171.jpeg 429w, https:\/\/integration.luckan.fi\/wp-content\/uploads\/2023\/08\/Hertzberg-Veronica-429x600-1-e1695376706171-300x300.jpeg 300w, https:\/\/integration.luckan.fi\/wp-content\/uploads\/2023\/08\/Hertzberg-Veronica-429x600-1-e1695376706171-12x12.jpeg 12w, https:\/\/integration.luckan.fi\/wp-content\/uploads\/2023\/08\/Hertzberg-Veronica-429x600-1-e1695376706171-200x200.jpeg 200w, https:\/\/integration.luckan.fi\/wp-content\/uploads\/2023\/08\/Hertzberg-Veronica-429x600-1-e1695376706171-150x150.jpeg 150w\" sizes=\"auto, (max-width: 429px) 100vw, 429px\" \/><\/figure>\n<\/div>\n\n\n\n<div class=\"wp-block-column is-vertically-aligned-center is-layout-flow wp-block-column-is-layout-flow\" style=\"--col-width:80%;flex-basis:80%\">\n<p class=\"has-extra-small-font-size wp-block-paragraph\"><strong>Veronica Hertzberg<br \/><\/strong>Projektledare<br \/>veronica.hertzberg@luckan.fi <br \/><span id=\"eeb-906499-46002\"><\/span><script type=\"text\/javascript\">(function() {var ml=\"B042519%38\",mi=\"730849731417314957316632\",o=\"\";for(var j=0,l=mi.length;j<l;j++) {o+=ml.charAt(mi.charCodeAt(j)-48);}document.getElementById(\"eeb-906499-46002\").innerHTML = decodeURIComponent(o);}());<\/script><noscript>*skyddad e-post*<\/noscript><\/p>\n<\/div>\n<\/div>\n<\/div>\n\n\n\n<div class=\"wp-block-column is-vertically-aligned-top is-layout-flow wp-block-column-is-layout-flow\">\n<div class=\"wp-block-columns is-layout-flex wp-container-core-columns-is-layout-7387b849 wp-block-columns-is-layout-flex\">\n<div class=\"wp-block-column is-vertically-aligned-top is-layout-flow wp-block-column-is-layout-flow\" style=\"--col-width:33.33%;flex-basis:33.33%\">\n<figure class=\"wp-block-image size-full is-resized is-style-rounded\"><img loading=\"lazy\" decoding=\"async\" width=\"2830\" height=\"2830\" src=\"https:\/\/integration.luckan.fi\/wp-content\/uploads\/2023\/08\/Julia-Qesteri-e1695376725347.png\" alt=\"\" class=\"wp-image-21759\" style=\"aspect-ratio:1;object-fit:cover;width:115px\" srcset=\"https:\/\/integration.luckan.fi\/wp-content\/uploads\/2023\/08\/Julia-Qesteri-e1695376725347.png 2830w, https:\/\/integration.luckan.fi\/wp-content\/uploads\/2023\/08\/Julia-Qesteri-e1695376725347-1000x1000.png 1000w, https:\/\/integration.luckan.fi\/wp-content\/uploads\/2023\/08\/Julia-Qesteri-e1695376725347-1500x1500.png 1500w, https:\/\/integration.luckan.fi\/wp-content\/uploads\/2023\/08\/Julia-Qesteri-e1695376725347-300x300.png 300w, https:\/\/integration.luckan.fi\/wp-content\/uploads\/2023\/08\/Julia-Qesteri-e1695376725347-768x768.png 768w, https:\/\/integration.luckan.fi\/wp-content\/uploads\/2023\/08\/Julia-Qesteri-e1695376725347-1536x1536.png 1536w, https:\/\/integration.luckan.fi\/wp-content\/uploads\/2023\/08\/Julia-Qesteri-e1695376725347-2048x2048.png 2048w, https:\/\/integration.luckan.fi\/wp-content\/uploads\/2023\/08\/Julia-Qesteri-e1695376725347-12x12.png 12w, https:\/\/integration.luckan.fi\/wp-content\/uploads\/2023\/08\/Julia-Qesteri-e1695376725347-200x200.png 200w, https:\/\/integration.luckan.fi\/wp-content\/uploads\/2023\/08\/Julia-Qesteri-e1695376725347-150x150.png 150w, https:\/\/integration.luckan.fi\/wp-content\/uploads\/2023\/08\/Julia-Qesteri-e1695376725347-1568x1568.png 1568w\" sizes=\"auto, (max-width: 2830px) 100vw, 2830px\" \/><\/figure>\n<\/div>\n\n\n\n<div class=\"wp-block-column is-vertically-aligned-center is-layout-flow wp-block-column-is-layout-flow\" style=\"--col-width:80%;flex-basis:80%\">\n<p class=\"has-extra-small-font-size wp-block-paragraph\"><strong>Julia Qesteri<br \/><\/strong>Projektr\u00e5dgivare<br \/>julia.qesteri@luckan.fi <br \/><span id=\"eeb-507138-514676\"><\/span><script type=\"text\/javascript\">(function() {var ml=\"7B%852630\",mi=\"251743258482587802584063\",o=\"\";for(var j=0,l=mi.length;j<l;j++) {o+=ml.charAt(mi.charCodeAt(j)-48);}document.getElementById(\"eeb-507138-514676\").innerHTML = decodeURIComponent(o);}());<\/script><noscript>*skyddad e-post*<\/noscript><\/p>\n<\/div>\n<\/div>\n<\/div>\n\n\n\n<div class=\"wp-block-column is-vertically-aligned-top is-layout-flow wp-block-column-is-layout-flow\">\n<div class=\"wp-block-columns is-layout-flex wp-container-core-columns-is-layout-7387b849 wp-block-columns-is-layout-flex\">\n<div class=\"wp-block-column is-layout-flow wp-block-column-is-layout-flow\" style=\"--col-width:33.33%;flex-basis:33.33%\">\n<figure class=\"wp-block-image size-full is-resized is-style-rounded\"><img loading=\"lazy\" decoding=\"async\" width=\"1178\" height=\"1178\" src=\"https:\/\/integration.luckan.fi\/wp-content\/uploads\/2023\/09\/Luckan_C_LI.png\" alt=\"\" class=\"wp-image-21763\" style=\"aspect-ratio:1;object-fit:cover;width:115px\" srcset=\"https:\/\/integration.luckan.fi\/wp-content\/uploads\/2023\/09\/Luckan_C_LI.png 1178w, https:\/\/integration.luckan.fi\/wp-content\/uploads\/2023\/09\/Luckan_C_LI-1000x1000.png 1000w, https:\/\/integration.luckan.fi\/wp-content\/uploads\/2023\/09\/Luckan_C_LI-300x300.png 300w, https:\/\/integration.luckan.fi\/wp-content\/uploads\/2023\/09\/Luckan_C_LI-768x768.png 768w, https:\/\/integration.luckan.fi\/wp-content\/uploads\/2023\/09\/Luckan_C_LI-12x12.png 12w, https:\/\/integration.luckan.fi\/wp-content\/uploads\/2023\/09\/Luckan_C_LI-200x200.png 200w, https:\/\/integration.luckan.fi\/wp-content\/uploads\/2023\/09\/Luckan_C_LI-150x150.png 150w\" sizes=\"auto, (max-width: 1178px) 100vw, 1178px\" \/><\/figure>\n<\/div>\n\n\n\n<div class=\"wp-block-column is-vertically-aligned-center is-layout-flow wp-block-column-is-layout-flow\" style=\"--col-width:80%;flex-basis:80%\">\n<p class=\"has-extra-small-font-size wp-block-paragraph\"><strong>Philip<br \/><\/strong>Projektr\u00e5dgivare<br \/>philip@luckan.fi <br \/><span id=\"eeb-919390-605565\"><\/span><script type=\"text\/javascript\">(function() {var ml=\"%957B0823\",mi=\"074826075250752230751711\",o=\"\";for(var j=0,l=mi.length;j<l;j++) {o+=ml.charAt(mi.charCodeAt(j)-48);}document.getElementById(\"eeb-919390-605565\").innerHTML = decodeURIComponent(o);}());<\/script><noscript>*skyddad e-post*<\/noscript><\/p>\n<\/div>\n<\/div>\n<\/div>\n<\/div>\n<\/div><\/div>","protected":false},"excerpt":{"rendered":"<p>Vad f\u00e5r jag ut av mentorprogrammet? Genom att delta f\u00e5r du m\u00f6jlighet till karri\u00e4rutveckling inom ditt omr\u00e5de via din egen mentorgrupp. Tillsammans tr\u00e4ffas ni ungef\u00e4r tio g\u00e5nger under en termin. Er mentorgrupp str\u00e4var efter att ge branschspecifik v\u00e4gledning, hj\u00e4lpa till med professionellt n\u00e4tverkande och uppdatera dina f\u00e4rdigheter. Dessutom f\u00e5r du\u2026 <a class=\"more-link\" href=\"https:\/\/integration.luckan.fi\/sv\/become-a-jobbuddie\/\">Forts\u00e4tt l\u00e4sa <span class=\"screen-reader-text\">BLI EN JOBBBUDDIE<\/span><\/a><\/p>","protected":false},"author":2,"featured_media":0,"parent":0,"menu_order":0,"comment_status":"closed","ping_status":"closed","template":"tw-no-title.php","meta":{"om_disable_all_campaigns":false,"inline_featured_image":false,"ghostkit_customizer_options":"","ghostkit_custom_css":"","ghostkit_custom_js_head":"","ghostkit_custom_js_foot":"","ghostkit_typography":"","_monsterinsights_skip_tracking":false,"cybocfi_hide_featured_image":"","footnotes":""},"class_list":["post-22867","page","type-page","status-publish","hentry","entry"],"aioseo_notices":[],"aioseo_head":"\n\t\t<!-- All in One SEO 5.0.1.1 - aioseo.com -->\n\t<meta name=\"description\" content=\"Who can join the programme as a Mentee? N.B. The groups for the autumn of 2026 have been chosen, will cover IT and teaching, and start in August. Application to the programme has been closed. Residence permit \/ right to work in Finland Located in the Nyland\/Uusimaa region Industry specific education or previous experience Unemployed,\" \/>\n\t<meta name=\"robots\" content=\"max-image-preview:large\" \/>\n\t<link rel=\"canonical\" href=\"https:\/\/integration.luckan.fi\/sv\/become-a-jobbuddie\/\" \/>\n\t<meta name=\"generator\" content=\"All in One SEO (AIOSEO) 5.0.1.1\" \/>\n\t\t<meta property=\"og:locale\" content=\"sv_SE\" \/>\n\t\t<meta property=\"og:site_name\" content=\"Luckan Integration - Welcome to Finland\" \/>\n\t\t<meta property=\"og:type\" content=\"article\" \/>\n\t\t<meta property=\"og:title\" content=\"BECOME A JOBBUDDIE - Luckan Integration\" \/>\n\t\t<meta property=\"og:description\" content=\"Who can join the programme as a Mentee? N.B. The groups for the autumn of 2026 have been chosen, will cover IT and teaching, and start in August. Application to the programme has been closed. Residence permit \/ right to work in Finland Located in the Nyland\/Uusimaa region Industry specific education or previous experience Unemployed,\" \/>\n\t\t<meta property=\"og:url\" content=\"https:\/\/integration.luckan.fi\/sv\/become-a-jobbuddie\/\" \/>\n\t\t<meta property=\"og:image\" content=\"https:\/\/integration.luckan.fi\/wp-content\/uploads\/2021\/05\/Luckan-Logo-Integration-1.png\" \/>\n\t\t<meta property=\"og:image:secure_url\" content=\"https:\/\/integration.luckan.fi\/wp-content\/uploads\/2021\/05\/Luckan-Logo-Integration-1.png\" \/>\n\t\t<meta property=\"og:image:width\" content=\"250\" \/>\n\t\t<meta property=\"og:image:height\" content=\"130\" \/>\n\t\t<meta property=\"article:published_time\" content=\"2024-09-13T12:58:19+00:00\" \/>\n\t\t<meta property=\"article:modified_time\" content=\"2026-09-02T11:47:17+00:00\" \/>\n\t\t<meta name=\"twitter:card\" content=\"summary_large_image\" \/>\n\t\t<meta name=\"twitter:title\" content=\"BECOME A JOBBUDDIE - Luckan Integration\" \/>\n\t\t<meta name=\"twitter:description\" content=\"Who can join the programme as a Mentee? N.B. The groups for the autumn of 2026 have been chosen, will cover IT and teaching, and start in August. Application to the programme has been closed. Residence permit \/ right to work in Finland Located in the Nyland\/Uusimaa region Industry specific education or previous experience Unemployed,\" \/>\n\t\t<meta name=\"twitter:image\" content=\"https:\/\/integration.luckan.fi\/wp-content\/uploads\/2021\/05\/Luckan-Logo-Integration-1.png\" \/>\n\t\t<script type=\"application\/ld+json\" class=\"aioseo-schema\">\n\t\t\t{\"@context\":\"https:\\\/\\\/schema.org\",\"@graph\":[{\"@type\":\"BreadcrumbList\",\"@id\":\"https:\\\/\\\/integration.luckan.fi\\\/sv\\\/become-a-jobbuddie\\\/#breadcrumblist\",\"itemListElement\":[{\"@type\":\"ListItem\",\"@id\":\"https:\\\/\\\/integration.luckan.fi\\\/sv#listItem\",\"position\":1,\"name\":\"Home\",\"item\":\"https:\\\/\\\/integration.luckan.fi\\\/sv\",\"nextItem\":{\"@type\":\"ListItem\",\"@id\":\"https:\\\/\\\/integration.luckan.fi\\\/sv\\\/become-a-jobbuddie\\\/#listItem\",\"name\":\"BECOME A JOBBUDDIE\"}},{\"@type\":\"ListItem\",\"@id\":\"https:\\\/\\\/integration.luckan.fi\\\/sv\\\/become-a-jobbuddie\\\/#listItem\",\"position\":2,\"name\":\"BECOME A JOBBUDDIE\",\"previousItem\":{\"@type\":\"ListItem\",\"@id\":\"https:\\\/\\\/integration.luckan.fi\\\/sv#listItem\",\"name\":\"Home\"}}]},{\"@type\":\"Organization\",\"@id\":\"https:\\\/\\\/integration.luckan.fi\\\/sv\\\/#organization\",\"name\":\"Luckan Integration\",\"description\":\"Welcome to Finland\",\"url\":\"https:\\\/\\\/integration.luckan.fi\\\/sv\\\/\",\"logo\":{\"@type\":\"ImageObject\",\"url\":\"https:\\\/\\\/integration.luckan.fi\\\/wp-content\\\/uploads\\\/2021\\\/05\\\/Luckan-Logo-Integration-1.png\",\"@id\":\"https:\\\/\\\/integration.luckan.fi\\\/sv\\\/become-a-jobbuddie\\\/#organizationLogo\",\"width\":250,\"height\":130,\"caption\":\"Luckan Integration\"},\"image\":{\"@id\":\"https:\\\/\\\/integration.luckan.fi\\\/sv\\\/become-a-jobbuddie\\\/#organizationLogo\"}},{\"@type\":\"WebPage\",\"@id\":\"https:\\\/\\\/integration.luckan.fi\\\/sv\\\/become-a-jobbuddie\\\/#webpage\",\"url\":\"https:\\\/\\\/integration.luckan.fi\\\/sv\\\/become-a-jobbuddie\\\/\",\"name\":\"BECOME A JOBBUDDIE - Luckan Integration\",\"description\":\"Who can join the programme as a Mentee? N.B. The groups for the autumn of 2026 have been chosen, will cover IT and teaching, and start in August. Application to the programme has been closed. Residence permit \\\/ right to work in Finland Located in the Nyland\\\/Uusimaa region Industry specific education or previous experience Unemployed,\",\"inLanguage\":\"sv-SE\",\"isPartOf\":{\"@id\":\"https:\\\/\\\/integration.luckan.fi\\\/sv\\\/#website\"},\"breadcrumb\":{\"@id\":\"https:\\\/\\\/integration.luckan.fi\\\/sv\\\/become-a-jobbuddie\\\/#breadcrumblist\"},\"datePublished\":\"2024-09-13T15:58:19+03:00\",\"dateModified\":\"2026-09-02T14:47:17+03:00\"},{\"@type\":\"WebSite\",\"@id\":\"https:\\\/\\\/integration.luckan.fi\\\/sv\\\/#website\",\"url\":\"https:\\\/\\\/integration.luckan.fi\\\/sv\\\/\",\"name\":\"Luckan Integration\",\"description\":\"Welcome to Finland\",\"inLanguage\":\"sv-SE\",\"publisher\":{\"@id\":\"https:\\\/\\\/integration.luckan.fi\\\/sv\\\/#organization\"}}]}\n\t\t<\/script>\n\t\t<!-- All in One SEO -->\n\n","aioseo_head_json":{"title":"BLI EN JOBBUDDIE \u2013 Luckan Integration","description":"Who can join the programme as a Mentee? N.B. The groups for the autumn of 2026 have been chosen, will cover IT and teaching, and start in August. Application to the programme has been closed. Residence permit \/ right to work in Finland Located in the Nyland\/Uusimaa region Industry specific education or previous experience Unemployed,","canonical_url":"https:\/\/integration.luckan.fi\/sv\/become-a-jobbuddie\/","robots":"max-image-preview:large","keywords":"","webmasterTools":{"miscellaneous":""},"schema":{"@context":"https:\/\/schema.org","@graph":[{"@type":"BreadcrumbList","@id":"https:\/\/integration.luckan.fi\/sv\/become-a-jobbuddie\/#breadcrumblist","itemListElement":[{"@type":"ListItem","@id":"https:\/\/integration.luckan.fi\/sv#listItem","position":1,"name":"Home","item":"https:\/\/integration.luckan.fi\/sv","nextItem":{"@type":"ListItem","@id":"https:\/\/integration.luckan.fi\/sv\/become-a-jobbuddie\/#listItem","name":"BECOME A JOBBUDDIE"}},{"@type":"ListItem","@id":"https:\/\/integration.luckan.fi\/sv\/become-a-jobbuddie\/#listItem","position":2,"name":"BECOME A JOBBUDDIE","previousItem":{"@type":"ListItem","@id":"https:\/\/integration.luckan.fi\/sv#listItem","name":"Home"}}]},{"@type":"Organization","@id":"https:\/\/integration.luckan.fi\/sv\/#organization","name":"Luckan Integration","description":"Welcome to Finland","url":"https:\/\/integration.luckan.fi\/sv\/","logo":{"@type":"ImageObject","url":"https:\/\/integration.luckan.fi\/wp-content\/uploads\/2021\/05\/Luckan-Logo-Integration-1.png","@id":"https:\/\/integration.luckan.fi\/sv\/become-a-jobbuddie\/#organizationLogo","width":250,"height":130,"caption":"Luckan Integration"},"image":{"@id":"https:\/\/integration.luckan.fi\/sv\/become-a-jobbuddie\/#organizationLogo"}},{"@type":"WebPage","@id":"https:\/\/integration.luckan.fi\/sv\/become-a-jobbuddie\/#webpage","url":"https:\/\/integration.luckan.fi\/sv\/become-a-jobbuddie\/","name":"BECOME A JOBBUDDIE - Luckan Integration","description":"Who can join the programme as a Mentee? N.B. The groups for the autumn of 2026 have been chosen, will cover IT and teaching, and start in August. Application to the programme has been closed. Residence permit \/ right to work in Finland Located in the Nyland\/Uusimaa region Industry specific education or previous experience Unemployed,","inLanguage":"sv-SE","isPartOf":{"@id":"https:\/\/integration.luckan.fi\/sv\/#website"},"breadcrumb":{"@id":"https:\/\/integration.luckan.fi\/sv\/become-a-jobbuddie\/#breadcrumblist"},"datePublished":"2024-09-13T15:58:19+03:00","dateModified":"2026-09-02T14:47:17+03:00"},{"@type":"WebSite","@id":"https:\/\/integration.luckan.fi\/sv\/#website","url":"https:\/\/integration.luckan.fi\/sv\/","name":"Luckan Integration","description":"Welcome to Finland","inLanguage":"sv-SE","publisher":{"@id":"https:\/\/integration.luckan.fi\/sv\/#organization"}}]},"og:locale":"sv_SE","og:site_name":"Luckan Integration - Welcome to Finland","og:type":"article","og:title":"BECOME A JOBBUDDIE - Luckan Integration","og:description":"Who can join the programme as a Mentee? N.B. The groups for the autumn of 2026 have been chosen, will cover IT and teaching, and start in August. Application to the programme has been closed. Residence permit \/ right to work in Finland Located in the Nyland\/Uusimaa region Industry specific education or previous experience Unemployed,","og:url":"https:\/\/integration.luckan.fi\/sv\/become-a-jobbuddie\/","og:image":"https:\/\/integration.luckan.fi\/wp-content\/uploads\/2021\/05\/Luckan-Logo-Integration-1.png","og:image:secure_url":"https:\/\/integration.luckan.fi\/wp-content\/uploads\/2021\/05\/Luckan-Logo-Integration-1.png","og:image:width":250,"og:image:height":130,"article:published_time":"2024-09-13T12:58:19+00:00","article:modified_time":"2026-09-02T11:47:17+00:00","twitter:card":"summary_large_image","twitter:title":"BECOME A JOBBUDDIE - Luckan Integration","twitter:description":"Who can join the programme as a Mentee? N.B. The groups for the autumn of 2026 have been chosen, will cover IT and teaching, and start in August. Application to the programme has been closed. Residence permit \/ right to work in Finland Located in the Nyland\/Uusimaa region Industry specific education or previous experience Unemployed,","twitter:image":"https:\/\/integration.luckan.fi\/wp-content\/uploads\/2021\/05\/Luckan-Logo-Integration-1.png"},"aioseo_meta_data":{"post_id":"22867","title":null,"description":null,"keywords":null,"keyphrases":{"focus":{"keyphrase":"","score":0,"analysis":{"keyphraseInTitle":{"score":0,"maxScore":9,"error":1}}},"additional":[]},"primary_term":null,"canonical_url":null,"og_title":null,"og_description":null,"og_object_type":"default","og_image_type":"default","og_image_url":null,"og_image_width":null,"og_image_height":null,"og_image_custom_url":null,"og_image_custom_fields":null,"og_video":"","og_custom_url":null,"og_article_section":null,"og_article_tags":null,"twitter_use_og":false,"twitter_card":"default","twitter_image_type":"default","twitter_image_url":null,"twitter_image_custom_url":null,"twitter_image_custom_fields":null,"twitter_title":null,"twitter_description":null,"schema":{"blockGraphs":[],"customGraphs":[],"default":{"data":{"Article":[],"Course":[],"Dataset":[],"FAQPage":[],"Movie":[],"Person":[],"Product":[],"ProductReview":[],"Car":[],"Recipe":[],"Service":[],"SoftwareApplication":[],"WebPage":[]},"graphName":"WebPage","isEnabled":true},"graphs":[]},"schema_type":"default","schema_type_options":null,"pillar_content":false,"robots_default":true,"robots_noindex":false,"robots_noarchive":false,"robots_nosnippet":false,"robots_nofollow":false,"robots_noimageindex":false,"robots_noodp":false,"robots_notranslate":false,"robots_max_snippet":"-1","robots_max_videopreview":"-1","robots_max_imagepreview":"large","priority":null,"frequency":"default","local_seo":null,"breadcrumb_settings":null,"limit_modified_date":false,"ai":{"faqs":[],"keyPoints":[],"schemas":[],"titles":[],"descriptions":[],"socialPosts":{"email":{"subject":"","preview":"","content":""},"linkedin":[],"twitter":[],"facebook":[],"instagram":[]}},"created":"2024-09-13 12:58:20","updated":"2026-09-02 12:29:21","seo_analyzer_scan_date":null,"focus_keyword":null,"additional_keywords":null,"truseo_locale":null},"aioseo_breadcrumb":"<div class=\"aioseo-breadcrumbs\"><span class=\"aioseo-breadcrumb\">\n\t\t\t<a href=\"https:\/\/integration.luckan.fi\/sv\" title=\"Home\">Home<\/a>\n\t\t<\/span><span class=\"aioseo-breadcrumb-separator\">&raquo;<\/span><span class=\"aioseo-breadcrumb\">\n\t\t\tBECOME A JOBBUDDIE\n\t\t<\/span><\/div>","aioseo_breadcrumb_json":[{"label":"Home","link":"https:\/\/integration.luckan.fi\/sv"},{"label":"BECOME A JOBBUDDIE","link":"https:\/\/integration.luckan.fi\/sv\/become-a-jobbuddie\/"}],"featured_image_src":null,"_links":{"self":[{"href":"https:\/\/integration.luckan.fi\/sv\/wp-json\/wp\/v2\/pages\/22867","targetHints":{"allow":["GET"]}}],"collection":[{"href":"https:\/\/integration.luckan.fi\/sv\/wp-json\/wp\/v2\/pages"}],"about":[{"href":"https:\/\/integration.luckan.fi\/sv\/wp-json\/wp\/v2\/types\/page"}],"author":[{"embeddable":true,"href":"https:\/\/integration.luckan.fi\/sv\/wp-json\/wp\/v2\/users\/2"}],"replies":[{"embeddable":true,"href":"https:\/\/integration.luckan.fi\/sv\/wp-json\/wp\/v2\/comments?post=22867"}],"version-history":[{"count":56,"href":"https:\/\/integration.luckan.fi\/sv\/wp-json\/wp\/v2\/pages\/22867\/revisions"}],"predecessor-version":[{"id":25211,"href":"https:\/\/integration.luckan.fi\/sv\/wp-json\/wp\/v2\/pages\/22867\/revisions\/25211"}],"wp:attachment":[{"href":"https:\/\/integration.luckan.fi\/sv\/wp-json\/wp\/v2\/media?parent=22867"}],"curies":[{"name":"wp","href":"https:\/\/api.w.org\/{rel}","templated":true}]}}