{"id":23703,"date":"2025-09-08T11:08:21","date_gmt":"2025-09-08T08:08:21","guid":{"rendered":"https:\/\/integration.luckan.fi\/?page_id=23703"},"modified":"2026-04-17T17:02:20","modified_gmt":"2026-04-17T14:02:20","slug":"jobbuddies-blogs","status":"publish","type":"page","link":"https:\/\/integration.luckan.fi\/sv\/jobbuddies-blogs\/","title":{"rendered":"Bloggar"},"content":{"rendered":"<div class=\"wp-block-group alignfull has-white-background-color has-background has-small-font-size is-content-justification-right is-nowrap is-layout-flex wp-container-core-group-is-layout-f1734116 wp-block-group-is-layout-flex\" style=\"padding-top:5px;padding-bottom:5px\">\n<p class=\"wp-container-content-29dca9c1\"><img loading=\"lazy\" decoding=\"async\" width=\"1500\" height=\"333\" class=\"wp-image-23160\" style=\"white-space: normal; font-size: revert; font-family: var(--global--font-secondary);\" src=\"https:\/\/integration.luckan.fi\/wp-content\/uploads\/2024\/09\/SV_Co-fundedbytheEU_RGB_POS-1500x333.png\" alt=\"\" srcset=\"https:\/\/integration.luckan.fi\/wp-content\/uploads\/2024\/09\/SV_Co-fundedbytheEU_RGB_POS-1500x333.png 1500w, https:\/\/integration.luckan.fi\/wp-content\/uploads\/2024\/09\/SV_Co-fundedbytheEU_RGB_POS-1200x266.png 1200w, https:\/\/integration.luckan.fi\/wp-content\/uploads\/2024\/09\/SV_Co-fundedbytheEU_RGB_POS-500x111.png 500w, https:\/\/integration.luckan.fi\/wp-content\/uploads\/2024\/09\/SV_Co-fundedbytheEU_RGB_POS-768x170.png 768w, https:\/\/integration.luckan.fi\/wp-content\/uploads\/2024\/09\/SV_Co-fundedbytheEU_RGB_POS-1536x341.png 1536w, https:\/\/integration.luckan.fi\/wp-content\/uploads\/2024\/09\/SV_Co-fundedbytheEU_RGB_POS-2048x455.png 2048w, https:\/\/integration.luckan.fi\/wp-content\/uploads\/2024\/09\/SV_Co-fundedbytheEU_RGB_POS-18x4.png 18w, https:\/\/integration.luckan.fi\/wp-content\/uploads\/2024\/09\/SV_Co-fundedbytheEU_RGB_POS-200x44.png 200w, https:\/\/integration.luckan.fi\/wp-content\/uploads\/2024\/09\/SV_Co-fundedbytheEU_RGB_POS-150x33.png 150w, https:\/\/integration.luckan.fi\/wp-content\/uploads\/2024\/09\/SV_Co-fundedbytheEU_RGB_POS-1568x348.png 1568w\" sizes=\"auto, (max-width: 1500px) 100vw, 1500px\" \/><\/p>\n<\/div>\n\n\n\n<div class=\"wp-block-media-text alignfull has-media-on-the-right is-stacked-on-mobile is-vertically-aligned-center is-image-fill-element has-background tw-stack-md tw-media-bottom\" style=\"background-color:#9decb6;grid-template-columns:auto 55%\"><div class=\"wp-block-media-text__content\">\n<h1 class=\"wp-block-heading\" id=\"svenska-integrationsvagar-och-fallgropar-i-huvudstadsregionen\">Material fr\u00e5n JobBuddies<\/h1>\n\n\n\n<p>P\u00e5 dessa sidor finns en sammanfattning av en del av forskningen och diskussionen om invandrares syssels\u00e4ttning i det finl\u00e4ndska samh\u00e4llet.<\/p>\n\n\n\n<div class=\"wp-block-buttons is-layout-flex wp-block-buttons-is-layout-flex\">\n<div class=\"wp-block-button is-style-outline is-style-outline--1\"><a class=\"wp-block-button__link wp-element-button\" href=\"https:\/\/integration.luckan.fi\/jobbuddies-materials\/\">Forskning &amp; artiklar<\/a><\/div>\n\n\n\n<div class=\"wp-block-button is-style-outline is-style-outline--2\"><a class=\"wp-block-button__link wp-element-button\" href=\"https:\/\/integration.luckan.fi\/jobbuddies-news-media\/\">Nyhetsmedier<\/a><\/div>\n\n\n\n<div class=\"wp-block-button is-style-outline is-style-outline--3\"><a class=\"wp-block-button__link wp-element-button\" href=\"https:\/\/integration.luckan.fi\/jobbuddies-blogs\/\">Bloggar<\/a><\/div>\n<\/div>\n<\/div><figure class=\"wp-block-media-text__media\"><img loading=\"lazy\" decoding=\"async\" width=\"1500\" height=\"1000\" src=\"https:\/\/integration.luckan.fi\/wp-content\/uploads\/2025\/08\/andrew-neel-cckf4TsHAuw-unsplash-1500x1000.jpg\" alt=\"\" class=\"wp-image-23765 size-full\" style=\"object-position:50% 50%\" srcset=\"https:\/\/integration.luckan.fi\/wp-content\/uploads\/2025\/08\/andrew-neel-cckf4TsHAuw-unsplash-1500x1000.jpg 1500w, https:\/\/integration.luckan.fi\/wp-content\/uploads\/2025\/08\/andrew-neel-cckf4TsHAuw-unsplash-1200x800.jpg 1200w, https:\/\/integration.luckan.fi\/wp-content\/uploads\/2025\/08\/andrew-neel-cckf4TsHAuw-unsplash-450x300.jpg 450w, https:\/\/integration.luckan.fi\/wp-content\/uploads\/2025\/08\/andrew-neel-cckf4TsHAuw-unsplash-768x512.jpg 768w, https:\/\/integration.luckan.fi\/wp-content\/uploads\/2025\/08\/andrew-neel-cckf4TsHAuw-unsplash-1536x1024.jpg 1536w, https:\/\/integration.luckan.fi\/wp-content\/uploads\/2025\/08\/andrew-neel-cckf4TsHAuw-unsplash-2048x1365.jpg 2048w, https:\/\/integration.luckan.fi\/wp-content\/uploads\/2025\/08\/andrew-neel-cckf4TsHAuw-unsplash-18x12.jpg 18w, https:\/\/integration.luckan.fi\/wp-content\/uploads\/2025\/08\/andrew-neel-cckf4TsHAuw-unsplash-200x133.jpg 200w, https:\/\/integration.luckan.fi\/wp-content\/uploads\/2025\/08\/andrew-neel-cckf4TsHAuw-unsplash-150x100.jpg 150w, https:\/\/integration.luckan.fi\/wp-content\/uploads\/2025\/08\/andrew-neel-cckf4TsHAuw-unsplash-1568x1045.jpg 1568w\" sizes=\"auto, (max-width: 1500px) 100vw, 1500px\" \/><\/figure><\/div>\n\n\n\n<div class=\"wp-block-columns is-layout-flex wp-container-core-columns-is-layout-d0b3c9c8 wp-block-columns-is-layout-flex\" id=\"research\">\n<div class=\"wp-block-column is-layout-flow wp-block-column-is-layout-flow\">\n<h2 class=\"wp-block-heading\">Bloggar<\/h2>\n\n\n\n<p>H\u00e4r kan du hitta relevanta debattartiklar och intressanta synpunkter om fr\u00e5gor som ligger n\u00e4ra JobBuddies-projektet.<\/p>\n<\/div>\n<\/div>\n\n\n\n<div class=\"wp-block-getwid-tabs\" data-active-tab=\"0\"><ul class=\"wp-block-getwid-tabs__nav-links\"><\/ul>\n<div class=\"wp-block-getwid-tabs__nav-link\"><span class=\"wp-block-getwid-tabs__title-wrapper\"><a href=\"#\"><span class=\"wp-block-getwid-tabs__title\">Sidan 1<\/span><\/a><\/span><\/div><div class=\"wp-block-getwid-tabs__tab-content-wrapper\"><div class=\"wp-block-getwid-tabs__tab-content\">\n<p><strong>Kuljetusten per\u00e4ss\u00e4 | HS, 14.4.2026 (p\u00e5 finska)<\/strong><br \/><em>Choudhary Nagra on ruokal\u00e4hettien hierarkiassa alimpana. H\u00e4nen pit\u00e4\u00e4 vuokrata toisen l\u00e4hetin tili\u00e4, jotta saa ajaa Wolt-kuljetuksia. K\u00e4vimme l\u00e4pi, mit\u00e4 Nagra ty\u00f6st\u00e4\u00e4n tienaa.<\/em><br \/><a href=\"https:\/\/www.hs.fi\/helsinki\/art-2000011776556.html\" title=\"\">L\u00e4s mer...<\/a><\/p>\n\n\n\n<div style=\"height:30px\" aria-hidden=\"true\" class=\"wp-block-spacer\"><\/div>\n\n\n\n<p><strong>Ins\u00e4ndare: I Arcadas fall \u00e4r \u201dnaiv\u201d en underdrift | HBL, 9.4.2026 (p\u00e5 svenska)<\/strong><br \/><em>Ins\u00e4ndaren kritiserar yrkesh\u00f6gskolan Arcada f\u00f6r att genom oseri\u00f6sa rekryterare ha lurat indiska studenter till Finland med falska l\u00f6ften om ekonomi och framtid. Skribenten avf\u00e4rdar rektorns f\u00f6rklaring om naivitet som en underdrift och kr\u00e4ver att de drabbade studenterna kompenseras genom att f\u00e5 sina terminsavgifter tillbaka.<\/em><br \/><a href=\"https:\/\/www.hbl.fi\/opinion\/i-arcadas-fall-ar-naiv-en-underdrift\/\" title=\"\">L\u00e4s mer...<\/a><\/p>\n\n\n\n<div style=\"height:30px\" aria-hidden=\"true\" class=\"wp-block-spacer\"><\/div>\n\n\n\n<p><strong>Ty\u00f6per\u00e4ist\u00e4 hyv\u00e4ksik\u00e4ytt\u00f6\u00e4 tapahtuu Suomessa joka p\u00e4iv\u00e4 -muutos vaatii tekoja nyt | Ty\u00f6suojeluhallinto, 2.4.2026 (LinkedIn-inl\u00e4gg, p\u00e5 finska)<\/strong><br \/><em>Ty\u00f6suojelutarkastaja Niina M\u00e4ki korostaa tekstiss\u00e4\u00e4n, ett\u00e4 ty\u00f6per\u00e4isen hyv\u00e4ksik\u00e4yt\u00f6n kitkeminen vaatii tiukempia rangaistuksia riist\u00e4jille, uhrien oikeusturvan parantamista sek\u00e4 viranomaispalveluiden saavutettavuuden kehitt\u00e4mist\u00e4. H\u00e4n painottaa, ett\u00e4 suurten lains\u00e4\u00e4d\u00e4nn\u00f6llisten muutosten ohella jokainen luottamuksellinen kohtaaminen tarkastusk\u00e4ynneill\u00e4 on ratkaiseva mahdollisuus puuttua riistoon ja auttaa haavoittuvassa asemassa olevia.<\/em><br \/><a href=\"https:\/\/www.linkedin.com\/pulse\/ty%C3%B6per%C3%A4ist%C3%A4-hyv%C3%A4ksik%C3%A4ytt%C3%B6%C3%A4-tapahtuu-suomessa-joka-p%C3%A4iv%C3%A4-t7qzf\/\" title=\"\">L\u00e4s mer...<\/a><\/p>\n\n\n\n<div style=\"height:30px\" aria-hidden=\"true\" class=\"wp-block-spacer\"><\/div>\n\n\n\n<p><strong>Suomen suurimman ty\u00f6llisyysalueen johtaja: Teemme ty\u00f6t\u00e4, joka ei edist\u00e4 ty\u00f6llisyytt\u00e4 | YLE, 31.3.2026 (p\u00e5 finska)<\/strong><br \/><em>Asiantuntijat kritisoivat Suomen ty\u00f6llisyyspalvelua tehottomaksi. Ty\u00f6ministeri sanoo olevansa valmis harkitsemaan muutoksia.<\/em><br \/><a href=\"https:\/\/yle.fi\/a\/74-20216209\" title=\"\">L\u00e4s mer...<\/a><\/p>\n\n\n\n<div style=\"height:30px\" aria-hidden=\"true\" class=\"wp-block-spacer\"><\/div>\n\n\n\n<p><strong>17 700 s\u00f6kte sommarjobb hos henne | Hufvudstadsbladet, 21.3.2026 (p\u00e5 svenska)<\/strong><br \/><em>Konkurrensen p\u00e5 arbetsmarknaden blir allt tuffare i Finland, ocks\u00e5 n\u00e4r det g\u00e4ller sommarjobb. En bra ans\u00f6kan garanterar inte ens att du f\u00e5r komma p\u00e5 intervju, s\u00e4ger rekryteringsexperten P\u00e4ivi Bruce.<\/em><br \/><a href=\"https:\/\/www.hbl.fi\/2026-03-21\/17-700-sokte-sommarjobb-hos-henne\/\" title=\"\">L\u00e4s mer...<\/a><\/p>\n\n\n\n<div style=\"height:30px\" aria-hidden=\"true\" class=\"wp-block-spacer\"><\/div>\n\n\n\n<p><strong>Filippiinil\u00e4inen Apple Colanggo tuli sairaanhoitajaksi Suomeen ja yll\u00e4ttyi, kun kielitaito ei riitt\u00e4nytk\u00e4\u00e4n | Helsingin Sanomat, 15.3.2026 (p\u00e5 finska)<\/strong><br \/><em>Filippil\u00e4inen Apple Colanggo on kokenut sairaanhoitaja, joka tuli suurin odotuksin t\u00f6ihin Suomeen. Kielikokeen reputtaminen oli yll\u00e4tys.<\/em><br \/><a href=\"https:\/\/www.hs.fi\/suomi\/art-2000011861590.html\" title=\"\">L\u00e4s mer...<\/a><\/p>\n<\/div><\/div>\n\n\n\n<div class=\"wp-block-getwid-tabs__nav-link\"><span class=\"wp-block-getwid-tabs__title-wrapper\"><a href=\"#\"><span class=\"wp-block-getwid-tabs__title\">Sidan 2<\/span><\/a><\/span><\/div><div class=\"wp-block-getwid-tabs__tab-content-wrapper\"><div class=\"wp-block-getwid-tabs__tab-content\">\n<p><strong>Nytt forskningsprojekt: Integrering av h\u00f6gutbildade migranter p\u00e5 den nordiska arbetsmarknaden | Nordens v\u00e4lf\u00e4rdscenter, 11.3.2026 (p\u00e5 svenska)<\/strong><br \/><em>H\u00f6gutbildade invandrare i de nordiska l\u00e4nderna har st\u00f6rre chans att hitta arbete \u00e4n andra invandrargrupper, men inte alltid ett arbete som motsvarar deras kvalifikationer. Detta projekt unders\u00f6ker varf\u00f6r och hur integrationen p\u00e5 arbetsmarknaden kan f\u00f6rb\u00e4ttras genom b\u00e4ttre data, j\u00e4mf\u00f6rande analyser och kunskapsutbyte i hela Norden.<\/em><br \/><a href=\"https:\/\/nordicwelfare.org\/integration-norden\/en\/nyheter\/new-research-project-integrating-highly-educated-migrants-in-the-nordic-labour-market\/\" title=\"\">L\u00e4s mer...<\/a><\/p>\n\n\n\n<div style=\"height:30px\" aria-hidden=\"true\" class=\"wp-block-spacer\"><\/div>\n\n\n\n<p><strong>Kokenut headhunter paljasti: rekrytoija vilkaisee CV:n l\u00e4pi 7 sekunnissa - n\u00e4in p\u00e4\u00e4set jatkoon | Voice.fi, 3.3.2026 (p\u00e5 finska)<\/strong><br \/><em>Rekrytoija paljasti, mit\u00e4 kannattaa ottaa huomioon jos haluaa erottua tuhansien hakijoiden joukosta jo ensisilm\u00e4ilyll\u00e4.<\/em><a href=\"https:\/\/www.voice.fi\/tyo-ja-opiskelu\/kokenut-headhunter-paljasti-rekrytoija-vilkaisee-cvn-lapi-7-sekunnissa-nain-paaset-jatkoon\" title=\"\"><br \/>L\u00e4s mer...<\/a><\/p>\n\n\n\n<div style=\"height:30px\" aria-hidden=\"true\" class=\"wp-block-spacer\"><\/div>\n\n\n\n<p><strong>Tehokas tapa torjua ihmiskauppaa ei ole kelvannut yhdellek\u00e4\u00e4n mustikoitamme ostavalle kauppaketjulle | Helsingin Sanomat, 3.3.2026 (p\u00e5 finska)<\/strong><br \/><em>Reilun mustikan sertifikaatti on ollut olemassa jo kaksi vuotta, mutta kuluttajalle se ei ole n\u00e4kynyt.<\/em><a href=\"https:\/\/www.hs.fi\/paakirjoitukset\/art-2000011847021.html\" title=\"\"><br \/>L\u00e4s mer...<\/a><\/p>\n\n\n\n<div style=\"height:30px\" aria-hidden=\"true\" class=\"wp-block-spacer\"><\/div>\n\n\n\n<p><strong>Ett steg mot mer v\u00e4lm\u00e5ende arbetsplatser: vi lanserar den svenska spr\u00e5kombudsmodellen i Finland | Yrkesh\u00f6gskolan Novia, 12.2.2026<\/strong><br \/><em>President Alexander Stubb lyfte i sitt ny\u00e5rstal fram behovet av arbetskraftsrelaterad invandring och konstaterade, att kn\u00e4ckfr\u00e5gan \u00e4r hur vi som samh\u00e4lle kan f\u00f6rbereda oss f\u00f6r denna f\u00f6r\u00e4ndring. Inom projektet MISAS - Modell f\u00f6r integrering av utl\u00e4ndska studerande via spr\u00e5kbadsstudier och arbetslivssamarbete tror vi, att i den h\u00e4r processen kan spr\u00e5kombudskonceptet komma att bli ett viktigt verktyg. D\u00e4rf\u00f6r \u00e4r vi vid Yrkesh\u00f6gskolan Novia glada \u00f6ver att kunna introducera detta svenska koncept i Finland.<\/em><br \/><a href=\"https:\/\/novialia.novia.fi\/bloggar\/fui-bloggen\/ett-steg-mot-mer-valmaende-arbetsplatser-vi-lanserar-den-svenska-sprakombudsmodellen-i-finland\" title=\"\">L\u00e4s mer...<\/a><\/p>\n\n\n\n<div style=\"height:30px\" aria-hidden=\"true\" class=\"wp-block-spacer\"><\/div>\n\n\n\n<p><strong>Kenen syy, kysyy syyllisten kuoro ty\u00f6tt\u00f6myydest\u00e4 | Ledare, Helsingin Sanomat, 31.1.2026 (p\u00e5 finska)<\/strong><br \/><em>Ty\u00f6tt\u00f6myys on pahinta moneen vuoteen. Surkeaa tilannetta on pohjustettu huolellisesti vuosia ja monen puolueen voimin.<\/em><br \/><a href=\"https:\/\/www.hs.fi\/paakirjoitukset\/art-2000011783203.html\" title=\"\">L\u00e4s mer...<\/a><\/p>\n<\/div><\/div>\n\n\n\n<div class=\"wp-block-getwid-tabs__nav-link\"><span class=\"wp-block-getwid-tabs__title-wrapper\"><a href=\"#\"><span class=\"wp-block-getwid-tabs__title\">Sidan 3<\/span><\/a><\/span><\/div><div class=\"wp-block-getwid-tabs__tab-content-wrapper\"><div class=\"wp-block-getwid-tabs__tab-content\">\n<p><strong>N\u00e4in voit ohittaa ty\u00f6nhakijat kovassa kilpailutilanteessa: kaksi ty\u00f6nhakijaa kertoo, miten p\u00e4\u00e4si kahvittelemalla t\u00f6ihin | YLE, 16.1.2026 (p\u00e5 finska)<\/strong><br \/><em>Iso osa avautuvista teht\u00e4vist\u00e4 on piiloty\u00f6paikkoja. Niihin kannattaa iske\u00e4 jo ennen julkista hakua.<\/em><br \/><a href=\"https:\/\/yle.fi\/a\/74-20203944\" title=\"\">L\u00e4s mer...<\/a><\/p>\n\n\n\n<div style=\"height:30px\" aria-hidden=\"true\" class=\"wp-block-spacer\"><\/div>\n\n\n\n<p><strong>Integration p\u00e5 svenska \u00e4r ingen parentes <em>L\u00e4raren<\/em>, 15.1.2026 (p\u00e5 svenska)<\/strong><br \/><em>N\u00e4r regeringen f\u00f6rsv\u00e5rar och begr\u00e4nsar invandring blir varje fr\u00e5ga om integration en fr\u00e5ga om effektivering. Billigare, snabbare, enklare. Hur kan det komma sig att ingen v\u00e5gar s\u00e4tta stopp f\u00f6r nedmonteringen av den svenskspr\u00e5kiga integrationsutbildningen i Finland? Reformen vi st\u00e5r inf\u00f6r kommer att begr\u00e4nsa och f\u00f6rs\u00e4mra m\u00f6jligheterna f\u00f6r invandrare att integreras p\u00e5 svenska i landet. Varf\u00f6r blev minoritetsaspekten helt pl\u00f6tsligt sekund\u00e4r i konsekvensanalyserna h\u00e4r?<\/em><br \/><a href=\"https:\/\/www.lararen.fi\/kolumn\/ord-for-ord\/integration-pa-svenska-ar-ingen-parentes\/\" title=\"\">L\u00e4s mer...<\/a><\/p>\n\n\n\n<div style=\"height:30px\" aria-hidden=\"true\" class=\"wp-block-spacer\"><\/div>\n\n\n\n<p><strong>Kansainv\u00e4liset osaajat on saatava pysym\u00e4\u00e4n Suomessa | Helsingin Sanomat, 12.1.2026 (p\u00e5 finska)<\/strong><br \/><em>Korkeasti koulutettujen maahanmuutto lis\u00e4\u00e4 Suomen tuottavuutta, innovointikyky\u00e4 ja taloudellista menestyst\u00e4.<\/em><br \/><a href=\"https:\/\/www.hs.fi\/mielipide\/art-2000011736503.html\" title=\"\">L\u00e4s mer...<\/a><\/p>\n\n\n\n<div style=\"height:30px\" aria-hidden=\"true\" class=\"wp-block-spacer\"><\/div>\n\n\n\n<p><strong>Ty\u00f6paikat eiv\u00e4t kadonneet koneille, sanoo karmeita lukuja katsova asiantuntija | Helsingin Sanomat, 8.1.2026 (p\u00e5 finska)<\/strong><br \/><em>Teko\u00e4lyn on uumoiltu sy\u00f6v\u00e4n ty\u00f6paikkoja. Sill\u00e4 tuskin on viel\u00e4 vaikutusta Suomen surkeisiin ty\u00f6tt\u00f6myyslukuihin, pohtii asiantuntija.<\/em><br \/><a href=\"https:\/\/www.hs.fi\/talous\/art-2000011736832.html\" title=\"\">L\u00e4s mer...<\/a><\/p>\n\n\n\n<div style=\"height:30px\" aria-hidden=\"true\" class=\"wp-block-spacer\"><\/div>\n\n\n\n<p><strong>Det andra officiella spr\u00e5ket: Hur invandrare hittar hem i Finland p\u00e5 svenska | Satakieli, 30.12.2025<\/strong><br \/><em>Det kan vara en v\u00e4g in i en st\u00f6djande gemenskap. Det kan vara det praktiska valet. Men det har ocks\u00e5 sina begr\u00e4nsningar. \u00c4ven om den svenskspr\u00e5kiga minoriteten i Finland \u00e4r liten, har spr\u00e5ket f\u00f6r en del invandrare varit en v\u00e4g till integration.<\/em><br \/><a href=\"https:\/\/satakieli.haaga-helia.fi\/article\/the-other-official-language-how-migrants-are-finding-home-in-finland-through-swedish\/\" title=\"\">L\u00e4s mer...<\/a><br \/><\/p>\n<\/div><\/div>\n\n\n\n<div class=\"wp-block-getwid-tabs__nav-link\"><span class=\"wp-block-getwid-tabs__title-wrapper\"><a href=\"#\"><span class=\"wp-block-getwid-tabs__title\">Sidan 4<\/span><\/a><\/span><\/div><div class=\"wp-block-getwid-tabs__tab-content-wrapper\"><div class=\"wp-block-getwid-tabs__tab-content\">\n<p><strong>Advokatens larm: Utl\u00e4nningslagen har blivit obegriplig | Hufvudstadsbladet, 19.12.2025 (p\u00e5 svenska)<\/strong><br \/><em>Regeringen stryper invandringen om och om igen. Nu har lagen blivit obegriplig till och med f\u00f6r jurister, s\u00e4ger advokaten Matti Rautakorpi. - Palestinah\u00e4rvan var en fars och ett bra exempel p\u00e5 att man inte kan utl\u00e4sa vad lagstiftarens avsikt varit.<\/em><br \/><a href=\"https:\/\/www.hbl.fi\/2025-12-19\/advokatens-larm-utlanningslagen-har-blivit-obegriplig\/\" title=\"\">L\u00e4s mer...<\/a><\/p>\n\n\n\n<div style=\"height:30px\" aria-hidden=\"true\" class=\"wp-block-spacer\"><\/div>\n\n\n\n<p><strong>Rasismen mot asiater visar hur primitivt Finland \u00e4r | Ledare i Hufvudstadsbladet, 16.12.2025 (p\u00e5 svenska)<\/strong><br \/><em>Skadan av de rasistiska bilderna \u00e4r v\u00e4rre \u00e4n regeringen v\u00e5gar erk\u00e4nna.<\/em><br \/><a href=\"https:\/\/www.hbl.fi\/2025-12-16\/rasismen-mot-asiater-visar-hur-primitivt-finland-ar\/\" title=\"\">L\u00e4s mer...<\/a><\/p>\n\n\n\n<div style=\"height:30px\" aria-hidden=\"true\" class=\"wp-block-spacer\"><\/div>\n\n\n\n<p><strong>Huijaus nimelt\u00e4 Suomi | YLE Arenan, 7.12.2025 (p\u00e5 finska)<\/strong><br \/><em>Suomalaisiin korkeakouluihin tulee maahanmuuttajia enemm\u00e4n kuin koskaan, mutta moni heist\u00e4 p\u00e4\u00e4tyy leip\u00e4jonoon. MOT paljastaa, miten kansainv\u00e4liset koulutusagentit houkuttelevat opiskelijoita virheellisin tiedoin. N\u00e4in Suomesta tulee kylm\u00e4 loukku.<\/em><br \/><a href=\"https:\/\/areena.yle.fi\/1-72470142\" title=\"\">L\u00e4s mer...<\/a><\/p>\n\n\n\n<div style=\"height:30px\" aria-hidden=\"true\" class=\"wp-block-spacer\"><\/div>\n\n\n\n<p><strong>Spr\u00e5kbarri\u00e4rer och kulturella skillnader som utmaning \u2013 Hur anpassar sig arbetsplatserna till internationaliseringen? | Kauppalehti, 30.11.2025 (p\u00e5 finska)<\/strong><br \/><em>Antalet internationella experter \u00f6kar i det finska arbetslivet.<\/em><br \/><a href=\"https:\/\/www.kauppalehti.fi\/uutiset\/a\/e34ecc81-0935-4a52-9473-c0fe07108473\" title=\"\">L\u00e4s mer...<\/a><\/p>\n\n\n\n<div style=\"height:30px\" aria-hidden=\"true\" class=\"wp-block-spacer\"><\/div>\n\n\n\n<p><strong>Mielipidekirjoitus \/ Wahlroos har fel | Kauppalehti, 25.11.2025 (p\u00e5 finska)<\/strong><br \/><em>De viktigaste orsakerna till att finska storf\u00f6retag inte har vuxit i samma takt som exempelvis andra nordiska l\u00e4nder finns inom f\u00f6retagen sj\u00e4lva, skriver Ted Apter.<\/em><br \/><a href=\"https:\/\/www.kauppalehti.fi\/uutiset\/a\/2ea73de9-8336-47bc-8b2c-06d3741de018\" title=\"\">L\u00e4s mer...<\/a><\/p>\n<\/div><\/div>\n\n\n\n<div class=\"wp-block-getwid-tabs__nav-link\"><span class=\"wp-block-getwid-tabs__title-wrapper\"><a href=\"#\"><span class=\"wp-block-getwid-tabs__title\">Sidan 5<\/span><\/a><\/span><\/div><div class=\"wp-block-getwid-tabs__tab-content-wrapper\"><div class=\"wp-block-getwid-tabs__tab-content\">\n<p><strong>Fayez Bassalat bygger framtiden med hj\u00e4lp av robotar | Helsingin Uutiset, 13.11.2025 (p\u00e5 enkel finska)<\/strong><br \/><em>Fayez Bassalat \u00e4r en palestinsk ingenj\u00f6r. Han bor i Finland och arbetar med robotar. Han vill bygga en trygg framtid f\u00f6r sig sj\u00e4lv och sin familj.<\/em><br \/><a href=\"https:\/\/www.helsinginuutiset.fi\/paikalliset\/8978847\" title=\"\">L\u00e4s mer...<\/a><\/p>\n\n\n\n<div style=\"height:30px\" aria-hidden=\"true\" class=\"wp-block-spacer\"><\/div>\n\n\n\n<p><strong>Kiristyv\u00e4 maahanmuutto\u00adpolitiikka karkottaa perheellisi\u00e4 osaajia Suomesta | Helsingin Sanomat, 13.11.2025 (p\u00e5 finska)<\/strong><br \/><em>De har konstaterat att man inte v\u00e5gar stanna kvar i Finland.<\/em><br \/><a href=\"https:\/\/www.hs.fi\/mielipide\/art-2000011619723.html\" title=\"\">L\u00e4s mer...<\/a><\/p>\n\n\n\n<div style=\"height:30px\" aria-hidden=\"true\" class=\"wp-block-spacer\"><\/div>\n\n\n\n<p><strong>Asiantuntijat: Maahanmuuttajat saadaan t\u00f6ihin r\u00e4\u00e4t\u00e4l\u00f6idyill\u00e4 palveluilla ja asennemuutoksella | Helsingin Sanomat, 27.10.2025 (p\u00e5 finska)<\/strong><br \/>\u00c5r 2015 \u00e4r syssels\u00e4ttningen bland vuxna asyls\u00f6kande som anl\u00e4nt till Finland exceptionellt l\u00e5g, men man har ocks\u00e5 hittat l\u00f6sningar p\u00e5 problemen.<br \/><a href=\"https:\/\/www.hs.fi\/talous\/art-2000011585869.html\" title=\"\">L\u00e4s mer...<\/a><\/p>\n\n\n\n<div style=\"height:30px\" aria-hidden=\"true\" class=\"wp-block-spacer\"><\/div>\n\n\n\n<p><strong>Saapumiser\u00e4 2015 | Helsingin Sanomat, 27.10.2025 (p\u00e5 finska)<\/strong><br \/><em>De som s\u00f6kt asyl som minder\u00e5riga har integrerats b\u00e4ttre i Finland \u00e4n vuxna invandrare, visar f\u00e4rska uppgifter fr\u00e5n VATT.<\/em><br \/><a href=\"https:\/\/www.hs.fi\/talous\/art-2000011548211.html\" title=\"\">L\u00e4s mer...<\/a><\/p>\n\n\n\n<div style=\"height:30px\" aria-hidden=\"true\" class=\"wp-block-spacer\"><\/div>\n\n\n\n<p><strong>Luottamuksen hinta? Kotoutumispalvelujen leikkausten seuraukset n\u00e4kyv\u00e4t arjessa | Eveliina Junikka och Liselott Sundb\u00e4ck \/ Politiikasta, 21.10.2025 (p\u00e5 finska)<\/strong><br \/><em>Regeringens budgetbeslut verkar \u00f6verf\u00f6ra ansvaret f\u00f6r invandrarnas integration helt och h\u00e5llet till individen, \u00e4ven om integrationen bygger p\u00e5 samarbete mellan m\u00e5nga akt\u00f6rer.<\/em><br \/><a href=\"https:\/\/politiikasta.fi\/luottamuksen-hinta-kotoutumispalvelujen-leikkausten-seuraukset-nakyvat-arjessa\/\" title=\"\">L\u00e4s mer...<\/a><\/p>\n<\/div><\/div>\n\n\n\n<div class=\"wp-block-getwid-tabs__nav-link\"><span class=\"wp-block-getwid-tabs__title-wrapper\"><a href=\"#\"><span class=\"wp-block-getwid-tabs__title\">Sidan 6<\/span><\/a><\/span><\/div><div class=\"wp-block-getwid-tabs__tab-content-wrapper\"><div class=\"wp-block-getwid-tabs__tab-content\">\n<p><strong>Kaikilta ei edes kysyt\u00e4 | Helsingin Sanomat, 16.10.2025 (p\u00e5 finska)<\/strong><br \/><em>Suomessa vieraskielisilt\u00e4 ei kysyt\u00e4. Heilt\u00e4 ei kysyt\u00e4 puoluekantaa, ei arvoja, ei br\u00e4ndimielikuvia. Siksi kuva Suomesta on jo v\u00e4\u00e4ristynyt, sanoo Jaakko Kaartinen.<\/em><br \/><a href=\"https:\/\/www.hs.fi\/feature\/art-2000011531329.html\" title=\"\">L\u00e4s mer...<\/a><\/p>\n\n\n\n<div style=\"height:30px\" aria-hidden=\"true\" class=\"wp-block-spacer\"><\/div>\n\n\n\n<p><strong>Suomen talous ja huoltovarmuus tukeutuvat ulkomaisiin osaajiin | Helsingin Sanomat, 13.10.2025 (p\u00e5 finska)<\/strong><br \/><em>Suomi tarvitsee yh\u00e4 enemm\u00e4n ulkomaisia osaajia, mutta heid\u00e4n uskonsa hyv\u00e4n ty\u00f6uran luomiseen Suomessa on heikentynyt.<\/em><br \/><a href=\"https:\/\/www.hs.fi\/paakirjoitukset\/art-2000011548496.html\" title=\"\">L\u00e4s mer...<\/a><\/p>\n\n\n\n<div style=\"height:30px\" aria-hidden=\"true\" class=\"wp-block-spacer\"><\/div>\n\n\n\n<p><strong>Pentik\u00e4inen my\u00f6nt\u00e4\u00e4: Kolmen kuukauden s\u00e4\u00e4nt\u00f6 saattoi lis\u00e4t\u00e4 ulkomaalaisten ty\u00f6ntekij\u00f6iden riistoa | Helsingin Sanomat, 6.10.2025 (p\u00e5 finska)<\/strong><br \/><em>Suomen Yritt\u00e4jien toimitusjohtaja pit\u00e4\u00e4 Suomessa paljastunutta ulkomaisen ty\u00f6voiman riistoa huolestuttavana.<\/em><br \/><a href=\"https:\/\/www.hs.fi\/politiikka\/art-2000011536154.html\" title=\"\">L\u00e4s mer...<\/a><\/p>\n\n\n\n<div style=\"height:30px\" aria-hidden=\"true\" class=\"wp-block-spacer\"><\/div>\n\n\n\n<p><strong>Aino Ojakoski-Mattila halusi selvyyden, miksei saanut ty\u00f6paikkaa - ty\u00f6nantaja julkaisi kiistan nimell\u00e4 nettiin | Helsingin Sanomat, 6.10.2025 (p\u00e5 finska)<\/strong><br \/><em>Aino Ojakoski-Mattila teki valituksen viulunsoiton opettajan viran t\u00e4ytt\u00e4misest\u00e4 ja arki sy\u00f6ksyi kaaokseen. Oikeuden paperit julkaissut koulutuskuntayhtym\u00e4 sanoo tehneens\u00e4 virheen.<\/em><br \/><a href=\"https:\/\/www.hs.fi\/alueet\/art-2000011520909.html\" title=\"\">L\u00e4s mer...<\/a><\/p>\n\n\n\n<div style=\"height:30px\" aria-hidden=\"true\" class=\"wp-block-spacer\"><\/div>\n\n\n\n<p><strong>Spr\u00e5ket \u00e4r en framtidsfr\u00e5ga f\u00f6r Finland, s\u00e4ger Shadia Rask | Hufvudstadsbladet, 6.10.2025 (p\u00e5 svenska)<\/strong><br \/><em>Hankens nya arbetslivsprofessor Shadia Rask vill att h\u00f6gskolan ska vara ett f\u00f6red\u00f6me och att fler studenter ser sig sj\u00e4lva som framtidens ledare - oavsett bakgrund.<\/em><br \/><a href=\"https:\/\/www.hbl.fi\/2025-10-06\/spraket-ar-en-framtidsfraga-for-finland-sager-shadia-rask\/\" title=\"\">L\u00e4s mer...<\/a><\/p>\n<\/div><\/div>\n\n\n\n<div class=\"wp-block-getwid-tabs__nav-link\"><span class=\"wp-block-getwid-tabs__title-wrapper\"><a href=\"#\"><span class=\"wp-block-getwid-tabs__title\">Sidan 7<\/span><\/a><\/span><\/div><div class=\"wp-block-getwid-tabs__tab-content-wrapper\"><div class=\"wp-block-getwid-tabs__tab-content\">\n<p><strong>Leikkaus \u201dkotouttamisteollisuudesta\u201d on todenn\u00e4k\u00f6isesti pois aivan muualta, arvioi Kuntaliitto | Helsingin Sanomat, 27.9.2025 (p\u00e5 finska)<\/strong><br \/>Suuret kaupungit kasvavat maahanmuutolla ja siksi haluavat yll\u00e4pit\u00e4\u00e4 nykyiset kotoutumispalvelut. Ne saattavat joutua paikkaamaan valtion leikkauksia muista palveluista.<br \/><a href=\"https:\/\/www.hs.fi\/politiikka\/art-2000011513156.html\" title=\"\">L\u00e4s mer...<\/a><\/p>\n\n\n\n<div style=\"height:30px\" aria-hidden=\"true\" class=\"wp-block-spacer\"><\/div>\n\n\n\n<p><strong>Kotoutumispalveluja tulisi kehitt\u00e4\u00e4, ei karsia | Turun Sanomat, 23.9.2025 (p\u00e5 finska)<\/strong><br \/><em>Kotouttamispalvelut tulisi n\u00e4hd\u00e4 investointina eik\u00e4 kuluer\u00e4n\u00e4, sanoo mielipidekirjoittaja.<\/em><br \/><a href=\"https:\/\/www.ts.fi\/lukijoilta\/6773266\" title=\"\">L\u00e4s mer...<\/a><\/p>\n\n\n\n<div style=\"height:30px\" aria-hidden=\"true\" class=\"wp-block-spacer\"><\/div>\n\n\n\n<p><strong>Rekrytoija ihmettelee: Miksi ty\u00f6nhakijat eiv\u00e4t valmistaudu ty\u00f6haastatteluihin? | Helsingin Sanomat, 23.9.2025 (p\u00e5 finska)<\/strong><br \/><em>Rekrytoinnin asiantuntijat ovat todistaneet, miten ty\u00f6nhakijoiden m\u00e4\u00e4r\u00e4t ovat kasvaneet kymmenist\u00e4 satoihin. Erottautuminen on entist\u00e4 hankalampaa.<\/em><br \/><a href=\"https:\/\/www.hs.fi\/suomi\/art-2000011484389.html\" title=\"\">L\u00e4s mer...<\/a><\/p>\n\n\n\n<div style=\"height:30px\" aria-hidden=\"true\" class=\"wp-block-spacer\"><\/div>\n\n\n\n<p><strong>Yhdysvallat on tekem\u00e4ss\u00e4 pahan virheen maahanmuutossa | Helsingin Sanomat, 23.9.2025 (p\u00e5 finska)<\/strong><br \/><em>Kun osaavasta ty\u00f6voimasta Suomenkin kanssa kilpaileva maa tekee virheen, kilpailijat kiitt\u00e4v\u00e4t.<\/em><br \/><a href=\"https:\/\/www.hs.fi\/paakirjoitukset\/art-2000011509210.html\" title=\"\">L\u00e4s mer...<\/a><\/p>\n\n\n\n<div style=\"height:30px\" aria-hidden=\"true\" class=\"wp-block-spacer\"><\/div>\n\n\n\n<p><strong>J\u00e4\u00e4d\u00e4 vai l\u00e4hte\u00e4? | Ilta-Sanomat, 20.9.2025 (p\u00e5 finska)<\/strong><br \/><em>Rakkaus tuo Suomeen joka vuosi tuhansia ihmisi\u00e4, mutta ty\u00f6llistyminen ei juuri nyt ole helppoa. Millaista on p\u00e4rj\u00e4ill\u00e4 uudessa maassa ep\u00e4varmana tulevaisuudesta?<\/em><br \/><a href=\"https:\/\/www.is.fi\/menaiset\/ilmiot\/art-2000011457550.html\" title=\"\">L\u00e4s mer...<\/a><\/p>\n<\/div><\/div>\n\n\n\n<div class=\"wp-block-getwid-tabs__nav-link\"><span class=\"wp-block-getwid-tabs__title-wrapper\"><a href=\"#\"><span class=\"wp-block-getwid-tabs__title\">Sidan 8<\/span><\/a><\/span><\/div><div class=\"wp-block-getwid-tabs__tab-content-wrapper\"><div class=\"wp-block-getwid-tabs__tab-content\">\n<p><strong>Suomessa jo olevien ty\u00f6llistymist\u00e4 pit\u00e4\u00e4 edist\u00e4\u00e4 | Helsingin Sanomat, 18.9.2025 (p\u00e5 finska)<\/strong><br \/><em>Tutkimusten mukaan kotouttamiseen osallistuminen parantaa maahanmuuttajien ja my\u00f6s heid\u00e4n lastensa p\u00e4rj\u00e4\u00e4mist\u00e4 ty\u00f6markkinoilla.<\/em><br \/><a href=\"https:\/\/www.hs.fi\/paakirjoitukset\/art-2000011502243.html\" title=\"\">L\u00e4s mer...<\/a><\/p>\n\n\n\n<div style=\"height:30px\" aria-hidden=\"true\" class=\"wp-block-spacer\"><\/div>\n\n\n\n<p><strong>Tulevaisuuden suomalaisuus on yh\u00e4 moninaisempi | MDI, 9.9.2025 (p\u00e5 finska)<\/strong><br \/><em>Suomen maahanmuuttopolitiikan historia on lyhyt. Ty\u00f6perusteista maahanmuuttoa on edistetty aktiivisesti vasta viimeisen kymmenen vuoden ajan. Suomalaisuus on muuttunut ja tulee yh\u00e4 muuttumaan moninaisemmaksi. Moninaisen suomalaisuuden ymm\u00e4rt\u00e4minen edellytt\u00e4\u00e4 rakentavaa yhteiskunnallista keskustelua.<\/em><br \/><a href=\"https:\/\/www.mdi.fi\/tulevaisuuden-suomalaisuus-on-yha-moninaisempi\/\" title=\"\">L\u00e4s mer...<\/a><\/p>\n\n\n\n<div style=\"height:30px\" aria-hidden=\"true\" class=\"wp-block-spacer\"><\/div>\n\n\n\n<p><strong>APN Podcast: F\u00f6rsv\u00e5rar Finland integrationen? | YLE, All Points North Podcast, 5.9.2025<\/strong><br \/><em>APN f\u00e5r h\u00f6ra hur regeringens planer p\u00e5 att sk\u00e4ra ner p\u00e5 integrationsst\u00f6det hotar att f\u00f6rv\u00e4rra den redan sv\u00e5ra arbetsl\u00f6shetssituationen i Finland och leda till att \u00e4nnu fler nyanl\u00e4nda faller mellan stolarna i systemet.<\/em><br \/><a href=\"https:\/\/yle.fi\/a\/74-20181351\" title=\"\">L\u00e4s mer...<\/a><\/p>\n\n\n\n<div style=\"height:30px\" aria-hidden=\"true\" class=\"wp-block-spacer\"><\/div>\n\n\n\n<p><strong>Vaikka Suomea riivaa korkea ty\u00f6tt\u00f6myys, ulkomaisten osaajien houkuttelu on v\u00e4ltt\u00e4m\u00e4t\u00f6nt\u00e4 | Helsingin Sanomat debattartikel, 3.8.2025 (p\u00e5 finska)<\/strong><br \/><em>Yhden huippututkijan houkuttelu Suomeen voi parhaimmillaan tuoda mukanaan alansa kokonaisen tutkimusyhteis\u00f6n ja uusia yrityksi\u00e4.<\/em><br \/><a href=\"https:\/\/www.hs.fi\/mielipide\/art-2000011402140.html\" title=\"\">L\u00e4s mer...<\/a><\/p>\n\n\n\n<div style=\"height:30px\" aria-hidden=\"true\" class=\"wp-block-spacer\"><\/div>\n\n\n\n<p><strong>Koulussa maahanmuuttajaperheiden tyt\u00f6ille suositeltiin l\u00e4hihoitajan uraa, mutta Idil on nyt tohtori Hussein | Helsingin Sanomat, 23.7.2025 (p\u00e5 finska)<\/strong><br \/><em>Idil Hussein, 33, v\u00e4itteli tohtoriksi Helsingin yliopiston l\u00e4\u00e4ketieteellisest\u00e4 tiedekunnasta hein\u00e4kuussa. Samalla h\u00e4nest\u00e4 tuli Suomen ensimm\u00e4inen suomalaisessa yliopistossa v\u00e4itellyt somalitaustainen naistohtori.<\/em><br \/><a href=\"https:\/\/www.hs.fi\/helsinki\/art-2000011365880.html\" title=\"\">L\u00e4s mer...<\/a><\/p>\n<\/div><\/div>\n\n\n\n<div class=\"wp-block-getwid-tabs__nav-link\"><span class=\"wp-block-getwid-tabs__title-wrapper\"><a href=\"#\"><span class=\"wp-block-getwid-tabs__title\">Sidan 9<\/span><\/a><\/span><\/div><div class=\"wp-block-getwid-tabs__tab-content-wrapper\"><div class=\"wp-block-getwid-tabs__tab-content\">\n<p><strong>Kansainv\u00e4liset opiskelijat eiv\u00e4t l\u00f6yd\u00e4 t\u00f6it\u00e4 | Helsingin Sanomats debattartikel, 25.6.2025 (p\u00e5 finska)<\/strong><br \/><em>Kansainv\u00e4linen opiskelija tarvitsee tukea ty\u00f6llistymisess\u00e4.<\/em><br \/><a href=\"https:\/\/www.hs.fi\/mielipide\/art-2000011312529.html\" title=\"\">L\u00e4s mer...<\/a><\/p>\n\n\n\n<div style=\"height:30px\" aria-hidden=\"true\" class=\"wp-block-spacer\"><\/div>\n\n\n\n<p><strong>Kotoutumiskoulutuksen kehitt\u00e4misen ja lainvalmistelun tueksi tarvitaan tilastotietoa | Arbets- och n\u00e4ringsministeriet, 28.5.2025 (p\u00e5 finska)<\/strong><br \/><em>P\u00e4\u00e4ministeri Petteri Orpon hallituksen hallitusohjelman mukaisesti kotoutumispolitiikka perustuu kielen oppimiseen, ty\u00f6ntekoon sek\u00e4 suomalaiseen yhteiskuntaan perehtymiseen ja sen s\u00e4\u00e4nt\u00f6jen noudattamiseen. Hallitusohjelmassa on useita maahanmuuttajien kielitaitoon ja kielitaidon osoittamiseen liittyvi\u00e4 kirjauksia. Merkitt\u00e4vimm\u00e4t n\u00e4ist\u00e4 ovat kielitaitovaatimukset nykyisentasoisen ty\u00f6markkinatuen ja pysyv\u00e4n oleskeluluvan saamisessa. Tilastot kotoutumiskoulutuksessa saavutetuista kielitaitotasoista ovat hy\u00f6dyllist\u00e4 taustatietoa hallitusohjelmakirjausten valmisteluun ja kotoutumiskoulutuksen kehitt\u00e4miseen.<\/em><br \/><a href=\"https:\/\/tem.fi\/-\/kotoutumiskoulutuksen-kehittamisen-ja-lainvalmistelun-tueksi-tarvitaan-tilastotietoa\" title=\"\">L\u00e4s mer...<\/a><\/p>\n\n\n\n<div style=\"height:30px\" aria-hidden=\"true\" class=\"wp-block-spacer\"><\/div>\n\n\n\n<p><strong>Suomeen ja suoraan kortistoon | Helsingin Sanomat, 21.4.2025 (p\u00e5 finska)<\/strong><br \/><em>Suomessa ei arvosteta ulkomailla hankittua koulutusta ja ty\u00f6kokemusta, sanoo kolme entist\u00e4 ulkosuomalaista. Sen vuoksi he saattavat taas l\u00e4hte\u00e4.<\/em><br \/><a href=\"https:\/\/www.hs.fi\/talous\/art-2000011110064.html\" title=\"\">L\u00e4s mer...<\/a><\/p>\n\n\n\n<div style=\"height:30px\" aria-hidden=\"true\" class=\"wp-block-spacer\"><\/div>\n\n\n\n<p><strong>Olen maahanmuuttaja ja ymm\u00e4rr\u00e4n, miksi toiset maahanmuuttajat tekev\u00e4t t\u00f6it\u00e4 pime\u00e4sti | Helsingin Sanomat debattartikel, 19.4.2025 (p\u00e5 finska)<\/strong><br \/><em>Minulla on juristin tutkinto ja 17 vuoden kokemus mediasta ja kansalaisj\u00e4rjest\u00f6ist\u00e4, ja kierr\u00e4n silti lounaskeitti\u00f6st\u00e4 toiseen. Se on pakolaisen osa Suomessa, kirjoittaa kurdi Aral Kakl.<\/em><br \/><a href=\"https:\/\/www.hs.fi\/feature\/art-2000011157191.html\" title=\"\">L\u00e4s mer...<\/a><\/p>\n\n\n\n<div style=\"height:30px\" aria-hidden=\"true\" class=\"wp-block-spacer\"><\/div>\n\n\n\n<p><strong>Sumeyra Bicers v\u00e4g till akademisk tillv\u00e4xt och en fortsatt l\u00e4rarkarri\u00e4r i Finland | University of Jyv\u00e4skyl\u00e4, 18.2.2025<\/strong><br \/><em>Sumeyra Bicer kommer ursprungligen fr\u00e5n Turkiet, d\u00e4r hon tog en kandidatexamen i engelska spr\u00e5ket och litteraturen. Hon arbetade i tio \u00e5r som engelskl\u00e4rare fram till 2019 d\u00e5 livet f\u00f6rde henne till Finland. Hon ville forts\u00e4tta att arbeta inom sitt yrke \u00e4ven h\u00e4r, men fick veta att hon enligt lag m\u00e5ste ha en magisterexamen f\u00f6r att kunna arbeta som l\u00e4rare i Finland.<\/em><br \/><a href=\"https:\/\/www.jyu.fi\/en\/story\/jyuintegra-sumeyra-bicers-path-to-academic-growth-and-a-continued-teaching-career-in-finland\" title=\"\">L\u00e4s mer...<\/a><\/p>\n<\/div><\/div>\n\n\n\n<div class=\"wp-block-getwid-tabs__nav-link\"><span class=\"wp-block-getwid-tabs__title-wrapper\"><a href=\"#\"><span class=\"wp-block-getwid-tabs__title\">Sidan 10<\/span><\/a><\/span><\/div><div class=\"wp-block-getwid-tabs__tab-content-wrapper\"><div class=\"wp-block-getwid-tabs__tab-content\">\n<p><strong>Det beh\u00f6vs mer arbete mot rasism | Folkh\u00e4lsan, 17.12.2024 (p\u00e5 svenska)<\/strong><br \/><em>Valet av Daniela Owusu till Finlands Lucia 2024 har lett till en storm av respons. Folkh\u00e4lsan, och Finlands Lucia sj\u00e4lv, har tagit emot tusentals meddelanden. Den absoluta majoriteten st\u00f6der Daniela Owusu och valet av henne till Finlands Lucia 2024, men rasistiska p\u00e5hopp f\u00f6rekommer ocks\u00e5 i bekl\u00e4mmande h\u00f6g grad.<\/em><br \/><a href=\"https:\/\/www.folkhalsan.fi\/nyheter\/2024\/december\/lucia-mot-rasism\/\" title=\"\">L\u00e4s mer...<\/a><\/p>\n\n\n\n<div style=\"height:30px\" aria-hidden=\"true\" class=\"wp-block-spacer\"><\/div>\n\n\n\n<p><strong>Rasismista on tullut Suomessa julma huvi | Helsingin Sanomat, 16.12.2024 (p\u00e5 finska)<\/strong><br \/><em>Synk\u00e4n rasismikeskustelun vuoden huipensivat Lucia-neidon saamat vihaviestit.<\/em><br \/><a href=\"https:\/\/www.hs.fi\/paakirjoitukset\/art-2000010905051.html\" title=\"\">L\u00e4s mer...<\/a><\/p>\n\n\n\n<div style=\"height:30px\" aria-hidden=\"true\" class=\"wp-block-spacer\"><\/div>\n\n\n\n<p><strong>\u201dPelk\u00e4sin, ett\u00e4 lastensuojelu hakee lapset\u201d - Kolme maahanmuuttaja\u00e4iti\u00e4 kertoo, millaista on kasvattaa lapsia Suomessa | Helsingin Sanomat, 15.12.2024 (p\u00e5 finska)<\/strong><br \/><em>Suomessa kasvaa koko ajan enemm\u00e4n maahanmuuttajien lapsia. Kaikki haluavat, ett\u00e4 he tuntisivat kuuluvansa t\u00e4nne. Kaikkein eniten sen eteen tekev\u00e4t \u00e4idit.<\/em><br \/><a href=\"https:\/\/www.hs.fi\/feature\/art-2000010824897.html\" title=\"\">L\u00e4s mer...<\/a><\/p>\n\n\n\n<div style=\"height:30px\" aria-hidden=\"true\" class=\"wp-block-spacer\"><\/div>\n\n\n\n<p><strong>Kielisyrjint\u00e4 karkottaa ulkomaalaisia osaajia Suomesta<\/strong> | <strong>Helsingin Sanomat, 8.12.2024<\/strong> <strong>(p\u00e5 finska)<\/strong><br \/><em>Ess\u00e4 om den isolering som m\u00e5nga invandrare k\u00e4nner eftersom det omgivande samh\u00e4llet f\u00f6ruts\u00e4tter att de kan tala finska<\/em><br \/><a href=\"https:\/\/www.hs.fi\/mielipide\/art-2000010869440.html\" title=\"\">L\u00e4s mer...<\/a><\/p>\n\n\n\n<div style=\"height:30px\" aria-hidden=\"true\" class=\"wp-block-spacer\"><\/div>\n\n\n\n<p><strong>P\u00e4iv\u00e4kotien suomen kielen opetus vaihtelee suuresti - joissain p\u00e4iv\u00e4kodeissa edes henkil\u00f6kunta ei puhu suomea | Helsingin Sanomat, 4.12.2024 (p\u00e5 finska)<\/strong><br \/><em>Herkkyys kielenoppimiseen on suurimmillaan p\u00e4iv\u00e4koti-ik\u00e4isen\u00e4, mutta: \u201dVarhaiskasvatus on t\u00e4ll\u00e4 hetkell\u00e4 tosi polarisoitunutta\u201d.<\/em><br \/><a href=\"https:\/\/www.hs.fi\/suomi\/art-2000010735716.html\" title=\"\">L\u00e4s mer...<\/a><\/p>\n<\/div><\/div>\n\n\n\n<div class=\"wp-block-getwid-tabs__nav-link\"><span class=\"wp-block-getwid-tabs__title-wrapper\"><a href=\"#\"><span class=\"wp-block-getwid-tabs__title\">Sidan 11<\/span><\/a><\/span><\/div><div class=\"wp-block-getwid-tabs__tab-content-wrapper\"><div class=\"wp-block-getwid-tabs__tab-content\">\n<p><strong>Suomi on aina my\u00f6h\u00e4ss\u00e4 - my\u00f6s kilvassa, jota k\u00e4yd\u00e4\u00e4n ty\u00f6per\u00e4isest\u00e4 maahanmuutosta | Helsingin Sanomat, 28.11.2024 (p\u00e5 finska)<\/strong><br \/><em>Suomen houkuttelevuus riitt\u00e4isi tuomaan ty\u00f6voimaa maahan, mutta tarvituista tulijoista ei haluta pit\u00e4\u00e4 kiinni.<\/em><br \/><a href=\"https:\/\/www.hs.fi\/paakirjoitukset\/art-2000010862240.html\" title=\"\">L\u00e4s mer...<\/a><\/p>\n\n\n\n<div style=\"height:30px\" aria-hidden=\"true\" class=\"wp-block-spacer\"><\/div>\n\n\n\n<p><strong>Suomen suurin hoitajia tuonut yritys keskeytti ulkomailta v\u00e4rv\u00e4\u00e4misen - taustalla hyvinvointialueiden ahdinko | Suomen Kuvalehti, 27.11.2024 (p\u00e5 finska)<\/strong><br \/><em>Hoitajia ulkomailta rekrytoiva Silkkitie ei ole yli puoleen vuoteen ottanut uusia Suomeen haluavia hakijoita valmennusohjelmaansa. Syyn\u00e4 on ty\u00f6voiman tarpeen v\u00e4hentyminen.<\/em><br \/><a href=\"https:\/\/suomenkuvalehti.fi\/kotimaa\/suomen-suurin-hoitajia-tuonut-yritys-keskeytti-ulkomailta-varvaamisen-taustalla-hyvinvointialueiden-ahdinko\/\" title=\"\">L\u00e4s mer...<\/a><\/p>\n\n\n\n<div style=\"height:30px\" aria-hidden=\"true\" class=\"wp-block-spacer\"><\/div>\n\n\n\n<p><strong>Riikka Purra sotkee pakolaiset ja ty\u00f6per\u00e4isen maahanmuuton jatkuvasti ja tahallaan | Helsingin Sanomat, 19.11.2024 (p\u00e5 finska)<\/strong><br \/><em>Onkohan hallituksen toimilla mit\u00e4\u00e4n osuutta Suomen v\u00e4henev\u00e4\u00e4n vetovoimaan?<\/em><br \/><a href=\"https:\/\/www.hs.fi\/mielipide\/art-2000010840435.html\" title=\"\">L\u00e4s mer...<\/a><\/p>\n\n\n\n<div style=\"height:30px\" aria-hidden=\"true\" class=\"wp-block-spacer\"><\/div>\n\n\n\n<p><strong>Iranilainen startup-miljon\u00e4\u00e4ri on vasta alkua - Verolistalle voi nousta monta muuta perustajaa Intiasta tai Euroopasta | Helsingin Sanomat, 7.11.2024 (p\u00e5 finska)<\/strong><br \/><em>Maahanmuuttajataustaiset perustajat teknologiayrityksiss\u00e4 ovat Piilaaksossa valtavirtaa. Verolistalle noussut iranilainen Saber Kordestanchi on Suomessa siit\u00e4 rohkaiseva esimerkki. H\u00e4nt\u00e4 kannattaa kuunnella, jos haluamme lis\u00e4\u00e4 menestyst\u00e4, kirjoittaa HS Vision toimittaja Elina Lappalainen.<\/em><br \/><a href=\"https:\/\/www.hs.fi\/visio\/art-2000010814176.html\" title=\"\">L\u00e4s mer...<\/a><\/p>\n\n\n\n<div style=\"height:30px\" aria-hidden=\"true\" class=\"wp-block-spacer\"><\/div>\n\n\n\n<p><strong>Jag flyttade till Finland i tron att det var en progressiv dr\u00f6m. S\u00e5 har det inte blivit | The Guardian, 4.11.2024<\/strong><br \/><em>L\u00e5nga v\u00e4ntetider p\u00e5 sjukhus, skyh\u00f6ga matr\u00e4kningar och \u00f6kande heml\u00f6shet. V\u00e4lkommen till livet under den mest h\u00f6gervridna finska regeringen p\u00e5 flera generationer, s\u00e4ger f\u00f6rfattaren Mike Watson.<\/em><br \/><a href=\"https:\/\/www.theguardian.com\/commentisfree\/2024\/nov\/04\/finland-progressive-rightwing-government\" title=\"\">L\u00e4s mer...<\/a><\/p>\n\n\n\n<div style=\"height:30px\" aria-hidden=\"true\" class=\"wp-block-spacer\"><\/div>\n<\/div><\/div>\n\n\n\n<div class=\"wp-block-getwid-tabs__nav-link\"><span class=\"wp-block-getwid-tabs__title-wrapper\"><a href=\"#\"><span class=\"wp-block-getwid-tabs__title\">Sidan 12<\/span><\/a><\/span><\/div><div class=\"wp-block-getwid-tabs__tab-content-wrapper\"><div class=\"wp-block-getwid-tabs__tab-content\">\n<p><strong>Spr\u00e5kinstitut larmar: H\u00e5rdare ton mot de som inte kan finska | Hufvudstadsbladet, 8.10.2024 (p\u00e5 svenska)<\/strong><br \/><em>Ordf\u00f6rande f\u00f6r Finska spr\u00e5kn\u00e4mnden professor Tiina Onikki-Rantaj\u00e4\u00e4sk\u00f6 ber\u00e4ttar om en utredning enl. vilken attityderna i samh\u00e4llet mot dem som inte talar finska har h\u00e5rdnat, samtidigt som regeringen planerar sk\u00e4ra ner 60 miljoner fr\u00e5n integrationsarbete.<\/em><br \/><a href=\"https:\/\/www.hbl.fi\/2024-10-08\/sprakinstitut-larmar-hardare-ton-mot-de-som-inte-kan-finska\/\" title=\"\">L\u00e4s mer...<\/a><\/p>\n\n\n\n<div style=\"height:30px\" aria-hidden=\"true\" class=\"wp-block-spacer\"><\/div>\n\n\n\n<p><strong>\u201dSaan Suomessa p\u00e4ivitt\u00e4in kolme tuntia enemm\u00e4n aikaa itselleni\u201d - Yksinkertainen suomalainen el\u00e4m\u00e4 on houkutellut p\u00e4\u00e4kaupunkiseudulle tuhansia intialaisia | Helsingin Sanomat, 5.10.2024 (p\u00e5 finska)<\/strong><br \/><em>P\u00e4\u00e4kaupunkiseudulle on muuttanut muutamassa vuodessa tuhansia intialaisia. Pikku-Intiassa pelataan kriketti\u00e4, tienataan enemm\u00e4n kuin Espoossa keskim\u00e4\u00e4rin ja mietit\u00e4\u00e4n, kannattaako Suomeen j\u00e4\u00e4d\u00e4.<\/em><br \/><a href=\"https:\/\/www.hs.fi\/kuukausiliite\/art-2000010630988.html\" title=\"\">L\u00e4s mer...<\/a><\/p>\n\n\n\n<div style=\"height:30px\" aria-hidden=\"true\" class=\"wp-block-spacer\"><\/div>\n\n\n\n<p><strong>Tutkija Purran kotoutumispuheista: \u201dHalutaan tehd\u00e4 Suomesta maa, johon ei haluta\u201d | Helsingin Sanomat, 17.9.2024 (p\u00e5 finska)<\/strong><br \/><em>Hallitus leikkaa liki 60 miljoonaa euroa kotoutumistoiminnasta, jonka edess\u00e4 on vuodenvaihteessa suuri muutos. Asiantuntija varoittaa, ett\u00e4 muutokset voivat johtaa palveluiden entist\u00e4 suurempaan hajautumiseen.<\/em><br \/><a href=\"https:\/\/www.hs.fi\/politiikka\/art-2000010695280.html\" title=\"\">L\u00e4s mer...<\/a><\/p>\n\n\n\n<div style=\"height:30px\" aria-hidden=\"true\" class=\"wp-block-spacer\"><\/div>\n\n\n\n<p><strong>Integration p\u00e5 svenska ska vara m\u00f6jligt i hela Finland | Hufvudstadsbladet, 17.9.2024<\/strong><br \/><em>Ins\u00e4ndare av en grupp integrationsutbildare: \u201cUnder den p\u00e5g\u00e5ende reformen inom syssels\u00e4ttningstj\u00e4nsterna \u00e4r det ocks\u00e5 en omv\u00e4lvning p\u00e5 g\u00e5ng inom integrationstj\u00e4nsterna. Som integrationsutbildare och l\u00e4rare i svenska f\u00f6r invandrare har v\u00e5r oro v\u00e4ckts n\u00e4r vi har f\u00f6ljt med hur den p\u00e5g\u00e5ende reformen utspelar sig. Enligt Finlands lag har nyfinl\u00e4ndare r\u00e4tt att v\u00e4lja vilket spr\u00e5k de vill integrera sig p\u00e5, finska eller svenska. Vi beh\u00f6ver fr\u00e5ga oss hur integration p\u00e5 svenska kan m\u00f6jligg\u00f6ras i st\u00e4der, ute i byarna och i hela Finland. Det \u00e4r p\u00e5 sin plats att undra hur icke-bilburna personer som v\u00e4ljer att integrera sig p\u00e5 svenska, kommer att kunna g\u00f6ra det.\u201d<\/em><br \/><a href=\"https:\/\/www.hbl.fi\/2024-09-17\/integration-pa-svenska-ska-vara-mojligt-i-hela-finland\/\" title=\"\">L\u00e4s mer...<\/a><\/p>\n<\/div><\/div>\n<\/div>\n\n\n\n<div class=\"wp-block-group is-layout-grid wp-container-core-group-is-layout-478b6e6b wp-block-group-is-layout-grid\">\n<div class=\"wp-block-cover\"><img loading=\"lazy\" decoding=\"async\" width=\"1500\" height=\"990\" sizes=\"auto, (max-width: 799px) 200vw, (max-width: 2560px) 100vw, 2560px\" class=\"wp-block-cover__image-background wp-image-23770 size-large\" alt=\"\" src=\"https:\/\/integration.luckan.fi\/wp-content\/uploads\/2025\/08\/zoshua-colah-3L3wWzhAOdY-unsplash-1-1500x990.jpg\" data-object-fit=\"cover\" srcset=\"https:\/\/integration.luckan.fi\/wp-content\/uploads\/2025\/08\/zoshua-colah-3L3wWzhAOdY-unsplash-1-1500x990.jpg 1500w, https:\/\/integration.luckan.fi\/wp-content\/uploads\/2025\/08\/zoshua-colah-3L3wWzhAOdY-unsplash-1-1200x792.jpg 1200w, https:\/\/integration.luckan.fi\/wp-content\/uploads\/2025\/08\/zoshua-colah-3L3wWzhAOdY-unsplash-1-455x300.jpg 455w, https:\/\/integration.luckan.fi\/wp-content\/uploads\/2025\/08\/zoshua-colah-3L3wWzhAOdY-unsplash-1-768x507.jpg 768w, https:\/\/integration.luckan.fi\/wp-content\/uploads\/2025\/08\/zoshua-colah-3L3wWzhAOdY-unsplash-1-1536x1013.jpg 1536w, https:\/\/integration.luckan.fi\/wp-content\/uploads\/2025\/08\/zoshua-colah-3L3wWzhAOdY-unsplash-1-2048x1351.jpg 2048w, https:\/\/integration.luckan.fi\/wp-content\/uploads\/2025\/08\/zoshua-colah-3L3wWzhAOdY-unsplash-1-18x12.jpg 18w, https:\/\/integration.luckan.fi\/wp-content\/uploads\/2025\/08\/zoshua-colah-3L3wWzhAOdY-unsplash-1-200x132.jpg 200w, https:\/\/integration.luckan.fi\/wp-content\/uploads\/2025\/08\/zoshua-colah-3L3wWzhAOdY-unsplash-1-150x99.jpg 150w, https:\/\/integration.luckan.fi\/wp-content\/uploads\/2025\/08\/zoshua-colah-3L3wWzhAOdY-unsplash-1-1568x1034.jpg 1568w\" \/><span aria-hidden=\"true\" class=\"wp-block-cover__background has-background-dim\" style=\"background-color:#816952\"><\/span><div class=\"wp-block-cover__inner-container is-layout-flow wp-block-cover-is-layout-flow\">\n<p class=\"has-large-font-size\"><a href=\"https:\/\/integration.luckan.fi\/jobbuddies-materials\/\" title=\"\">Forskning &amp; artiklar<\/a><\/p>\n<\/div><\/div>\n\n\n\n<div class=\"wp-block-cover is-light\"><img loading=\"lazy\" decoding=\"async\" width=\"1500\" height=\"1000\" sizes=\"auto, (max-width: 799px) 200vw, (max-width: 2560px) 100vw, 2560px\" class=\"wp-block-cover__image-background wp-image-23705 size-large\" alt=\"\" src=\"https:\/\/integration.luckan.fi\/wp-content\/uploads\/2025\/08\/absolutvision-WYd_PkCa1BY-unsplash-1500x1000.jpg\" data-object-fit=\"cover\" srcset=\"https:\/\/integration.luckan.fi\/wp-content\/uploads\/2025\/08\/absolutvision-WYd_PkCa1BY-unsplash-1500x1000.jpg 1500w, https:\/\/integration.luckan.fi\/wp-content\/uploads\/2025\/08\/absolutvision-WYd_PkCa1BY-unsplash-1200x800.jpg 1200w, https:\/\/integration.luckan.fi\/wp-content\/uploads\/2025\/08\/absolutvision-WYd_PkCa1BY-unsplash-450x300.jpg 450w, https:\/\/integration.luckan.fi\/wp-content\/uploads\/2025\/08\/absolutvision-WYd_PkCa1BY-unsplash-768x512.jpg 768w, https:\/\/integration.luckan.fi\/wp-content\/uploads\/2025\/08\/absolutvision-WYd_PkCa1BY-unsplash-1536x1024.jpg 1536w, https:\/\/integration.luckan.fi\/wp-content\/uploads\/2025\/08\/absolutvision-WYd_PkCa1BY-unsplash-2048x1366.jpg 2048w, https:\/\/integration.luckan.fi\/wp-content\/uploads\/2025\/08\/absolutvision-WYd_PkCa1BY-unsplash-18x12.jpg 18w, https:\/\/integration.luckan.fi\/wp-content\/uploads\/2025\/08\/absolutvision-WYd_PkCa1BY-unsplash-200x133.jpg 200w, https:\/\/integration.luckan.fi\/wp-content\/uploads\/2025\/08\/absolutvision-WYd_PkCa1BY-unsplash-150x100.jpg 150w, https:\/\/integration.luckan.fi\/wp-content\/uploads\/2025\/08\/absolutvision-WYd_PkCa1BY-unsplash-1568x1045.jpg 1568w\" \/><span aria-hidden=\"true\" class=\"wp-block-cover__background has-background-dim\" style=\"background-color:#b3c0cc\"><\/span><div class=\"wp-block-cover__inner-container is-layout-constrained wp-block-cover-is-layout-constrained\">\n<p class=\"has-text-align-center has-large-font-size\"><a href=\"https:\/\/integration.luckan.fi\/jobbuddies-news-media\/\" title=\"\">Nyhetsmedier<\/a><\/p>\n<\/div><\/div>\n\n\n\n<p><\/p>\n<\/div>\n\n\n\n<div class=\"wp-block-group alignfull\"><div class=\"wp-block-group__inner-container is-layout-constrained wp-block-group-is-layout-constrained\">\n<figure class=\"wp-block-gallery alignwide has-nested-images columns-5 tw-gutter-medium tw-valign-center wp-block-gallery-4 is-layout-flex wp-block-gallery-is-layout-flex\">\n<figure class=\"wp-block-image size-large tw-width-100\"><img loading=\"lazy\" decoding=\"async\" width=\"1500\" height=\"333\" data-id=\"23160\" src=\"https:\/\/integration.luckan.fi\/wp-content\/uploads\/2024\/09\/SV_Co-fundedbytheEU_RGB_POS-1500x333.png\" alt=\"\" class=\"wp-image-23160\" srcset=\"https:\/\/integration.luckan.fi\/wp-content\/uploads\/2024\/09\/SV_Co-fundedbytheEU_RGB_POS-1500x333.png 1500w, https:\/\/integration.luckan.fi\/wp-content\/uploads\/2024\/09\/SV_Co-fundedbytheEU_RGB_POS-1200x266.png 1200w, https:\/\/integration.luckan.fi\/wp-content\/uploads\/2024\/09\/SV_Co-fundedbytheEU_RGB_POS-500x111.png 500w, https:\/\/integration.luckan.fi\/wp-content\/uploads\/2024\/09\/SV_Co-fundedbytheEU_RGB_POS-768x170.png 768w, https:\/\/integration.luckan.fi\/wp-content\/uploads\/2024\/09\/SV_Co-fundedbytheEU_RGB_POS-1536x341.png 1536w, https:\/\/integration.luckan.fi\/wp-content\/uploads\/2024\/09\/SV_Co-fundedbytheEU_RGB_POS-2048x455.png 2048w, https:\/\/integration.luckan.fi\/wp-content\/uploads\/2024\/09\/SV_Co-fundedbytheEU_RGB_POS-18x4.png 18w, https:\/\/integration.luckan.fi\/wp-content\/uploads\/2024\/09\/SV_Co-fundedbytheEU_RGB_POS-200x44.png 200w, https:\/\/integration.luckan.fi\/wp-content\/uploads\/2024\/09\/SV_Co-fundedbytheEU_RGB_POS-150x33.png 150w, https:\/\/integration.luckan.fi\/wp-content\/uploads\/2024\/09\/SV_Co-fundedbytheEU_RGB_POS-1568x348.png 1568w\" sizes=\"auto, (max-width: 1500px) 100vw, 1500px\" \/><\/figure>\n\n\n\n<figure class=\"wp-block-image size-large\"><img loading=\"lazy\" decoding=\"async\" width=\"1500\" height=\"450\" data-id=\"23158\" src=\"https:\/\/integration.luckan.fi\/wp-content\/uploads\/2024\/09\/STM_Logo_Rahoitus_SV-1500x450.png\" alt=\"\" class=\"wp-image-23158\" srcset=\"https:\/\/integration.luckan.fi\/wp-content\/uploads\/2024\/09\/STM_Logo_Rahoitus_SV-1500x450.png 1500w, https:\/\/integration.luckan.fi\/wp-content\/uploads\/2024\/09\/STM_Logo_Rahoitus_SV-1200x360.png 1200w, https:\/\/integration.luckan.fi\/wp-content\/uploads\/2024\/09\/STM_Logo_Rahoitus_SV-500x150.png 500w, https:\/\/integration.luckan.fi\/wp-content\/uploads\/2024\/09\/STM_Logo_Rahoitus_SV-768x230.png 768w, https:\/\/integration.luckan.fi\/wp-content\/uploads\/2024\/09\/STM_Logo_Rahoitus_SV-1536x461.png 1536w, https:\/\/integration.luckan.fi\/wp-content\/uploads\/2024\/09\/STM_Logo_Rahoitus_SV-2048x614.png 2048w, https:\/\/integration.luckan.fi\/wp-content\/uploads\/2024\/09\/STM_Logo_Rahoitus_SV-18x5.png 18w, https:\/\/integration.luckan.fi\/wp-content\/uploads\/2024\/09\/STM_Logo_Rahoitus_SV-200x60.png 200w, https:\/\/integration.luckan.fi\/wp-content\/uploads\/2024\/09\/STM_Logo_Rahoitus_SV-150x45.png 150w, https:\/\/integration.luckan.fi\/wp-content\/uploads\/2024\/09\/STM_Logo_Rahoitus_SV-1568x470.png 1568w\" sizes=\"auto, (max-width: 1500px) 100vw, 1500px\" \/><\/figure>\n\n\n\n<figure class=\"wp-block-image size-thumbnail\"><img loading=\"lazy\" decoding=\"async\" width=\"500\" height=\"121\" data-id=\"22922\" src=\"https:\/\/integration.luckan.fi\/wp-content\/uploads\/2024\/09\/Svenska_kulturfonden_logo_horisontell_svart_RGB-500x121.png\" alt=\"\" class=\"wp-image-22922\" srcset=\"https:\/\/integration.luckan.fi\/wp-content\/uploads\/2024\/09\/Svenska_kulturfonden_logo_horisontell_svart_RGB-500x121.png 500w, https:\/\/integration.luckan.fi\/wp-content\/uploads\/2024\/09\/Svenska_kulturfonden_logo_horisontell_svart_RGB-768x185.png 768w, https:\/\/integration.luckan.fi\/wp-content\/uploads\/2024\/09\/Svenska_kulturfonden_logo_horisontell_svart_RGB-18x4.png 18w, https:\/\/integration.luckan.fi\/wp-content\/uploads\/2024\/09\/Svenska_kulturfonden_logo_horisontell_svart_RGB-200x48.png 200w, https:\/\/integration.luckan.fi\/wp-content\/uploads\/2024\/09\/Svenska_kulturfonden_logo_horisontell_svart_RGB-150x36.png 150w, https:\/\/integration.luckan.fi\/wp-content\/uploads\/2024\/09\/Svenska_kulturfonden_logo_horisontell_svart_RGB.png 998w\" sizes=\"auto, (max-width: 500px) 100vw, 500px\" \/><\/figure>\n\n\n\n<figure class=\"wp-block-image size-thumbnail\"><img loading=\"lazy\" decoding=\"async\" width=\"500\" height=\"144\" data-id=\"22920\" src=\"https:\/\/integration.luckan.fi\/wp-content\/uploads\/2024\/09\/E-Gsparbank_webb-klar-500x144.png\" alt=\"\" class=\"wp-image-22920\" srcset=\"https:\/\/integration.luckan.fi\/wp-content\/uploads\/2024\/09\/E-Gsparbank_webb-klar-500x144.png 500w, https:\/\/integration.luckan.fi\/wp-content\/uploads\/2024\/09\/E-Gsparbank_webb-klar-18x5.png 18w, https:\/\/integration.luckan.fi\/wp-content\/uploads\/2024\/09\/E-Gsparbank_webb-klar-200x58.png 200w, https:\/\/integration.luckan.fi\/wp-content\/uploads\/2024\/09\/E-Gsparbank_webb-klar-150x43.png 150w, https:\/\/integration.luckan.fi\/wp-content\/uploads\/2024\/09\/E-Gsparbank_webb-klar.png 730w\" sizes=\"auto, (max-width: 500px) 100vw, 500px\" \/><\/figure>\n\n\n\n<figure class=\"wp-block-image size-large\"><img loading=\"lazy\" decoding=\"async\" width=\"1500\" height=\"176\" data-id=\"23022\" src=\"https:\/\/integration.luckan.fi\/wp-content\/uploads\/2024\/09\/FINSVE_symboli_logo_RGB_vaaka_highres-1500x176.jpg\" alt=\"\" class=\"wp-image-23022\" srcset=\"https:\/\/integration.luckan.fi\/wp-content\/uploads\/2024\/09\/FINSVE_symboli_logo_RGB_vaaka_highres-1500x176.jpg 1500w, https:\/\/integration.luckan.fi\/wp-content\/uploads\/2024\/09\/FINSVE_symboli_logo_RGB_vaaka_highres-1200x141.jpg 1200w, https:\/\/integration.luckan.fi\/wp-content\/uploads\/2024\/09\/FINSVE_symboli_logo_RGB_vaaka_highres-500x59.jpg 500w, https:\/\/integration.luckan.fi\/wp-content\/uploads\/2024\/09\/FINSVE_symboli_logo_RGB_vaaka_highres-768x90.jpg 768w, https:\/\/integration.luckan.fi\/wp-content\/uploads\/2024\/09\/FINSVE_symboli_logo_RGB_vaaka_highres-1536x181.jpg 1536w, https:\/\/integration.luckan.fi\/wp-content\/uploads\/2024\/09\/FINSVE_symboli_logo_RGB_vaaka_highres-2048x241.jpg 2048w, https:\/\/integration.luckan.fi\/wp-content\/uploads\/2024\/09\/FINSVE_symboli_logo_RGB_vaaka_highres-18x2.jpg 18w, https:\/\/integration.luckan.fi\/wp-content\/uploads\/2024\/09\/FINSVE_symboli_logo_RGB_vaaka_highres-200x24.jpg 200w, https:\/\/integration.luckan.fi\/wp-content\/uploads\/2024\/09\/FINSVE_symboli_logo_RGB_vaaka_highres-150x18.jpg 150w, https:\/\/integration.luckan.fi\/wp-content\/uploads\/2024\/09\/FINSVE_symboli_logo_RGB_vaaka_highres-1568x184.jpg 1568w\" sizes=\"auto, (max-width: 1500px) 100vw, 1500px\" \/><\/figure>\n<\/figure>\n<\/div><\/div>","protected":false},"excerpt":{"rendered":"<p>Blogs Here you can find relevant opinion pieces and interesting points of view about issues close to the JobBuddies Project.<\/p>","protected":false},"author":36,"featured_media":0,"parent":0,"menu_order":0,"comment_status":"closed","ping_status":"closed","template":"tw-no-title.php","meta":{"om_disable_all_campaigns":false,"inline_featured_image":false,"ghostkit_customizer_options":"","ghostkit_custom_css":"","ghostkit_custom_js_head":"","ghostkit_custom_js_foot":"","ghostkit_typography":"","_monsterinsights_skip_tracking":false,"_monsterinsights_sitenote_active":false,"_monsterinsights_sitenote_note":"","_monsterinsights_sitenote_category":0,"cybocfi_hide_featured_image":"","footnotes":""},"class_list":["post-23703","page","type-page","status-publish","hentry","entry"],"aioseo_notices":[],"featured_image_src":null,"_links":{"self":[{"href":"https:\/\/integration.luckan.fi\/sv\/wp-json\/wp\/v2\/pages\/23703","targetHints":{"allow":["GET"]}}],"collection":[{"href":"https:\/\/integration.luckan.fi\/sv\/wp-json\/wp\/v2\/pages"}],"about":[{"href":"https:\/\/integration.luckan.fi\/sv\/wp-json\/wp\/v2\/types\/page"}],"author":[{"embeddable":true,"href":"https:\/\/integration.luckan.fi\/sv\/wp-json\/wp\/v2\/users\/36"}],"replies":[{"embeddable":true,"href":"https:\/\/integration.luckan.fi\/sv\/wp-json\/wp\/v2\/comments?post=23703"}],"version-history":[{"count":59,"href":"https:\/\/integration.luckan.fi\/sv\/wp-json\/wp\/v2\/pages\/23703\/revisions"}],"predecessor-version":[{"id":24568,"href":"https:\/\/integration.luckan.fi\/sv\/wp-json\/wp\/v2\/pages\/23703\/revisions\/24568"}],"wp:attachment":[{"href":"https:\/\/integration.luckan.fi\/sv\/wp-json\/wp\/v2\/media?parent=23703"}],"curies":[{"name":"wp","href":"https:\/\/api.w.org\/{rel}","templated":true}]}}