{"id":23769,"date":"2025-09-08T11:06:52","date_gmt":"2025-09-08T08:06:52","guid":{"rendered":"https:\/\/integration.luckan.fi\/?page_id=23769"},"modified":"2026-04-17T17:14:07","modified_gmt":"2026-04-17T14:14:07","slug":"jobbuddies-news-media","status":"publish","type":"page","link":"https:\/\/integration.luckan.fi\/sv\/jobbuddies-news-media\/","title":{"rendered":"Nyhetsmedier"},"content":{"rendered":"<div class=\"wp-block-group alignfull has-white-background-color has-background has-small-font-size is-content-justification-right is-nowrap is-layout-flex wp-container-core-group-is-layout-f1734116 wp-block-group-is-layout-flex\" style=\"padding-top:5px;padding-bottom:5px\">\n<p class=\"wp-container-content-29dca9c1\"><img loading=\"lazy\" decoding=\"async\" width=\"1500\" height=\"333\" class=\"wp-image-23160\" style=\"white-space: normal; font-size: revert; font-family: var(--global--font-secondary);\" src=\"https:\/\/integration.luckan.fi\/wp-content\/uploads\/2024\/09\/SV_Co-fundedbytheEU_RGB_POS-1500x333.png\" alt=\"\" srcset=\"https:\/\/integration.luckan.fi\/wp-content\/uploads\/2024\/09\/SV_Co-fundedbytheEU_RGB_POS-1500x333.png 1500w, https:\/\/integration.luckan.fi\/wp-content\/uploads\/2024\/09\/SV_Co-fundedbytheEU_RGB_POS-1200x266.png 1200w, https:\/\/integration.luckan.fi\/wp-content\/uploads\/2024\/09\/SV_Co-fundedbytheEU_RGB_POS-500x111.png 500w, https:\/\/integration.luckan.fi\/wp-content\/uploads\/2024\/09\/SV_Co-fundedbytheEU_RGB_POS-768x170.png 768w, https:\/\/integration.luckan.fi\/wp-content\/uploads\/2024\/09\/SV_Co-fundedbytheEU_RGB_POS-1536x341.png 1536w, https:\/\/integration.luckan.fi\/wp-content\/uploads\/2024\/09\/SV_Co-fundedbytheEU_RGB_POS-2048x455.png 2048w, https:\/\/integration.luckan.fi\/wp-content\/uploads\/2024\/09\/SV_Co-fundedbytheEU_RGB_POS-18x4.png 18w, https:\/\/integration.luckan.fi\/wp-content\/uploads\/2024\/09\/SV_Co-fundedbytheEU_RGB_POS-200x44.png 200w, https:\/\/integration.luckan.fi\/wp-content\/uploads\/2024\/09\/SV_Co-fundedbytheEU_RGB_POS-150x33.png 150w, https:\/\/integration.luckan.fi\/wp-content\/uploads\/2024\/09\/SV_Co-fundedbytheEU_RGB_POS-1568x348.png 1568w\" sizes=\"auto, (max-width: 1500px) 100vw, 1500px\" \/><\/p>\n<\/div>\n\n\n\n<div class=\"wp-block-media-text alignfull has-media-on-the-right is-stacked-on-mobile is-vertically-aligned-center is-image-fill-element has-background tw-stack-md tw-media-bottom\" style=\"background-color:#9decb6;grid-template-columns:auto 55%\"><div class=\"wp-block-media-text__content\">\n<h1 class=\"wp-block-heading\" id=\"svenska-integrationsvagar-och-fallgropar-i-huvudstadsregionen\">Material fr\u00e5n JobBuddies<\/h1>\n\n\n\n<p>P\u00e5 dessa sidor finns en sammanfattning av en del av forskningen och diskussionen om invandrares syssels\u00e4ttning i det finl\u00e4ndska samh\u00e4llet.<\/p>\n\n\n\n<div class=\"wp-block-buttons is-layout-flex wp-block-buttons-is-layout-flex\">\n<div class=\"wp-block-button is-style-outline is-style-outline--1\"><a class=\"wp-block-button__link wp-element-button\" href=\"https:\/\/integration.luckan.fi\/jobbuddies-materials\/\">Forskning &amp; artiklar<\/a><\/div>\n\n\n\n<div class=\"wp-block-button is-style-outline is-style-outline--2\"><a class=\"wp-block-button__link wp-element-button\" href=\"https:\/\/integration.luckan.fi\/jobbuddies-news-media\/\">Nyhetsmedier<\/a><\/div>\n\n\n\n<div class=\"wp-block-button is-style-outline is-style-outline--3\"><a class=\"wp-block-button__link wp-element-button\" href=\"https:\/\/integration.luckan.fi\/jobbuddies-blogs\/\">Bloggar<\/a><\/div>\n<\/div>\n<\/div><figure class=\"wp-block-media-text__media\"><img loading=\"lazy\" decoding=\"async\" width=\"1500\" height=\"1000\" src=\"https:\/\/integration.luckan.fi\/wp-content\/uploads\/2025\/08\/absolutvision-WYd_PkCa1BY-unsplash-1500x1000.jpg\" alt=\"\" class=\"wp-image-23705 size-full\" style=\"object-position:50% 50%\" srcset=\"https:\/\/integration.luckan.fi\/wp-content\/uploads\/2025\/08\/absolutvision-WYd_PkCa1BY-unsplash-1500x1000.jpg 1500w, https:\/\/integration.luckan.fi\/wp-content\/uploads\/2025\/08\/absolutvision-WYd_PkCa1BY-unsplash-1200x800.jpg 1200w, https:\/\/integration.luckan.fi\/wp-content\/uploads\/2025\/08\/absolutvision-WYd_PkCa1BY-unsplash-450x300.jpg 450w, https:\/\/integration.luckan.fi\/wp-content\/uploads\/2025\/08\/absolutvision-WYd_PkCa1BY-unsplash-768x512.jpg 768w, https:\/\/integration.luckan.fi\/wp-content\/uploads\/2025\/08\/absolutvision-WYd_PkCa1BY-unsplash-1536x1024.jpg 1536w, https:\/\/integration.luckan.fi\/wp-content\/uploads\/2025\/08\/absolutvision-WYd_PkCa1BY-unsplash-2048x1366.jpg 2048w, https:\/\/integration.luckan.fi\/wp-content\/uploads\/2025\/08\/absolutvision-WYd_PkCa1BY-unsplash-18x12.jpg 18w, https:\/\/integration.luckan.fi\/wp-content\/uploads\/2025\/08\/absolutvision-WYd_PkCa1BY-unsplash-200x133.jpg 200w, https:\/\/integration.luckan.fi\/wp-content\/uploads\/2025\/08\/absolutvision-WYd_PkCa1BY-unsplash-150x100.jpg 150w, https:\/\/integration.luckan.fi\/wp-content\/uploads\/2025\/08\/absolutvision-WYd_PkCa1BY-unsplash-1568x1045.jpg 1568w\" sizes=\"auto, (max-width: 1500px) 100vw, 1500px\" \/><\/figure><\/div>\n\n\n\n<div class=\"wp-block-columns is-layout-flex wp-container-core-columns-is-layout-d0b3c9c8 wp-block-columns-is-layout-flex\" id=\"research\">\n<div class=\"wp-block-column is-layout-flow wp-block-column-is-layout-flow\">\n<h2 class=\"wp-block-heading\">Nyhetsmedier<\/h2>\n\n\n\n<p>H\u00e4r kan du hitta nyheter som \u00e4r relevanta f\u00f6r den finska invandringsdiskursen<\/p>\n<\/div>\n<\/div>\n\n\n\n<div class=\"wp-block-getwid-tabs\" data-active-tab=\"0\"><ul class=\"wp-block-getwid-tabs__nav-links\"><\/ul>\n<div class=\"wp-block-getwid-tabs__nav-link\"><span class=\"wp-block-getwid-tabs__title-wrapper\"><a href=\"#\"><span class=\"wp-block-getwid-tabs__title\">Sidan 1<\/span><\/a><\/span><\/div><div class=\"wp-block-getwid-tabs__tab-content-wrapper\"><div class=\"wp-block-getwid-tabs__tab-content\">\n<p><strong>THL: Foreign background kids face more bullying, marginalisation than Finnish peers | YLE, 16.4.2026<\/strong><br \/><em>Girls were especially likely to report feelings of anxiety, dissatisfaction with life, and loneliness, according to the survey results.<\/em><br \/><a href=\"https:\/\/yle.fi\/a\/74-20220893\" title=\"\">L\u00e4s mer...<\/a><\/p>\n\n\n\n<div style=\"height:30px\" aria-hidden=\"true\" class=\"wp-block-spacer\"><\/div>\n\n\n\n<p><strong>Ministeri Rantanen perustelee kotouttamisesta leikkaamista: \u201dRahaa ei pid\u00e4 laittaa pili\u00adpali\u00adkursseihin\u201d | HS, 16.4.2026 (in Finnish)<\/strong><br \/><em>Hallitus antoi esityksens\u00e4 kansalaisuuskokeesta. Vastaavia kokeita on monessa muussa maassa.<\/em><br \/><a href=\"https:\/\/www.hs.fi\/politiikka\/art-2000011945647.html\" title=\"\">L\u00e4s mer...<\/a><\/p>\n\n\n\n<div style=\"height:30px\" aria-hidden=\"true\" class=\"wp-block-spacer\"><\/div>\n\n\n\n<p><strong>Suomalainen uutuus mullistaa ty\u00f6nhaun \u2013 Swaippaa kuin treffisovelluksessa | Iltalehti, 3.4.2026 (in Finnish)<\/strong><br \/><em>Suomalainen uutuussovellus toimii ty\u00f6maailman \u201dtreffisovelluksena\u201d. Se on kohtaamisalusta, joka nopeuttaa rekrytointiprosessia sek\u00e4 ty\u00f6nantajan ett\u00e4 -hakijan n\u00e4k\u00f6kulmasta. Palvelu toimii koko maassa.<\/em><br \/><a href=\"https:\/\/www.iltalehti.fi\/tyoelama\/a\/cf5689c0-b735-4918-8b6b-0f07cbd13ad2\" title=\"\">L\u00e4s mer...<\/a><\/p>\n\n\n\n<div style=\"height:30px\" aria-hidden=\"true\" class=\"wp-block-spacer\"><\/div>\n\n\n\n<p><strong>Teena Abraham luotti suomalaisen korkeakoulun sanaan \u2013 seuraukset olivat surkeat: \u201dMenetin koko omaisuuteni\u201d | YLE, 2.4.2026 (in Finnish)<\/strong><br \/><em>Arcadan koulutusagentit olivat luvanneet opiskelijoille muun muassa tuhansien eurojen stipendej\u00e4. Lupaukset petettiin. Arcada pyyt\u00e4\u00e4 MOT:n haastattelussa anteeksi.<\/em><br \/><a href=\"https:\/\/yle.fi\/a\/74-20216808\" title=\"\">L\u00e4s mer...<\/a><\/p>\n\n\n\n<div style=\"height:30px\" aria-hidden=\"true\" class=\"wp-block-spacer\"><\/div>\n\n\n\n<p><strong>Maahanmuuttajien ty\u00f6tt\u00f6myys\u00adtuen leikkaus ajautui ongelmiin: Kustannus\u00adarvio pahoin pieless\u00e4 | HS, 1.4.2026 (in Finnish)<\/strong><br \/><em>Uuden kotoutumistuen piti tuoda s\u00e4\u00e4st\u00f6j\u00e4, mutta sen sijaan se lis\u00e4isi kustannuksia. Syyn\u00e4 on se, ett\u00e4 maahanmuuttajalle tulisi oikeus saada kielikoulutusta tukileikkauksen v\u00e4ltt\u00e4miseksi.<\/em><br \/><a href=\"https:\/\/www.hs.fi\/politiikka\/art-2000011918593.html\" title=\"\">L\u00e4s mer...<\/a><\/p>\n\n\n\n<div style=\"height:30px\" aria-hidden=\"true\" class=\"wp-block-spacer\"><\/div>\n\n\n\n<p><strong>Nadejda Dimitrova ei uskaltanut hakea t\u00f6it\u00e4 omalta alaltaan Suomessa \u2013 valmennus antoi rohkeutta, ja nyt h\u00e4n on t\u00f6iss\u00e4 | YLE, 31.3.2026 (in Finnish)<\/strong><br \/><em>Erityisesti luovilla aloilla korostuvat verkostot, joita muualta muuttavilla ei ole. Niit\u00e4 l\u00e4hdettiin etsim\u00e4\u00e4n valmennuksissa.<\/em><br \/><a href=\"https:\/\/yle.fi\/a\/74-20216593\" title=\"\">L\u00e4s mer...<\/a><\/p>\n<\/div><\/div>\n\n\n\n<div class=\"wp-block-getwid-tabs__nav-link\"><span class=\"wp-block-getwid-tabs__title-wrapper\"><a href=\"#\"><span class=\"wp-block-getwid-tabs__title\">Sidan 2<\/span><\/a><\/span><\/div><div class=\"wp-block-getwid-tabs__tab-content-wrapper\"><div class=\"wp-block-getwid-tabs__tab-content\">\n<p><strong>Nyt tuli varoitus PS-ministerin aikeista \u2013 Suomeen tarvitaan nopeasti 20 000 uutta hoitajaa | Uusi Suomi, 30.3.2026 (in Finnish)<\/strong><br \/><em>Teknologia kehittyy nopeasti, joten kielitaitovaatimusta ei kannata m\u00e4\u00e4ritell\u00e4 liian korkeaksi, toteaa kunta- ja hyvinvointialuety\u00f6nantajat ja varoittaa pahenevasta ty\u00f6voimapulasta. KT:n mukaan viiden vuoden kuluessa alalle tarvitaan arviolta 20\u202f000 uutta l\u00e4hi- ja sairaanhoitajaa.<\/em><br \/><a href=\"https:\/\/www.uusisuomi.fi\/uutiset\/a\/f7af05ea-45ab-4bcb-990e-357774b34729\" title=\"\">L\u00e4s mer...<\/a><\/p>\n\n\n\n<div style=\"height:30px\" aria-hidden=\"true\" class=\"wp-block-spacer\"><\/div>\n\n\n\n<p><strong>Mies peri Etiopiasta tulleilta hoitajilta maksuja, jotka vastasivat kotimaassa usean vuoden palkkaa - tuomittiin vankeuteen | Salon Seudun Sanomat, 26.3.2026 (p\u00e5 finska)<\/strong><br \/><em>L\u00e4nsi-Uudenmaan k\u00e4r\u00e4j\u00e4oikeus tuomitsi perjantaina vankeuteen miehen, joka oikeuden mukaan erehdytti Etiopiasta tulleita hoitajia ja peri heilt\u00e4 perusteettomia maksuja Suomeen p\u00e4\u00e4syst\u00e4. T\u00f6rke\u00e4 petos tapahtui vuosina 2019 - 2023.<\/em><br \/><a href=\"https:\/\/www.sss.fi\/2026\/03\/mies-peri-etiopiasta-tulleilta-hoitajilta-maksuja-jotka-vastasivat-kotimaassa-usean-vuoden-palkkaa-tuomittiin-vankeuteen\/\" title=\"\">L\u00e4s mer...<\/a><\/p>\n\n\n\n<div style=\"height:30px\" aria-hidden=\"true\" class=\"wp-block-spacer\"><\/div>\n\n\n\n<p><strong>Sj\u00e4lvst\u00e4ndighet: Ulkomaalaistaustaiset saivat selv\u00e4sti enemm\u00e4n ty\u00f6tt\u00f6myysetuuksia ja toimeentulotukea kuin suomalaistaustaiset | Helsingin Sanomat, 25.3.2026 (p\u00e5 finska)<\/strong><br \/><em>Ulkomaalaistaustaiset maksoivat keskim\u00e4\u00e4rin enemm\u00e4n tuloveroja kuin saivat tulonsiirtoja, valottaa selvitys.<\/em><br \/><a href=\"https:\/\/www.hs.fi\/politiikka\/art-2000011901232.html\" title=\"\">L\u00e4s mer...<\/a><\/p>\n\n\n\n<div style=\"height:30px\" aria-hidden=\"true\" class=\"wp-block-spacer\"><\/div>\n\n\n\n<p><strong>Etlan tutkija: Kielikoulutus kaikille maahanmuuttajille olisi kannattava sijoitus | Helsingin Sanomat, 23.3.2026 (p\u00e5 finska)<\/strong><br \/><em>Etlan mukaan maahanmuuton taloudelliset hy\u00f6dyt riippuvat kotouttamisen onnistumisesta.<\/em><br \/><a href=\"https:\/\/www.hs.fi\/politiikka\/art-2000011896299.html\" title=\"\">L\u00e4s mer...<\/a><\/p>\n\n\n\n<div style=\"height:30px\" aria-hidden=\"true\" class=\"wp-block-spacer\"><\/div>\n\n\n\n<p><strong>Angry Birds-grundarens utbildningsexportf\u00f6retag hotas av konkurs | YLE, 12.3.2026<\/strong><br \/><em>Finest Future s\u00e5lde platser p\u00e5 finska gymnasieskolor till internationella studenter, men initiativet har f\u00e5tt omfattande kritik sedan starten.<\/em><br \/><a href=\"https:\/\/yle.fi\/a\/74-20214937\" title=\"\">L\u00e4s mer...<\/a><\/p>\n<\/div><\/div>\n\n\n\n<div class=\"wp-block-getwid-tabs__nav-link\"><span class=\"wp-block-getwid-tabs__title-wrapper\"><a href=\"#\"><span class=\"wp-block-getwid-tabs__title\">Sidan 3<\/span><\/a><\/span><\/div><div class=\"wp-block-getwid-tabs__tab-content-wrapper\"><div class=\"wp-block-getwid-tabs__tab-content\">\n<p><strong>I Finland \u00f6kar oron f\u00f6r anst\u00e4llningstryggheten och utbr\u00e4ndheten bland arbetstagarna | YLE, 5.3.2026<\/strong><br \/><em>Enligt Arbetsh\u00e4lsoinstitutet har cirka en fj\u00e4rdedel av finl\u00e4ndarna en oroande niv\u00e5 av utbr\u00e4ndhetssymtom p\u00e5 arbetsplatsen.<\/em><br \/><a href=\"https:\/\/yle.fi\/a\/74-20213763\" title=\"\">L\u00e4s mer...<\/a><\/p>\n\n\n\n<div style=\"height:30px\" aria-hidden=\"true\" class=\"wp-block-spacer\"><\/div>\n\n\n\n<p><strong>St\u00e4dbolaget SOL bekr\u00e4ftar misstankar om intr\u00e4desavgifter | Helsinki Times, 4.3.2026<\/strong><br \/><em>St\u00e4d- och fastighetsservicef\u00f6retaget SOL Palvelut har bekr\u00e4ftat att anst\u00e4llda uppmanats att betala f\u00f6r jobb efter att ha best\u00e4llt en oberoende granskning av arbetsf\u00f6rh\u00e5llandena. F\u00f6retaget best\u00e4llde unders\u00f6kningen efter en offentlig debatt i h\u00f6stas om eventuell arbetsrelaterad exploatering. Granskningen, som genomf\u00f6rdes mellan oktober och december 2025 av Code of Conduct Company, unders\u00f6kte rekrytering, introduktion, l\u00f6neprocesser och rapporteringskanaler f\u00f6r oegentligheter.<\/em><a href=\"https:\/\/www.helsinkitimes.fi\/finland\/finland-news\/domestic\/28592-cleaning-firm-sol-confirms-entry-fee-suspicions.html\" title=\"\"><br \/>L\u00e4s mer...<\/a><\/p>\n\n\n\n<div style=\"height:30px\" aria-hidden=\"true\" class=\"wp-block-spacer\"><\/div>\n\n\n\n<p><strong>Turvapaikkahakemusten m\u00e4\u00e4r\u00e4 laski viime vuonna viidenneksell\u00e4 | Helsingin Sanomat, 3.3.2026 (p\u00e5 finska)<\/strong><br \/><em>Syyrialaisten hakemusten m\u00e4\u00e4r\u00e4n romahdus selitt\u00e4\u00e4 suurimman osan laskusta. Suomi vastaanotti 0,3 prosenttia kaikista Euroopan hakemuksista.<\/em><a href=\"https:\/\/www.hs.fi\/maailma\/art-2000011856838.html\" title=\"\"><br \/>L\u00e4s mer...<\/a><\/p>\n\n\n\n<div style=\"height:30px\" aria-hidden=\"true\" class=\"wp-block-spacer\"><\/div>\n\n\n\n<p><strong>\u201dJ\u00e4rkytt\u00e4v\u00e4n suuri m\u00e4\u00e4r\u00e4\u201d ty\u00f6tt\u00f6mi\u00e4 ei hy\u00f6dy talouden piristymisest\u00e4, virkamies arvioi | Helsingin Sanomat, 24.2.2026 (p\u00e5 finska)<\/strong><br \/><em>Erityisasiantuntijoiden ty\u00f6tt\u00f6myys kasvoi 19,4 prosenttia Uudellamaalla verrattuna viime vuoteen. My\u00f6s ty\u00f6llisten m\u00e4\u00e4r\u00e4 on laskusuunnassa viime vuoteen verrattuna.<\/em><br \/><a href=\"https:\/\/www.hs.fi\/politiikka\/art-2000011838048.html\" title=\"\">L\u00e4s mer...<\/a><\/p>\n\n\n\n<div style=\"height:30px\" aria-hidden=\"true\" class=\"wp-block-spacer\"><\/div>\n\n\n\n<p><strong>Ministeri\u00f6: Maahanmuuttajien hyv\u00e4 ty\u00f6llisyys on vaihtunut suurty\u00f6tt\u00f6myydeksi | Helsingin Sanomat, 23.2.2026 (p\u00e5 finska)<\/strong><br \/><em>Erityisesti ukrainalaisten ty\u00f6llisyystilanne on nyt synkk\u00e4. Ty\u00f6- ja elinkeinoministeri\u00f6n mukaan taustalla on talouden heikko suhdanne.<\/em><br \/><a href=\"https:\/\/www.hs.fi\/politiikka\/art-2000011829376.html\" title=\"\">L\u00e4s mer...<\/a><\/p>\n<\/div><\/div>\n\n\n\n<div class=\"wp-block-getwid-tabs__nav-link\"><span class=\"wp-block-getwid-tabs__title-wrapper\"><a href=\"#\"><span class=\"wp-block-getwid-tabs__title\">Sidan 4<\/span><\/a><\/span><\/div><div class=\"wp-block-getwid-tabs__tab-content-wrapper\"><div class=\"wp-block-getwid-tabs__tab-content\">\n<p><strong>Suomi hukkaa koulutettujen maahanmuuttajien osaamista - Jyv\u00e4skyl\u00e4ss\u00e4 avuksi otettiin mentorointi | YLE, 20.2.2026 (p\u00e5 finska)<\/strong><br \/><em>Jyv\u00e4skyl\u00e4n yliopisto kutsui kokeneita ty\u00f6el\u00e4m\u00e4n tuntijoita maahanmuuttajataustaisten opiskelijoiden mentoreiksi. Tulokset ovat lupaavia.<\/em><a href=\"https:\/\/yle.fi\/a\/74-20208245\" title=\"\"><br \/>L\u00e4s mer...<\/a><\/p>\n\n\n\n<div style=\"height:30px\" aria-hidden=\"true\" class=\"wp-block-spacer\"><\/div>\n\n\n\n<p><strong>Kun Heidi Saarinen tajusi, ettei tehtaalla tarvitse osata suomea, ty\u00f6voimapula ratkesi hetkess\u00e4 | Helsingin Sanomat, 19.2.2026 (p\u00e5 finska)<\/strong><br \/><em>Pelk\u00e4simme ihan turhaan, olisiko monikielisyys turvallisuusriski tehtaalla, sanoo henkil\u00f6st\u00f6p\u00e4\u00e4llikk\u00f6 Heidi Saarinen.<\/em><br \/><a href=\"https:\/\/www.hs.fi\/suomi\/art-2000011828041.html\" title=\"\">L\u00e4s mer...<\/a><\/p>\n\n\n\n<div style=\"height:30px\" aria-hidden=\"true\" class=\"wp-block-spacer\"><\/div>\n\n\n\n<p><strong>Attendon toimitusjohtaja puhuu nyt suoraan: T\u00e4llaisia ongelmia 1000 filippiinil\u00e4isen hoitajan palkkaus toi | Iltalehti, 18.2.2026 (p\u00e5 finska)<\/strong><br \/><em>Attendon toimitusjohtajan Virpi Holmqvistin mielest\u00e4 on selv\u00e4\u00e4, ettei Suomen hoitajapula ratkea yksin ty\u00f6per\u00e4isell\u00e4 maahanmuutolla.<\/em><br \/><a href=\"https:\/\/www.iltalehti.fi\/politiikka\/a\/6e989fbf-72f3-4636-a689-940056291c07\" title=\"\">L\u00e4s mer...<\/a><\/p>\n\n\n\n<div style=\"height:30px\" aria-hidden=\"true\" class=\"wp-block-spacer\"><\/div>\n\n\n\n<p><strong>Kansalaisuuden saamiseen tulossa uusi ehto: kansalaisuuskoe | Helsingin Sanomat, 15.2.2026 (p\u00e5 finska)<\/strong><br \/><em>Orpon hallitus ajaa Suomeen uutta kansalaisuuskoetta. Lausuntokierros tukee kotoutumisen t\u00e4rkeytt\u00e4. Lakiesityst\u00e4 kuitenkin arvostelevat sek\u00e4 tutkijat ett\u00e4 liike-el\u00e4m\u00e4.<\/em><br \/><a href=\"https:\/\/www.hs.fi\/politiikka\/art-2000011810632.html\" title=\"\">L\u00e4s mer...<\/a><\/p>\n\n\n\n<div style=\"height:30px\" aria-hidden=\"true\" class=\"wp-block-spacer\"><\/div>\n\n\n\n<p><strong>Asiantuntijat kertovat, miksi teko\u00e4ly vie koodaajien t\u00f6it\u00e4 - iso muutos voi n\u00e4ky\u00e4 Suomessa jo kolmen kuukauden p\u00e4\u00e4st\u00e4 | Helsingin Sanomat, 12.2.2026 (p\u00e5 finska)<\/strong><br \/><em>Teko\u00e4lykehitys muuttaa koodaajien ty\u00f6t\u00e4 nopealla tahdilla. Muutoksen syy on merkityksellinen muillekin aloille.<\/em><br \/><a href=\"https:\/\/www.hs.fi\/visio\/art-2000011810786.html\" title=\"\">L\u00e4s mer...<\/a><\/p>\n<\/div><\/div>\n\n\n\n<div class=\"wp-block-getwid-tabs__nav-link\"><span class=\"wp-block-getwid-tabs__title-wrapper\"><a href=\"#\"><span class=\"wp-block-getwid-tabs__title\">Sidan 5<\/span><\/a><\/span><\/div><div class=\"wp-block-getwid-tabs__tab-content-wrapper\"><div class=\"wp-block-getwid-tabs__tab-content\">\n<p><strong>Finlands st\u00f6rsta f\u00f6retag leds nu n\u00e4stan lika ofta av utl\u00e4nningar som av finl\u00e4ndare | Listeds, 10.2.2026<\/strong><br \/><em>Under 2025 bytte 44 av 184 finl\u00e4ndska b\u00f6rsbolag VD, vilket inneb\u00e4r att ungef\u00e4r vart fj\u00e4rde f\u00f6retag uts\u00e5g en ny ledare under \u00e5ret. F\u00f6r\u00e4ndringen var tydligast bland stora bolag, d\u00e4r utl\u00e4ndska VD:ar nu st\u00e5r f\u00f6r en v\u00e4xande andel av utn\u00e4mningarna, visar CEO Index - Finland | 2025.<\/em><br \/><a href=\"https:\/\/listeds.com\/articles\/finland%E2%80%99s-largest-companies-are-now-led-almost-as-often-by-foreigners-as-finns\" title=\"\">L\u00e4s mer...<\/a><\/p>\n\n\n\n<div style=\"height:30px\" aria-hidden=\"true\" class=\"wp-block-spacer\"><\/div>\n\n\n\n<p><strong>Maahanmuuttovirasto keskeytt\u00e4\u00e4 osittain iranilaisten turvapaikkahakemusten p\u00e4\u00e4t\u00f6ksenteon | YLE, 5.2.2026 (p\u00e5 finska)<\/strong><br \/><em>Maahanmuuttovirasto keskeytt\u00e4\u00e4 osittain iranilaisten turvapaikkahakemukset. Virasto kertoo keskeytt\u00e4v\u00e4ns\u00e4 hakemukset, joiden ratkaisemiseksi tarvitaan lis\u00e4\u00e4 tietoa maan tilanteesta.<\/em><br \/><a href=\"https:\/\/yle.fi\/a\/74-20208482\" title=\"\">L\u00e4s mer...<\/a><\/p>\n\n\n\n<div style=\"height:30px\" aria-hidden=\"true\" class=\"wp-block-spacer\"><\/div>\n\n\n\n<p><strong>Etla: Ulkomailla syntyneiden osuus ty\u00f6tt\u00f6myyden kasvusta on poikkeuksellisen suuri | Helsingin Sanomat, 31.1.2026 (p\u00e5 finska)<\/strong><br \/><em>Maahanmuutto selitt\u00e4\u00e4 Suomen ty\u00f6tt\u00f6myysasteen kehityst\u00e4, arvioi Etla. Suomen virallisesta ty\u00f6nv\u00e4litystilastosta vastaava Keha-keskus n\u00e4kee asian toisin.<\/em><br \/><a href=\"https:\/\/www.hs.fi\/visio\/art-2000011778430.html\" title=\"\">L\u00e4s mer...<\/a><\/p>\n\n\n\n<div style=\"height:30px\" aria-hidden=\"true\" class=\"wp-block-spacer\"><\/div>\n\n\n\n<p><strong>Tuore tilasto maahanmuutosta: Suomi ei en\u00e4\u00e4 houkuttele ty\u00f6ntekij\u00f6it\u00e4 ja opiskelijoita ulkomailta | YLE, 30.1.2026 (p\u00e5 finska)<\/strong><br \/><em>Maahanmuuttohakemusten m\u00e4\u00e4r\u00e4 on k\u00e4\u00e4ntynyt laskuun enn\u00e4tysvuosien j\u00e4lkeen.<\/em><br \/><a href=\"https:\/\/yle.fi\/a\/74-20207273\" title=\"\">L\u00e4s mer...<\/a><\/p>\n\n\n\n<div style=\"height:30px\" aria-hidden=\"true\" class=\"wp-block-spacer\"><\/div>\n\n\n\n<p><strong>Ty\u00f6tt\u00f6myysluvut synkkeniv\u00e4t uuteen enn\u00e4tykseen | Helsingin Sanomat, 27.1.2026 (p\u00e5 finska)<\/strong><br \/><em>Ty\u00f6tt\u00f6myys nousi joulukuussa korkeimmilleen sitten vuoden 2009.<\/em><br \/><a href=\"https:\/\/www.hs.fi\/politiikka\/art-2000011775166.html\" title=\"\">L\u00e4s mer...<\/a><\/p>\n<\/div><\/div>\n\n\n\n<div class=\"wp-block-getwid-tabs__nav-link\"><span class=\"wp-block-getwid-tabs__title-wrapper\"><a href=\"#\"><span class=\"wp-block-getwid-tabs__title\">Sidan 6<\/span><\/a><\/span><\/div><div class=\"wp-block-getwid-tabs__tab-content-wrapper\"><div class=\"wp-block-getwid-tabs__tab-content\">\n<p><strong>Tuhannet opiskelijat joutuvat lykk\u00e4\u00e4m\u00e4\u00e4n valmistumista, koska sote-ala ei huoli harjoittelijoita | Helsingin Sanomat, 22.1.2026 (p\u00e5 finska)<\/strong><br \/><em>Sote-alan harjoittelupaikkojen m\u00e4\u00e4r\u00e4 on lyhyess\u00e4 ajassa romahtanut. Helsingiss\u00e4 opinnot venyv\u00e4t, vaikka ammattikorkeakoulu kehittelee korvaavia h\u00e4t\u00e4ratkaisuja.<\/em><br \/><a href=\"https:\/\/www.hs.fi\/helsinki\/art-2000011765564.html\" title=\"\">L\u00e4s mer...<\/a><\/p>\n\n\n\n<div style=\"height:30px\" aria-hidden=\"true\" class=\"wp-block-spacer\"><\/div>\n\n\n\n<p><strong>Yritys kyll\u00e4styi ty\u00f6hakemusten tehtailijoihin: Keksi keinon erottaa todelliset hakijat | Helsingin Sanomat, 20.1.2026 (p\u00e5 finska)<\/strong><br \/><em>Hakemuksessa voi tunnustaa, jos on vain t\u00e4ytt\u00e4m\u00e4ss\u00e4 ty\u00f6nhakuvelvoitetta. Hakijoita ei ilmianneta ty\u00f6voimaviranomaiselle, Oivaty\u00f6n toimitusjohtaja vakuuttaa.<\/em><br \/><a href=\"https:\/\/www.hs.fi\/suomi\/art-2000011746133.html\" title=\"\">L\u00e4s mer...<\/a><\/p>\n\n\n\n<div style=\"height:30px\" aria-hidden=\"true\" class=\"wp-block-spacer\"><\/div>\n\n\n\n<p><strong>Suomessa syntyneet lapset eiv\u00e4t kuulu S2-opetukseen, ministeri linjaa | Helsingin Sanomat, 14.1.2026 (p\u00e5 finska)<\/strong><br \/><em>Nyky\u00e4\u00e4n jopa osa Suomessa syntyneist\u00e4 lapsista ja nuorista opiskelee suomea toisena kielen\u00e4.<\/em><br \/><a href=\"https:\/\/www.hs.fi\/politiikka\/art-2000011745767.html\" title=\"\">L\u00e4s mer...<\/a><\/p>\n\n\n\n<div style=\"height:30px\" aria-hidden=\"true\" class=\"wp-block-spacer\"><\/div>\n\n\n\n<p><strong>Ty\u00f6tt\u00f6myys k\u00e4rjistyi Suomessa EU:n suurimmaksi | Helsingin Sanomat, 8.1.2026 (p\u00e5 finska)<\/strong><br \/><em>Suomen ty\u00f6tt\u00f6myysaste ohitti marraskuussa Espanjan.<\/em><br \/><a href=\"https:\/\/www.hs.fi\/talous\/art-2000011736071.html\" title=\"\">L\u00e4s mer...<\/a><\/p>\n\n\n\n<div style=\"height:30px\" aria-hidden=\"true\" class=\"wp-block-spacer\"><\/div>\n\n\n\n<p><strong>Hallitus linjasi keinoista puuttua ulkomaalaisten opiskelijoiden lupien ja toimeentulon haasteisiin | Arbets- och n\u00e4ringsministeriet, 18.12.2025 (p\u00e5 finska)<\/strong><br \/><em>Hallitus puuttuu ulkomaisten opiskelijoiden ja heid\u00e4n perheenj\u00e4sentens\u00e4 kohtaamiin haasteisiin. Sis\u00e4isen turvallisuuden ja oikeudenhoidon ministerity\u00f6ryhm\u00e4 linjasi 18.12.2025 lains\u00e4\u00e4d\u00e4nt\u00f6muutoksista muun muassa opiskelijoiden toimeentulovaatimuksiin ja kielitaidosta varmistumiseen.<\/em><br \/><a href=\"https:\/\/tem.fi\/-\/hallitus-linjasi-keinoista-puuttua-ulkomaalaisten-opiskelijoiden-lupien-ja-toimeentulon-haasteisiin\" title=\"\">L\u00e4s mer...<\/a><\/p>\n<\/div><\/div>\n\n\n\n<div class=\"wp-block-getwid-tabs__nav-link\"><span class=\"wp-block-getwid-tabs__title-wrapper\"><a href=\"#\"><span class=\"wp-block-getwid-tabs__title\">Sidan 7<\/span><\/a><\/span><\/div><div class=\"wp-block-getwid-tabs__tab-content-wrapper\"><div class=\"wp-block-getwid-tabs__tab-content\">\n<p><strong>Finland sk\u00e4rper reglerna f\u00f6r utl\u00e4ndska studerande | YLE, 18.12.2025<\/strong><br \/><em>Regeringen \u00e4r p\u00e5 v\u00e4g att inf\u00f6ra inkomstkrav f\u00f6r utl\u00e4ndska studenter i lag.<\/em><br \/><a href=\"https:\/\/yle.fi\/a\/74-20200602\" title=\"\">L\u00e4s mer...<\/a><\/p>\n\n\n\n<div style=\"height:30px\" aria-hidden=\"true\" class=\"wp-block-spacer\"><\/div>\n\n\n\n<p><strong>Anette Sundberg ratkaisi vuokral\u00e4\u00e4k\u00e4riongelman ja s\u00e4\u00e4sti miljoonia euroja veronmaksajien rahoja | Helsingin Sanomat, 10.12.2025 (p\u00e5 finska)<\/strong><br \/><em>L\u00e4nsi-Uudenmaan kehitt\u00e4misp\u00e4\u00e4llikk\u00f6 Anette Sundberg kertoo, ett\u00e4 nyky\u00e4\u00e4n l\u00e4\u00e4k\u00e4reit\u00e4 palkataan aloittamaan jopa kahden vuoden p\u00e4\u00e4h\u00e4n. Aiemmin vajeita t\u00e4ytettiin kiireess\u00e4.<\/em><br \/><a href=\"https:\/\/www.hs.fi\/suomi\/art-2000011639767.html\" title=\"\">L\u00e4s mer...<\/a><\/p>\n\n\n\n<div style=\"height:30px\" aria-hidden=\"true\" class=\"wp-block-spacer\"><\/div>\n\n\n\n<p><strong>Ty\u00f6markkinoilta on poistumassa valtava m\u00e4\u00e4r\u00e4 ihmisi\u00e4 - Selvitimme, mit\u00e4 heid\u00e4n t\u00f6illeen tapahtuu | Helsingin Sanomat, 8.12.2025 (p\u00e5 finska)<\/strong><br \/><em>Suomen v\u00e4est\u00f6 ik\u00e4\u00e4ntyy kovaa vauhtia. HS selvitti, mille aloille huudetaan l\u00e4hivuosina osaajia el\u00e4k\u00f6ityjien tilalle.<\/em><br \/><a href=\"https:\/\/www.hs.fi\/visio\/art-2000011586056.html\" title=\"\">L\u00e4s mer...<\/a><\/p>\n\n\n\n<div style=\"height:30px\" aria-hidden=\"true\" class=\"wp-block-spacer\"><\/div>\n\n\n\n<p><strong>N\u00e4m\u00e4 puhelut paljastavat, kuinka Suomesta myyd\u00e4\u00e4n maahanmuuttajille keksitty\u00e4 unelmaa - kuuntele itse todisteet | YLE, 8.12.2025 (p\u00e5 finska)<\/strong><br \/><em>Suomalaiset korkeakoulut k\u00e4ytt\u00e4v\u00e4t Aasiassa koulutusagentteja, jotka hankkivat kouluihin ulkomaalaisia opiskelijoita. MOT:n todisteet osoittavat, kuinka n\u00e4m\u00e4 koulujen agenttikumppanit sy\u00f6tt\u00e4v\u00e4t opiskelijoille v\u00e4\u00e4r\u00e4\u00e4 tietoa.<\/em><br \/><a href=\"https:\/\/yle.fi\/a\/74-20193736\" title=\"\">L\u00e4s mer...<\/a><\/p>\n\n\n\n<div style=\"height:30px\" aria-hidden=\"true\" class=\"wp-block-spacer\"><\/div>\n\n\n\n<p><strong>Paavo Teittiselle tieto-kirjallisuuden Finlandia: Kirjailija ei usko, ett\u00e4 modernia orjuutta saadaan kitketty\u00e4 Suomesta | YLE, 27.11.2025 (p\u00e5 finska)<\/strong><br \/><em>Paavo Teittisen Pitk\u00e4 vuoro bel\u00f6nades med Finlandia-priset f\u00f6r facklitteratur. Vinnaren valdes ut av Yles utrikesredakt\u00f6r Antti Kuronen.<\/em><br \/><a href=\"https:\/\/yle.fi\/a\/74-20196476\" title=\"\">L\u00e4s mer...<\/a><\/p>\n<\/div><\/div>\n\n\n\n<div class=\"wp-block-getwid-tabs__nav-link\"><span class=\"wp-block-getwid-tabs__title-wrapper\"><a href=\"#\"><span class=\"wp-block-getwid-tabs__title\">Sidan 8<\/span><\/a><\/span><\/div><div class=\"wp-block-getwid-tabs__tab-content-wrapper\"><div class=\"wp-block-getwid-tabs__tab-content\">\n<p><strong>\u201dSituationen \u00e4r verkligen oroande\u201d \u2013 Finlands arbetsl\u00f6shet skr\u00e4mde ekonomerna | Helsingin Sanomat, 26.11.2025 (p\u00e5 finska)<\/strong><br \/><em>Enligt ekonomer \u00f6kar arbetsl\u00f6sheten nu \u00e4nnu mer \u00e4n vad man befarat. Samtidigt r\u00e5der en aldrig tidigare sk\u00e5dad och m\u00e4rklig situation p\u00e5 arbetsmarknaden, d\u00e4r syssels\u00e4ttningsgraden \u00f6kar samtidigt som arbetsl\u00f6sheten \u00f6kar.<\/em><br \/><a href=\"https:\/\/www.hs.fi\/talous\/art-2000011649033.html\" title=\"\">L\u00e4s mer...<\/a><\/p>\n\n\n\n<div style=\"height:30px\" aria-hidden=\"true\" class=\"wp-block-spacer\"><\/div>\n\n\n\n<p><strong>Internationell rekrytering ovanlig trots kompetensbrist | Statistiska centralbyr\u00e5n SCB (Sverige), 25.11.2025 (p\u00e5 svenska)<\/strong><br \/><em>H\u00e4lften av Sveriges sm\u00e5 och medelstora f\u00f6retag som rekryterat kvalificerad personal 2023\u20132025 har haft sv\u00e5rt att hitta r\u00e4tt kompetens. \u00c4nd\u00e5 planerar bara knappt tv\u00e5 av tio att s\u00f6ka internationell kompetens, \u00e4ven om bristen hindrar f\u00f6retagets utveckling.<\/em><br \/><a href=\"https:\/\/www.scb.se\/hitta-statistik\/statistik-efter-amne\/utbildning-samt-forskning-inom-hogskolan\/analyser-och-prognoser-om-utbildning-och-arbetsmarknad\/analyser-om-utbildning-och-arbetsmarknad\/pong\/statistiknyhet\/sma-och-medelstora-foretag-erfarenheter-av-internationell-rekrytering-2025\/\" title=\"\">L\u00e4s mer...<\/a><\/p>\n\n\n\n<div style=\"height:30px\" aria-hidden=\"true\" class=\"wp-block-spacer\"><\/div>\n\n\n\n<p><strong>Ministeriernas runda bord: internationella studenters syssels\u00e4ttning kr\u00e4ver mer skr\u00e4ddarsydd st\u00f6d f\u00f6r spr\u00e5kkunskaper och starkare kopplingar till arbetslivet | Arbets- och n\u00e4ringsministeriet, 13.11.2025 (p\u00e5 finska)<\/strong><br \/><em>Internationella h\u00f6gskolestudenter skulle kunna bidra \u00e4nnu mer till att driva p\u00e5 Finlands tillv\u00e4xt. Arbetsmarknadsminister Matias Marttinen och kultur- och forskningsminister Mari-Leena Talvitie uppmanade f\u00f6retag, st\u00e4der, h\u00f6gskolor och studenter att s\u00f6ka l\u00f6sningar f\u00f6r att \u00f6ka syssels\u00e4ttningen bland internationella studenter i Finland.<\/em><br \/><a href=\"https:\/\/tem.fi\/-\/ministerien-pyorea-poyta-kansainvalisten-opiskelijoiden-tyollistyminen-vaatii-raataloidympaa-tukea-kielitaidolle-ja-vahvempia-yhteyksia-tyoelamaan\" title=\"\">L\u00e4s mer...<\/a><\/p>\n\n\n\n<div style=\"height:30px\" aria-hidden=\"true\" class=\"wp-block-spacer\"><\/div>\n\n\n\n<p><strong>Finlands spr\u00e5kutbildning \u201cinte lika tillg\u00e4nglig f\u00f6r alla\u201d | YLE, 12.11.2025<\/strong><br \/><em>Tj\u00e4nstem\u00e4n och forskare \u00e4r \u00f6verens om att spr\u00e5kkunskaper \u00e4r avg\u00f6rande f\u00f6r syssels\u00e4ttning och integration i det finska samh\u00e4llet \u2013 men ocks\u00e5 att det inte finns n\u00e5gon snabb l\u00f6sning i sikte n\u00e4r det g\u00e4ller tillg\u00e5ng till utbildning.<\/em><br \/><a href=\"https:\/\/yle.fi\/a\/74-20193143\" title=\"\">L\u00e4s mer...<\/a><\/p>\n\n\n\n<div style=\"height:30px\" aria-hidden=\"true\" class=\"wp-block-spacer\"><\/div>\n\n\n\n<p><strong>Shanvic valde skola p\u00e5 svenska i st\u00e4llet f\u00f6r finska | HBL, 6.11.2025 (p\u00e5 svenska)<\/strong><br \/><em>Drygt hundra elever l\u00e4r sig svenska som andra spr\u00e5k i de svenska skolorna i Esbo. Men intresset \u00e4r klart st\u00f6rre, tror l\u00e4raren Catharina Roterman.<\/em><br \/><a href=\"https:\/\/www.hbl.fi\/2025-11-06\/shanvic-valde-skola-pa-svenska-i-stallet-for-finska\/\" title=\"\">L\u00e4s mer...<\/a><\/p>\n<\/div><\/div>\n\n\n\n<div class=\"wp-block-getwid-tabs__nav-link\"><span class=\"wp-block-getwid-tabs__title-wrapper\"><a href=\"#\"><span class=\"wp-block-getwid-tabs__title\">Sidan 9<\/span><\/a><\/span><\/div><div class=\"wp-block-getwid-tabs__tab-content-wrapper\"><div class=\"wp-block-getwid-tabs__tab-content\">\n<p><strong>Immigranter \u00e4r bra f\u00f6r Finlands offentliga finanser, visar ny studie | YLE, 6.11.2025<\/strong><br \/><em>\u201cDen allm\u00e4nna uppfattningen att invandrare \u00e4r en belastning f\u00f6r de offentliga finanserna \u00e4r felaktig\u201d, s\u00e4ger en av forskarna. Personer som talar fr\u00e4mmande spr\u00e5k utg\u00f6r cirka 10% av befolkningen, men erh\u00e5ller endast cirka 5% i socialbidrag och andra inkomst\u00f6verf\u00f6ringar.<\/em><br \/><a href=\"https:\/\/yle.fi\/a\/74-20192556\" title=\"\">L\u00e4s mer...<\/a><\/p>\n\n\n\n<div style=\"height:30px\" aria-hidden=\"true\" class=\"wp-block-spacer\"><\/div>\n\n\n\n<p><strong>Studie: invandrare betalar mer i skatt \u00e4n de f\u00e5r i bidrag | Helsinki Times, 4.11.2025<\/strong><br \/><em>Invandrare i Finland bidrar mer till de offentliga finanserna \u00e4n de kostar, enligt en ny rapport baserad p\u00e5 nationell statistik. Studien ifr\u00e5gas\u00e4tter vanliga p\u00e5st\u00e5enden om att invandring \u00e4r en belastning f\u00f6r v\u00e4lf\u00e4rdssystemet. Forskare vid Diaconia University of Applied Sciences publicerade rapporten p\u00e5 m\u00e5ndagen. Det \u00e4r den f\u00f6rsta omfattande statistiska \u00f6versynen av hur personer som talar fr\u00e4mmande spr\u00e5k p\u00e5verkar Finlands ekonomi och arbetsmarknad.<\/em><br \/><a href=\"https:\/\/www.helsinkitimes.fi\/176-information\/study\/28175-study-immigrants-pay-more-in-taxes-than-they-receive-in-benefits.html\" title=\"\">L\u00e4s mer...<\/a><\/p>\n\n\n\n<div style=\"height:30px\" aria-hidden=\"true\" class=\"wp-block-spacer\"><\/div>\n\n\n\n<p><strong>Juuka joutuu maksamaan 700 000 euron sakot, koska kunnassa ei ole ty\u00f6paikkoja | Helsingin Sanomat, 3.11.2025 (p\u00e5 finska)<\/strong><br \/><em>De s\u00e5 kallade arbetsl\u00f6shetsb\u00f6terna skakar nu kommunernas ekonomi, eftersom arbetsl\u00f6sheten \u00e4r den h\u00f6gsta p\u00e5 flera \u00e5r. Bakgrunden \u00e4r en f\u00f6r\u00e4ndring som tr\u00e4dde i kraft f\u00f6r ett \u00e5r sedan.<\/em><br \/><a href=\"https:\/\/www.hs.fi\/suomi\/art-2000011570780.html\" title=\"\">L\u00e4s mer...<\/a><\/p>\n\n\n\n<div style=\"height:30px\" aria-hidden=\"true\" class=\"wp-block-spacer\"><\/div>\n\n\n\n<p><strong>Nelj\u00e4 asiaa, joita rekrytoijat edellytt\u00e4v\u00e4t ty\u00f6nhakijoilta juuri nyt | Helsingin Sanomat, 29.10.2025 (p\u00e5 finska)<\/strong><br \/><em>Enligt Baronan rekryteringschef Kristiina Vormala kan man sticka ut fr\u00e5n m\u00e4ngden bland andra genom att ber\u00e4tta om sin favoritpodcast.<\/em><br \/><a href=\"https:\/\/www.hs.fi\/suomi\/art-2000011541271.html\" title=\"\">L\u00e4s mer...<\/a><\/p>\n\n\n\n<div style=\"height:30px\" aria-hidden=\"true\" class=\"wp-block-spacer\"><\/div>\n\n\n\n<p><strong>\u201dSeuraavaksi Nokiaksi\u201d hamuava sirufirma siirsi nyt p\u00e4\u00e4konttorinsa ulkomailta Tampereelle \u2013 eik\u00e4 se ole ainoa | YLE, 27.10.2025 (p\u00e5 finska)<\/strong><br \/><em>Halvledarf\u00f6retaget Furnaquantum flyttar sitt huvudkontor fr\u00e5n USA och sitt laboratorium fr\u00e5n Turkiet till Tammerfors. F\u00f6retaget lockades bland annat av Tammerfors chip-program och EU-finansiering.<\/em><br \/><a href=\"https:\/\/yle.fi\/a\/74-20190262\" title=\"\">L\u00e4s mer...<\/a><\/p>\n<\/div><\/div>\n\n\n\n<div class=\"wp-block-getwid-tabs__nav-link\"><span class=\"wp-block-getwid-tabs__title-wrapper\"><a href=\"#\"><span class=\"wp-block-getwid-tabs__title\">Sidan 10<\/span><\/a><\/span><\/div><div class=\"wp-block-getwid-tabs__tab-content-wrapper\"><div class=\"wp-block-getwid-tabs__tab-content\">\n<p><strong>Tutkija: Suurin osa rekrytointi\u00adfirmoista k\u00e4ytt\u00e4\u00e4 huuhaa-testej\u00e4 | YLE, 27.10.2025 (p\u00e5 finska)<\/strong><br \/><em>Har \u00e4ven ditt f\u00f6retag spridit new age-ledningsprinciper? Enligt forskningsgruppen har arbetsplatser \u00f6versv\u00e4mmats av pseudovetenskapliga principer som saknar forskningsm\u00e4ssig grund.<\/em><br \/><a href=\"https:\/\/yle.fi\/a\/74-20189871\" title=\"\">L\u00e4s mer...<\/a><\/p>\n\n\n\n<div style=\"height:30px\" aria-hidden=\"true\" class=\"wp-block-spacer\"><\/div>\n\n\n\n<p><strong>Tillg\u00e5ngen p\u00e5 utl\u00e4ndska v\u00e5rdpersonal sinar | YLE, 25.10.2025<\/strong><br \/><em>Antalet utl\u00e4nningar som s\u00f6ker sig till den finska v\u00e5rdsektorn har minskat drastiskt j\u00e4mf\u00f6rt med tidigare \u00e5r.<\/em><br \/><a href=\"https:\/\/yle.fi\/a\/74-20190371\" title=\"\">L\u00e4s mer...<\/a><\/p>\n\n\n\n<div style=\"height:30px\" aria-hidden=\"true\" class=\"wp-block-spacer\"><\/div>\n\n\n\n<p><strong>Regeringen n\u00e5r \u00f6verenskommelse om att l\u00e4tta p\u00e5 kraven f\u00f6r visstidsanst\u00e4llningar | YLE, 16.10.2025<\/strong><br \/><em>Om f\u00f6rslaget antas inneb\u00e4r det att arbetsgivare inte l\u00e4ngre beh\u00f6ver motivera varf\u00f6r de erbjuder en visstidsanst\u00e4llning i st\u00e4llet f\u00f6r en tillsvidareanst\u00e4llning.<\/em><br \/><a href=\"https:\/\/yle.fi\/a\/74-20188772\" title=\"\">L\u00e4s mer...<\/a><\/p>\n\n\n\n<div style=\"height:30px\" aria-hidden=\"true\" class=\"wp-block-spacer\"><\/div>\n\n\n\n<p><strong>Suomen kansalaisuutta ei en\u00e4\u00e4 saa, jos el\u00e4\u00e4 tuilla: T\u00e4t\u00e4 se k\u00e4yt\u00e4nn\u00f6ss\u00e4 tarkoittaa | Helsingin Sanomat, 16.10.2025<\/strong> <strong>(p\u00e5 finska)<\/strong><br \/><em>Vastaisuudessa kansalaisuutta hakeva ei saa olla ty\u00f6t\u00f6n. T\u00e4m\u00e4n arvioidaan johtavan siihen, ett\u00e4 hakemuksia hyl\u00e4t\u00e4\u00e4n mahdollisesti aiempaa enemm\u00e4n.<\/em><br \/><a href=\"https:\/\/www.hs.fi\/politiikka\/art-2000011563883.html\" title=\"\">L\u00e4s mer...<\/a><\/p>\n\n\n\n<div style=\"height:30px\" aria-hidden=\"true\" class=\"wp-block-spacer\"><\/div>\n\n\n\n<p><strong>EK: Et\u00e4ty\u00f6t hidastavat Suomen talouskasvua ja ankeuttavat keskustoja | Helsingin Sanomat, 6.10.2025 (p\u00e5 finska)<\/strong><br \/><em>Eurostatin selvitysten mukaan Suomessa tehd\u00e4\u00e4n muuhun Eurooppaan verrattuna paljon et\u00e4t\u00f6it\u00e4. EK:n j\u00e4senyritysten mielest\u00e4 se on uhka Suomen talouskasvulle.<\/em><br \/><a href=\"https:\/\/www.hs.fi\/talous\/art-2000011534125.html\" title=\"\">L\u00e4s mer...<\/a><\/p>\n<\/div><\/div>\n\n\n\n<div class=\"wp-block-getwid-tabs__nav-link\"><span class=\"wp-block-getwid-tabs__title-wrapper\"><a href=\"#\"><span class=\"wp-block-getwid-tabs__title\">Sidan 11<\/span><\/a><\/span><\/div><div class=\"wp-block-getwid-tabs__tab-content-wrapper\"><div class=\"wp-block-getwid-tabs__tab-content\">\n<p><strong>Ty\u00f6t katoavat suomalaisilta h\u00e4lytt\u00e4v\u00e4\u00e4 vauhtia - \u201dSuunta on hurja\u201d | Helsingin Sanomat, 30.9.2025 (p\u00e5 finska)<\/strong><br \/><em>Pitk\u00e4aikaisty\u00f6tt\u00f6myys kasvaa nyt erityisesti korkeakoulutettujen joukossa. Tilanne voi helpottaa vasta ensi vuoden lopulla, arvioi ekonomisti.<\/em><br \/><a href=\"https:\/\/www.hs.fi\/talous\/art-2000011503919.html\" title=\"\">L\u00e4s mer...<\/a><br \/><\/p>\n\n\n\n<div style=\"height:30px\" aria-hidden=\"true\" class=\"wp-block-spacer\"><\/div>\n\n\n\n<p><strong>Hallitus aikoo leikata ty\u00f6tt\u00f6myystukea maahanmuuttajilta, jotka eiv\u00e4t puhu suomea tai ruotsia | Helsingin Sanomat, 27.9.2025 (p\u00e5 finska)<\/strong><br \/><em>Maahanmuuttajien ty\u00f6tt\u00f6myystukea leikataan nettona enint\u00e4\u00e4n vajaat 50 euroa kuukaudessa. Tukea voisi nostaa todistamalla kielitaidon tai tekem\u00e4ll\u00e4 t\u00f6it\u00e4.<\/em><br \/><a href=\"https:\/\/www.hs.fi\/politiikka\/art-2000011522838.html\" title=\"\">L\u00e4s mer...<\/a><\/p>\n\n\n\n<div style=\"height:30px\" aria-hidden=\"true\" class=\"wp-block-spacer\"><\/div>\n\n\n\n<p><strong>Finland rapporterar de s\u00e4msta arbetsl\u00f6shetssiffrorna sedan 2009 | YLE, 23.9.2025<\/strong><br \/><em>\u00d6ver en kvarts miljon m\u00e4nniskor var arbetsl\u00f6sa i Finland f\u00f6rra m\u00e5naden, vilket inneb\u00e4r att arbetsl\u00f6sheten \u00e4r den h\u00f6gsta sedan Statistikcentralen b\u00f6rjade sammanst\u00e4lla arbetskraftsunders\u00f6kningen 2009.<\/em><br \/><a href=\"https:\/\/yle.fi\/a\/74-20184490\" title=\"\">L\u00e4s mer...<\/a><\/p>\n\n\n\n<div style=\"height:30px\" aria-hidden=\"true\" class=\"wp-block-spacer\"><\/div>\n\n\n\n<p><strong>Rapport: Studenter fr\u00e5n l\u00e4nder utanf\u00f6r EU i Finland studerar h\u00e5rdare men tj\u00e4nar mindre | Helsinki Times, 18.9.2025<\/strong><br \/><em>Studerande fr\u00e5n l\u00e4nder utanf\u00f6r EU som kommer till Finland f\u00f6r att studera avklarar fler studiepo\u00e4ng och utexamineras snabbare \u00e4n sina finl\u00e4ndska och europeiska studiekamrater, visar en ny rapport fr\u00e5n Statens ekonomiska forskningscentral VATT. Enligt rapporten avlade studerande med uppeh\u00e5llstillst\u00e5nd f\u00f6r studier i median 64 studiepo\u00e4ng under l\u00e4s\u00e5ret 2023-2024, medan \u00f6vriga studerande avlade 54 studiepo\u00e4ng. En heltidsstuderande i Finland f\u00f6rv\u00e4ntas avl\u00e4gga 60 studiepo\u00e4ng per \u00e5r.<\/em><br \/><a href=\"https:\/\/www.helsinkitimes.fi\/themes\/themes\/education\/27949-report-non-eu-students-in-finland-study-harder-but-earn-less.html\" title=\"\">L\u00e4s mer...<\/a><\/p>\n\n\n\n<div style=\"height:30px\" aria-hidden=\"true\" class=\"wp-block-spacer\"><\/div>\n\n\n\n<p><strong>Algerialainen l\u00e4\u00e4k\u00e4ri on odottanut kolme vuotta p\u00e4\u00e4sy\u00e4 kielitestiin Suomessa | Helsingin Sanomat, 17.9.2025 (p\u00e5 finska)<\/strong><br \/><em>Testej\u00e4 j\u00e4rjest\u00e4v\u00e4n Opetushallituksen mukaan kielitesteihin kannattaa hakeutua p\u00e4\u00e4kaupunkiseudun sijasta pienemm\u00e4lle paikkakunnalle, jos on kiire.<\/em><br \/><a href=\"https:\/\/www.hs.fi\/suomi\/art-2000011488960.html\" title=\"\">L\u00e4s mer...<\/a><\/p>\n<\/div><\/div>\n\n\n\n<div class=\"wp-block-getwid-tabs__nav-link\"><span class=\"wp-block-getwid-tabs__title-wrapper\"><a href=\"#\"><span class=\"wp-block-getwid-tabs__title\">Sidan 12<\/span><\/a><\/span><\/div><div class=\"wp-block-getwid-tabs__tab-content-wrapper\"><div class=\"wp-block-getwid-tabs__tab-content\">\n<p><strong>Sosiaalituet vain Suomen kansalaisille? Nyt puhuu vastuuministeri | Iltalehti, 16.9.2025 (p\u00e5 finska)<\/strong><br \/><em>Kelan medialle antamat tilastot vieraskielisten toimeentulotuen osuuksista puhuttavat. Sosiaaliturvaministeri Sanni Grahn-Laasonen (kok) ottaa nyt kantaa tilanteeseen. PS on vaatinut kansalaisuusperusteista sosiaaliturvaa, ja ministeri vastaa my\u00f6s heille.<\/em><br \/><a href=\"https:\/\/www.iltalehti.fi\/politiikka\/a\/943ddaa9-3c92-428c-842a-cb4c34897d41\" title=\"\">L\u00e4s mer...<\/a><\/p>\n\n\n\n<div style=\"height:30px\" aria-hidden=\"true\" class=\"wp-block-spacer\"><\/div>\n\n\n\n<p><strong>Espoossa keksittiin keino ty\u00f6llist\u00e4\u00e4 korkeakoulutettuja maahanmuuttajia poikkeuksellisen tehokkaasti | Helsingin Sanomat, 16.9.2025 (p\u00e5 finska)<\/strong><br \/><em>Espoon korkeakoulutettujen maahanmuuttajien osaamiskeskus on auttanut satoja p\u00e4\u00e4sem\u00e4\u00e4n kiinni suomalaiseen ty\u00f6el\u00e4m\u00e4\u00e4n. Taustalta paljastui poikkeuksellisen tiivis yhteisty\u00f6 tutkijoiden, kaupungin ja kansalaisten v\u00e4lill\u00e4.<\/em><br \/><a href=\"https:\/\/www.hs.fi\/talous\/art-2000011464113.html\" title=\"\">L\u00e4s mer...<\/a><\/p>\n\n\n\n<div style=\"height:30px\" aria-hidden=\"true\" class=\"wp-block-spacer\"><\/div>\n\n\n\n<p><strong>Intialainen Reena Jha on keksinyt, miten maahanmuuttajana saa Suomessa t\u00f6it\u00e4 | Helsingin Sanomat, 10.9.2025 (p\u00e5 finska)<\/strong><br \/><em>Verkostot, verkostot, verkostot. Ilman niit\u00e4 Suomessa on hankala saada oman alansa t\u00f6it\u00e4, jos on korkeakoulutettu maahanmuuttajanainen. N\u00e4in ajattelee Intiasta Suomeen vuonna 2018 muuttanut Reena Jha.<\/em><br \/><a href=\"https:\/\/www.hs.fi\/politiikka\/art-2000011472008.html\" title=\"\">L\u00e4s mer...<\/a><\/p>\n\n\n\n<div style=\"height:30px\" aria-hidden=\"true\" class=\"wp-block-spacer\"><\/div>\n\n\n\n<p><strong>M\u00e5nga h\u00f6gutbildade kvinnor upplever sk\u00e4rpta attityder | HBL, 10.9.2025<\/strong><br \/><em>En majoritet av de h\u00f6gutbildade invandrarkvinnorna upplever att samh\u00e4llsklimatet har blivit s\u00e4mre under de senaste \u00e5ren.<\/em><br \/><a href=\"https:\/\/www.hbl.fi\/2025-09-10\/manga-hogutbildade-kvinnor-upplever-skarpta-attityder\/\" title=\"\">L\u00e4s mer...<\/a><\/p>\n\n\n\n<div style=\"height:30px\" aria-hidden=\"true\" class=\"wp-block-spacer\"><\/div>\n\n\n\n<p><strong>Finl\u00e4ndska f\u00f6retag rekryterar f\u00e4rre arbetstagare fr\u00e5n utlandet, visar unders\u00f6kning | YLE, 9.9.2025<\/strong><br \/><em>Finl\u00e4ndska f\u00f6retag rekryterar allt f\u00e4rre medarbetare fr\u00e5n utlandet, visar en f\u00e4rsk unders\u00f6kning fr\u00e5n Centralhandelskammaren. F\u00f6rra \u00e5ret uppgav 37 procent av de tillfr\u00e5gade f\u00f6retagen att de hade anst\u00e4llt en internationell medarbetare under de senaste fem \u00e5ren. I \u00e5r har andelen sjunkit till endast 28 procent.<\/em><br \/><a href=\"https:\/\/yle.fi\/a\/74-20181858\" title=\"\">L\u00e4s mer...<\/a><\/p>\n<\/div><\/div>\n\n\n\n<div class=\"wp-block-getwid-tabs__nav-link\"><span class=\"wp-block-getwid-tabs__title-wrapper\"><a href=\"#\"><span class=\"wp-block-getwid-tabs__title\">Sida 13<\/span><\/a><\/span><\/div><div class=\"wp-block-getwid-tabs__tab-content-wrapper\"><div class=\"wp-block-getwid-tabs__tab-content\">\n<p><strong>Yle: Finska arbetsgivare g\u00f6mmer jobb f\u00f6r att undvika en flod av o\u00f6nskade ans\u00f6kningar | Helsinki Times, 8.9.2025<\/strong><br \/><em>Arbetsgivare i hela Finland annonserar inte l\u00e4ngre ut lediga tj\u00e4nster via officiella jobbportaler p\u00e5 grund av en kraftig \u00f6kning av antalet ans\u00f6kningar till f\u00f6ljd av obligatoriska regler f\u00f6r arbetss\u00f6kande. F\u00f6r\u00e4ndringen f\u00f6ljer p\u00e5 en lagstiftning som inf\u00f6rdes 2022 och som inneb\u00e4r att arbetsl\u00f6sa m\u00e5ste s\u00f6ka upp till fyra jobb per m\u00e5nad, oavsett om jobben \u00e4r tillg\u00e4ngliga eller relevanta. Regeln inf\u00f6rdes under Sanna Marins regering och kommer att sk\u00e4rpas ytterligare av den nuvarande regeringen under ledning av Petteri Orpo.<\/em><br \/><a href=\"https:\/\/www.helsinkitimes.fi\/finland\/finland-news\/domestic\/27871-yle-finnish-employers-hiding-jobs-to-avoid-flood-of-unwanted-applications.html\" title=\"\">L\u00e4s mer...<\/a><\/p>\n\n\n\n<div style=\"height:30px\" aria-hidden=\"true\" class=\"wp-block-spacer\"><\/div>\n\n\n\n<p><strong>Kaupungit ihmettelev\u00e4t kotouttamiskorvausten leikkausta: \u201dEi meill\u00e4 ole mahdollisuutta leikata n\u00e4ist\u00e4 palveluista\u201d | YLE, 4.9.2025 (p\u00e5 finska)<\/strong><br \/><em>Hallitus leikkaa kotouttamisen m\u00e4\u00e4r\u00e4rahoja 30 miljoonaa euroa. Kotouttaminen sis\u00e4lt\u00e4\u00e4 muun muassa kielikoulutusta ja ty\u00f6llistymisen edist\u00e4mist\u00e4. Kuntaliitossa kotouttamisen normienpurun onnistuminen huolestuttaa, koska nykyisist\u00e4 palveluista ei hallituksen mukaan saisi leikata. Helsinki ja Vantaa odottavat tarkempia tietoja leikkausten vaikutuksista ja toivovat yhteisty\u00f6t\u00e4 lains\u00e4\u00e4d\u00e4nt\u00f6muutoksissa.<\/em><br \/><a href=\"https:\/\/yle.fi\/a\/74-20180907\" title=\"\">L\u00e4s mer...<\/a><\/p>\n\n\n\n<div style=\"height:30px\" aria-hidden=\"true\" class=\"wp-block-spacer\"><\/div>\n\n\n\n<p><strong>Entist\u00e4 useampi ulkomainen osaaja miettii muuttoa pois Suomesta - Antonio Cannistr\u00e1 ja Gilles Monnet viihtyv\u00e4t | YLE, 2.9.2025<\/strong><br \/><em>Yh\u00e4 harvempi kansainv\u00e4linen huippuosaaja aikoo j\u00e4\u00e4d\u00e4 pysyv\u00e4sti Suomeen. W\u00e4rtsil\u00e4 on onnistunut luomaan pitovoimaa, jolla se saa ulkomaalaistaustaiset osaajat pidetty\u00e4 palveluksessa.<\/em><br \/><a href=\"https:\/\/yle.fi\/a\/74-20180073\" title=\"\">L\u00e4s mer...<\/a><\/p>\n\n\n\n<div style=\"height:30px\" aria-hidden=\"true\" class=\"wp-block-spacer\"><\/div>\n\n\n\n<p><strong>Syssels\u00e4ttningsdirekt\u00f6ren: Helsingfors lider av massarbetsl\u00f6shet | HBL, 1.9.2025 (P\u00e5 svenska)<\/strong><br \/><em>Arbetsl\u00f6sheten har inte varit s\u00e5 h\u00e4r sv\u00e5r i Helsingfors under 2000-talet, s\u00e4ger Annukka Sorjonen som leder stadens syssels\u00e4ttningstj\u00e4nster.<\/em><br \/><a href=\"https:\/\/www.hbl.fi\/2025-09-01\/sysselsattningsdirektoren-helsingfors-lider-av-massarbetsloshet\/\" title=\"\">L\u00e4s mer...<\/a><\/p>\n\n\n\n<div style=\"height:30px\" aria-hidden=\"true\" class=\"wp-block-spacer\"><\/div>\n\n\n\n<p><strong>\u201cVad \u00e4r det f\u00f6r mening med det?\u201d - Unders\u00f6kning visar att f\u00e4rre internationella tekniker planerar att stanna permanent i Finland | YLE, 28.8.2025<\/strong><br \/><em>Utl\u00e4ndska yrkesverksamma m\u00f6ter en tuff arbetsmarknad och integrationshinder, och den senaste unders\u00f6kningen inom tekniksektorn visar att mindre \u00e4n h\u00e4lften rekommenderar Finland som en plats att bo p\u00e5.<\/em><br \/><a href=\"https:\/\/yle.fi\/a\/74-20179700\" title=\"\">L\u00e4s mer...<\/a><\/p>\n<\/div><\/div>\n\n\n\n<div class=\"wp-block-getwid-tabs__nav-link\"><span class=\"wp-block-getwid-tabs__title-wrapper\"><a href=\"#\"><span class=\"wp-block-getwid-tabs__title\">Sida 14<\/span><\/a><\/span><\/div><div class=\"wp-block-getwid-tabs__tab-content-wrapper\"><div class=\"wp-block-getwid-tabs__tab-content\">\n<p><strong>Enligt en unders\u00f6kning planerar allt f\u00e4rre internationella experter att stanna permanent i Finland | TEK, 26.8.2025<\/strong><br \/><em>Finlands Ingenj\u00f6rsf\u00f6rbund rf och Finlands Akademiska Ingenj\u00f6rs- och Arkitektf\u00f6rbund TEK rf \u00e4r oroade \u00f6ver forskningsresultaten om internationella experters st\u00e4llning. F\u00f6rbunden f\u00f6resl\u00e5r metoder f\u00f6r att effektivare f\u00e5 de b\u00e4sta experterna i arbete och motivera dem att stanna i Finland.<\/em><br \/><a href=\"https:\/\/www.tek.fi\/en\/news-blogs\/survey-shows-increasingly-fewer-international-experts-plan-to-stay-in-finland-permanently\" title=\"\">L\u00e4s mer...<\/a><\/p>\n\n\n\n<div style=\"height:30px\" aria-hidden=\"true\" class=\"wp-block-spacer\"><\/div>\n\n\n\n<p><strong>Syssels\u00e4ttningen rasar bland m\u00e4n | HBL, 26.8.2025 (p\u00e5 svenska)<\/strong><br \/><em>Arbetsl\u00f6sheten forts\u00e4tter att \u00f6ka. N\u00e5gon snar f\u00f6rb\u00e4ttring \u00e4r inte i sikte, s\u00e4ger ekonomen Jukka Appelqvist.<\/em><br \/><a href=\"https:\/\/www.hbl.fi\/2025-08-26\/sysselsattningen-rasar-bland-man\/\" title=\"\">L\u00e4s mer...<\/a><\/p>\n\n\n\n<div style=\"height:30px\" aria-hidden=\"true\" class=\"wp-block-spacer\"><\/div>\n\n\n\n<p><strong>Maahan muuttaneet pedagogit oman alan t\u00f6ihin - \u201cTunnen itseni aina opettajaksi\u201d | Helsingfors stad, 18.8.2025 (p\u00e5 finska)<\/strong><br \/><em>Helsingin kaupungin koulutuspolku auttaa maahan muuttaneita opettajia ja varhaiskasvatuksen ammattilaisia l\u00f6yt\u00e4m\u00e4\u00e4n paikkansa suomalaisessa ty\u00f6el\u00e4m\u00e4ss\u00e4. Koulutuspolku toimii siltana ty\u00f6h\u00f6n Suomessa jo asuville, korkeakoulutetuille henkil\u00f6ille ja vastaa osaltaan my\u00f6s varhaiskasvatuksen opettajien henkil\u00f6st\u00f6pulaan.<\/em><br \/><a href=\"https:\/\/www.hel.fi\/fi\/uutiset\/maahan-muuttaneet-pedagogit-oman-alan-toihin-tunnen-itseni-aina-opettajaksi\" title=\"\">L\u00e4s mer...<\/a><\/p>\n\n\n\n<div style=\"height:30px\" aria-hidden=\"true\" class=\"wp-block-spacer\"><\/div>\n\n\n\n<p><strong>Suomessa korkeakoulutetuille ulkomaalaisille ei l\u00f6ydy en\u00e4\u00e4 t\u00f6it\u00e4 | Helsingin Sanomat, 5.8.2025 (p\u00e5 finska)<\/strong><br \/><em>Suomalaisten korkeakoulutettujen aivovuoto ei ole kasvava ongelma, tutkijat rauhoittelevat. Sen sijaan kansainv\u00e4liset osaajat ovat nyt vaarassa l\u00e4hte\u00e4 heikon ty\u00f6llisyystilanteen my\u00f6t\u00e4.<\/em><br \/><a href=\"https:\/\/www.hs.fi\/talous\/art-2000011405081.html\" title=\"\">L\u00e4s mer...<\/a><\/p>\n\n\n\n<div style=\"height:30px\" aria-hidden=\"true\" class=\"wp-block-spacer\"><\/div>\n\n\n\n<p><strong>Arbetsl\u00f6sheten i Finland \u00e4r n\u00e4st h\u00f6gst i EU | YLE, 31.7.2025<\/strong><br \/><em>Arbetsl\u00f6sheten i Finland (9,9%) har \u00f6kat kraftigt och \u00e4r nu en av de h\u00f6gsta i Europa, endast \u00f6vertr\u00e4ffad av Spanien (10,4%), enligt f\u00e4rska siffror fr\u00e5n Eurostat. Siffrorna markerar en f\u00f6r\u00e4ndring fr\u00e5n tidigare \u00e5r, d\u00e5 den h\u00f6ga arbetsl\u00f6sheten var koncentrerad till sydeuropeiska l\u00e4nder som Grekland, Portugal och Italien.<\/em><br \/><a href=\"https:\/\/yle.fi\/a\/74-20175260\" title=\"\">L\u00e4s mer...<\/a><br \/><\/p>\n<\/div><\/div>\n\n\n\n<div class=\"wp-block-getwid-tabs__nav-link\"><span class=\"wp-block-getwid-tabs__title-wrapper\"><a href=\"#\"><span class=\"wp-block-getwid-tabs__title\">Sidan 15<\/span><\/a><\/span><\/div><div class=\"wp-block-getwid-tabs__tab-content-wrapper\"><div class=\"wp-block-getwid-tabs__tab-content\">\n<p><strong>Uudenmaan ty\u00f6llisyyskatsaus: Pitk\u00e4aikaisty\u00f6tt\u00f6myys jatkoi kasvuaan | STT\/ELY-keskus, 22.7.2025 (p\u00e5 finska)<\/strong><br \/><em>Uudenmaan kes\u00e4kuuta koskeva ty\u00f6llisyyskatsaus on julkaistu. Sen mukaan Uudellamaalla oli ty\u00f6tt\u00f6mi\u00e4 ty\u00f6nhakijoita 15,6 % enemm\u00e4n kuin vuotta aiemmin. Kes\u00e4kuun lopussa alueella oli 116 209 ty\u00f6t\u00f6nt\u00e4 ty\u00f6nhakijaa, joista lomautettuja oli 5 219.<\/em><br \/><a href=\"https:\/\/www.sttinfo.fi\/tiedote\/71320657\/uudenmaan-tyollisyyskatsaus-pitkaaikaistyottomyys-jatkoi-kasvuaan?publisherId=69817887&amp;lang=en\" title=\"\">L\u00e4s mer...<\/a><\/p>\n\n\n\n<div style=\"height:30px\" aria-hidden=\"true\" class=\"wp-block-spacer\"><\/div>\n\n\n\n<p><strong>Rekordl\u00e5nga arbetsl\u00f6shetsperioder f\u00f6r arbetss\u00f6kande i Finland | Helsinki Times, 14.7.2025<\/strong><br \/><em>Den genomsnittliga arbetsl\u00f6shetstiden i Finland har n\u00e5tt en rekordh\u00f6g niv\u00e5 p\u00e5 70 veckor, enligt officiella siffror fr\u00e5n maj. Detta \u00e4r den l\u00e4ngsta perioden sedan den nationella m\u00e4tningen inleddes 2007. De senaste siffrorna visar p\u00e5 en v\u00e4xande \u00e5ldersskillnad. Unga vuxna i \u00e5ldern 20-24 \u00e5r f\u00f6rblir arbetsl\u00f6sa i genomsnitt 34 veckor. Personer i \u00e5ldern 60-64 \u00e5r m\u00e5ste nu s\u00f6ka jobb i mer \u00e4n 100 veckor.<\/em><br \/><a href=\"https:\/\/www.helsinkitimes.fi\/finland\/finland-news\/domestic\/27402-job-seekers-in-finland-face-record-long-unemployment-spells.html\" title=\"\">L\u00e4s mer...<\/a><\/p>\n\n\n\n<div style=\"height:30px\" aria-hidden=\"true\" class=\"wp-block-spacer\"><\/div>\n\n\n\n<p><strong>Sairaanhoitajakoulutuksen uudistus Helsingiss\u00e4 osoittautui menestykseksi, jolla voi olla vaikutusta my\u00f6s ty\u00f6voimapulaan | YLE, 23.6.2025 (p\u00e5 finska)<\/strong><br \/><em>Kaksikielisess\u00e4 sairaanhoitajakoulutuksessa suomi opitaan muun opetuksen ohella. Koulutus antaa opiskelijoille taidot ja tiedot, joita he tarvitsevat muuttuvassa ty\u00f6el\u00e4m\u00e4ss\u00e4.<\/em><br \/><a href=\"https:\/\/yle.fi\/a\/74-20166253\" title=\"\">L\u00e4s mer...<\/a><\/p>\n\n\n\n<div style=\"height:30px\" aria-hidden=\"true\" class=\"wp-block-spacer\"><\/div>\n\n\n\n<p><strong>Antalet experter som kommer till Finland har rasat - \u201dPolitiken skickar fel signal\u201d | HBL, 31.5.2025<\/strong><br \/><em>Antalet utl\u00e4ndska arbetstagare, experter och asyls\u00f6kande som kommer till Finland har sjunkit rej\u00e4lt. Samtidigt sk\u00e4rps lagstiftningen. Det \u00e4r kontraproduktivt, anser forskaren Pasi Saukkonen.<\/em><br \/><a href=\"https:\/\/www.hbl.fi\/2025-05-31\/antalet-experter-som-kommer-till-finland-har-rasat-politiken-skickar-fel-signal\/\" title=\"\">L\u00e4s mer...<\/a><\/p>\n\n\n\n<div style=\"height:30px\" aria-hidden=\"true\" class=\"wp-block-spacer\"><\/div>\n\n\n\n<p><strong>Den sista stora komponenten i det nya kundinformationssystemet f\u00f6r arbetsf\u00f6rmedling har framg\u00e5ngsrikt tagits i bruk | STT \/ KEHA-keskus, 27.5.2025<\/strong><br \/><em>I och med den senaste implementeringen har det nationella kundinformationssystemet f\u00f6r arbetsf\u00f6rmedlingarna f\u00f6rnyats helt och h\u00e5llet och det tidigare systemet har tagits ur bruk.<\/em><br \/><a href=\"https:\/\/www.sttinfo.fi\/tiedote\/71200415\/the-final-major-component-of-the-new-customer-information-system-for-employment-services-has-been-successfully-launched?publisherId=69821064&amp;lang=en\" title=\"\">L\u00e4s mer...<\/a><\/p>\n<\/div><\/div>\n\n\n\n<div class=\"wp-block-getwid-tabs__nav-link\"><span class=\"wp-block-getwid-tabs__title-wrapper\"><a href=\"#\"><span class=\"wp-block-getwid-tabs__title\">Sidan 16<\/span><\/a><\/span><\/div><div class=\"wp-block-getwid-tabs__tab-content-wrapper\"><div class=\"wp-block-getwid-tabs__tab-content\">\n<p><strong>Tutkimus: Maahanmuutto helpottaa julkisen talouden ongelmia, muttei ratkaise niit\u00e4 | YLE, 21.5.2025 (p\u00e5 finska)<\/strong><br \/><em>Kest\u00e4vyysvajeen paikkaaminen vaatisi ep\u00e4realistisen mittavaa maahanmuuttoa. Tutkijan mukaan pienipalkkainenkin maahanmuuttaja on silti julkisen talouden kannalta hy\u00f6dyllinen.<\/em><br \/><a href=\"https:\/\/yle.fi\/a\/74-20162896\" title=\"\">L\u00e4s mer...<\/a><\/p>\n\n\n\n<div style=\"height:30px\" aria-hidden=\"true\" class=\"wp-block-spacer\"><\/div>\n\n\n\n<p><strong>Polisen utreder finska st\u00e4df\u00f6retag f\u00f6r utpressning av filippinare | Helsinki Times, 29.4.2025<\/strong><br \/><em>Tv\u00e5 st\u00e4df\u00f6retag som \u00e4r verksamma i Finlands huvudstadsregion utreds f\u00f6r att ha tagit ut tusentals euro av filippinska arbetstagare i utbyte mot jobb som de aldrig fick. Polisen i Helsingfors avsl\u00f6jade p\u00e5 s\u00f6ndagen att det f\u00f6rsta fallet r\u00f6r en f\u00f6retagare som kr\u00e4vde mellan 4 000 och 5 000 euro av st\u00e4dare som rekryterats fr\u00e5n Filippinerna mellan 2021 och 2024. Betalningarna beskrevs som \u201cintr\u00e4desavgifter\u201d f\u00f6r anst\u00e4llningsavtal och hj\u00e4lp med att f\u00e5 uppeh\u00e5llstillst\u00e5nd.<\/em><br \/><a href=\"https:\/\/www.helsinkitimes.fi\/finland\/finland-news\/domestic\/26716-police-investigate-finnish-cleaning-companies-over-job-extortion-of-filipinos.html\" title=\"\">L\u00e4s mer...<\/a><\/p>\n\n\n\n<div style=\"height:30px\" aria-hidden=\"true\" class=\"wp-block-spacer\"><\/div>\n\n\n\n<p><strong>Finland pausar asylbeslut f\u00f6r syrier | Hufvudstadsbladet, 9.12.2024 (p\u00e5 svenska)<\/strong><br \/><em>Finland \u00e4r ett av m\u00e5nga europeiska l\u00e4nder som pausar hanteringen av asyl f\u00f6r syrier.<\/em><br \/><a href=\"https:\/\/www.hbl.fi\/2024-12-09\/yle-finland-pausar-asylbeslut-for-syrier\/\" title=\"\">L\u00e4s mer...<\/a><\/p>\n\n\n\n<div style=\"height:30px\" aria-hidden=\"true\" class=\"wp-block-spacer\"><\/div>\n\n\n\n<p><strong>Ty\u00f6tt\u00f6myysasteen trendi jo pahempi kuin koronapandemian aikaan: Ty\u00f6tt\u00f6mi\u00e4 kymmeni\u00e4 tuhansia enemm\u00e4n kuin vuosi sitten | Helsingin Sanomat, 26.11.2024 (p\u00e5 finska)<\/strong><br \/><em>Ty\u00f6tt\u00f6mi\u00e4 oli lokakuussa 38 000 enemm\u00e4n kuin vuosi sitten, kertoo Tilastokeskuksen ty\u00f6voimatutkimus.<\/em><br \/><a href=\"https:\/\/www.hs.fi\/politiikka\/art-2000010859054.html\" title=\"\">L\u00e4s mer...<\/a><\/p>\n\n\n\n<div style=\"height:30px\" aria-hidden=\"true\" class=\"wp-block-spacer\"><\/div>\n\n\n\n<p><strong>Ty\u00f6paikkoja on tarjolla aiempaa v\u00e4hemm\u00e4n | Helsingin Sanomat, 18.11.2024 (p\u00e5 finska)<\/strong><br \/><em>Tilastokeskuksen mukaan Suomessa oli syksyll\u00e4 avoinna 34 600 ty\u00f6paikkaa.<\/em><br \/><a href=\"https:\/\/www.hs.fi\/talous\/art-2000010840790.html\" title=\"\">L\u00e4s mer...<\/a><\/p>\n<\/div><\/div>\n\n\n\n<div class=\"wp-block-getwid-tabs__nav-link\"><span class=\"wp-block-getwid-tabs__title-wrapper\"><a href=\"#\"><span class=\"wp-block-getwid-tabs__title\">Sidan 17<\/span><\/a><\/span><\/div><div class=\"wp-block-getwid-tabs__tab-content-wrapper\"><div class=\"wp-block-getwid-tabs__tab-content\">\n<p><strong>Jerzy Jasielec opiskeli suomen sijaan ruotsin kielen - \u201dSuomen kieli on kuin laulua\u201d | Helsingin Sanomat, 13.11.2024 (p\u00e5 finska)<\/strong><br \/><em>Puolalainen Jerzy Jasielec muutti Turkuun ja p\u00e4\u00e4tti opiskella ruotsin kielt\u00e4 suomen kielen sijaan. H\u00e4nen mukaansa valinta on j\u00e4rkev\u00e4 etenkin niille, jotka osaavat entuudestaan englantia.<\/em><br \/><a href=\"https:\/\/www.hs.fi\/alueet\/art-2000010793312.html\" title=\"\">L\u00e4s mer...<\/a><\/p>\n\n\n\n<div style=\"height:30px\" aria-hidden=\"true\" class=\"wp-block-spacer\"><\/div>\n\n\n\n<p><strong>Rekordstor invandrad f\u00f6retagare: Jag skulle inte vara h\u00e4r med 3-m\u00e5nadersregeln | YLE, 10.11.2024<\/strong><br \/><em>Iranskf\u00f6dda Saber Kordestanchi blev historisk p\u00e5 Finlands skattelista f\u00f6r 2023 och rankades som landets 11:e h\u00f6gst betalda - den h\u00f6gsta positionen som en invandrare n\u00e5gonsin n\u00e5tt.<\/em><br \/><a href=\"https:\/\/yle.fi\/a\/74-20123552\" title=\"\">L\u00e4s mer...<\/a><\/p>\n\n\n\n<div style=\"height:30px\" aria-hidden=\"true\" class=\"wp-block-spacer\"><\/div>\n\n\n\n<p><strong>Utbildningsministern \u201cs\u00e4ker p\u00e5\u201d att Finland inf\u00f6r engelskspr\u00e5kig studentexamen senast 2028 | YLE, 4.11.2024<\/strong><br \/><em>Gymnasieexamen finns f\u00f6r n\u00e4rvarande endast p\u00e5 finska eller svenska, men det har funnits en v\u00e4xande efterfr\u00e5gan p\u00e5 att erbjuda vissa gymnasieelever m\u00f6jligheten att ta den p\u00e5 engelska.<\/em><br \/><a href=\"https:\/\/yle.fi\/a\/74-20121822\" title=\"\">L\u00e4s mer...<\/a><\/p>\n\n\n\n<div style=\"height:30px\" aria-hidden=\"true\" class=\"wp-block-spacer\"><\/div>\n\n\n\n<p><strong>Sluta sjabbla bort chansen att f\u00e5 v\u00e5rdpersonal till Finland | Hufvudstadsbladet, 1.11.2024 (p\u00e5 svenska)<\/strong><br \/>Ledare i efterdynigarna av <em>Attendoskadalen<\/em> om vikten av att ta vara p\u00e5 utl\u00e4ndsk kompetens<br \/><a href=\"https:\/\/www.hbl.fi\/2024-11-01\/sluta-sjabbla-bort-chanserna-att-fa-vardpersonal-till-finland\/\" title=\"\">L\u00e4s mer...<\/a><\/p>\n\n\n\n<div style=\"height:30px\" aria-hidden=\"true\" class=\"wp-block-spacer\"><\/div>\n\n\n\n<p><strong>Karri\u00e4rdagen ger fart \u00e5t att hitta svenskspr\u00e5kigt jobb | Helsingfors stad, 29.10.2024 (p\u00e5 svenska)<\/strong><br \/><em>Beh\u00f6ver du hj\u00e4lp med att hitta ett svenskspr\u00e5kigt jobb? Eller \u00e4r du intresserad av svenskspr\u00e5kiga integrationstj\u00e4nster? Om du svarade ja p\u00e5 n\u00e5gon av eller b\u00e5da fr\u00e5gorna, s\u00e5 \u00e4r Karri\u00e4rdagen just f\u00f6r dig.<\/em><a href=\"https:\/\/www.hel.fi\/sv\/nyheter\/karriardagen-ger-fart-at-att-hitta-svensksprakigt-jobb\" title=\"\"><br \/>L\u00e4s mer...<\/a><\/p>\n<\/div><\/div>\n\n\n\n<div class=\"wp-block-getwid-tabs__nav-link\"><span class=\"wp-block-getwid-tabs__title-wrapper\"><a href=\"#\"><span class=\"wp-block-getwid-tabs__title\">Sidan 18<\/span><\/a><\/span><\/div><div class=\"wp-block-getwid-tabs__tab-content-wrapper\"><div class=\"wp-block-getwid-tabs__tab-content\">\n<p><strong>Aidas dr\u00f6mjobb p\u00e5 Attendo blev en mardr\u00f6m - nu \u00e4r hon heml\u00f6s i Finland | YLE, 28.10.2024<\/strong><br \/><em>Artikel om ett av offren f\u00f6r Attendos misslyckade rekrytering av etiopier inom v\u00e5rdbranschen.<\/em><br \/><a href=\"https:\/\/svenska.yle.fi\/a\/7-10065131\" title=\"\">L\u00e4s mer...<\/a><\/p>\n\n\n\n<div style=\"height:30px\" aria-hidden=\"true\" class=\"wp-block-spacer\"><\/div>\n\n\n\n<p><strong>Miksi korkeakoulutetut ulkomaalaiset eiv\u00e4t l\u00f6yd\u00e4 Suomessa koulutusta vastaavaa ty\u00f6t\u00e4? \u201dTy\u00f6nantajilla itsetutkiskelun paikka\u201d | Helsingin Sanomat, 26.10.2024 (p\u00e5 finska)<\/strong><br \/><em>Miksi on n\u00e4in, ett\u00e4 korkeakoulututkinnon Suomessa suorittaneet muualta t\u00e4nne tulleet eiv\u00e4t ty\u00f6markkinoilla kelpaa, kysyy Akavan puheenjohtaja Maria L\u00f6fgren.<\/em><br \/><a href=\"https:\/\/www.hs.fi\/suomi\/art-2000010789415.html\" title=\"\">L\u00e4s mer...<\/a><\/p>\n\n\n\n<div style=\"height:30px\" aria-hidden=\"true\" class=\"wp-block-spacer\"><\/div>\n\n\n\n<p><strong>Marianne Green har arbetat med svenskspr\u00e5kig integration i Borg\u00e5 i \u00f6ver tio \u00e5r: \u201dDet handlar om m\u00e4nniskan bakom spr\u00e5ket\u201d | YLE, 25.10.2024 (p\u00e5 svenska)<\/strong><br \/><em>Integration i \u00d6stnyland. B\u00e5de svenska och finska har sina f\u00f6r- och nackdelar. Individuellt vad som fungerar b\u00e4st.<\/em><br \/><a href=\"https:\/\/svenska.yle.fi\/a\/7-10065796\" title=\"\">L\u00e4s mer...<\/a><\/p>\n\n\n\n<div style=\"height:30px\" aria-hidden=\"true\" class=\"wp-block-spacer\"><\/div>\n\n\n\n<p><strong>Risto Murto Ylelle: Uuden v\u00e4est\u00f6ennusteen toteutuminen olisi \u201disoin positiivinen uutinen vuosikymmeniin\u201d | Helsingin Sanomat, 24.10.2024 (p\u00e5 finska)<\/strong><br \/><em>Ty\u00f6el\u00e4kevakuutusyhti\u00f6 Varman toimitusjohtaja Risto Murto kehottaa varautumaan Tilastokeskuksen uutta v\u00e4est\u00f6ennustetta maltillisempaan v\u00e4est\u00f6n kehitykseen.<\/em><br \/><a href=\"https:\/\/www.hs.fi\/politiikka\/art-2000010786196.html\" title=\"\">L\u00e4s mer...<\/a><\/p>\n\n\n\n<div style=\"height:30px\" aria-hidden=\"true\" class=\"wp-block-spacer\"><\/div>\n\n\n\n<p><strong>Suomen v\u00e4kiluku romahtaisi 20 vuodessa ilman maahanmuuttoa - Katso kotipaikkasi ennuste | Helsingin Sanomat, 24.10.2024 (p\u00e5 finska)<\/strong><br \/><em>Vuoden 2024 v\u00e4est\u00f6ennuste on optimistisempi kuin Tilastokeskuksen kaksi aikaisempaa ennustetta. Katso hakukoneesta, miten oman kuntasi v\u00e4est\u00f6n odotetaan kehittyv\u00e4n.<\/em><br \/><a href=\"https:\/\/www.hs.fi\/suomi\/art-2000010783710.html\" title=\"\">L\u00e4s mer...<\/a><\/p>\n<\/div><\/div>\n\n\n\n<div class=\"wp-block-getwid-tabs__nav-link\"><span class=\"wp-block-getwid-tabs__title-wrapper\"><a href=\"#\"><span class=\"wp-block-getwid-tabs__title\">Sidan 19<\/span><\/a><\/span><\/div><div class=\"wp-block-getwid-tabs__tab-content-wrapper\"><div class=\"wp-block-getwid-tabs__tab-content\">\n<p><strong>Ty\u00f6tt\u00f6mi\u00e4 30 000 enemm\u00e4n kuin vuosi sitten | YLE, 22.10.2024 (p\u00e5 finska)<\/strong><br \/><em>Ty\u00f6tt\u00f6mi\u00e4 ty\u00f6nhakijoita oli syyskuun lopussa 29 900 enemm\u00e4n kuin vastaavaan aikaan viime vuonna, kertoo ty\u00f6- ja elinkeinoministeri\u00f6. Ty\u00f6tt\u00f6mi\u00e4 ty\u00f6nhakijoita oli syyskuun lopussa yhteens\u00e4 279 700.<\/em><br \/><a href=\"https:\/\/yle.fi\/a\/74-20119343\" title=\"\">L\u00e4s mer...<\/a><\/p>\n\n\n\n<div style=\"height:30px\" aria-hidden=\"true\" class=\"wp-block-spacer\"><\/div>\n\n\n\n<p><strong>Kielitieteilij\u00e4 v\u00e4itti, ettei maahanmuuttajien \u201deliitti\u201d vaivaudu opiskelemaan suomea - Asiantuntijat vastaavat | Helsingin Sanomat, 21.10.2024 (p\u00e5 finska)<\/strong><br \/><em>Janne Saarikivi v\u00e4itti, etteiv\u00e4t korkeasti koulutetut maahanmuuttajat halua opiskella suomea ja ett\u00e4 taksikuskillakin voi olla parempi kielitaito kuin professorilla. Pit\u00e4\u00e4k\u00f6 se paikkansa?<\/em><br \/><a href=\"https:\/\/www.hs.fi\/suomi\/art-2000010776000.html\" title=\"\">L\u00e4s mer...<\/a><\/p>\n\n\n\n<div style=\"height:30px\" aria-hidden=\"true\" class=\"wp-block-spacer\"><\/div>\n\n\n\n<p><strong>Ulkomaalaisten ty\u00f6tt\u00f6mien maassaolo kiristyy suunnitellun mukaisesti | YLE, 17.10.2024 (p\u00e5 finska)<\/strong><br \/><em>Ty\u00f6ministeri Arto Satonen (kok.) kertoi t\u00e4n\u00e4\u00e4n hallituksen lakiesityksest\u00e4, jolla kiristet\u00e4\u00e4n ulkomaalaisten ty\u00f6tt\u00f6mien maassaoloa.<\/em><br \/><a href=\"https:\/\/yle.fi\/a\/74-20118218\" title=\"\">L\u00e4s mer...<\/a><\/p>\n\n\n\n<div style=\"height:30px\" aria-hidden=\"true\" class=\"wp-block-spacer\"><\/div>\n\n\n\n<p><strong>USU: Maahanmuuttovirastossa enn\u00e4tyksellinen suma - taustalla Orpon hallituksen p\u00e4\u00e4t\u00f6s | Ilta-Sanomat, 14.10.2024 (p\u00e5 finska)<\/strong><br \/><em>Suomen kansalaisuutta haki syyskuussa 2 124 ihmist\u00e4. Se on enemm\u00e4n kuin kertaakaan aiemmin yhden kuukauden aikana, uutisoi Uutissuomalainen.<\/em><br \/><a href=\"https:\/\/www.is.fi\/politiikka\/art-2000010760831.html\" title=\"\">L\u00e4s mer...<\/a><\/p>\n\n\n\n<div style=\"height:30px\" aria-hidden=\"true\" class=\"wp-block-spacer\"><\/div>\n\n\n\n<p><strong>Trots lag\u00e4ndring tar v\u00e4gen till finskt medborgarskap 5 \u00e5r f\u00f6r de flesta | YLE, 4.10.2024<\/strong><br \/><em>Trots den senaste tidens retorik om att \u00f6ka bos\u00e4ttningskraven till \u00e5tta \u00e5r kan de flesta inv\u00e5nare ans\u00f6ka om finskt medborgarskap efter fem \u00e5r i Finland.<\/em><br \/><a href=\"https:\/\/yle.fi\/a\/74-20115856\" title=\"\">L\u00e4s mer...<\/a><\/p>\n<\/div><\/div>\n\n\n\n<div class=\"wp-block-getwid-tabs__nav-link\"><span class=\"wp-block-getwid-tabs__title-wrapper\"><a href=\"#\"><span class=\"wp-block-getwid-tabs__title\">Sidan 20<\/span><\/a><\/span><\/div><div class=\"wp-block-getwid-tabs__tab-content-wrapper\"><div class=\"wp-block-getwid-tabs__tab-content\">\n<p><strong>Huolestuttava Pisa-tulos julki - Li Anderssonilta n\u00e4p\u00e4ytys Riikka Purralle | Ilta-Sanomat, 30.9.2024 (p\u00e5 finska)<\/strong><br \/><em>Uudet Pisa-tulokset viitoittivat huolestuttavia tietoja maahanmuuttajataustaisista oppilaista.<\/em><br \/><a href=\"https:\/\/www.is.fi\/politiikka\/art-2000010731280.html\" title=\"\">L\u00e4s mer...<\/a><\/p>\n\n\n\n<div style=\"height:30px\" aria-hidden=\"true\" class=\"wp-block-spacer\"><\/div>\n\n\n\n<p><strong>Poliisi ep\u00e4ilee t\u00f6rke\u00e4\u00e4 kiskontaa - jopa 200 etiopialaiselta hoiva-alan ty\u00f6ntekij\u00e4lt\u00e4 perittiin tuhansien eurojen kynnysraha | YLE, 24.9.2024 (p\u00e5 finska)<\/strong><br \/><em>Poliisin mukaan suomalainen yritys osti vuonna 2021 henkil\u00f6st\u00f6palveluyritykselt\u00e4 rekrytoinnin, jonka tavoitteena oli palkata Suomeen 1 000 hoiva-alan ty\u00f6ntekij\u00e4\u00e4 Etiopiasta. Ty\u00f6ntekij\u00f6iden saavuttua Suomeen ty\u00f6nantajalle ja henkil\u00f6st\u00f6palveluyritykselle selvisi poliisin mukaan, ett\u00e4 osa hoitajista oli joutunut maksamaan tuhansien eurojen ennakkomaksun p\u00e4\u00e4ep\u00e4illylle ja t\u00e4m\u00e4n etiopialaiselle yritykselle.<\/em><br \/><a href=\"https:\/\/yle.fi\/a\/74-20113599\" title=\"\">L\u00e4s mer...<\/a><\/p>\n\n\n\n<div style=\"height:30px\" aria-hidden=\"true\" class=\"wp-block-spacer\"><\/div>\n\n\n\n<p><strong>\u201dMerkitt\u00e4v\u00e4 parannus\u201d joutuu leikkuriin: Hallitus v\u00e4hent\u00e4\u00e4 vanhusten avustajia | Helsingin Sanomat, 23.9.2024 (p\u00e5 finska)<\/strong><br \/><em>Kun henkil\u00f6st\u00f6mitoitus laskee, viranomaiset kehottavat v\u00e4hent\u00e4m\u00e4\u00e4n ennemmin hoiva-avustajia kuin pidemm\u00e4lle koulutettuja sote-ammattilaisia.<\/em><br \/><a href=\"https:\/\/www.hs.fi\/politiikka\/art-2000010691366.html\" title=\"\">L\u00e4s mer...<\/a><\/p>\n\n\n\n<div style=\"height:30px\" aria-hidden=\"true\" class=\"wp-block-spacer\"><\/div>\n\n\n\n<p><strong>Kauppakamarikysely: Hallitus saa yrityksilt\u00e4 arvosanan 7 ty\u00f6voiman saatavuuteen liittyv\u00e4st\u00e4 politiikastaan | Centralhandelskammaren, 19.9.2024 (p\u00e5 finska)<\/strong><br \/><em>Yritykset antavat kouluarvosanaksi hallitukselle 6,7 eli \u201d7-\u201d osaavan ty\u00f6voiman saatavuuteen liittyv\u00e4st\u00e4 politiikasta. Edellisen kerran kouluarvosanaa kysyttiin vuonna 2021 Marinin hallituskaudella ja t\u00e4ll\u00f6in kouluarvosanaksi muodostui \u201d6\u201d. Asia ilmenee Keskuskauppakamarin osaajakyselyst\u00e4, johon vastasi noin tuhat yrityst\u00e4 elo-syyskuun vaihteessa.<\/em><br \/><a href=\"https:\/\/kauppakamari.fi\/tiedote\/kauppakamarikysely-hallitus-saa-yrityksilta-arvosanan-7-tyovoiman-saatavuuteen-liittyvasta-politiikastaan\/\" title=\"\">L\u00e4s mer...<\/a><\/p>\n\n\n\n<div style=\"height:30px\" aria-hidden=\"true\" class=\"wp-block-spacer\"><\/div>\n\n\n\n<p><strong>Ty\u00f6nantajatutkimus: Mahdollisuus ty\u00f6skennell\u00e4 englanniksi on v\u00e4hentynyt Suomessa | Helsingin Sanomat, 12.9.2024 (p\u00e5 finska)<\/strong><br \/><em>Ty\u00f6voimapula on hellitt\u00e4nyt, sanoo henkil\u00f6st\u00f6vuokrausyhti\u00f6 Baronan johtaja Elina Koskela.<\/em><br \/><a href=\"https:\/\/www.hs.fi\/talous\/art-2000010691549.html\" title=\"\">L\u00e4s mer...<\/a><br \/><\/p>\n<\/div><\/div>\n\n\n\n<div class=\"wp-block-getwid-tabs__nav-link\"><span class=\"wp-block-getwid-tabs__title-wrapper\"><a href=\"#\"><span class=\"wp-block-getwid-tabs__title\">Page 21<\/span><\/a><\/span><\/div><div class=\"wp-block-getwid-tabs__tab-content-wrapper\"><div class=\"wp-block-getwid-tabs__tab-content\">\n<p><strong>Utl\u00e4nningar inblandade i 60% av Finlands patent | YLE, 12.9.2024<\/strong><br \/><em>Finska f\u00f6retag och institutioner l\u00e4mnar \u00e5rligen in tusentals internationella patentans\u00f6kningar, och utl\u00e4ndska uppfinnare spelar en allt st\u00f6rre roll.<\/em><br \/><a href=\"https:\/\/yle.fi\/a\/74-20111093\" title=\"\">L\u00e4s mer...<\/a>.<\/p>\n\n\n\n<div style=\"height:30px\" aria-hidden=\"true\" class=\"wp-block-spacer\"><\/div>\n\n\n\n<p><strong>\u00c4ndringar i utl\u00e4nningslagen som p\u00e5verkar asylans\u00f6kningar<\/strong> <strong>| Migrationsverket i Finland, 30.8.2024<\/strong><br \/><em>Fr\u00e5n och med den 1 september 2024 kan de finska gr\u00e4nskontrollmyndigheterna h\u00e4nvisa asyls\u00f6kande vid Finlands yttre gr\u00e4nser till ett gr\u00e4nsf\u00f6rfarande. Gr\u00e4nsf\u00f6rfarandet kan till\u00e4mpas n\u00e4r de grunder som framf\u00f6rs i en asylans\u00f6kan tyder p\u00e5 att Migrationsverket kan avvisa ans\u00f6kan eller anv\u00e4nda ett p\u00e5skyndat f\u00f6rfarande f\u00f6r att behandla ans\u00f6kan.<\/em><br \/><a href=\"https:\/\/migri.fi\/en\/-\/finnish-immigration-service-may-apply-border-procedure-to-asylum-applications-as-of-1-september-2024\" title=\"\">L\u00e4s mer...<\/a><\/p>\n\n\n\n<div style=\"height:30px\" aria-hidden=\"true\" class=\"wp-block-spacer\"><\/div>\n\n\n\n<p><strong>\u00c4ndringar i ans\u00f6kan om f\u00f6rsta uppeh\u00e5llstillst\u00e5nd | Migrationsverket, 30.8.2024<\/strong><br \/><em>Fr\u00e5n och med den 1 september 2024 kommer \u00e4ndringar i utl\u00e4nningslagen att inf\u00f6ra str\u00e4ngare krav f\u00f6r utf\u00e4rdande av uppeh\u00e5llstillst\u00e5nd. Detta meddelande inneh\u00e5ller information om situationer d\u00e4r vi inte n\u00f6dv\u00e4ndigtvis kommer att utf\u00e4rda ett uppeh\u00e5llstillst\u00e5nd.<\/em><br \/><a href=\"https:\/\/migri.fi\/en\/-\/information-about-stricter-requirements-for-issuing-residence-permits\" title=\"\">L\u00e4s mer...<\/a><\/p>\n<\/div><\/div>\n<\/div>\n\n\n\n<p><\/p>\n\n\n\n<div class=\"wp-block-group is-layout-grid wp-container-core-group-is-layout-478b6e6b wp-block-group-is-layout-grid\">\n<div class=\"wp-block-cover\"><img loading=\"lazy\" decoding=\"async\" width=\"1500\" height=\"990\" sizes=\"auto, (max-width: 799px) 200vw, (max-width: 2560px) 100vw, 2560px\" class=\"wp-block-cover__image-background wp-image-23770 size-large\" alt=\"\" src=\"https:\/\/integration.luckan.fi\/wp-content\/uploads\/2025\/08\/zoshua-colah-3L3wWzhAOdY-unsplash-1-1500x990.jpg\" data-object-fit=\"cover\" srcset=\"https:\/\/integration.luckan.fi\/wp-content\/uploads\/2025\/08\/zoshua-colah-3L3wWzhAOdY-unsplash-1-1500x990.jpg 1500w, https:\/\/integration.luckan.fi\/wp-content\/uploads\/2025\/08\/zoshua-colah-3L3wWzhAOdY-unsplash-1-1200x792.jpg 1200w, https:\/\/integration.luckan.fi\/wp-content\/uploads\/2025\/08\/zoshua-colah-3L3wWzhAOdY-unsplash-1-455x300.jpg 455w, https:\/\/integration.luckan.fi\/wp-content\/uploads\/2025\/08\/zoshua-colah-3L3wWzhAOdY-unsplash-1-768x507.jpg 768w, https:\/\/integration.luckan.fi\/wp-content\/uploads\/2025\/08\/zoshua-colah-3L3wWzhAOdY-unsplash-1-1536x1013.jpg 1536w, https:\/\/integration.luckan.fi\/wp-content\/uploads\/2025\/08\/zoshua-colah-3L3wWzhAOdY-unsplash-1-2048x1351.jpg 2048w, https:\/\/integration.luckan.fi\/wp-content\/uploads\/2025\/08\/zoshua-colah-3L3wWzhAOdY-unsplash-1-18x12.jpg 18w, https:\/\/integration.luckan.fi\/wp-content\/uploads\/2025\/08\/zoshua-colah-3L3wWzhAOdY-unsplash-1-200x132.jpg 200w, https:\/\/integration.luckan.fi\/wp-content\/uploads\/2025\/08\/zoshua-colah-3L3wWzhAOdY-unsplash-1-150x99.jpg 150w, https:\/\/integration.luckan.fi\/wp-content\/uploads\/2025\/08\/zoshua-colah-3L3wWzhAOdY-unsplash-1-1568x1034.jpg 1568w\" \/><span aria-hidden=\"true\" class=\"wp-block-cover__background has-background-dim\" style=\"background-color:#816952\"><\/span><div class=\"wp-block-cover__inner-container is-layout-constrained wp-block-cover-is-layout-constrained\">\n<p class=\"has-text-align-center has-large-font-size\"><a href=\"https:\/\/integration.luckan.fi\/jobbuddies-materials\/\" title=\"\">Forskning &amp; artiklar<\/a><\/p>\n<\/div><\/div>\n\n\n\n<div class=\"wp-block-cover is-light\"><img loading=\"lazy\" decoding=\"async\" width=\"1500\" height=\"1000\" sizes=\"auto, (max-width: 799px) 200vw, (max-width: 2560px) 100vw, 2560px\" class=\"wp-block-cover__image-background wp-image-23600 size-large\" alt=\"\" src=\"https:\/\/integration.luckan.fi\/wp-content\/uploads\/2025\/06\/andrew-neel-cckf4TsHAuw-unsplash-1500x1000.jpg\" data-object-fit=\"cover\" srcset=\"https:\/\/integration.luckan.fi\/wp-content\/uploads\/2025\/06\/andrew-neel-cckf4TsHAuw-unsplash-1500x1000.jpg 1500w, https:\/\/integration.luckan.fi\/wp-content\/uploads\/2025\/06\/andrew-neel-cckf4TsHAuw-unsplash-1200x800.jpg 1200w, https:\/\/integration.luckan.fi\/wp-content\/uploads\/2025\/06\/andrew-neel-cckf4TsHAuw-unsplash-450x300.jpg 450w, https:\/\/integration.luckan.fi\/wp-content\/uploads\/2025\/06\/andrew-neel-cckf4TsHAuw-unsplash-768x512.jpg 768w, https:\/\/integration.luckan.fi\/wp-content\/uploads\/2025\/06\/andrew-neel-cckf4TsHAuw-unsplash-1536x1024.jpg 1536w, https:\/\/integration.luckan.fi\/wp-content\/uploads\/2025\/06\/andrew-neel-cckf4TsHAuw-unsplash-2048x1365.jpg 2048w, https:\/\/integration.luckan.fi\/wp-content\/uploads\/2025\/06\/andrew-neel-cckf4TsHAuw-unsplash-18x12.jpg 18w, https:\/\/integration.luckan.fi\/wp-content\/uploads\/2025\/06\/andrew-neel-cckf4TsHAuw-unsplash-200x133.jpg 200w, https:\/\/integration.luckan.fi\/wp-content\/uploads\/2025\/06\/andrew-neel-cckf4TsHAuw-unsplash-150x100.jpg 150w, https:\/\/integration.luckan.fi\/wp-content\/uploads\/2025\/06\/andrew-neel-cckf4TsHAuw-unsplash-1568x1045.jpg 1568w\" \/><span aria-hidden=\"true\" class=\"wp-block-cover__background has-background-dim\" style=\"background-color:#91867f\"><\/span><div class=\"wp-block-cover__inner-container is-layout-flow wp-block-cover-is-layout-flow\">\n<p class=\"has-large-font-size\"><a href=\"https:\/\/integration.luckan.fi\/jobbuddies-blogs\/\" title=\"\">Bloggar<\/a><\/p>\n<\/div><\/div>\n<\/div>\n\n\n\n<div class=\"wp-block-group alignfull\"><div class=\"wp-block-group__inner-container is-layout-constrained wp-block-group-is-layout-constrained\">\n<figure class=\"wp-block-gallery alignwide has-nested-images columns-5 tw-gutter-medium tw-valign-center wp-block-gallery-4 is-layout-flex wp-block-gallery-is-layout-flex\">\n<figure class=\"wp-block-image size-large tw-width-100\"><img loading=\"lazy\" decoding=\"async\" width=\"1500\" height=\"333\" data-id=\"23160\" src=\"https:\/\/integration.luckan.fi\/wp-content\/uploads\/2024\/09\/SV_Co-fundedbytheEU_RGB_POS-1500x333.png\" alt=\"\" class=\"wp-image-23160\" srcset=\"https:\/\/integration.luckan.fi\/wp-content\/uploads\/2024\/09\/SV_Co-fundedbytheEU_RGB_POS-1500x333.png 1500w, https:\/\/integration.luckan.fi\/wp-content\/uploads\/2024\/09\/SV_Co-fundedbytheEU_RGB_POS-1200x266.png 1200w, https:\/\/integration.luckan.fi\/wp-content\/uploads\/2024\/09\/SV_Co-fundedbytheEU_RGB_POS-500x111.png 500w, https:\/\/integration.luckan.fi\/wp-content\/uploads\/2024\/09\/SV_Co-fundedbytheEU_RGB_POS-768x170.png 768w, https:\/\/integration.luckan.fi\/wp-content\/uploads\/2024\/09\/SV_Co-fundedbytheEU_RGB_POS-1536x341.png 1536w, https:\/\/integration.luckan.fi\/wp-content\/uploads\/2024\/09\/SV_Co-fundedbytheEU_RGB_POS-2048x455.png 2048w, https:\/\/integration.luckan.fi\/wp-content\/uploads\/2024\/09\/SV_Co-fundedbytheEU_RGB_POS-18x4.png 18w, https:\/\/integration.luckan.fi\/wp-content\/uploads\/2024\/09\/SV_Co-fundedbytheEU_RGB_POS-200x44.png 200w, https:\/\/integration.luckan.fi\/wp-content\/uploads\/2024\/09\/SV_Co-fundedbytheEU_RGB_POS-150x33.png 150w, https:\/\/integration.luckan.fi\/wp-content\/uploads\/2024\/09\/SV_Co-fundedbytheEU_RGB_POS-1568x348.png 1568w\" sizes=\"auto, (max-width: 1500px) 100vw, 1500px\" \/><\/figure>\n\n\n\n<figure class=\"wp-block-image size-large\"><img loading=\"lazy\" decoding=\"async\" width=\"1500\" height=\"450\" data-id=\"23158\" src=\"https:\/\/integration.luckan.fi\/wp-content\/uploads\/2024\/09\/STM_Logo_Rahoitus_SV-1500x450.png\" alt=\"\" class=\"wp-image-23158\" srcset=\"https:\/\/integration.luckan.fi\/wp-content\/uploads\/2024\/09\/STM_Logo_Rahoitus_SV-1500x450.png 1500w, https:\/\/integration.luckan.fi\/wp-content\/uploads\/2024\/09\/STM_Logo_Rahoitus_SV-1200x360.png 1200w, https:\/\/integration.luckan.fi\/wp-content\/uploads\/2024\/09\/STM_Logo_Rahoitus_SV-500x150.png 500w, https:\/\/integration.luckan.fi\/wp-content\/uploads\/2024\/09\/STM_Logo_Rahoitus_SV-768x230.png 768w, https:\/\/integration.luckan.fi\/wp-content\/uploads\/2024\/09\/STM_Logo_Rahoitus_SV-1536x461.png 1536w, https:\/\/integration.luckan.fi\/wp-content\/uploads\/2024\/09\/STM_Logo_Rahoitus_SV-2048x614.png 2048w, https:\/\/integration.luckan.fi\/wp-content\/uploads\/2024\/09\/STM_Logo_Rahoitus_SV-18x5.png 18w, https:\/\/integration.luckan.fi\/wp-content\/uploads\/2024\/09\/STM_Logo_Rahoitus_SV-200x60.png 200w, https:\/\/integration.luckan.fi\/wp-content\/uploads\/2024\/09\/STM_Logo_Rahoitus_SV-150x45.png 150w, https:\/\/integration.luckan.fi\/wp-content\/uploads\/2024\/09\/STM_Logo_Rahoitus_SV-1568x470.png 1568w\" sizes=\"auto, (max-width: 1500px) 100vw, 1500px\" \/><\/figure>\n\n\n\n<figure class=\"wp-block-image size-thumbnail\"><img loading=\"lazy\" decoding=\"async\" width=\"500\" height=\"121\" data-id=\"22922\" src=\"https:\/\/integration.luckan.fi\/wp-content\/uploads\/2024\/09\/Svenska_kulturfonden_logo_horisontell_svart_RGB-500x121.png\" alt=\"\" class=\"wp-image-22922\" srcset=\"https:\/\/integration.luckan.fi\/wp-content\/uploads\/2024\/09\/Svenska_kulturfonden_logo_horisontell_svart_RGB-500x121.png 500w, https:\/\/integration.luckan.fi\/wp-content\/uploads\/2024\/09\/Svenska_kulturfonden_logo_horisontell_svart_RGB-768x185.png 768w, https:\/\/integration.luckan.fi\/wp-content\/uploads\/2024\/09\/Svenska_kulturfonden_logo_horisontell_svart_RGB-18x4.png 18w, https:\/\/integration.luckan.fi\/wp-content\/uploads\/2024\/09\/Svenska_kulturfonden_logo_horisontell_svart_RGB-200x48.png 200w, https:\/\/integration.luckan.fi\/wp-content\/uploads\/2024\/09\/Svenska_kulturfonden_logo_horisontell_svart_RGB-150x36.png 150w, https:\/\/integration.luckan.fi\/wp-content\/uploads\/2024\/09\/Svenska_kulturfonden_logo_horisontell_svart_RGB.png 998w\" sizes=\"auto, (max-width: 500px) 100vw, 500px\" \/><\/figure>\n\n\n\n<figure class=\"wp-block-image size-thumbnail\"><img loading=\"lazy\" decoding=\"async\" width=\"500\" height=\"144\" data-id=\"22920\" src=\"https:\/\/integration.luckan.fi\/wp-content\/uploads\/2024\/09\/E-Gsparbank_webb-klar-500x144.png\" alt=\"\" class=\"wp-image-22920\" srcset=\"https:\/\/integration.luckan.fi\/wp-content\/uploads\/2024\/09\/E-Gsparbank_webb-klar-500x144.png 500w, https:\/\/integration.luckan.fi\/wp-content\/uploads\/2024\/09\/E-Gsparbank_webb-klar-18x5.png 18w, https:\/\/integration.luckan.fi\/wp-content\/uploads\/2024\/09\/E-Gsparbank_webb-klar-200x58.png 200w, https:\/\/integration.luckan.fi\/wp-content\/uploads\/2024\/09\/E-Gsparbank_webb-klar-150x43.png 150w, https:\/\/integration.luckan.fi\/wp-content\/uploads\/2024\/09\/E-Gsparbank_webb-klar.png 730w\" sizes=\"auto, (max-width: 500px) 100vw, 500px\" \/><\/figure>\n\n\n\n<figure class=\"wp-block-image size-large\"><img loading=\"lazy\" decoding=\"async\" width=\"1500\" height=\"176\" data-id=\"23022\" src=\"https:\/\/integration.luckan.fi\/wp-content\/uploads\/2024\/09\/FINSVE_symboli_logo_RGB_vaaka_highres-1500x176.jpg\" alt=\"\" class=\"wp-image-23022\" srcset=\"https:\/\/integration.luckan.fi\/wp-content\/uploads\/2024\/09\/FINSVE_symboli_logo_RGB_vaaka_highres-1500x176.jpg 1500w, https:\/\/integration.luckan.fi\/wp-content\/uploads\/2024\/09\/FINSVE_symboli_logo_RGB_vaaka_highres-1200x141.jpg 1200w, https:\/\/integration.luckan.fi\/wp-content\/uploads\/2024\/09\/FINSVE_symboli_logo_RGB_vaaka_highres-500x59.jpg 500w, https:\/\/integration.luckan.fi\/wp-content\/uploads\/2024\/09\/FINSVE_symboli_logo_RGB_vaaka_highres-768x90.jpg 768w, https:\/\/integration.luckan.fi\/wp-content\/uploads\/2024\/09\/FINSVE_symboli_logo_RGB_vaaka_highres-1536x181.jpg 1536w, https:\/\/integration.luckan.fi\/wp-content\/uploads\/2024\/09\/FINSVE_symboli_logo_RGB_vaaka_highres-2048x241.jpg 2048w, https:\/\/integration.luckan.fi\/wp-content\/uploads\/2024\/09\/FINSVE_symboli_logo_RGB_vaaka_highres-18x2.jpg 18w, https:\/\/integration.luckan.fi\/wp-content\/uploads\/2024\/09\/FINSVE_symboli_logo_RGB_vaaka_highres-200x24.jpg 200w, https:\/\/integration.luckan.fi\/wp-content\/uploads\/2024\/09\/FINSVE_symboli_logo_RGB_vaaka_highres-150x18.jpg 150w, https:\/\/integration.luckan.fi\/wp-content\/uploads\/2024\/09\/FINSVE_symboli_logo_RGB_vaaka_highres-1568x184.jpg 1568w\" sizes=\"auto, (max-width: 1500px) 100vw, 1500px\" \/><\/figure>\n<\/figure>\n<\/div><\/div>","protected":false},"excerpt":{"rendered":"<p>News Media Here you can find news relevant to Finnish immigration discourse<\/p>","protected":false},"author":36,"featured_media":0,"parent":0,"menu_order":0,"comment_status":"closed","ping_status":"closed","template":"tw-no-title.php","meta":{"om_disable_all_campaigns":false,"inline_featured_image":false,"ghostkit_customizer_options":"","ghostkit_custom_css":"","ghostkit_custom_js_head":"","ghostkit_custom_js_foot":"","ghostkit_typography":"","_monsterinsights_skip_tracking":false,"_monsterinsights_sitenote_active":false,"_monsterinsights_sitenote_note":"","_monsterinsights_sitenote_category":0,"cybocfi_hide_featured_image":"","footnotes":""},"class_list":["post-23769","page","type-page","status-publish","hentry","entry"],"aioseo_notices":[],"featured_image_src":null,"_links":{"self":[{"href":"https:\/\/integration.luckan.fi\/sv\/wp-json\/wp\/v2\/pages\/23769","targetHints":{"allow":["GET"]}}],"collection":[{"href":"https:\/\/integration.luckan.fi\/sv\/wp-json\/wp\/v2\/pages"}],"about":[{"href":"https:\/\/integration.luckan.fi\/sv\/wp-json\/wp\/v2\/types\/page"}],"author":[{"embeddable":true,"href":"https:\/\/integration.luckan.fi\/sv\/wp-json\/wp\/v2\/users\/36"}],"replies":[{"embeddable":true,"href":"https:\/\/integration.luckan.fi\/sv\/wp-json\/wp\/v2\/comments?post=23769"}],"version-history":[{"count":58,"href":"https:\/\/integration.luckan.fi\/sv\/wp-json\/wp\/v2\/pages\/23769\/revisions"}],"predecessor-version":[{"id":24570,"href":"https:\/\/integration.luckan.fi\/sv\/wp-json\/wp\/v2\/pages\/23769\/revisions\/24570"}],"wp:attachment":[{"href":"https:\/\/integration.luckan.fi\/sv\/wp-json\/wp\/v2\/media?parent=23769"}],"curies":[{"name":"wp","href":"https:\/\/api.w.org\/{rel}","templated":true}]}}