{"id":24617,"date":"2026-05-12T13:45:28","date_gmt":"2026-05-12T10:45:28","guid":{"rendered":"https:\/\/integration.luckan.fi\/?page_id=24617"},"modified":"2026-08-24T16:22:27","modified_gmt":"2026-08-24T13:22:27","slug":"swedish-in-finland","status":"publish","type":"page","link":"https:\/\/integration.luckan.fi\/sv\/swedish-in-finland\/","title":{"rendered":"Svenska i Finland"},"content":{"rendered":"<div class=\"wp-block-media-text alignfull has-media-on-the-right is-stacked-on-mobile is-vertically-aligned-center is-image-fill-element has-background tw-stack-md tw-media-bottom\" style=\"background-color:#9decb6;padding-top:0;padding-bottom:0;grid-template-columns:auto 56%\"><div class=\"wp-block-media-text__content\">\n<h1 id=\"kompetenscentret-for-svensk-integration\" class=\"wp-block-heading tw-mt-0 has-h-2-font-size\">V\u00e4lkommen till din v\u00e4g in i det finska samh\u00e4llet p\u00e5 svenska!<\/h1>\n\n\n\n<p class=\"wp-block-paragraph\">Finland \u00e4r ett stolt tv\u00e5spr\u00e5kigt land d\u00e4r svenskan utg\u00f6r en levande och central del av v\u00e5rt samh\u00e4lle, yrkesliv och kultur. Att v\u00e4lja att integrera sig p\u00e5 svenska \u00e4r ett val som \u00f6ppnar unika d\u00f6rrar till det svenskspr\u00e5kiga n\u00e4tverket, utbildningsv\u00e4garna och arbetsmarknaden, s\u00e4rskilt i regioner som Nyland, \u00c5boland och \u00d6sterbotten.<\/p>\n\n\n\n<p class=\"wp-block-paragraph\"><em>(Visste du att det \u00e4r ett m\u00e5l i den nuvarande regeringsplanen att \u00f6ka andelen invandrare som integreras i det svenska samh\u00e4llet till 5\u201310 procent?)<\/em><\/p>\n<\/div><figure class=\"wp-block-media-text__media\"><img loading=\"lazy\" decoding=\"async\" width=\"1250\" height=\"808\" src=\"https:\/\/integration.luckan.fi\/wp-content\/uploads\/2021\/02\/DSC08129-2-1250x808.jpg\" alt=\"\" class=\"wp-image-14149 size-rta_thumb_cropped_1250x808\" style=\"object-position:50% 50%\" srcset=\"https:\/\/integration.luckan.fi\/wp-content\/uploads\/2021\/02\/DSC08129-2-1250x808.jpg 1250w, https:\/\/integration.luckan.fi\/wp-content\/uploads\/2021\/02\/DSC08129-2-768x497.jpg 768w\" sizes=\"auto, (max-width: 1250px) 100vw, 1250px\" \/><\/figure><\/div>\n\n\n\n<div class=\"wp-block-media-text alignwide is-stacked-on-mobile is-image-fill-element\" style=\"padding-top:0;padding-right:0;padding-bottom:0;padding-left:0;grid-template-columns:56% auto\"><figure class=\"wp-block-media-text__media\"><img loading=\"lazy\" decoding=\"async\" width=\"1500\" height=\"1000\" src=\"https:\/\/integration.luckan.fi\/wp-content\/uploads\/2025\/01\/IMG_5332-1-1500x1000.jpg\" alt=\"\" class=\"wp-image-23360 size-full\" style=\"object-position:50% 50%\" srcset=\"https:\/\/integration.luckan.fi\/wp-content\/uploads\/2025\/01\/IMG_5332-1-1500x1000.jpg 1500w, https:\/\/integration.luckan.fi\/wp-content\/uploads\/2025\/01\/IMG_5332-1-1200x800.jpg 1200w, https:\/\/integration.luckan.fi\/wp-content\/uploads\/2025\/01\/IMG_5332-1-450x300.jpg 450w, https:\/\/integration.luckan.fi\/wp-content\/uploads\/2025\/01\/IMG_5332-1-768x512.jpg 768w, https:\/\/integration.luckan.fi\/wp-content\/uploads\/2025\/01\/IMG_5332-1-1536x1024.jpg 1536w, https:\/\/integration.luckan.fi\/wp-content\/uploads\/2025\/01\/IMG_5332-1-2048x1366.jpg 2048w, https:\/\/integration.luckan.fi\/wp-content\/uploads\/2025\/01\/IMG_5332-1-18x12.jpg 18w, https:\/\/integration.luckan.fi\/wp-content\/uploads\/2025\/01\/IMG_5332-1-200x133.jpg 200w, https:\/\/integration.luckan.fi\/wp-content\/uploads\/2025\/01\/IMG_5332-1-150x100.jpg 150w, https:\/\/integration.luckan.fi\/wp-content\/uploads\/2025\/01\/IMG_5332-1-1568x1046.jpg 1568w\" sizes=\"auto, (max-width: 1500px) 100vw, 1500px\" \/><\/figure><div class=\"wp-block-media-text__content\">\n<h2 class=\"wp-block-heading\">G\u00e5r det att integrera via svenska?<\/h2>\n\n\n\n<p class=\"wp-block-paragraph\">Ja, absolut. I Finland f\u00e5r du sj\u00e4lv v\u00e4lja hur du vill integreras. Svenska har varit en del av det finska samh\u00e4llet i \u00e5rhundraden och har fullt st\u00f6d i lagstiftningen. Oavsett om det g\u00e4ller introduktionen, n\u00e4r du utarbetar din integrationsplan eller genom vidareutbildning \u2013 valet \u00e4r ditt, och kommunerna \u00e4r skyldiga att g\u00f6ra det m\u00f6jligt f\u00f6r dig att v\u00e4lja.<\/p>\n\n\n\n<p class=\"wp-block-paragraph\">Svenska \u00e4r ett officiellt spr\u00e5k i Finland, och du har laglig r\u00e4tt att v\u00e4lja det som din v\u00e4g till integration i varje skede av processen.<\/p>\n<\/div><\/div>\n\n\n\n<div class=\"wp-block-media-text alignwide has-media-on-the-right is-stacked-on-mobile is-image-fill-element\" style=\"padding-top:0;padding-right:0;padding-bottom:0;padding-left:0;grid-template-columns:auto 56%\"><div class=\"wp-block-media-text__content\">\n<h2 class=\"wp-block-heading\">Vad s\u00e4ger lagen om integration p\u00e5 svenska?<\/h2>\n\n\n\n<p class=\"wp-block-paragraph\">Enligt den finska integrationslagen (<em>Lagen om fr\u00e4mjande av invandrares integration<\/em>), enligt finsk lag har du r\u00e4tt att integrera dig genom svenska. <\/p>\n\n\n\n<ul class=\"wp-block-list\">\n<li>Om du har en integrationsplan och ska g\u00e5 en integrationskurs har du r\u00e4tt att v\u00e4lja mellan svenska och finska. <\/li>\n\n\n\n<li>Om du ans\u00f6ker om finskt medborgarskap eller permanent uppeh\u00e5llstillst\u00e5nd kan du g\u00f6ra YKI-provet p\u00e5 antingen svenska eller finska. <\/li>\n<\/ul>\n<\/div><figure class=\"wp-block-media-text__media\"><img loading=\"lazy\" decoding=\"async\" width=\"1500\" height=\"1000\" src=\"https:\/\/integration.luckan.fi\/wp-content\/uploads\/2026\/04\/IMG_5939-3-1500x1000.jpg\" alt=\"\" class=\"wp-image-24542 size-full\" style=\"object-position:48% 48%\" srcset=\"https:\/\/integration.luckan.fi\/wp-content\/uploads\/2026\/04\/IMG_5939-3-1500x1000.jpg 1500w, https:\/\/integration.luckan.fi\/wp-content\/uploads\/2026\/04\/IMG_5939-3-1200x800.jpg 1200w, https:\/\/integration.luckan.fi\/wp-content\/uploads\/2026\/04\/IMG_5939-3-450x300.jpg 450w, https:\/\/integration.luckan.fi\/wp-content\/uploads\/2026\/04\/IMG_5939-3-768x512.jpg 768w, https:\/\/integration.luckan.fi\/wp-content\/uploads\/2026\/04\/IMG_5939-3-1536x1024.jpg 1536w, https:\/\/integration.luckan.fi\/wp-content\/uploads\/2026\/04\/IMG_5939-3-2048x1365.jpg 2048w, https:\/\/integration.luckan.fi\/wp-content\/uploads\/2026\/04\/IMG_5939-3-18x12.jpg 18w, https:\/\/integration.luckan.fi\/wp-content\/uploads\/2026\/04\/IMG_5939-3-200x133.jpg 200w, https:\/\/integration.luckan.fi\/wp-content\/uploads\/2026\/04\/IMG_5939-3-150x100.jpg 150w, https:\/\/integration.luckan.fi\/wp-content\/uploads\/2026\/04\/IMG_5939-3-1568x1045.jpg 1568w\" sizes=\"auto, (max-width: 1500px) 100vw, 1500px\" \/><\/figure><\/div>\n\n\n\n<div class=\"wp-block-group alignfull has-background\" style=\"background-color:#9decb6;padding-top:var(--wp--preset--spacing--50);padding-bottom:var(--wp--preset--spacing--20)\"><div class=\"wp-block-group__inner-container is-layout-flow wp-block-group-is-layout-flow\">\n<div style=\"height:6px\" aria-hidden=\"true\" class=\"wp-block-spacer\"><\/div>\n\n\n\n<h2 class=\"wp-block-heading alignwide\" id=\"the-process\">Vi \u00e4r dina experter p\u00e5 att integrera sig p\u00e5 svenska i huvudstadsregionen!<\/h2>\n\n\n\n<p class=\"alignwide wp-block-paragraph\">Luckan Integration finns h\u00e4r f\u00f6r b\u00e5de stora och sm\u00e5 fr\u00e5gor. Oavsett om det g\u00e4ller jobb, utbildning eller fritidsaktiviteter p\u00e5 svenska har vi f\u00f6rmodligen svaret. Du kan l\u00e4sa den information vi har samlat p\u00e5 v\u00e5r webbplats eller kontakta oss f\u00f6r att hitta den aktivitet som passar just dig. <\/p>\n\n\n\n<div class=\"wp-block-columns alignwide is-layout-flex wp-container-core-columns-is-layout-7387b849 wp-block-columns-is-layout-flex\">\n<div class=\"wp-block-column is-layout-flow wp-block-column-is-layout-flow\">\n<div class=\"wp-block-buttons is-layout-flex wp-block-buttons-is-layout-flex\">\n<div class=\"wp-block-button is-style-fill\"><a class=\"wp-block-button__link has-white-background-color has-background wp-element-button\" href=\"https:\/\/integration.luckan.fi\/help\/\">JAG VILL DELTA I AKTIVITETERNA<\/a><\/div>\n<\/div>\n<\/div>\n\n\n\n<div class=\"wp-block-column is-layout-flow wp-block-column-is-layout-flow\">\n<div class=\"wp-block-buttons is-layout-flex wp-block-buttons-is-layout-flex\">\n<div class=\"wp-block-button\"><a class=\"wp-block-button__link has-white-background-color has-background wp-element-button\" href=\"https:\/\/integration.luckan.fi\/integratinginswedish\/\">JAG VILL L\u00c4SA INFORMATIONEN P\u00c5 N\u00c4TET<\/a><\/div>\n<\/div>\n<\/div>\n<\/div>\n\n\n\n<div style=\"height:23px\" aria-hidden=\"true\" class=\"wp-block-spacer\"><\/div>\n<\/div><\/div>\n\n\n\n<div style=\"height:14px\" aria-hidden=\"true\" class=\"wp-block-spacer\"><\/div>","protected":false},"excerpt":{"rendered":"<p>V\u00e4lkommen till din v\u00e4g in i det finska samh\u00e4llet p\u00e5 svenska! Finland \u00e4r ett stolt tv\u00e5spr\u00e5kigt land d\u00e4r svenskan utg\u00f6r en levande och central del av v\u00e5rt samh\u00e4lle, yrkesliv och kultur. Att v\u00e4lja att integrera sig p\u00e5 svenska \u00e4r ett val som \u00f6ppnar unika d\u00f6rrar till det svenskspr\u00e5kiga n\u00e4tverket, utbildningsv\u00e4garna och arbetsmarknaden, s\u00e4rskilt i regioner\u2026 <a class=\"more-link\" href=\"https:\/\/integration.luckan.fi\/sv\/swedish-in-finland\/\">Forts\u00e4tt l\u00e4sa <span class=\"screen-reader-text\">Svenska i Finland<\/span><\/a><\/p>","protected":false},"author":1,"featured_media":0,"parent":0,"menu_order":0,"comment_status":"closed","ping_status":"closed","template":"tw-no-title.php","meta":{"om_disable_all_campaigns":false,"inline_featured_image":false,"ghostkit_customizer_options":"","ghostkit_custom_css":"","ghostkit_custom_js_head":"","ghostkit_custom_js_foot":"","ghostkit_typography":"","_monsterinsights_skip_tracking":false,"cybocfi_hide_featured_image":"","footnotes":""},"class_list":["post-24617","page","type-page","status-publish","hentry","entry"],"aioseo_notices":[],"aioseo_head":"\n\t\t<!-- All in One SEO 5.0.1.1 - aioseo.com -->\n\t<meta name=\"description\" content=\"Welcome to your pathway into Finnish society in Swedish! Finland is a proudly bilingual country where Swedish forms a vibrant and central part of our society, professional life and culture. Choosing to integrate in Swedish is an option that opens unique doors to the Swedish-speaking network, educational pathways and the labour market, particularly in regions\" \/>\n\t<meta name=\"robots\" content=\"max-image-preview:large\" \/>\n\t<link rel=\"canonical\" href=\"https:\/\/integration.luckan.fi\/sv\/swedish-in-finland\/\" \/>\n\t<meta name=\"generator\" content=\"All in One SEO (AIOSEO) 5.0.1.1\" \/>\n\t\t<meta property=\"og:locale\" content=\"sv_SE\" \/>\n\t\t<meta property=\"og:site_name\" content=\"Luckan Integration - Welcome to Finland\" \/>\n\t\t<meta property=\"og:type\" content=\"article\" \/>\n\t\t<meta property=\"og:title\" content=\"Swedish in Finland - Luckan Integration\" \/>\n\t\t<meta property=\"og:description\" content=\"Welcome to your pathway into Finnish society in Swedish! Finland is a proudly bilingual country where Swedish forms a vibrant and central part of our society, professional life and culture. Choosing to integrate in Swedish is an option that opens unique doors to the Swedish-speaking network, educational pathways and the labour market, particularly in regions\" \/>\n\t\t<meta property=\"og:url\" content=\"https:\/\/integration.luckan.fi\/sv\/swedish-in-finland\/\" \/>\n\t\t<meta property=\"og:image\" content=\"https:\/\/integration.luckan.fi\/wp-content\/uploads\/2021\/05\/Luckan-Logo-Integration-1.png\" \/>\n\t\t<meta property=\"og:image:secure_url\" content=\"https:\/\/integration.luckan.fi\/wp-content\/uploads\/2021\/05\/Luckan-Logo-Integration-1.png\" \/>\n\t\t<meta property=\"og:image:width\" content=\"250\" \/>\n\t\t<meta property=\"og:image:height\" content=\"130\" \/>\n\t\t<meta property=\"article:published_time\" content=\"2026-05-12T10:45:28+00:00\" \/>\n\t\t<meta property=\"article:modified_time\" content=\"2026-08-24T13:22:27+00:00\" \/>\n\t\t<meta name=\"twitter:card\" content=\"summary_large_image\" \/>\n\t\t<meta name=\"twitter:title\" content=\"Swedish in Finland - Luckan Integration\" \/>\n\t\t<meta name=\"twitter:description\" content=\"Welcome to your pathway into Finnish society in Swedish! Finland is a proudly bilingual country where Swedish forms a vibrant and central part of our society, professional life and culture. Choosing to integrate in Swedish is an option that opens unique doors to the Swedish-speaking network, educational pathways and the labour market, particularly in regions\" \/>\n\t\t<meta name=\"twitter:image\" content=\"https:\/\/integration.luckan.fi\/wp-content\/uploads\/2021\/05\/Luckan-Logo-Integration-1.png\" \/>\n\t\t<script type=\"application\/ld+json\" class=\"aioseo-schema\">\n\t\t\t{\"@context\":\"https:\\\/\\\/schema.org\",\"@graph\":[{\"@type\":\"BreadcrumbList\",\"@id\":\"https:\\\/\\\/integration.luckan.fi\\\/sv\\\/swedish-in-finland\\\/#breadcrumblist\",\"itemListElement\":[{\"@type\":\"ListItem\",\"@id\":\"https:\\\/\\\/integration.luckan.fi\\\/sv#listItem\",\"position\":1,\"name\":\"Home\",\"item\":\"https:\\\/\\\/integration.luckan.fi\\\/sv\",\"nextItem\":{\"@type\":\"ListItem\",\"@id\":\"https:\\\/\\\/integration.luckan.fi\\\/sv\\\/swedish-in-finland\\\/#listItem\",\"name\":\"Swedish in Finland\"}},{\"@type\":\"ListItem\",\"@id\":\"https:\\\/\\\/integration.luckan.fi\\\/sv\\\/swedish-in-finland\\\/#listItem\",\"position\":2,\"name\":\"Swedish in Finland\",\"previousItem\":{\"@type\":\"ListItem\",\"@id\":\"https:\\\/\\\/integration.luckan.fi\\\/sv#listItem\",\"name\":\"Home\"}}]},{\"@type\":\"Organization\",\"@id\":\"https:\\\/\\\/integration.luckan.fi\\\/sv\\\/#organization\",\"name\":\"Luckan Integration\",\"description\":\"Welcome to Finland\",\"url\":\"https:\\\/\\\/integration.luckan.fi\\\/sv\\\/\",\"logo\":{\"@type\":\"ImageObject\",\"url\":\"https:\\\/\\\/integration.luckan.fi\\\/wp-content\\\/uploads\\\/2021\\\/05\\\/Luckan-Logo-Integration-1.png\",\"@id\":\"https:\\\/\\\/integration.luckan.fi\\\/sv\\\/swedish-in-finland\\\/#organizationLogo\",\"width\":250,\"height\":130,\"caption\":\"Luckan Integration\"},\"image\":{\"@id\":\"https:\\\/\\\/integration.luckan.fi\\\/sv\\\/swedish-in-finland\\\/#organizationLogo\"}},{\"@type\":\"WebPage\",\"@id\":\"https:\\\/\\\/integration.luckan.fi\\\/sv\\\/swedish-in-finland\\\/#webpage\",\"url\":\"https:\\\/\\\/integration.luckan.fi\\\/sv\\\/swedish-in-finland\\\/\",\"name\":\"Swedish in Finland - Luckan Integration\",\"description\":\"Welcome to your pathway into Finnish society in Swedish! Finland is a proudly bilingual country where Swedish forms a vibrant and central part of our society, professional life and culture. Choosing to integrate in Swedish is an option that opens unique doors to the Swedish-speaking network, educational pathways and the labour market, particularly in regions\",\"inLanguage\":\"sv-SE\",\"isPartOf\":{\"@id\":\"https:\\\/\\\/integration.luckan.fi\\\/sv\\\/#website\"},\"breadcrumb\":{\"@id\":\"https:\\\/\\\/integration.luckan.fi\\\/sv\\\/swedish-in-finland\\\/#breadcrumblist\"},\"datePublished\":\"2026-05-12T13:45:28+03:00\",\"dateModified\":\"2026-08-24T16:22:27+03:00\"},{\"@type\":\"WebSite\",\"@id\":\"https:\\\/\\\/integration.luckan.fi\\\/sv\\\/#website\",\"url\":\"https:\\\/\\\/integration.luckan.fi\\\/sv\\\/\",\"name\":\"Luckan Integration\",\"description\":\"Welcome to Finland\",\"inLanguage\":\"sv-SE\",\"publisher\":{\"@id\":\"https:\\\/\\\/integration.luckan.fi\\\/sv\\\/#organization\"}}]}\n\t\t<\/script>\n\t\t<!-- All in One SEO -->\n\n","aioseo_head_json":{"title":"Svenska i Finland \u2013 Luckan Integration","description":"V\u00e4lkommen till din v\u00e4g in i det finska samh\u00e4llet p\u00e5 svenska! Finland \u00e4r ett stolt tv\u00e5spr\u00e5kigt land d\u00e4r svenskan utg\u00f6r en levande och central del av v\u00e5rt samh\u00e4lle, yrkesliv och kultur. Att v\u00e4lja att integrera sig p\u00e5 svenska \u00e4r ett alternativ som \u00f6ppnar unika d\u00f6rrar till det svenskspr\u00e5kiga n\u00e4tverket, utbildningsv\u00e4garna och arbetsmarknaden, s\u00e4rskilt i regionerna","canonical_url":"https:\/\/integration.luckan.fi\/sv\/swedish-in-finland\/","robots":"max-image-preview:large","keywords":"","webmasterTools":{"miscellaneous":""},"schema":{"@context":"https:\/\/schema.org","@graph":[{"@type":"BreadcrumbList","@id":"https:\/\/integration.luckan.fi\/sv\/swedish-in-finland\/#breadcrumblist","itemListElement":[{"@type":"ListItem","@id":"https:\/\/integration.luckan.fi\/sv#listItem","position":1,"name":"Home","item":"https:\/\/integration.luckan.fi\/sv","nextItem":{"@type":"ListItem","@id":"https:\/\/integration.luckan.fi\/sv\/swedish-in-finland\/#listItem","name":"Swedish in Finland"}},{"@type":"ListItem","@id":"https:\/\/integration.luckan.fi\/sv\/swedish-in-finland\/#listItem","position":2,"name":"Swedish in Finland","previousItem":{"@type":"ListItem","@id":"https:\/\/integration.luckan.fi\/sv#listItem","name":"Home"}}]},{"@type":"Organization","@id":"https:\/\/integration.luckan.fi\/sv\/#organization","name":"Luckan Integration","description":"Welcome to Finland","url":"https:\/\/integration.luckan.fi\/sv\/","logo":{"@type":"ImageObject","url":"https:\/\/integration.luckan.fi\/wp-content\/uploads\/2021\/05\/Luckan-Logo-Integration-1.png","@id":"https:\/\/integration.luckan.fi\/sv\/swedish-in-finland\/#organizationLogo","width":250,"height":130,"caption":"Luckan Integration"},"image":{"@id":"https:\/\/integration.luckan.fi\/sv\/swedish-in-finland\/#organizationLogo"}},{"@type":"WebPage","@id":"https:\/\/integration.luckan.fi\/sv\/swedish-in-finland\/#webpage","url":"https:\/\/integration.luckan.fi\/sv\/swedish-in-finland\/","name":"Swedish in Finland - Luckan Integration","description":"Welcome to your pathway into Finnish society in Swedish! Finland is a proudly bilingual country where Swedish forms a vibrant and central part of our society, professional life and culture. Choosing to integrate in Swedish is an option that opens unique doors to the Swedish-speaking network, educational pathways and the labour market, particularly in regions","inLanguage":"sv-SE","isPartOf":{"@id":"https:\/\/integration.luckan.fi\/sv\/#website"},"breadcrumb":{"@id":"https:\/\/integration.luckan.fi\/sv\/swedish-in-finland\/#breadcrumblist"},"datePublished":"2026-05-12T13:45:28+03:00","dateModified":"2026-08-24T16:22:27+03:00"},{"@type":"WebSite","@id":"https:\/\/integration.luckan.fi\/sv\/#website","url":"https:\/\/integration.luckan.fi\/sv\/","name":"Luckan Integration","description":"Welcome to Finland","inLanguage":"sv-SE","publisher":{"@id":"https:\/\/integration.luckan.fi\/sv\/#organization"}}]},"og:locale":"sv_SE","og:site_name":"Luckan Integration - Welcome to Finland","og:type":"article","og:title":"Swedish in Finland - Luckan Integration","og:description":"Welcome to your pathway into Finnish society in Swedish! Finland is a proudly bilingual country where Swedish forms a vibrant and central part of our society, professional life and culture. Choosing to integrate in Swedish is an option that opens unique doors to the Swedish-speaking network, educational pathways and the labour market, particularly in regions","og:url":"https:\/\/integration.luckan.fi\/sv\/swedish-in-finland\/","og:image":"https:\/\/integration.luckan.fi\/wp-content\/uploads\/2021\/05\/Luckan-Logo-Integration-1.png","og:image:secure_url":"https:\/\/integration.luckan.fi\/wp-content\/uploads\/2021\/05\/Luckan-Logo-Integration-1.png","og:image:width":250,"og:image:height":130,"article:published_time":"2026-05-12T10:45:28+00:00","article:modified_time":"2026-08-24T13:22:27+00:00","twitter:card":"summary_large_image","twitter:title":"Swedish in Finland - Luckan Integration","twitter:description":"Welcome to your pathway into Finnish society in Swedish! Finland is a proudly bilingual country where Swedish forms a vibrant and central part of our society, professional life and culture. Choosing to integrate in Swedish is an option that opens unique doors to the Swedish-speaking network, educational pathways and the labour market, particularly in regions","twitter:image":"https:\/\/integration.luckan.fi\/wp-content\/uploads\/2021\/05\/Luckan-Logo-Integration-1.png"},"aioseo_meta_data":{"post_id":"24617","title":null,"description":null,"keywords":null,"keyphrases":{"focus":{"keyphrase":"","score":0,"analysis":{"keyphraseInTitle":{"score":0,"maxScore":9,"error":1}}},"additional":[]},"primary_term":null,"canonical_url":null,"og_title":null,"og_description":null,"og_object_type":"default","og_image_type":"default","og_image_url":null,"og_image_width":null,"og_image_height":null,"og_image_custom_url":null,"og_image_custom_fields":null,"og_video":"","og_custom_url":null,"og_article_section":null,"og_article_tags":null,"twitter_use_og":false,"twitter_card":"default","twitter_image_type":"default","twitter_image_url":null,"twitter_image_custom_url":null,"twitter_image_custom_fields":null,"twitter_title":null,"twitter_description":null,"schema":{"blockGraphs":[],"customGraphs":[],"default":{"data":{"Article":[],"Course":[],"Dataset":[],"FAQPage":[],"Movie":[],"Person":[],"Product":[],"ProductReview":[],"Car":[],"Recipe":[],"Service":[],"SoftwareApplication":[],"WebPage":[]},"graphName":"WebPage","isEnabled":true},"graphs":[]},"schema_type":"default","schema_type_options":null,"pillar_content":false,"robots_default":true,"robots_noindex":false,"robots_noarchive":false,"robots_nosnippet":false,"robots_nofollow":false,"robots_noimageindex":false,"robots_noodp":false,"robots_notranslate":false,"robots_max_snippet":"-1","robots_max_videopreview":"-1","robots_max_imagepreview":"large","priority":null,"frequency":"default","local_seo":null,"breadcrumb_settings":null,"limit_modified_date":false,"ai":{"faqs":[],"keyPoints":[],"schemas":[],"titles":[],"descriptions":[],"socialPosts":{"email":{"subject":"","preview":"","content":""},"linkedin":[],"twitter":[],"facebook":[],"instagram":[]}},"created":"2026-05-12 10:45:29","updated":"2026-08-24 14:30:07","seo_analyzer_scan_date":null,"focus_keyword":null,"additional_keywords":null,"truseo_locale":null},"aioseo_breadcrumb":"<div class=\"aioseo-breadcrumbs\"><span class=\"aioseo-breadcrumb\">\n\t\t\t<a href=\"https:\/\/integration.luckan.fi\/sv\" title=\"Home\">Home<\/a>\n\t\t<\/span><span class=\"aioseo-breadcrumb-separator\">&raquo;<\/span><span class=\"aioseo-breadcrumb\">\n\t\t\tSwedish in Finland\n\t\t<\/span><\/div>","aioseo_breadcrumb_json":[{"label":"Home","link":"https:\/\/integration.luckan.fi\/sv"},{"label":"Swedish in Finland","link":"https:\/\/integration.luckan.fi\/sv\/swedish-in-finland\/"}],"featured_image_src":null,"_links":{"self":[{"href":"https:\/\/integration.luckan.fi\/sv\/wp-json\/wp\/v2\/pages\/24617","targetHints":{"allow":["GET"]}}],"collection":[{"href":"https:\/\/integration.luckan.fi\/sv\/wp-json\/wp\/v2\/pages"}],"about":[{"href":"https:\/\/integration.luckan.fi\/sv\/wp-json\/wp\/v2\/types\/page"}],"author":[{"embeddable":true,"href":"https:\/\/integration.luckan.fi\/sv\/wp-json\/wp\/v2\/users\/1"}],"replies":[{"embeddable":true,"href":"https:\/\/integration.luckan.fi\/sv\/wp-json\/wp\/v2\/comments?post=24617"}],"version-history":[{"count":44,"href":"https:\/\/integration.luckan.fi\/sv\/wp-json\/wp\/v2\/pages\/24617\/revisions"}],"predecessor-version":[{"id":25192,"href":"https:\/\/integration.luckan.fi\/sv\/wp-json\/wp\/v2\/pages\/24617\/revisions\/25192"}],"wp:attachment":[{"href":"https:\/\/integration.luckan.fi\/sv\/wp-json\/wp\/v2\/media?parent=24617"}],"curies":[{"name":"wp","href":"https:\/\/api.w.org\/{rel}","templated":true}]}}